{"id":10751,"date":"2022-06-29T16:01:16","date_gmt":"2022-06-29T16:01:16","guid":{"rendered":"https:\/\/ubweb21.urbidermis.com\/biographies\/claudi-aguilo\/"},"modified":"2024-09-13T12:43:59","modified_gmt":"2024-09-13T10:43:59","slug":"claudi-aguilo","status":"publish","type":"autores","link":"https:\/\/www.urbidermis.com\/de\/biographies\/claudi-aguilo\/","title":{"rendered":"Claudi Aguil\u00f3"},"featured_media":0,"template":"","categoria-autor":[1382],"class_list":["post-10751","autores","type-autores","status-publish","hentry","categoria-autor-designer"],"acf":{"cargo_profesion_biografia_group":{"title_tag":"h2","title_txt":"Architekt"},"texto_biografia_right":"<p>Claudi Aguil\u00f3 Riu absolvierte sein Architekturstudium an der Escola T\u00e8cnica Superior d\u2019Arquitectura de Barcelona (ETSAB). 1987 trat er in die Einheit f\u00fcr Projekte und Bauarbeiten der Direktion f\u00fcr Stadtplanung der damaligen Metropolregion Barcelona (CMB) ein.<\/p>\n<p>1993 wurde er zum Leiter f\u00fcr Projekte und Bauarbeiten der Direktion f\u00fcr Dienstleistungen des \u00f6ffentlichen Raums im Kommunalverband der Metropolregion Barcelona ernannt, wo er Vorhaben f\u00fcr den \u00f6ffentlichen Raum und Einrichtungen entwickelte und durchf\u00fchrte. Die prominentesten Beispiele sind die Strandpromenade an der Verbindung Gav\u00e0-Castelldefels (Abschnitt 1, 1996), der Park Els Pinetons in Ripollet (Auswahl der FAD-Preise 2000 f\u00fcr Au\u00dfenbereiche, Auswahl der Architektur-Biennale Vall\u00e8s 2001 und besondere Ehrung durch die Jury beim Preis Barbara Cappochin 2005), die Umz\u00e4unung des Parks Can Mercader in Cornell\u00e0 de Llobregat (Auswahl der FAD-Preise 2001 f\u00fcr Au\u00dfenbereiche), der Park Mariona in Molins de Rei (Auswahl der europ\u00e4ischen Biennale f\u00fcr Landschaftsarchitektur 2003), die Sporthalle Salvador Gimeno in Sant Joan Desp\u00ed (2. Preis ex aequo f\u00fcr kommunale Einrichtungen Diputaci\u00f3 de Barcelona 2004 und Auswahl des Preises Catalunya Construcci\u00f3 2004, 2005, 2006) und der Parc de la Muntanyeta in Sant Boi de Llobregat (Auswahl 1. Architekturtriennale des Baix Llobregat, Alt Pened\u00e8s und Garraf 2005 und Finalist der FAD-Preise 2006 f\u00fcr Stadt- und Landschaftsgestaltung). Seine j\u00fcngsten Projekte und Arbeiten sind der Parc Central und der Sal\u00f3 Firal in Sant Pere de Ribes, der Parc del Canig\u00f3 in Sant Just Desvern und das neue Stadtbad in Sant Feliu de Llobregat.<\/p>\n<p>Seine Erkundung des Designs von Stadtmobiliar und urbanen Elementen ist das Ergebnis einer Suche nach sich wiederholenden Motiven, die aufgrund ihrer Erkennbarkeit eine Ordnung bestimmen bzw. einen Meilenstein setzen. Sie erf\u00fcllen Bed\u00fcrfnisse und bieten systematische L\u00f6sungen, wie etwa die Bank AMB, der Schrank SOS und die aktualisierte, umgestaltete Dusche AMB, drei 1999 entworfene urbane Elemente.<\/p>\n<p>Claudi Aguil\u00f3 hat mit Xavier Nogu\u00e9s den Leuchtpoller \u00c1rea (1998) entworfen, ein robustes st\u00e4hlernes Prisma mit einer hochglanzpolierten Edelstahlplatte im Inneren, das ein diffuses Streiflicht erzeugt. Auch zeichnet er f\u00fcr den etwas kleineren, jedoch leistungsst\u00e4rkeren Leuchtpoller \u00c1rea 60 (2020) verantwortlich, der sich ideal f\u00fcr \u00f6ffentliche und private Gehwege eignet.<\/p>\n","fecha_nacimiento_biografia":"Barcelona","texto_biografia_left":"<p>Claudi Aguil\u00f3, Architekt aus Barcelona, hat im Laufe seiner beruflichen Karriere zahlreiche Projekte durchgef\u00fchrt und wurde f\u00fcr mehrere ausgezeichnet. Als Industriedesigner ist er u. a. Koautor der Leuchtpoller \u00c1rea und \u00c1rea 60, die jeweils 1998 und 2020 f\u00fcr Urbidermis entstanden.<\/p>\n","foto_de_perfil_biografia":"","sitio_web":""},"yoast_head":"<!-- This site is optimized with the Yoast SEO plugin v27.6 - https:\/\/yoast.com\/product\/yoast-seo-wordpress\/ -->\n<title>Claudi Aguil\u00f3 - Urbidermis<\/title>\n<meta name=\"robots\" content=\"index, follow, max-snippet:-1, max-image-preview:large, max-video-preview:-1\" \/>\n<link rel=\"canonical\" href=\"https:\/\/www.urbidermis.com\/de\/biographies\/claudi-aguilo\/\" \/>\n<meta property=\"og:locale\" content=\"de_DE\" \/>\n<meta property=\"og:type\" content=\"article\" \/>\n<meta property=\"og:title\" content=\"Claudi Aguil\u00f3 - Urbidermis\" \/>\n<meta property=\"og:url\" content=\"https:\/\/www.urbidermis.com\/de\/biographies\/claudi-aguilo\/\" \/>\n<meta property=\"og:site_name\" content=\"Urbidermis\" \/>\n<meta property=\"article:modified_time\" content=\"2024-09-13T10:43:59+00:00\" \/>\n<meta name=\"twitter:card\" content=\"summary_large_image\" \/>\n<script type=\"application\/ld+json\" class=\"yoast-schema-graph\">{\"@context\":\"https:\\\/\\\/schema.org\",\"@graph\":[{\"@type\":\"WebPage\",\"@id\":\"https:\\\/\\\/www.urbidermis.com\\\/de\\\/biographies\\\/claudi-aguilo\\\/\",\"url\":\"https:\\\/\\\/www.urbidermis.com\\\/de\\\/biographies\\\/claudi-aguilo\\\/\",\"name\":\"Claudi Aguil\u00f3 - Urbidermis\",\"isPartOf\":{\"@id\":\"https:\\\/\\\/urbidermis.com\\\/es\\\/#website\"},\"datePublished\":\"2022-06-29T16:01:16+00:00\",\"dateModified\":\"2024-09-13T10:43:59+00:00\",\"breadcrumb\":{\"@id\":\"https:\\\/\\\/www.urbidermis.com\\\/de\\\/biographies\\\/claudi-aguilo\\\/#breadcrumb\"},\"inLanguage\":\"de-DE\",\"potentialAction\":[{\"@type\":\"ReadAction\",\"target\":[\"https:\\\/\\\/www.urbidermis.com\\\/de\\\/biographies\\\/claudi-aguilo\\\/\"]}]},{\"@type\":\"BreadcrumbList\",\"@id\":\"https:\\\/\\\/www.urbidermis.com\\\/de\\\/biographies\\\/claudi-aguilo\\\/#breadcrumb\",\"itemListElement\":[{\"@type\":\"ListItem\",\"position\":1,\"name\":\"Home\",\"item\":\"https:\\\/\\\/www.urbidermis.com\\\/de\\\/\"},{\"@type\":\"ListItem\",\"position\":2,\"name\":\"Autores\",\"item\":\"https:\\\/\\\/www.urbidermis.com\\\/de\\\/biographies\\\/\"},{\"@type\":\"ListItem\",\"position\":3,\"name\":\"Claudi Aguil\u00f3\"}]},{\"@type\":\"WebSite\",\"@id\":\"https:\\\/\\\/urbidermis.com\\\/es\\\/#website\",\"url\":\"https:\\\/\\\/urbidermis.com\\\/es\\\/\",\"name\":\"Urbidermis\",\"description\":\"Especialistas en la ciudad\",\"publisher\":{\"@id\":\"https:\\\/\\\/urbidermis.com\\\/es\\\/#organization\"},\"potentialAction\":[{\"@type\":\"SearchAction\",\"target\":{\"@type\":\"EntryPoint\",\"urlTemplate\":\"https:\\\/\\\/urbidermis.com\\\/es\\\/?s={search_term_string}\"},\"query-input\":{\"@type\":\"PropertyValueSpecification\",\"valueRequired\":true,\"valueName\":\"search_term_string\"}}],\"inLanguage\":\"de-DE\"},{\"@type\":\"Organization\",\"@id\":\"https:\\\/\\\/urbidermis.com\\\/es\\\/#organization\",\"name\":\"Urbidermis\",\"url\":\"https:\\\/\\\/urbidermis.com\\\/es\\\/\",\"logo\":{\"@type\":\"ImageObject\",\"inLanguage\":\"de-DE\",\"@id\":\"https:\\\/\\\/urbidermis.com\\\/es\\\/#\\\/schema\\\/logo\\\/image\\\/\",\"url\":\"\",\"contentUrl\":\"\",\"caption\":\"Urbidermis\"},\"image\":{\"@id\":\"https:\\\/\\\/urbidermis.com\\\/es\\\/#\\\/schema\\\/logo\\\/image\\\/\"}}]}<\/script>\n<!-- \/ Yoast SEO plugin. -->","yoast_head_json":{"title":"Claudi Aguil\u00f3 - Urbidermis","robots":{"index":"index","follow":"follow","max-snippet":"max-snippet:-1","max-image-preview":"max-image-preview:large","max-video-preview":"max-video-preview:-1"},"canonical":"https:\/\/www.urbidermis.com\/de\/biographies\/claudi-aguilo\/","og_locale":"de_DE","og_type":"article","og_title":"Claudi Aguil\u00f3 - Urbidermis","og_url":"https:\/\/www.urbidermis.com\/de\/biographies\/claudi-aguilo\/","og_site_name":"Urbidermis","article_modified_time":"2024-09-13T10:43:59+00:00","twitter_card":"summary_large_image","schema":{"@context":"https:\/\/schema.org","@graph":[{"@type":"WebPage","@id":"https:\/\/www.urbidermis.com\/de\/biographies\/claudi-aguilo\/","url":"https:\/\/www.urbidermis.com\/de\/biographies\/claudi-aguilo\/","name":"Claudi Aguil\u00f3 - Urbidermis","isPartOf":{"@id":"https:\/\/urbidermis.com\/es\/#website"},"datePublished":"2022-06-29T16:01:16+00:00","dateModified":"2024-09-13T10:43:59+00:00","breadcrumb":{"@id":"https:\/\/www.urbidermis.com\/de\/biographies\/claudi-aguilo\/#breadcrumb"},"inLanguage":"de-DE","potentialAction":[{"@type":"ReadAction","target":["https:\/\/www.urbidermis.com\/de\/biographies\/claudi-aguilo\/"]}]},{"@type":"BreadcrumbList","@id":"https:\/\/www.urbidermis.com\/de\/biographies\/claudi-aguilo\/#breadcrumb","itemListElement":[{"@type":"ListItem","position":1,"name":"Home","item":"https:\/\/www.urbidermis.com\/de\/"},{"@type":"ListItem","position":2,"name":"Autores","item":"https:\/\/www.urbidermis.com\/de\/biographies\/"},{"@type":"ListItem","position":3,"name":"Claudi Aguil\u00f3"}]},{"@type":"WebSite","@id":"https:\/\/urbidermis.com\/es\/#website","url":"https:\/\/urbidermis.com\/es\/","name":"Urbidermis","description":"Especialistas en la ciudad","publisher":{"@id":"https:\/\/urbidermis.com\/es\/#organization"},"potentialAction":[{"@type":"SearchAction","target":{"@type":"EntryPoint","urlTemplate":"https:\/\/urbidermis.com\/es\/?s={search_term_string}"},"query-input":{"@type":"PropertyValueSpecification","valueRequired":true,"valueName":"search_term_string"}}],"inLanguage":"de-DE"},{"@type":"Organization","@id":"https:\/\/urbidermis.com\/es\/#organization","name":"Urbidermis","url":"https:\/\/urbidermis.com\/es\/","logo":{"@type":"ImageObject","inLanguage":"de-DE","@id":"https:\/\/urbidermis.com\/es\/#\/schema\/logo\/image\/","url":"","contentUrl":"","caption":"Urbidermis"},"image":{"@id":"https:\/\/urbidermis.com\/es\/#\/schema\/logo\/image\/"}}]}},"urb":{"path":"\/de\/biographies\/claudi-aguilo\/","language":"de","translations":{"de":{"id":10751,"slug":"claudi-aguilo","path":"\/de\/biographies\/claudi-aguilo\/"},"en":{"id":3585,"slug":"claudi-aguilo","path":"\/biographies\/claudi-aguilo\/"},"es":{"id":10752,"slug":"claudi-aguilo","path":"\/es\/biographies\/claudi-aguilo\/"},"fr":{"id":10750,"slug":"claudi-aguilo","path":"\/fr\/biographies\/claudi-aguilo\/"}},"page_template":"","featured":null,"terms":{"categoria-autor":{"items":[{"id":1382,"name":"Designer","slug":"designer","parent":0,"path":"\/de\/blog\/categoria-autor\/designer\/"}],"parent":{"id":1382,"name":"Designer","slug":"designer","parent":0,"path":"\/de\/blog\/categoria-autor\/designer\/"},"child":null}},"breadcrumb":[]},"_links":{"self":[{"href":"https:\/\/www.urbidermis.com\/de\/wp-json\/wp\/v2\/autores\/10751","targetHints":{"allow":["GET"]}}],"collection":[{"href":"https:\/\/www.urbidermis.com\/de\/wp-json\/wp\/v2\/autores"}],"about":[{"href":"https:\/\/www.urbidermis.com\/de\/wp-json\/wp\/v2\/types\/autores"}],"wp:attachment":[{"href":"https:\/\/www.urbidermis.com\/de\/wp-json\/wp\/v2\/media?parent=10751"}],"wp:term":[{"taxonomy":"categoria-autor","embeddable":true,"href":"https:\/\/www.urbidermis.com\/de\/wp-json\/wp\/v2\/categoria-autor?post=10751"}],"curies":[{"name":"wp","href":"https:\/\/api.w.org\/{rel}","templated":true}]}}