


{"id":29054,"date":"2026-03-09T18:30:19","date_gmt":"2026-03-09T16:30:19","guid":{"rendered":"https:\/\/www.urbidermis.com\/unkategorisiert\/harpo-kids-2\/"},"modified":"2026-04-21T11:00:27","modified_gmt":"2026-04-21T09:00:27","slug":"harpo-kids-2","status":"publish","type":"product","link":"https:\/\/www.urbidermis.com\/de\/stadtmobiliar\/harpo-kids-2\/","title":{"rendered":"Harpo Kids"},"content":{"rendered":"","protected":false},"excerpt":{"rendered":"<p>Die Harpo Kids Kollektion, bestehend aus Bank, Hocker und Tisch, l\u00e4dt Kinder dazu ein, den \u00f6ffentlichen Raum durch Stadtm\u00f6bel zu teilen, die an ihre K\u00f6rpergr\u00f6\u00dfe angepasst sind. Sie setzt auf die Einbindung von Kindern und f\u00f6rdert das Miteinander, indem sie ihnen erm\u00f6glicht, die urbane Umgebung aus ihrer eigenen Perspektive zu erkunden und mit ihr zu interagieren.<\/p>\n","protected":false},"featured_media":29018,"template":"","meta":{"_acf_changed":false,"inline_featured_image":false},"product_cat":[213,215],"product_tag":[2640],"acf":{"activador_seccion_impacto_acvs_secctions_acvs":false,"texto_enlace_amplifyapp":"","codigos_acvs_matching_row-leds":null,"activator_acf_option_madera_text":true,"texto_bajo_btn_certificados":"","check_para_validar_no_secc_aplication":false,"is_protocolo_y_control_generic":false,"is_producto_residencial_para_mostrar_info_diferente":false,"is_plano_de_cotas_validator":true,"galeria_multidimension_imagenes_plano_de_cotas_proyector":[{"texto_pestana_plano_galeria":"Kindertisch","imagen_plano_de_cotas":"[link_wp_dam_url ids=\"18720\"]"},{"texto_pestana_plano_galeria":"Kinderbank","imagen_plano_de_cotas":"[link_wp_dam_url ids=\"18719\"]"},{"texto_pestana_plano_galeria":"Kinderhocker","imagen_plano_de_cotas":"[link_wp_dam_url ids=\"18718\"]"}],"premios_producto_repeater":null,"participantes":"","autores":[10508,10503],"ano_creacion_producto":"2025","validacion_producto_descarga":true,"galeria_imagenes_repeater_libro":[{"imagen_item_gal":"[link_wp_dam_url ids=\"18654\"]","activar_video_item_gal":false,"portada_video_item_gal":null,"video_en_horizonal_item_gal":false,"video_item_gal":false},{"imagen_item_gal":"[link_wp_dam_url ids=\"18653\"]","activar_video_item_gal":false,"portada_video_item_gal":null,"video_en_horizonal_item_gal":false,"video_item_gal":false},{"imagen_item_gal":"","activar_video_item_gal":true,"portada_video_item_gal":29072,"video_en_horizonal_item_gal":true,"video_item_gal":"1172884028"},{"imagen_item_gal":"[link_wp_dam_url ids=\"18652\"]","activar_video_item_gal":false,"portada_video_item_gal":null,"video_en_horizonal_item_gal":false,"video_item_gal":false},{"imagen_item_gal":"[link_wp_dam_url ids=\"18655\"]","activar_video_item_gal":false,"portada_video_item_gal":null,"video_en_horizonal_item_gal":false,"video_item_gal":false},{"imagen_item_gal":"[link_wp_dam_url ids=\"18657\"]","activar_video_item_gal":false,"portada_video_item_gal":null,"video_en_horizonal_item_gal":false,"video_item_gal":false}],"secciones_producto":[{"acf_fc_layout":"seccion_navtabs_imagen_dinamica","title_group":{"title_tag":"h2","title_txt":"Ein Treffpunkt f\u00fcr die J\u00fcngsten"},"texto_intro_principal":true,"texto_introductorio":"Der Harpo Kids Tisch bietet eine komfortable und gut zug\u00e4ngliche Fl\u00e4che zum Spielen, Zeichnen oder Lernen im \u00f6ffentlichen Raum. Seine Abmessungen sind sorgf\u00e4ltig auf Kinder im Alter von etwa drei bis sieben Jahren abgestimmt und f\u00f6rdern Selbstst\u00e4ndigkeit und Interaktion. Gefertigt aus denselben hochwertigen und langlebigen Materialien wie der Rest der Harpo Kollektion, bewahrt er die Qualit\u00e4t, Ehrlichkeit und den Charakter, die das Design auszeichnen.","ventanas_detalles_producto":[{"title_group_producto_grid_single":{"title_tag":"h2","title_txt":"Materialien"},"imagen_de_fondo_dinamic_single_producto":"","texto_contenido_ventana":true,"contenido_tabs_producto":"<ul>\r\n \t<li class=\"p2\">Struktur aus eloxiertem Aluminiumguss EN-AC-51100 AG3.<\/li>\r\n \t<li class=\"p2\">Latten (130 \u00d7 25 mm) aus tropischem Holz mit FSC 100 %-Zertifizierung, gesch\u00fctzt mit einschichtigem \u00d6l.<\/li>\r\n \t<li class=\"p2\">Bolzen aus verzinktem Stahl.<\/li>\r\n \t<li class=\"p2\">Schrauben aus A2-Edelstahl.<\/li>\r\n<\/ul>","acordion":false,"preguntas_y_respuestas":null,"cuadricula_de_colores":false,"componentes_producto":null,"descargables":false,"tipo_datasheet":"simple","datasheet":null,"datasheet_multiple":null,"tipo_instrucciones":"simple","instructions":null,"instructions_multiple":null,"drawings_ce":null,"2d_cad":null,"3d_cad":null,"revit":null,"ldt_photometric_files":null,"ies_photometric_files":null,"validador_detalles_producto":false,"tipo_especificacion":""},{"title_group_producto_grid_single":{"title_tag":"h2","title_txt":"Ausf\u00fchrungen"},"imagen_de_fondo_dinamic_single_producto":"","texto_contenido_ventana":true,"contenido_tabs_producto":"Die angezeigten Ausfu\u0308hrungen dienen nur zur Veranschaulichung. Fu\u0308r Ku\u0308stenregionen geeignet.","acordion":false,"preguntas_y_respuestas":null,"cuadricula_de_colores":true,"componentes_producto":[{"nombre_componente":"Latten","colores":["madera_tropical"]},{"nombre_componente":"Struktur","colores":["aluminio_anodizado_ag3"]}],"descargables":false,"tipo_datasheet":"simple","datasheet":null,"datasheet_multiple":null,"tipo_instrucciones":"simple","instructions":null,"instructions_multiple":null,"drawings_ce":null,"2d_cad":null,"3d_cad":null,"revit":null,"ldt_photometric_files":null,"ies_photometric_files":null,"validador_detalles_producto":false,"tipo_especificacion":""},{"title_group_producto_grid_single":{"title_tag":"h2","title_txt":"H\u00f6henplan"},"imagen_de_fondo_dinamic_single_producto":"","texto_contenido_ventana":false,"contenido_tabs_producto":"","acordion":false,"preguntas_y_respuestas":null,"cuadricula_de_colores":false,"componentes_producto":null,"descargables":false,"tipo_datasheet":"simple","datasheet":null,"datasheet_multiple":null,"tipo_instrucciones":"simple","instructions":null,"instructions_multiple":null,"drawings_ce":null,"2d_cad":null,"3d_cad":null,"revit":null,"ldt_photometric_files":null,"ies_photometric_files":null,"validador_detalles_producto":false,"tipo_especificacion":""},{"title_group_producto_grid_single":{"title_tag":"h2","title_txt":"Installation"},"imagen_de_fondo_dinamic_single_producto":"","texto_contenido_ventana":true,"contenido_tabs_producto":"<ul>\r\n \t<li class=\"p2\">Montage mittels zweier Bolzen pro St\u00fctzstruktur, die in vorher eingelassene Bohrungen im Belag eingesetzt und mit Epoxidharz, Schnellzement oder \u00e4hnlichem Material ausgef\u00fcllt werden.<\/li>\r\n \t<li class=\"p2\">Das Element wird zerlegt in zwei Komponenten geliefert: Struktur und Latten.<\/li>\r\n \t<li class=\"p2\">Installations- und Montageanleitung sowie Schrauben und Bolzen oder Befestigungsd\u00fcbel sind im Lieferumfang enthalten.<\/li>\r\n<\/ul>","acordion":false,"preguntas_y_respuestas":null,"cuadricula_de_colores":false,"componentes_producto":null,"descargables":false,"tipo_datasheet":"simple","datasheet":null,"datasheet_multiple":null,"tipo_instrucciones":"simple","instructions":null,"instructions_multiple":null,"drawings_ce":null,"2d_cad":null,"3d_cad":null,"revit":null,"ldt_photometric_files":null,"ies_photometric_files":null,"validador_detalles_producto":false,"tipo_especificacion":""},{"title_group_producto_grid_single":{"title_tag":"h2","title_txt":"Wartung"},"imagen_de_fondo_dinamic_single_producto":"","texto_contenido_ventana":false,"contenido_tabs_producto":"","acordion":false,"preguntas_y_respuestas":null,"cuadricula_de_colores":false,"componentes_producto":null,"descargables":false,"tipo_datasheet":"simple","datasheet":null,"datasheet_multiple":null,"tipo_instrucciones":"simple","instructions":null,"instructions_multiple":null,"drawings_ce":null,"2d_cad":null,"3d_cad":null,"revit":null,"ldt_photometric_files":null,"ies_photometric_files":null,"validador_detalles_producto":false,"tipo_especificacion":""},{"title_group_producto_grid_single":{"title_tag":"h2","title_txt":"Zertifizierungen"},"imagen_de_fondo_dinamic_single_producto":"","texto_contenido_ventana":false,"contenido_tabs_producto":"","acordion":false,"preguntas_y_respuestas":null,"cuadricula_de_colores":false,"componentes_producto":null,"descargables":false,"tipo_datasheet":"simple","datasheet":null,"datasheet_multiple":null,"tipo_instrucciones":"simple","instructions":null,"instructions_multiple":null,"drawings_ce":null,"2d_cad":null,"3d_cad":null,"revit":null,"ldt_photometric_files":null,"ies_photometric_files":null,"validador_detalles_producto":true,"tipo_especificacion":"certificados"}]},{"acf_fc_layout":"seccion_navtabs_imagen_dinamica","title_group":{"title_tag":"h2","title_txt":"Typologie"},"texto_intro_principal":false,"texto_introductorio":"","ventanas_detalles_producto":[{"title_group_producto_grid_single":{"title_tag":"h2","title_txt":"Kindertisch"},"imagen_de_fondo_dinamic_single_producto":"[link_wp_dam_url ids=\"18668\"]","texto_contenido_ventana":true,"contenido_tabs_producto":"Der Harpo Kids Tisch vervollst\u00e4ndigt das Set als Treffpunkt f\u00fcr Spiel, Kreativit\u00e4t und gemeinsames Lernen. Seine Proportionen sind an die H\u00f6he von Kindern angepasst und erleichtern das Zusammensitzen. Ein schlichtes und ehrliches M\u00f6belst\u00fcck, das dazu einl\u00e4dt, den \u00f6ffentlichen Raum zu nutzen.\r\n\r\n&nbsp;\r\n\r\n<strong>Gewicht<\/strong>\r\n\r\nTisch 1,15m: 18\r\n\r\nUngef\u00e4hres Gewicht ohne Verpackung (kg).","acordion":false,"preguntas_y_respuestas":null,"cuadricula_de_colores":false,"componentes_producto":null,"descargables":false,"tipo_datasheet":"simple","datasheet":null,"datasheet_multiple":null,"tipo_instrucciones":"simple","instructions":null,"instructions_multiple":null,"drawings_ce":null,"2d_cad":null,"3d_cad":null,"revit":null,"ldt_photometric_files":null,"ies_photometric_files":null,"validador_detalles_producto":false,"tipo_especificacion":""},{"title_group_producto_grid_single":{"title_tag":"h2","title_txt":"Kinderbank"},"imagen_de_fondo_dinamic_single_producto":"[link_wp_dam_url ids=\"18674\"]","texto_contenido_ventana":true,"contenido_tabs_producto":"Erh\u00e4ltlich als Einzel- oder Dreisitzer bietet sie Kindern einen Ort zum Ausruhen und Beobachten. Ihre Ergonomie f\u00f6rdert eine bequeme und nat\u00fcrliche Sitzhaltung, w\u00e4hrend die R\u00fcckenlehne Halt und Komfort bietet. Die Struktur ist leicht, aber robust und gew\u00e4hrleistet Stabilit\u00e4t und Widerstandsf\u00e4higkeit im t\u00e4glichen Gebrauch.\r\n\r\n&nbsp;\r\n\r\n<strong>Gewicht<\/strong>\r\n\r\nStuhl 0,42 m: 8\r\nBank 1,15 m: 15\r\n\r\nUngef\u00e4hres Gewicht ohne Verpackung (kg).","acordion":false,"preguntas_y_respuestas":null,"cuadricula_de_colores":false,"componentes_producto":null,"descargables":false,"tipo_datasheet":"simple","datasheet":null,"datasheet_multiple":null,"tipo_instrucciones":"simple","instructions":null,"instructions_multiple":null,"drawings_ce":null,"2d_cad":null,"3d_cad":null,"revit":null,"ldt_photometric_files":null,"ies_photometric_files":null,"validador_detalles_producto":false,"tipo_especificacion":""},{"title_group_producto_grid_single":{"title_tag":"h2","title_txt":"Kinderhocker"},"imagen_de_fondo_dinamic_single_producto":"[link_wp_dam_url ids=\"18672\"]","texto_contenido_ventana":true,"contenido_tabs_producto":"Ohne R\u00fcckenlehne l\u00e4dt der Harpo Kids Hocker zu einer freieren und dynamischeren Nutzung des Raums ein. Er ist daf\u00fcr gedacht, Tische oder Spielbereiche zu begleiten und erleichtert Interaktion und Bewegung. Seine Konstruktion verbindet Leichtigkeit und Robustheit und ist darauf ausgelegt, dem Rhythmus des t\u00e4glichen Spiels standzuhalten.\r\n\r\n&nbsp;\r\n\r\n<strong>Gewicht<\/strong>\r\n\r\nHocker 0,42 m: 5\r\nHockerbank 1,15 m: 9\r\n\r\nUngef\u00e4hres Gewicht ohne Verpackung (kg).","acordion":false,"preguntas_y_respuestas":null,"cuadricula_de_colores":false,"componentes_producto":null,"descargables":false,"tipo_datasheet":"simple","datasheet":null,"datasheet_multiple":null,"tipo_instrucciones":"simple","instructions":null,"instructions_multiple":null,"drawings_ce":null,"2d_cad":null,"3d_cad":null,"revit":null,"ldt_photometric_files":null,"ies_photometric_files":null,"validador_detalles_producto":false,"tipo_especificacion":""}]},{"acf_fc_layout":"seccion_navtabs_imagen_dinamica","title_group":{"title_tag":"h2","title_txt":"Downloads"},"texto_intro_principal":false,"texto_introductorio":"","ventanas_detalles_producto":null},{"acf_fc_layout":"seccion_consulta_nuestros_expertos","imagen_de_fondo_single_producto":"[link_wp_dam_url ids=\"18658\" size=\"x2400\"]","imagen_de_fondo_single_producto_mobile":""}],"dist_simetrica":"","dist_asimetrica":"","dist_indirecta":"","dist_suelo":"","control":"","certificados":["ce","fsc","c2c"],"nombre_arbol_entre_comillas":"","nombre_solo_plantas_field":"","isbn_campo_texto":"","autor_book_publicacion_producto":"","idioma_campo_texto":"","enquadernacion_campo_texto":"","_numero_de_paginas_campo_texto":"","pdf_asociado_producto":"","resumen_libro":"","text_content_family_basic_information":"","text_content_family_basic_number_width":"","text_content_family_basic_number_height":"","text_content_planting_density":"","flowers_option_colours":"","flowers_option_season":"","properties_option_pruning":"","properties_option_watering":"","properties_option_sun_exposure":"","properties_option_minimum_temp":"","properties_option_soil_type":"","properties_option_fire":"","properties_option_heat":"","properties_option_moisture":"","properties_option_dryness":"","properties_option_coastal_area":"","texto_introduccion_landing_custom":"Entdecken Sie, wie Harpo Kids die Kleinsten dazu einl\u00e4dt, den \u00f6ffentlichen Raum zu entdecken und zu nutzen.","enlace_descubre_mas_custom":{"title":"Mehr entdecken","url":"https:\/\/www.urbidermis.com\/harpo-kids-collection\/","target":""},"selecciona_tipo_de_imagen_custom":["vertical"],"imagen_vertical_custom":"[link_wp_dam ids=\"18702\" template=\"single-image\"]","imagen_horizontal_custom":"","opciones_de_texto_1":true,"opciones_de_texto_2":"acabado_standar","opciones_de_texto_3":""},"yoast_head":"<!-- This site is optimized with the Yoast SEO plugin v22.8 - https:\/\/yoast.com\/wordpress\/plugins\/seo\/ -->\n<title>Harpo Kids - Urbidermis<\/title>\n<meta name=\"robots\" content=\"index, follow, max-snippet:-1, max-image-preview:large, max-video-preview:-1\" \/>\n<link rel=\"canonical\" href=\"https:\/\/www.urbidermis.com\/de\/stadtmobiliar\/harpo-kids-2\/\" \/>\n<meta property=\"og:locale\" content=\"de_DE\" \/>\n<meta property=\"og:type\" content=\"article\" \/>\n<meta property=\"og:title\" content=\"Harpo Kids - Urbidermis\" \/>\n<meta property=\"og:description\" content=\"Die Harpo Kids Kollektion, bestehend aus Bank, Hocker und Tisch, l\u00e4dt Kinder dazu ein, den \u00f6ffentlichen Raum durch Stadtm\u00f6bel zu teilen, die an ihre K\u00f6rpergr\u00f6\u00dfe angepasst sind. Sie setzt auf die Einbindung von Kindern und f\u00f6rdert das Miteinander, indem sie ihnen erm\u00f6glicht, die urbane Umgebung aus ihrer eigenen Perspektive zu erkunden und mit ihr zu interagieren.\" \/>\n<meta property=\"og:url\" content=\"https:\/\/www.urbidermis.com\/de\/stadtmobiliar\/harpo-kids-2\/\" \/>\n<meta property=\"og:site_name\" content=\"Urbidermis\" \/>\n<meta property=\"article:modified_time\" content=\"2026-04-21T09:00:27+00:00\" \/>\n<meta property=\"og:image\" content=\"https:\/\/www.urbidermis.com\/wp-content\/uploads\/20260222_Barcelona_Harpo_Kids_Digital_Claudia_Maurino_03-scaled.jpg\" \/>\n\t<meta property=\"og:image:width\" content=\"1707\" \/>\n\t<meta property=\"og:image:height\" content=\"2560\" \/>\n\t<meta property=\"og:image:type\" content=\"image\/jpeg\" \/>\n<meta name=\"twitter:card\" content=\"summary_large_image\" \/>\n<script type=\"application\/ld+json\" class=\"yoast-schema-graph\">{\"@context\":\"https:\/\/schema.org\",\"@graph\":[{\"@type\":\"WebPage\",\"@id\":\"https:\/\/www.urbidermis.com\/de\/stadtmobiliar\/harpo-kids-2\/\",\"url\":\"https:\/\/www.urbidermis.com\/de\/stadtmobiliar\/harpo-kids-2\/\",\"name\":\"Harpo Kids - Urbidermis\",\"isPartOf\":{\"@id\":\"https:\/\/www.urbidermis.com\/de\/#website\"},\"primaryImageOfPage\":{\"@id\":\"https:\/\/www.urbidermis.com\/de\/stadtmobiliar\/harpo-kids-2\/#primaryimage\"},\"image\":{\"@id\":\"https:\/\/www.urbidermis.com\/de\/stadtmobiliar\/harpo-kids-2\/#primaryimage\"},\"thumbnailUrl\":\"https:\/\/www.urbidermis.com\/wp-content\/uploads\/20260222_Barcelona_Harpo_Kids_Digital_Claudia_Maurino_03-scaled.jpg\",\"datePublished\":\"2026-03-09T16:30:19+00:00\",\"dateModified\":\"2026-04-21T09:00:27+00:00\",\"breadcrumb\":{\"@id\":\"https:\/\/www.urbidermis.com\/de\/stadtmobiliar\/harpo-kids-2\/#breadcrumb\"},\"inLanguage\":\"de-DE\",\"potentialAction\":[{\"@type\":\"ReadAction\",\"target\":[\"https:\/\/www.urbidermis.com\/de\/stadtmobiliar\/harpo-kids-2\/\"]}]},{\"@type\":\"ImageObject\",\"inLanguage\":\"de-DE\",\"@id\":\"https:\/\/www.urbidermis.com\/de\/stadtmobiliar\/harpo-kids-2\/#primaryimage\",\"url\":\"https:\/\/www.urbidermis.com\/wp-content\/uploads\/20260222_Barcelona_Harpo_Kids_Digital_Claudia_Maurino_03-scaled.jpg\",\"contentUrl\":\"https:\/\/www.urbidermis.com\/wp-content\/uploads\/20260222_Barcelona_Harpo_Kids_Digital_Claudia_Maurino_03-scaled.jpg\",\"width\":1707,\"height\":2560},{\"@type\":\"BreadcrumbList\",\"@id\":\"https:\/\/www.urbidermis.com\/de\/stadtmobiliar\/harpo-kids-2\/#breadcrumb\",\"itemListElement\":[{\"@type\":\"ListItem\",\"position\":1,\"name\":\"Home\",\"item\":\"https:\/\/www.urbidermis.com\/de\/\"},{\"@type\":\"ListItem\",\"position\":2,\"name\":\"Produkte\",\"item\":\"https:\/\/www.urbidermis.com\/de\/produkte\/\"},{\"@type\":\"ListItem\",\"position\":3,\"name\":\"Harpo Kids\"}]},{\"@type\":\"WebSite\",\"@id\":\"https:\/\/www.urbidermis.com\/de\/#website\",\"url\":\"https:\/\/www.urbidermis.com\/de\/\",\"name\":\"Urbidermis\",\"description\":\"Especialistas en la ciudad\",\"publisher\":{\"@id\":\"https:\/\/www.urbidermis.com\/de\/#organization\"},\"potentialAction\":[{\"@type\":\"SearchAction\",\"target\":{\"@type\":\"EntryPoint\",\"urlTemplate\":\"https:\/\/www.urbidermis.com\/de\/?s={search_term_string}\"},\"query-input\":\"required name=search_term_string\"}],\"inLanguage\":\"de-DE\"},{\"@type\":\"Organization\",\"@id\":\"https:\/\/www.urbidermis.com\/de\/#organization\",\"name\":\"Urbidermis\",\"url\":\"https:\/\/www.urbidermis.com\/de\/\",\"logo\":{\"@type\":\"ImageObject\",\"inLanguage\":\"de-DE\",\"@id\":\"https:\/\/www.urbidermis.com\/de\/#\/schema\/logo\/image\/\",\"url\":\"https:\/\/www.urbidermis.com\/wp-content\/uploads\/logo_urbdermis-1.png\",\"contentUrl\":\"https:\/\/www.urbidermis.com\/wp-content\/uploads\/logo_urbdermis-1.png\",\"width\":601,\"height\":1033,\"caption\":\"Urbidermis\"},\"image\":{\"@id\":\"https:\/\/www.urbidermis.com\/de\/#\/schema\/logo\/image\/\"}}]}<\/script>\n<!-- \/ Yoast SEO plugin. -->","yoast_head_json":{"title":"Harpo Kids - Urbidermis","robots":{"index":"index","follow":"follow","max-snippet":"max-snippet:-1","max-image-preview":"max-image-preview:large","max-video-preview":"max-video-preview:-1"},"canonical":"https:\/\/www.urbidermis.com\/de\/stadtmobiliar\/harpo-kids-2\/","og_locale":"de_DE","og_type":"article","og_title":"Harpo Kids - Urbidermis","og_description":"Die Harpo Kids Kollektion, bestehend aus Bank, Hocker und Tisch, l\u00e4dt Kinder dazu ein, den \u00f6ffentlichen Raum durch Stadtm\u00f6bel zu teilen, die an ihre K\u00f6rpergr\u00f6\u00dfe angepasst sind. Sie setzt auf die Einbindung von Kindern und f\u00f6rdert das Miteinander, indem sie ihnen erm\u00f6glicht, die urbane Umgebung aus ihrer eigenen Perspektive zu erkunden und mit ihr zu interagieren.","og_url":"https:\/\/www.urbidermis.com\/de\/stadtmobiliar\/harpo-kids-2\/","og_site_name":"Urbidermis","article_modified_time":"2026-04-21T09:00:27+00:00","og_image":[{"width":1707,"height":2560,"url":"https:\/\/www.urbidermis.com\/wp-content\/uploads\/20260222_Barcelona_Harpo_Kids_Digital_Claudia_Maurino_03-scaled.jpg","type":"image\/jpeg"}],"twitter_card":"summary_large_image","schema":{"@context":"https:\/\/schema.org","@graph":[{"@type":"WebPage","@id":"https:\/\/www.urbidermis.com\/de\/stadtmobiliar\/harpo-kids-2\/","url":"https:\/\/www.urbidermis.com\/de\/stadtmobiliar\/harpo-kids-2\/","name":"Harpo Kids - Urbidermis","isPartOf":{"@id":"https:\/\/www.urbidermis.com\/de\/#website"},"primaryImageOfPage":{"@id":"https:\/\/www.urbidermis.com\/de\/stadtmobiliar\/harpo-kids-2\/#primaryimage"},"image":{"@id":"https:\/\/www.urbidermis.com\/de\/stadtmobiliar\/harpo-kids-2\/#primaryimage"},"thumbnailUrl":"https:\/\/www.urbidermis.com\/wp-content\/uploads\/20260222_Barcelona_Harpo_Kids_Digital_Claudia_Maurino_03-scaled.jpg","datePublished":"2026-03-09T16:30:19+00:00","dateModified":"2026-04-21T09:00:27+00:00","breadcrumb":{"@id":"https:\/\/www.urbidermis.com\/de\/stadtmobiliar\/harpo-kids-2\/#breadcrumb"},"inLanguage":"de-DE","potentialAction":[{"@type":"ReadAction","target":["https:\/\/www.urbidermis.com\/de\/stadtmobiliar\/harpo-kids-2\/"]}]},{"@type":"ImageObject","inLanguage":"de-DE","@id":"https:\/\/www.urbidermis.com\/de\/stadtmobiliar\/harpo-kids-2\/#primaryimage","url":"https:\/\/www.urbidermis.com\/wp-content\/uploads\/20260222_Barcelona_Harpo_Kids_Digital_Claudia_Maurino_03-scaled.jpg","contentUrl":"https:\/\/www.urbidermis.com\/wp-content\/uploads\/20260222_Barcelona_Harpo_Kids_Digital_Claudia_Maurino_03-scaled.jpg","width":1707,"height":2560},{"@type":"BreadcrumbList","@id":"https:\/\/www.urbidermis.com\/de\/stadtmobiliar\/harpo-kids-2\/#breadcrumb","itemListElement":[{"@type":"ListItem","position":1,"name":"Home","item":"https:\/\/www.urbidermis.com\/de\/"},{"@type":"ListItem","position":2,"name":"Produkte","item":"https:\/\/www.urbidermis.com\/de\/produkte\/"},{"@type":"ListItem","position":3,"name":"Harpo Kids"}]},{"@type":"WebSite","@id":"https:\/\/www.urbidermis.com\/de\/#website","url":"https:\/\/www.urbidermis.com\/de\/","name":"Urbidermis","description":"Especialistas en la ciudad","publisher":{"@id":"https:\/\/www.urbidermis.com\/de\/#organization"},"potentialAction":[{"@type":"SearchAction","target":{"@type":"EntryPoint","urlTemplate":"https:\/\/www.urbidermis.com\/de\/?s={search_term_string}"},"query-input":"required name=search_term_string"}],"inLanguage":"de-DE"},{"@type":"Organization","@id":"https:\/\/www.urbidermis.com\/de\/#organization","name":"Urbidermis","url":"https:\/\/www.urbidermis.com\/de\/","logo":{"@type":"ImageObject","inLanguage":"de-DE","@id":"https:\/\/www.urbidermis.com\/de\/#\/schema\/logo\/image\/","url":"https:\/\/www.urbidermis.com\/wp-content\/uploads\/logo_urbdermis-1.png","contentUrl":"https:\/\/www.urbidermis.com\/wp-content\/uploads\/logo_urbdermis-1.png","width":601,"height":1033,"caption":"Urbidermis"},"image":{"@id":"https:\/\/www.urbidermis.com\/de\/#\/schema\/logo\/image\/"}}]}},"_links":{"self":[{"href":"https:\/\/www.urbidermis.com\/de\/wp-json\/wp\/v2\/product\/29054"}],"collection":[{"href":"https:\/\/www.urbidermis.com\/de\/wp-json\/wp\/v2\/product"}],"about":[{"href":"https:\/\/www.urbidermis.com\/de\/wp-json\/wp\/v2\/types\/product"}],"acf:post":[{"embeddable":true,"href":"https:\/\/www.urbidermis.com\/de\/wp-json\/wp\/v2\/autores\/10503"},{"embeddable":true,"href":"https:\/\/www.urbidermis.com\/de\/wp-json\/wp\/v2\/autores\/10508"}],"wp:featuredmedia":[{"embeddable":true,"href":"https:\/\/www.urbidermis.com\/de\/wp-json\/wp\/v2\/media\/29018"}],"wp:attachment":[{"href":"https:\/\/www.urbidermis.com\/de\/wp-json\/wp\/v2\/media?parent=29054"}],"wp:term":[{"taxonomy":"product_cat","embeddable":true,"href":"https:\/\/www.urbidermis.com\/de\/wp-json\/wp\/v2\/product_cat?post=29054"},{"taxonomy":"product_tag","embeddable":true,"href":"https:\/\/www.urbidermis.com\/de\/wp-json\/wp\/v2\/product_tag?post=29054"}],"curies":[{"name":"wp","href":"https:\/\/api.w.org\/{rel}","templated":true}]}}