


{"id":7496,"date":"2022-03-01T10:31:30","date_gmt":"2022-03-01T10:31:30","guid":{"rendered":"https:\/\/ubweb21.urbidermis.com\/product\/via-lactea\/"},"modified":"2026-04-20T14:50:00","modified_gmt":"2026-04-20T12:50:00","slug":"via-lactea","status":"publish","type":"product","link":"https:\/\/www.urbidermis.com\/de\/stadtbeleuchtung\/via-lactea\/","title":{"rendered":"V\u00eda L\u00e1ctea"},"content":{"rendered":"","protected":false},"excerpt":{"rendered":"<p>Stra\u00dfenlaterne mit gegabeltem Mast, die den Himmel mit Lichtlinien verziert. Bei einer sequenziellen Aufstellung lassen sich mit nur einem Mast pro zwei Leuchtk\u00f6rper durchgehende Linien bilden, was sich f\u00fcr Fu\u00dfg\u00e4ngerwege als besonders praktisch erweist.<\/p>\n","protected":false},"featured_media":9849,"template":"","meta":{"_acf_changed":false,"inline_featured_image":false},"product_cat":[189,206],"product_tag":[],"acf":{"activador_seccion_impacto_acvs_secctions_acvs":true,"texto_enlace_amplifyapp":"Via_Lactea_Urban_lighting","codigos_acvs_matching_row-leds":[{"texto_pestana_item_fetch":"Einarmige Stra\u00dfenlaterne","codigo_item_fetch":"VLF+01"},{"texto_pestana_item_fetch":"Doppelarmige Stra\u00dfenlaterne","codigo_item_fetch":"VLF+02"}],"activator_acf_option_madera_text":false,"texto_bajo_btn_certificados":"","check_para_validar_no_secc_aplication":true,"is_protocolo_y_control_generic":true,"is_producto_residencial_para_mostrar_info_diferente":false,"is_plano_de_cotas_validator":true,"galeria_multidimension_imagenes_plano_de_cotas_proyector":[{"texto_pestana_plano_galeria":"Stra\u00dfenlaternen","imagen_plano_de_cotas":"[link_wp_dam_url ids=\"14493\"]"}],"premios_producto_repeater":[{"nombre_premio_sub_item":"ADI FAD SELECTION","ano_premio_sub_item":"1991"}],"participantes":"","autores":[10236],"ano_creacion_producto":"1990","validacion_producto_descarga":true,"galeria_imagenes_repeater_libro":[{"imagen_item_gal":"[link_wp_dam_url ids=\"12945\"]","activar_video_item_gal":false,"portada_video_item_gal":null,"video_en_horizonal_item_gal":false,"video_item_gal":false},{"imagen_item_gal":"[link_wp_dam_url ids=\"14987\"]","activar_video_item_gal":false,"portada_video_item_gal":null,"video_en_horizonal_item_gal":false,"video_item_gal":false},{"imagen_item_gal":"[link_wp_dam_url ids=\"14986\"]","activar_video_item_gal":false,"portada_video_item_gal":null,"video_en_horizonal_item_gal":false,"video_item_gal":false},{"imagen_item_gal":"[link_wp_dam_url ids=\"14988\"]","activar_video_item_gal":false,"portada_video_item_gal":null,"video_en_horizonal_item_gal":false,"video_item_gal":false},{"imagen_item_gal":"[link_wp_dam_url ids=\"12946\"]","activar_video_item_gal":false,"portada_video_item_gal":null,"video_en_horizonal_item_gal":false,"video_item_gal":false},{"imagen_item_gal":"[link_wp_dam_url ids=\"12943\"]","activar_video_item_gal":false,"portada_video_item_gal":null,"video_en_horizonal_item_gal":false,"video_item_gal":false},{"imagen_item_gal":"[link_wp_dam_url ids=\"12944\"]","activar_video_item_gal":false,"portada_video_item_gal":null,"video_en_horizonal_item_gal":false,"video_item_gal":false}],"secciones_producto":[{"acf_fc_layout":"seccion_navtabs_imagen_dinamica","title_group":{"title_tag":"h2","title_txt":"Lichtlinien"},"texto_intro_principal":true,"texto_introductorio":"Dieses Element mit \u00e4u\u00dferst geometrischen Linien zeichnet sich durch seine einzigartige T-Form aus und l\u00e4sst sich zu verschieden langen Lichtlinien zusammenf\u00fcgen, die als Struktur f\u00fcr weitl\u00e4ufige urbane Laubeng\u00e4nge dienen. Der gegabelte Mast bildet mit den Leuchtk\u00f6rpern einen Winkel von 90 Grad.","ventanas_detalles_producto":[{"title_group_producto_grid_single":{"title_tag":"h2","title_txt":"Materialien"},"imagen_de_fondo_dinamic_single_producto":"","texto_contenido_ventana":true,"contenido_tabs_producto":"<ul>\r\n \t<li>Mast mit Profilen aus feuerverzinktem Stahl, thermolackierter Oberfl\u00e4che und C3-Antikorrosionsschutz. Rechteckige Basis (150 x 100 mm) und gegabelte Leuchten (100 x 50 mm).<\/li>\r\n \t<li>Individuelle Diffusoren mit einer Leuchte bzw. doppelte Diffusoren f\u00fcr eine lineare Aufstellung, mit zwei Leuchten, rechteckigem Querschnitt aus dem gleichen Material und in gleicher Ausf\u00fchrung.<\/li>\r\n \t<li>Leuchtk\u00f6rper aus extrudiertem Aluminium und Diffusor aus Polycarbonat.<\/li>\r\n<\/ul>","acordion":false,"preguntas_y_respuestas":null,"cuadricula_de_colores":false,"componentes_producto":null,"descargables":false,"tipo_datasheet":"simple","datasheet":null,"datasheet_multiple":null,"tipo_instrucciones":"simple","instructions":null,"instructions_multiple":null,"drawings_ce":null,"2d_cad":null,"3d_cad":null,"revit":null,"ldt_photometric_files":null,"ies_photometric_files":null,"validador_detalles_producto":false,"tipo_especificacion":"distribucion"},{"title_group_producto_grid_single":{"title_tag":"h2","title_txt":"Ausf\u00fchrungen"},"imagen_de_fondo_dinamic_single_producto":"","texto_contenido_ventana":true,"contenido_tabs_producto":"Die angezeigten Farben dienen nur als Beispiel.\r\nAndere Farben auf Anfrage erh\u00e4ltlich.\r\nAusf\u00fchrungen f\u00fcr K\u00fcstenklima auf Anfrage.","acordion":false,"preguntas_y_respuestas":null,"cuadricula_de_colores":true,"componentes_producto":[{"nombre_componente":"","colores":["gris_claro"]}],"descargables":false,"tipo_datasheet":"simple","datasheet":null,"datasheet_multiple":null,"tipo_instrucciones":"simple","instructions":null,"instructions_multiple":null,"drawings_ce":null,"2d_cad":null,"3d_cad":null,"revit":null,"ldt_photometric_files":null,"ies_photometric_files":null,"validador_detalles_producto":false,"tipo_especificacion":""},{"title_group_producto_grid_single":{"title_tag":"h2","title_txt":"Lichtquelle"},"imagen_de_fondo_dinamic_single_producto":"","texto_contenido_ventana":true,"contenido_tabs_producto":"<p class=\"p1\"><strong>Leistung des Systems (W)<\/strong>\r\nHocheffiziente Leuchtmittelgruppe<\/p>\r\n\r\n<ul>\r\n \t<li class=\"p3\">1x 1,2m Lineal LED 32W<\/li>\r\n \t<li class=\"p3\">2x 1,2m Lineal LED 32W<\/li>\r\n<\/ul>\r\n&nbsp;\r\n<p class=\"p1\"><strong>Betriebsstrom (mA)<\/strong><\/p>\r\n\r\n<ul>\r\n \t<li>350<\/li>\r\n<\/ul>\r\n&nbsp;\r\n<p class=\"p1\"><strong>Farbtemperatur (K)<\/strong><\/p>\r\n\r\n<ul>\r\n \t<li class=\"p3\">3000 IRC min80<\/li>\r\n<\/ul>\r\n&nbsp;\r\n\r\n<strong>Lebensdauer<\/strong>\r\n<p class=\"p1\">TM21 L70 (10k) &gt; 60.000 h.<\/p>","acordion":false,"preguntas_y_respuestas":null,"cuadricula_de_colores":false,"componentes_producto":null,"descargables":false,"tipo_datasheet":"simple","datasheet":null,"datasheet_multiple":null,"tipo_instrucciones":"simple","instructions":null,"instructions_multiple":null,"drawings_ce":null,"2d_cad":null,"3d_cad":null,"revit":null,"ldt_photometric_files":null,"ies_photometric_files":null,"validador_detalles_producto":false,"tipo_especificacion":"control"},{"title_group_producto_grid_single":{"title_tag":"h2","title_txt":"H\u00f6henplan"},"imagen_de_fondo_dinamic_single_producto":"","texto_contenido_ventana":false,"contenido_tabs_producto":"SV 0,24m<sup>2<\/sup>","acordion":false,"preguntas_y_respuestas":null,"cuadricula_de_colores":false,"componentes_producto":null,"descargables":false,"tipo_datasheet":"simple","datasheet":null,"datasheet_multiple":null,"tipo_instrucciones":"simple","instructions":null,"instructions_multiple":null,"drawings_ce":null,"2d_cad":null,"3d_cad":null,"revit":null,"ldt_photometric_files":null,"ies_photometric_files":null,"validador_detalles_producto":false,"tipo_especificacion":"certificados"},{"title_group_producto_grid_single":{"title_tag":"h2","title_txt":"Lichtverteilung"},"imagen_de_fondo_dinamic_single_producto":"","texto_contenido_ventana":false,"contenido_tabs_producto":"","acordion":false,"preguntas_y_respuestas":null,"cuadricula_de_colores":false,"componentes_producto":null,"descargables":false,"tipo_datasheet":"simple","datasheet":null,"datasheet_multiple":null,"tipo_instrucciones":"simple","instructions":null,"instructions_multiple":null,"drawings_ce":null,"2d_cad":null,"3d_cad":null,"revit":null,"ldt_photometric_files":null,"ies_photometric_files":null,"validador_detalles_producto":true,"tipo_especificacion":"distribucion"},{"title_group_producto_grid_single":{"title_tag":"h2","title_txt":"Protokolle und Steuerung"},"imagen_de_fondo_dinamic_single_producto":"","texto_contenido_ventana":false,"contenido_tabs_producto":"","acordion":false,"preguntas_y_respuestas":null,"cuadricula_de_colores":false,"componentes_producto":[{"nombre_componente":"","colores":["gris_claro"]}],"descargables":false,"tipo_datasheet":"simple","datasheet":null,"datasheet_multiple":null,"tipo_instrucciones":"simple","instructions":null,"instructions_multiple":null,"drawings_ce":null,"2d_cad":null,"3d_cad":null,"revit":null,"ldt_photometric_files":null,"ies_photometric_files":null,"validador_detalles_producto":true,"tipo_especificacion":"control"},{"title_group_producto_grid_single":{"title_tag":"h2","title_txt":"Installation"},"imagen_de_fondo_dinamic_single_producto":"","texto_contenido_ventana":true,"contenido_tabs_producto":"<ul>\r\n \t<li>Anbringung des Masts vor Ort mittels Betonkubus mit Nut f\u00fcr den Stromanschluss und vier Ankerbolzen pro Mast 20 cm unterhalb des Stra\u00dfenbelags.<\/li>\r\n \t<li>Stra\u00dfenlaterne mit zwei Leuchtk\u00f6rpern mit seitlicher Befestigung, ausschlie\u00dflich f\u00fcr die lineare Aufstellung.<\/li>\r\n \t<li>Das Element wird unmontiert in drei Komponenten geliefert: Beleuchtungsk\u00f6rper, Diffusor und Mast. Inklusive Installations- und Montageanleitung, Schrauben, Vorlage, Zierblende und Ankerbolzen.<\/li>\r\n<\/ul>","acordion":false,"preguntas_y_respuestas":null,"cuadricula_de_colores":false,"componentes_producto":null,"descargables":false,"tipo_datasheet":"simple","datasheet":null,"datasheet_multiple":null,"tipo_instrucciones":"simple","instructions":null,"instructions_multiple":null,"drawings_ce":null,"2d_cad":null,"3d_cad":null,"revit":null,"ldt_photometric_files":null,"ies_photometric_files":null,"validador_detalles_producto":false,"tipo_especificacion":""},{"title_group_producto_grid_single":{"title_tag":"h2","title_txt":"Wartung"},"imagen_de_fondo_dinamic_single_producto":"","texto_contenido_ventana":true,"contenido_tabs_producto":"<ul>\r\n \t<li>Einschlie\u00dflich Druckausgleichsventil und 10\u00a0kV-\u00dcberspannungsschutz (CE).<\/li>\r\n \t<li>Reinigen Sie mit pH-neutralen, alkoholfreien und nicht scheuernden Reinigungsmitteln.<\/li>\r\n<\/ul>","acordion":false,"preguntas_y_respuestas":null,"cuadricula_de_colores":false,"componentes_producto":null,"descargables":false,"tipo_datasheet":"simple","datasheet":null,"datasheet_multiple":null,"tipo_instrucciones":"simple","instructions":null,"instructions_multiple":null,"drawings_ce":null,"2d_cad":null,"3d_cad":null,"revit":null,"ldt_photometric_files":null,"ies_photometric_files":null,"validador_detalles_producto":false,"tipo_especificacion":""},{"title_group_producto_grid_single":{"title_tag":"h2","title_txt":"Zertifizierungen"},"imagen_de_fondo_dinamic_single_producto":"","texto_contenido_ventana":true,"contenido_tabs_producto":"Einzelne Stra\u00dfenlaterne: 102\r\nDoppelte Stra\u00dfenlaterne: 124\r\n\r\n<span data-sheets-value=\"{&quot;1&quot;:2,&quot;2&quot;:&quot;*Ungef\u00e4hres Gewicht ohne Verpackung (kg)&quot;}\" data-sheets-userformat=\"{&quot;2&quot;:513,&quot;3&quot;:{&quot;1&quot;:0},&quot;12&quot;:0}\">*Ungef\u00e4hres Gewicht ohne Verpackung (kg)<\/span>","acordion":false,"preguntas_y_respuestas":null,"cuadricula_de_colores":false,"componentes_producto":null,"descargables":false,"tipo_datasheet":"simple","datasheet":null,"datasheet_multiple":null,"tipo_instrucciones":"simple","instructions":null,"instructions_multiple":null,"drawings_ce":null,"2d_cad":null,"3d_cad":null,"revit":null,"ldt_photometric_files":null,"ies_photometric_files":null,"validador_detalles_producto":true,"tipo_especificacion":"certificados"},{"title_group_producto_grid_single":{"title_tag":"h2","title_txt":"Gewicht"},"imagen_de_fondo_dinamic_single_producto":"","texto_contenido_ventana":true,"contenido_tabs_producto":"Einzelne Stra\u00dfenlaterne: 102\r\nDoppelte Stra\u00dfenlaterne: 124\r\n\r\n<span data-sheets-value=\"{&quot;1&quot;:2,&quot;2&quot;:&quot;*Ungef\u00e4hres Gewicht ohne Verpackung (kg)&quot;}\" data-sheets-userformat=\"{&quot;2&quot;:513,&quot;3&quot;:{&quot;1&quot;:0},&quot;12&quot;:0}\">*Ungef\u00e4hres Gewicht ohne Verpackung (kg)<\/span>","acordion":false,"preguntas_y_respuestas":null,"cuadricula_de_colores":false,"componentes_producto":null,"descargables":false,"tipo_datasheet":"simple","datasheet":null,"datasheet_multiple":null,"tipo_instrucciones":"simple","instructions":null,"instructions_multiple":null,"drawings_ce":null,"2d_cad":null,"3d_cad":null,"revit":null,"ldt_photometric_files":null,"ies_photometric_files":null,"validador_detalles_producto":false,"tipo_especificacion":""}]},{"acf_fc_layout":"seccion_navtabs_imagen_dinamica","title_group":{"title_tag":"h2","title_txt":"Downloads"},"texto_intro_principal":false,"texto_introductorio":"","ventanas_detalles_producto":[{"title_group_producto_grid_single":{"title_tag":"h2","title_txt":""},"imagen_de_fondo_dinamic_single_producto":"","texto_contenido_ventana":false,"contenido_tabs_producto":"","acordion":false,"preguntas_y_respuestas":null,"cuadricula_de_colores":false,"componentes_producto":null,"descargables":true,"tipo_datasheet":"simple","datasheet":25039,"datasheet_multiple":null,"tipo_instrucciones":"simple","instructions":25027,"instructions_multiple":null,"drawings_ce":14149,"2d_cad":14276,"3d_cad":11597,"revit":15570,"ldt_photometric_files":"","ies_photometric_files":11606,"validador_detalles_producto":false,"tipo_especificacion":""}]},{"acf_fc_layout":"seccion_consulta_nuestros_expertos","imagen_de_fondo_single_producto":"[link_wp_dam_url ids=\"14985\" size=\"x2400\"]","imagen_de_fondo_single_producto_mobile":""},{"acf_fc_layout":"seccion_imagen_de_fondo_con_sub_menu","titulo_group_list_contet_proyectos":{"title_tag":"h3","title_txt":"V\u00eda L\u00e1ctea in der Stadt"},"ancla_copy2":"","proyectos_relacionados":[{"project":7071,"project_img":"[link_wp_dam_url ids=\"12950\"]"},{"project":9586,"project_img":"[link_wp_dam_url ids=\"12948\"]"},{"project":9454,"project_img":"[link_wp_dam_url ids=\"12951\"]"},{"project":5480,"project_img":"[link_wp_dam_url ids=\"12947\"]"},{"project":4319,"project_img":"[link_wp_dam_url ids=\"12949\"]"}]}],"dist_simetrica":"","dist_asimetrica":["type-i"],"dist_indirecta":"","dist_suelo":"","control":["1-10v","dali"],"certificados":["ce","rohs","ip66","ik09","clase-i"],"nombre_arbol_entre_comillas":"","nombre_solo_plantas_field":"","isbn_campo_texto":"","autor_book_publicacion_producto":"","idioma_campo_texto":"","enquadernacion_campo_texto":"","_numero_de_paginas_campo_texto":"","pdf_asociado_producto":"","resumen_libro":"","text_content_family_basic_information":"","text_content_family_basic_number_width":"","text_content_family_basic_number_height":"","text_content_planting_density":"","flowers_option_colours":"","flowers_option_season":"","properties_option_pruning":"","properties_option_watering":"","properties_option_sun_exposure":"","properties_option_minimum_temp":"","properties_option_soil_type":"","properties_option_fire":"","properties_option_heat":"","properties_option_moisture":"","properties_option_dryness":"","properties_option_coastal_area":"","texto_introduccion_landing_custom":"","enlace_descubre_mas_custom":"","selecciona_tipo_de_imagen_custom":"","imagen_vertical_custom":"","imagen_horizontal_custom":"","opciones_de_texto_1":true,"opciones_de_texto_2":"acabado_standar","opciones_de_texto_3":""},"yoast_head":"<!-- This site is optimized with the Yoast SEO plugin v22.8 - https:\/\/yoast.com\/wordpress\/plugins\/seo\/ -->\n<title>V\u00eda L\u00e1ctea - Urbidermis<\/title>\n<meta name=\"robots\" content=\"index, follow, max-snippet:-1, max-image-preview:large, max-video-preview:-1\" \/>\n<link rel=\"canonical\" href=\"https:\/\/www.urbidermis.com\/de\/stadtbeleuchtung\/via-lactea\/\" \/>\n<meta property=\"og:locale\" content=\"de_DE\" \/>\n<meta property=\"og:type\" content=\"article\" \/>\n<meta property=\"og:title\" content=\"V\u00eda L\u00e1ctea - Urbidermis\" \/>\n<meta property=\"og:description\" content=\"Stra\u00dfenlaterne mit gegabeltem Mast, die den Himmel mit Lichtlinien verziert. Bei einer sequenziellen Aufstellung lassen sich mit nur einem Mast pro zwei Leuchtk\u00f6rper durchgehende Linien bilden, was sich f\u00fcr Fu\u00dfg\u00e4ngerwege als besonders praktisch erweist.\" \/>\n<meta property=\"og:url\" content=\"https:\/\/www.urbidermis.com\/de\/stadtbeleuchtung\/via-lactea\/\" \/>\n<meta property=\"og:site_name\" content=\"Urbidermis\" \/>\n<meta property=\"article:modified_time\" content=\"2026-04-20T12:50:00+00:00\" \/>\n<meta property=\"og:image\" content=\"https:\/\/www.urbidermis.com\/wp-content\/uploads\/MicrosoftTeams-image-14.jpg\" \/>\n\t<meta property=\"og:image:width\" content=\"1000\" \/>\n\t<meta property=\"og:image:height\" content=\"1400\" \/>\n\t<meta property=\"og:image:type\" content=\"image\/jpeg\" \/>\n<meta name=\"twitter:card\" content=\"summary_large_image\" \/>\n<script type=\"application\/ld+json\" class=\"yoast-schema-graph\">{\"@context\":\"https:\/\/schema.org\",\"@graph\":[{\"@type\":\"WebPage\",\"@id\":\"https:\/\/www.urbidermis.com\/de\/stadtbeleuchtung\/via-lactea\/\",\"url\":\"https:\/\/www.urbidermis.com\/de\/stadtbeleuchtung\/via-lactea\/\",\"name\":\"V\u00eda L\u00e1ctea - Urbidermis\",\"isPartOf\":{\"@id\":\"https:\/\/www.urbidermis.com\/de\/#website\"},\"primaryImageOfPage\":{\"@id\":\"https:\/\/www.urbidermis.com\/de\/stadtbeleuchtung\/via-lactea\/#primaryimage\"},\"image\":{\"@id\":\"https:\/\/www.urbidermis.com\/de\/stadtbeleuchtung\/via-lactea\/#primaryimage\"},\"thumbnailUrl\":\"https:\/\/www.urbidermis.com\/wp-content\/uploads\/MicrosoftTeams-image-14.jpg\",\"datePublished\":\"2022-03-01T10:31:30+00:00\",\"dateModified\":\"2026-04-20T12:50:00+00:00\",\"breadcrumb\":{\"@id\":\"https:\/\/www.urbidermis.com\/de\/stadtbeleuchtung\/via-lactea\/#breadcrumb\"},\"inLanguage\":\"de-DE\",\"potentialAction\":[{\"@type\":\"ReadAction\",\"target\":[\"https:\/\/www.urbidermis.com\/de\/stadtbeleuchtung\/via-lactea\/\"]}]},{\"@type\":\"ImageObject\",\"inLanguage\":\"de-DE\",\"@id\":\"https:\/\/www.urbidermis.com\/de\/stadtbeleuchtung\/via-lactea\/#primaryimage\",\"url\":\"https:\/\/www.urbidermis.com\/wp-content\/uploads\/MicrosoftTeams-image-14.jpg\",\"contentUrl\":\"https:\/\/www.urbidermis.com\/wp-content\/uploads\/MicrosoftTeams-image-14.jpg\",\"width\":1000,\"height\":1400},{\"@type\":\"BreadcrumbList\",\"@id\":\"https:\/\/www.urbidermis.com\/de\/stadtbeleuchtung\/via-lactea\/#breadcrumb\",\"itemListElement\":[{\"@type\":\"ListItem\",\"position\":1,\"name\":\"Home\",\"item\":\"https:\/\/www.urbidermis.com\/de\/\"},{\"@type\":\"ListItem\",\"position\":2,\"name\":\"Produkte\",\"item\":\"https:\/\/www.urbidermis.com\/de\/produkte\/\"},{\"@type\":\"ListItem\",\"position\":3,\"name\":\"V\u00eda L\u00e1ctea\"}]},{\"@type\":\"WebSite\",\"@id\":\"https:\/\/www.urbidermis.com\/de\/#website\",\"url\":\"https:\/\/www.urbidermis.com\/de\/\",\"name\":\"Urbidermis\",\"description\":\"Especialistas en la ciudad\",\"publisher\":{\"@id\":\"https:\/\/www.urbidermis.com\/de\/#organization\"},\"potentialAction\":[{\"@type\":\"SearchAction\",\"target\":{\"@type\":\"EntryPoint\",\"urlTemplate\":\"https:\/\/www.urbidermis.com\/de\/?s={search_term_string}\"},\"query-input\":\"required name=search_term_string\"}],\"inLanguage\":\"de-DE\"},{\"@type\":\"Organization\",\"@id\":\"https:\/\/www.urbidermis.com\/de\/#organization\",\"name\":\"Urbidermis\",\"url\":\"https:\/\/www.urbidermis.com\/de\/\",\"logo\":{\"@type\":\"ImageObject\",\"inLanguage\":\"de-DE\",\"@id\":\"https:\/\/www.urbidermis.com\/de\/#\/schema\/logo\/image\/\",\"url\":\"https:\/\/www.urbidermis.com\/wp-content\/uploads\/logo_urbdermis-1.png\",\"contentUrl\":\"https:\/\/www.urbidermis.com\/wp-content\/uploads\/logo_urbdermis-1.png\",\"width\":601,\"height\":1033,\"caption\":\"Urbidermis\"},\"image\":{\"@id\":\"https:\/\/www.urbidermis.com\/de\/#\/schema\/logo\/image\/\"}}]}<\/script>\n<!-- \/ Yoast SEO plugin. -->","yoast_head_json":{"title":"V\u00eda L\u00e1ctea - Urbidermis","robots":{"index":"index","follow":"follow","max-snippet":"max-snippet:-1","max-image-preview":"max-image-preview:large","max-video-preview":"max-video-preview:-1"},"canonical":"https:\/\/www.urbidermis.com\/de\/stadtbeleuchtung\/via-lactea\/","og_locale":"de_DE","og_type":"article","og_title":"V\u00eda L\u00e1ctea - Urbidermis","og_description":"Stra\u00dfenlaterne mit gegabeltem Mast, die den Himmel mit Lichtlinien verziert. Bei einer sequenziellen Aufstellung lassen sich mit nur einem Mast pro zwei Leuchtk\u00f6rper durchgehende Linien bilden, was sich f\u00fcr Fu\u00dfg\u00e4ngerwege als besonders praktisch erweist.","og_url":"https:\/\/www.urbidermis.com\/de\/stadtbeleuchtung\/via-lactea\/","og_site_name":"Urbidermis","article_modified_time":"2026-04-20T12:50:00+00:00","og_image":[{"width":1000,"height":1400,"url":"https:\/\/www.urbidermis.com\/wp-content\/uploads\/MicrosoftTeams-image-14.jpg","type":"image\/jpeg"}],"twitter_card":"summary_large_image","schema":{"@context":"https:\/\/schema.org","@graph":[{"@type":"WebPage","@id":"https:\/\/www.urbidermis.com\/de\/stadtbeleuchtung\/via-lactea\/","url":"https:\/\/www.urbidermis.com\/de\/stadtbeleuchtung\/via-lactea\/","name":"V\u00eda L\u00e1ctea - Urbidermis","isPartOf":{"@id":"https:\/\/www.urbidermis.com\/de\/#website"},"primaryImageOfPage":{"@id":"https:\/\/www.urbidermis.com\/de\/stadtbeleuchtung\/via-lactea\/#primaryimage"},"image":{"@id":"https:\/\/www.urbidermis.com\/de\/stadtbeleuchtung\/via-lactea\/#primaryimage"},"thumbnailUrl":"https:\/\/www.urbidermis.com\/wp-content\/uploads\/MicrosoftTeams-image-14.jpg","datePublished":"2022-03-01T10:31:30+00:00","dateModified":"2026-04-20T12:50:00+00:00","breadcrumb":{"@id":"https:\/\/www.urbidermis.com\/de\/stadtbeleuchtung\/via-lactea\/#breadcrumb"},"inLanguage":"de-DE","potentialAction":[{"@type":"ReadAction","target":["https:\/\/www.urbidermis.com\/de\/stadtbeleuchtung\/via-lactea\/"]}]},{"@type":"ImageObject","inLanguage":"de-DE","@id":"https:\/\/www.urbidermis.com\/de\/stadtbeleuchtung\/via-lactea\/#primaryimage","url":"https:\/\/www.urbidermis.com\/wp-content\/uploads\/MicrosoftTeams-image-14.jpg","contentUrl":"https:\/\/www.urbidermis.com\/wp-content\/uploads\/MicrosoftTeams-image-14.jpg","width":1000,"height":1400},{"@type":"BreadcrumbList","@id":"https:\/\/www.urbidermis.com\/de\/stadtbeleuchtung\/via-lactea\/#breadcrumb","itemListElement":[{"@type":"ListItem","position":1,"name":"Home","item":"https:\/\/www.urbidermis.com\/de\/"},{"@type":"ListItem","position":2,"name":"Produkte","item":"https:\/\/www.urbidermis.com\/de\/produkte\/"},{"@type":"ListItem","position":3,"name":"V\u00eda L\u00e1ctea"}]},{"@type":"WebSite","@id":"https:\/\/www.urbidermis.com\/de\/#website","url":"https:\/\/www.urbidermis.com\/de\/","name":"Urbidermis","description":"Especialistas en la ciudad","publisher":{"@id":"https:\/\/www.urbidermis.com\/de\/#organization"},"potentialAction":[{"@type":"SearchAction","target":{"@type":"EntryPoint","urlTemplate":"https:\/\/www.urbidermis.com\/de\/?s={search_term_string}"},"query-input":"required name=search_term_string"}],"inLanguage":"de-DE"},{"@type":"Organization","@id":"https:\/\/www.urbidermis.com\/de\/#organization","name":"Urbidermis","url":"https:\/\/www.urbidermis.com\/de\/","logo":{"@type":"ImageObject","inLanguage":"de-DE","@id":"https:\/\/www.urbidermis.com\/de\/#\/schema\/logo\/image\/","url":"https:\/\/www.urbidermis.com\/wp-content\/uploads\/logo_urbdermis-1.png","contentUrl":"https:\/\/www.urbidermis.com\/wp-content\/uploads\/logo_urbdermis-1.png","width":601,"height":1033,"caption":"Urbidermis"},"image":{"@id":"https:\/\/www.urbidermis.com\/de\/#\/schema\/logo\/image\/"}}]}},"_links":{"self":[{"href":"https:\/\/www.urbidermis.com\/de\/wp-json\/wp\/v2\/product\/7496"}],"collection":[{"href":"https:\/\/www.urbidermis.com\/de\/wp-json\/wp\/v2\/product"}],"about":[{"href":"https:\/\/www.urbidermis.com\/de\/wp-json\/wp\/v2\/types\/product"}],"acf:post":[{"embeddable":true,"href":"https:\/\/www.urbidermis.com\/de\/wp-json\/wp\/v2\/autores\/10236"}],"wp:featuredmedia":[{"embeddable":true,"href":"https:\/\/www.urbidermis.com\/de\/wp-json\/wp\/v2\/media\/9849"}],"wp:attachment":[{"href":"https:\/\/www.urbidermis.com\/de\/wp-json\/wp\/v2\/media?parent=7496"}],"wp:term":[{"taxonomy":"product_cat","embeddable":true,"href":"https:\/\/www.urbidermis.com\/de\/wp-json\/wp\/v2\/product_cat?post=7496"},{"taxonomy":"product_tag","embeddable":true,"href":"https:\/\/www.urbidermis.com\/de\/wp-json\/wp\/v2\/product_tag?post=7496"}],"curies":[{"name":"wp","href":"https:\/\/api.w.org\/{rel}","templated":true}]}}