{"id":7700,"date":"2022-03-01T10:32:05","date_gmt":"2022-03-01T10:32:05","guid":{"rendered":"https:\/\/ubweb21.urbidermis.com\/product\/skyline\/"},"modified":"2026-04-20T15:02:55","modified_gmt":"2026-04-20T13:02:55","slug":"skyline","status":"publish","type":"product","link":"https:\/\/www.urbidermis.com\/de\/stadtbeleuchtung\/skyline\/","title":{"rendered":"Skyline"},"content":{"rendered":"https:\/\/www.urbidermis.com\/recursos\/imagenes_galeria\/20160715-Spain-Barcelona-Mango-Central-Palau-SKB-Jose-Hevia-04-x1000.jpg\n","protected":false},"excerpt":{"rendered":"<p>Ein angenehmer Leuchtpoller, ein h\u00e4ngendes Lichtfenster, das den Fu\u00dfg\u00e4nger auf dem Weg begleitet und als Abgrenzung dient. Skyline ist ein Leuchtpoller mit schlichten Linien, dessen Spiel von Licht und Farbe an den russischen Suprematismus des K\u00fcnstlers Kazimir Mal\u00e9vich erinnert.<\/p>\n","protected":false},"featured_media":8200,"template":"","meta":{"_acf_changed":false,"inline_featured_image":false},"product_brand":[],"product_cat":[211,189],"product_tag":[],"class_list":{"0":"post-7700","1":"product","2":"type-product","3":"status-publish","4":"has-post-thumbnail","6":"product_cat-leuchpoller","7":"product_cat-stadtbeleuchtung","9":"first","10":"instock","11":"taxable","12":"shipping-taxable","13":"product-type-simple"},"acf":{"ano_creacion_producto":"2014","premios_producto_repeater":[{"nombre_premio_sub_item":"ADIFAD Selection","ano_premio_sub_item":"2014"}],"validacion_producto_descarga":true,"valor_a_buscar_en_el_filtro_repeater":false,"dist_simetrica":[],"dist_indirecta":[],"control":[],"certificados":["ce","ul","rohs","ip55","ip66","ik08","clase-i"],"secciones_producto":[{"acf_fc_layout":"seccion_navtabs_imagen_dinamica","title_group":{"title_tag":"h2","title_txt":"Ein Lichtfenster"},"texto_intro_principal":true,"texto_introductorio":"Der Skyline-Leuchtpoller zeichnet sich durch seine reinen geometrischen Formen aus, die sich in einem konstanten Dialog befinden. Diese auf verschiedenen H\u00f6hen angebrachte Lichtfenster begleiten die Fu\u00dfg\u00e4nger, ohne dabei im Weg zu stehen. Daher grenzt er verschiedene Bereiche voneinander ab und verleiht den Wegen mit einer Kombination aus W\u00e4rme und Robustheit Struktur.","ventanas_detalles_producto":[{"title_group_producto_grid_single":{"title_tag":"h2","title_txt":"Materialien"},"imagen_de_fondo_dinamic_single_producto":"","texto_contenido_ventana":true,"contenido_tabs_producto":"<ul>\n<li>\n<p class=\"p2\">Leuchtpoller aus gebogener, eloxierter Aluminiumplatte, Innenreflektor aus Aluminiumdruckguss EN-AC-44100 und Sockel aus Edelstahl AISI 304, thermolackierte Oberfl\u00e4che.<\/p>\n<\/li>\n<li>\n<p class=\"p2\">Diffusor aus geh\u00e4rtetem optischem Glas.<\/p>\n<\/li>\n<li>\n<p class=\"p2\">Schrauben aus A2-Edelstahl.<\/p>\n<\/li>\n<\/ul>\n","acordion":false,"preguntas_y_respuestas":false,"cuadricula_de_colores":false,"componentes_producto":false,"descargables":false,"tipo_datasheet":"simple","datasheet":false,"datasheet_multiple":false,"tipo_instrucciones":"simple","instructions":false,"instructions_multiple":false,"drawings_ce":false,"2d_cad":false,"3d_cad":false,"revit":false,"ldt_photometric_files":false,"ies_photometric_files":false,"validador_detalles_producto":false,"tipo_especificacion":"distribucion"},{"title_group_producto_grid_single":{"title_tag":"h2","title_txt":"Ausf\u00fchrungen"},"imagen_de_fondo_dinamic_single_producto":"","texto_contenido_ventana":true,"contenido_tabs_producto":"<p>Die angezeigten Farben dienen nur als Beispiel.<br \/>\nAndere Farben auf Anfrage erh\u00e4ltlich.<br \/>\nAusf\u00fchrungen f\u00fcr K\u00fcstenklima auf Anfrage.<\/p>\n","acordion":false,"preguntas_y_respuestas":false,"cuadricula_de_colores":true,"componentes_producto":[{"nombre_componente":"","colores":[{"value":"gris_claro","label":"Gris claro"},{"value":"gris_medio","label":"Gris medio"},{"value":"gris_oscuro","label":"Gris oscuro"}]}],"descargables":false,"tipo_datasheet":"simple","datasheet":false,"datasheet_multiple":false,"tipo_instrucciones":"simple","instructions":false,"instructions_multiple":false,"drawings_ce":false,"2d_cad":false,"3d_cad":false,"revit":false,"ldt_photometric_files":false,"ies_photometric_files":false,"validador_detalles_producto":false,"tipo_especificacion":""},{"title_group_producto_grid_single":{"title_tag":"h2","title_txt":"Lichtquelle"},"imagen_de_fondo_dinamic_single_producto":"","texto_contenido_ventana":true,"contenido_tabs_producto":"<p class=\"p1\"><strong>Leistung des Systems (W)<\/strong><\/p>\n<p class=\"p1\">Hocheffiziente Leuchtmittelgruppe<\/p>\n<ul>\n<li class=\"p2\">4 LEDs 1x6W<\/li>\n<li class=\"p2\">8 LEDs 2x6W<\/li>\n<\/ul>\n<p>&nbsp;<\/p>\n<p><strong>Betriebsstrom (mA)<\/strong><\/p>\n<ul>\n<li class=\"p2\">350<\/li>\n<\/ul>\n<p>&nbsp;<\/p>\n<p><strong>Farbtemperatur (K)<\/strong><\/p>\n<ul>\n<li class=\"p2\">3000 IRC min80<\/li>\n<li>2700 IRC min80<\/li>\n<\/ul>\n<p>&nbsp;<\/p>\n<p><strong>Lebensdauer<\/strong><\/p>\n<p class=\"p1\">TM21 L70 (10k) &gt; 60.000 h.<\/p>\n","acordion":false,"preguntas_y_respuestas":false,"cuadricula_de_colores":false,"componentes_producto":false,"descargables":false,"tipo_datasheet":"simple","datasheet":false,"datasheet_multiple":false,"tipo_instrucciones":"simple","instructions":false,"instructions_multiple":false,"drawings_ce":false,"2d_cad":false,"3d_cad":false,"revit":false,"ldt_photometric_files":false,"ies_photometric_files":false,"validador_detalles_producto":false,"tipo_especificacion":"control"},{"title_group_producto_grid_single":{"title_tag":"h2","title_txt":"H\u00f6henplan"},"imagen_de_fondo_dinamic_single_producto":"","texto_contenido_ventana":false,"contenido_tabs_producto":"","acordion":false,"preguntas_y_respuestas":false,"cuadricula_de_colores":false,"componentes_producto":false,"descargables":false,"tipo_datasheet":"simple","datasheet":false,"datasheet_multiple":false,"tipo_instrucciones":"simple","instructions":false,"instructions_multiple":false,"drawings_ce":false,"2d_cad":false,"3d_cad":false,"revit":false,"ldt_photometric_files":false,"ies_photometric_files":false,"validador_detalles_producto":false,"tipo_especificacion":"certificados"},{"title_group_producto_grid_single":{"title_tag":"h2","title_txt":"Lichtverteilung"},"imagen_de_fondo_dinamic_single_producto":"","texto_contenido_ventana":false,"contenido_tabs_producto":"","acordion":false,"preguntas_y_respuestas":false,"cuadricula_de_colores":false,"componentes_producto":false,"descargables":false,"tipo_datasheet":"simple","datasheet":false,"datasheet_multiple":false,"tipo_instrucciones":"simple","instructions":false,"instructions_multiple":false,"drawings_ce":false,"2d_cad":false,"3d_cad":false,"revit":false,"ldt_photometric_files":false,"ies_photometric_files":false,"validador_detalles_producto":true,"tipo_especificacion":"distribucion"},{"title_group_producto_grid_single":{"title_tag":"h2","title_txt":"Installation"},"imagen_de_fondo_dinamic_single_producto":"","texto_contenido_ventana":true,"contenido_tabs_producto":"<ul>\n<li>Einbaumodell: Die Installation erfolgt mittels eines versenkten Sockels, der mit vier Ankern am Betonkubus<br \/>\nbefestigt wird. Mit Nut fu\u0308r den elektrischen Anschluss 10 cm unter dem Stra\u00dfenbelag.<\/li>\n<li>Aufbaumodell: Die Installation erfolgt mittels eines Sockels, der mit vier Ankern direkt am Bodenbelag befestigt wird.<\/li>\n<li>Das Element wird montiert geliefert.<\/li>\n<li>Anleitungen und Schrauben sind im Lieferumfang enthalten.<\/li>\n<\/ul>\n","acordion":false,"preguntas_y_respuestas":false,"cuadricula_de_colores":false,"componentes_producto":[{"nombre_componente":"","colores":[{"value":"gris_claro","label":"Gris claro"},{"value":"gris_medio","label":"Gris medio"},{"value":"gris_oscuro","label":"Gris oscuro"}]}],"descargables":false,"tipo_datasheet":"simple","datasheet":false,"datasheet_multiple":false,"tipo_instrucciones":"simple","instructions":false,"instructions_multiple":false,"drawings_ce":false,"2d_cad":false,"3d_cad":false,"revit":false,"ldt_photometric_files":false,"ies_photometric_files":false,"validador_detalles_producto":false,"tipo_especificacion":"certificados"},{"title_group_producto_grid_single":{"title_tag":"h2","title_txt":"Wartung"},"imagen_de_fondo_dinamic_single_producto":"","texto_contenido_ventana":true,"contenido_tabs_producto":"<ul>\n<li>Einschlie\u00dflich Druckausgleichsventil.<\/li>\n<li>Reinigen Sie mit pH-neutralen, alkoholfreien und nicht scheuernden Reinigungsmitteln.<\/li>\n<\/ul>\n","acordion":false,"preguntas_y_respuestas":false,"cuadricula_de_colores":false,"componentes_producto":false,"descargables":false,"tipo_datasheet":"simple","datasheet":false,"datasheet_multiple":false,"tipo_instrucciones":"simple","instructions":false,"instructions_multiple":false,"drawings_ce":false,"2d_cad":false,"3d_cad":false,"revit":false,"ldt_photometric_files":false,"ies_photometric_files":false,"validador_detalles_producto":false,"tipo_especificacion":""},{"title_group_producto_grid_single":{"title_tag":"h2","title_txt":"Zertifizierungen"},"imagen_de_fondo_dinamic_single_producto":"","texto_contenido_ventana":false,"contenido_tabs_producto":"<p>Einschlie\u00dflich Druckausgleichsventil.<br \/>\nReinigen Sie mit pH-neutralen, alkoholfreien und nicht scheuernden Reinigungsmitteln.<\/p>\n","acordion":false,"preguntas_y_respuestas":false,"cuadricula_de_colores":false,"componentes_producto":false,"descargables":false,"tipo_datasheet":"simple","datasheet":false,"datasheet_multiple":false,"tipo_instrucciones":"simple","instructions":false,"instructions_multiple":false,"drawings_ce":false,"2d_cad":false,"3d_cad":false,"revit":false,"ldt_photometric_files":false,"ies_photometric_files":false,"validador_detalles_producto":true,"tipo_especificacion":"certificados"},{"title_group_producto_grid_single":{"title_tag":"h2","title_txt":"Gewicht"},"imagen_de_fondo_dinamic_single_producto":"","texto_contenido_ventana":true,"contenido_tabs_producto":"<p>Leuchtpoller 37 cm: 5<br \/>\nLeuchtpoller 81 cm: 10<\/p>\n<p>*Ungef\u00e4hres Gewicht ohne Verpackung (kg)<\/p>\n","acordion":false,"preguntas_y_respuestas":false,"cuadricula_de_colores":false,"componentes_producto":false,"descargables":false,"tipo_datasheet":"simple","datasheet":false,"datasheet_multiple":false,"tipo_instrucciones":"simple","instructions":false,"instructions_multiple":false,"drawings_ce":false,"2d_cad":false,"3d_cad":false,"revit":false,"ldt_photometric_files":false,"ies_photometric_files":false,"validador_detalles_producto":false,"tipo_especificacion":""}]},{"acf_fc_layout":"seccion_navtabs_imagen_dinamica","title_group":{"title_tag":"h2","title_txt":"Downloads"},"texto_intro_principal":false,"texto_introductorio":"","ventanas_detalles_producto":[{"title_group_producto_grid_single":{"title_tag":"h2","title_txt":""},"imagen_de_fondo_dinamic_single_producto":"","texto_contenido_ventana":false,"contenido_tabs_producto":"","acordion":false,"preguntas_y_respuestas":false,"cuadricula_de_colores":false,"componentes_producto":false,"descargables":true,"tipo_datasheet":"simple","datasheet":{"ID":25153,"id":25153,"title":"Skyline_Leuchtpoller_Technische_Datenblatt_DE","filename":"Skyline_Leuchtpoller_Technische_Datenblatt_DE.pdf","filesize":1520636,"url":"https:\/\/www.urbidermis.com\/wp-content\/uploads\/Skyline_Leuchtpoller_Technische_Datenblatt_DE.pdf","link":"https:\/\/www.urbidermis.com\/de\/?attachment_id=25153","alt":"","author":"109","description":"","caption":"","name":"skyline_leuchtpoller_technische_datenblatt_de-2","status":"inherit","uploaded_to":7700,"date":"2024-09-23 07:39:52","modified":"2024-09-23 07:45:48","menu_order":0,"mime_type":"application\/pdf","type":"application","subtype":"pdf","icon":"https:\/\/www.urbidermis.com\/wp-includes\/images\/media\/document.png"},"datasheet_multiple":false,"tipo_instrucciones":"simple","instructions":{"ID":25141,"id":25141,"title":"Skyline_Pathway-light_Assembly_Instructions_CE_UL","filename":"Skyline_Pathway-light_Assembly_Instructions_CE_UL.pdf","filesize":1298640,"url":"https:\/\/www.urbidermis.com\/wp-content\/uploads\/Skyline_Pathway-light_Assembly_Instructions_CE_UL.pdf","link":"https:\/\/www.urbidermis.com\/de\/?attachment_id=25141","alt":"","author":"109","description":"","caption":"","name":"skyline_pathway-light_assembly_instructions_ce_ul-2","status":"inherit","uploaded_to":7700,"date":"2024-09-23 07:38:22","modified":"2024-09-23 07:45:48","menu_order":0,"mime_type":"application\/pdf","type":"application","subtype":"pdf","icon":"https:\/\/www.urbidermis.com\/wp-includes\/images\/media\/document.png"},"instructions_multiple":false,"drawings_ce":{"ID":14129,"id":14129,"title":"Skyline_pathwaylights_drawgins","filename":"Skyline_pathwaylights_drawgins.pdf","filesize":0,"url":"https:\/\/www.urbidermis.com\/wp-content\/uploads\/Skyline_pathwaylights_drawgins.pdf","link":"https:\/\/www.urbidermis.com\/de\/?attachment_id=14129","alt":"","author":"4","description":"","caption":"","name":"skyline_pathwaylights_drawgins-2","status":"inherit","uploaded_to":7156,"date":"2022-07-13 15:59:42","modified":"2022-07-13 15:59:42","menu_order":0,"mime_type":"application\/pdf","type":"application","subtype":"pdf","icon":"https:\/\/www.urbidermis.com\/wp-includes\/images\/media\/document.png"},"2d_cad":{"ID":14260,"id":14260,"title":"Skyline_pathwaylights_drawings","filename":"Skyline_pathwaylights_drawings.dxf","filesize":0,"url":"https:\/\/www.urbidermis.com\/wp-content\/uploads\/Skyline_pathwaylights_drawings.dxf","link":"https:\/\/www.urbidermis.com\/de\/?attachment_id=14260","alt":"","author":"4","description":"","caption":"","name":"skyline_pathwaylights_drawings-2","status":"inherit","uploaded_to":7705,"date":"2022-07-13 18:32:56","modified":"2022-07-13 18:32:56","menu_order":0,"mime_type":"application\/dxf","type":"application","subtype":"dxf","icon":"https:\/\/www.urbidermis.com\/wp-includes\/images\/media\/default.png"},"3d_cad":{"ID":13806,"id":13806,"title":"Skyline_3D","filename":"Skyline_3D.zip","filesize":0,"url":"https:\/\/www.urbidermis.com\/wp-content\/uploads\/Skyline_3D.zip","link":"https:\/\/www.urbidermis.com\/de\/?attachment_id=13806","alt":"","author":"7","description":"","caption":"","name":"skyline_3d-2","status":"inherit","uploaded_to":7700,"date":"2022-07-12 12:21:49","modified":"2022-07-12 12:21:49","menu_order":0,"mime_type":"application\/zip","type":"application","subtype":"zip","icon":"https:\/\/www.urbidermis.com\/wp-includes\/images\/media\/archive.png"},"revit":{"ID":16548,"id":16548,"title":"ILU_URBIDERMIS_BIM_Skyline_01.rvt","filename":"ILU_URBIDERMIS_BIM_Skyline_01.rvt_.zip","filesize":0,"url":"https:\/\/www.urbidermis.com\/wp-content\/uploads\/ILU_URBIDERMIS_BIM_Skyline_01.rvt_.zip","link":"https:\/\/www.urbidermis.com\/de\/?attachment_id=16548","alt":"","author":"7","description":"","caption":"","name":"ilu_urbidermis_bim_skyline_01-rvt-2","status":"inherit","uploaded_to":7700,"date":"2022-12-29 15:12:24","modified":"2022-12-29 15:12:24","menu_order":0,"mime_type":"application\/zip","type":"application","subtype":"zip","icon":"https:\/\/www.urbidermis.com\/wp-includes\/images\/media\/archive.png"},"ldt_photometric_files":{"ID":24761,"id":24761,"title":"LDT_Photometries_Skyline","filename":"LDT_Photometries_Skyline.zip","filesize":3243,"url":"https:\/\/www.urbidermis.com\/wp-content\/uploads\/LDT_Photometries_Skyline.zip","link":"https:\/\/www.urbidermis.com\/de\/?attachment_id=24761","alt":"","author":"109","description":"","caption":"","name":"ldt_photometries_skyline-2","status":"inherit","uploaded_to":7700,"date":"2024-08-27 09:56:56","modified":"2024-08-27 09:56:56","menu_order":0,"mime_type":"application\/zip","type":"application","subtype":"zip","icon":"https:\/\/www.urbidermis.com\/wp-includes\/images\/media\/archive.png"},"ies_photometric_files":{"ID":14307,"id":14307,"title":"Skyline_pathwaylights_IES_photometries","filename":"IES_Photometries_Skyline.zip","filesize":2787,"url":"https:\/\/www.urbidermis.com\/wp-content\/uploads\/IES_Photometries_Skyline.zip","link":"https:\/\/www.urbidermis.com\/de\/?attachment_id=14307","alt":"","author":"4","description":"","caption":"","name":"skyline_pathwaylights_ies_photometries-2","status":"inherit","uploaded_to":7700,"date":"2022-07-13 19:16:35","modified":"2022-07-13 19:16:35","menu_order":0,"mime_type":"application\/zip","type":"application","subtype":"zip","icon":"https:\/\/www.urbidermis.com\/wp-includes\/images\/media\/archive.png"},"validador_detalles_producto":false,"tipo_especificacion":""}]},{"acf_fc_layout":"seccion_consulta_nuestros_expertos","imagen_de_fondo_single_producto":"https:\/\/www.urbidermis.com\/recursos\/imagenes_galeria\/20221109-Spain-Sant-Cugat-Del-Valles-Laboratoris-Roche-ASP-SKB-Jordi-Surroca-09-x2400-Sangre-x2400.jpg\n","imagen_de_fondo_single_producto_mobile":""},{"acf_fc_layout":"seccion_imagen_de_fondo_con_sub_menu","titulo_group_list_contet_proyectos":{"title_tag":"h3","title_txt":"Skyline in der Stadt"},"ancla_copy2":"","proyectos_relacionados":[{"project":{"ID":5318,"post_author":"4","post_date":"2022-04-13 14:04:18","post_date_gmt":"2022-04-13 14:04:18","post_content":"","post_title":"Mango company headquarters","post_excerpt":"","post_status":"draft","comment_status":"closed","ping_status":"closed","post_password":"","post_name":"mango-company-headquarters","to_ping":"","pinged":"","post_modified":"2025-07-09 13:29:56","post_modified_gmt":"2025-07-09 11:29:56","post_content_filtered":"","post_parent":0,"guid":"http:\/\/newpre.urbidermis.com\/proyectos\/mango-company-headquarters\/","menu_order":0,"post_type":"proyectos","post_mime_type":"","comment_count":"0","filter":"raw"},"project_img":"https:\/\/www.urbidermis.com\/recursos\/imagenes_galeria\/20160715-Spain-Barcelona-Mango-Central-Palau-SKB-Jose-Hevia-03-x2400-Proyectos-x1000.jpg\n"}]}],"nombre_solo_plantas_field":"","dist_asimetrica":[],"resumen_libro":"","autor_book_publicacion_producto":"","_numero_de_paginas_campo_texto":"","is_plano_de_cotas_validator":true,"galeria_multidimension_imagenes_plano_de_cotas_proyector":[{"texto_pestana_plano_galeria":"Leuchtpoller","imagen_plano_de_cotas":"https:\/\/www.urbidermis.com\/recursos\/imagenes_galeria\/Skyline-UrbanPathway-Lamps-PC.svg\n"}],"is_protocolo_y_control_generic":false,"dist_suelo":["area-beam-3"],"nombre_arbol_entre_comillas":"","isbn_campo_texto":"","idioma_campo_texto":"","enquadernacion_campo_texto":"","pdf_asociado_producto":false,"text_content_family_basic_information":"","text_content_family_basic_number_width":"","text_content_family_basic_number_height":"","text_content_planting_density":"","flowers_option_colours":[],"flowers_option_season":[],"properties_option_pruning":[],"properties_option_watering":[],"properties_option_sun_exposure":[],"properties_option_fire":[],"properties_option_heat":[],"properties_option_moisture":[],"properties_option_minimum_temp":"","properties_option_soil_type":[],"properties_option_dryness":[],"properties_option_coastal_area":[],"is_producto_residencial_para_mostrar_info_diferente":false,"check_para_validar_no_secc_aplication":true,"galeria_imagenes_repeater_libro":[{"imagen_item_gal":"https:\/\/www.urbidermis.com\/recursos\/imagenes_galeria\/20210505-Spain-Barcelona-Belloch-SKB-Carlos-Pericas-01-x2400-Carrusel-01-x1000.jpg\n","activar_video_item_gal":false,"portada_video_item_gal":false,"video_en_horizonal_item_gal":false,"video_item_gal":false},{"imagen_item_gal":"https:\/\/www.urbidermis.com\/recursos\/imagenes_galeria\/Balizas-Skyline-Contacto-02-Web-x2400-Carrusel-03-x1000.jpg\n","activar_video_item_gal":false,"portada_video_item_gal":false,"video_en_horizonal_item_gal":false,"video_item_gal":false},{"imagen_item_gal":"https:\/\/www.urbidermis.com\/recursos\/imagenes_galeria\/Balizas-Skyline-Descargas-Web-x2400-Carrusel-02-x1000.jpg\n","activar_video_item_gal":false,"portada_video_item_gal":false,"video_en_horizonal_item_gal":false,"video_item_gal":false},{"imagen_item_gal":"https:\/\/www.urbidermis.com\/recursos\/imagenes_galeria\/20160715-Spain-Barcelona-Mango-Central-Palau-SKB-Jose-Hevia-12-Carrusel-04-x1000.jpg\n","activar_video_item_gal":false,"portada_video_item_gal":false,"video_en_horizonal_item_gal":false,"video_item_gal":false},{"imagen_item_gal":"https:\/\/www.urbidermis.com\/recursos\/imagenes_galeria\/20160715-Spain-Barcelona-Mango-Central-Palau-SKB-Jose-Hevia-16-Carrusel-05-x1000.jpg\n","activar_video_item_gal":false,"portada_video_item_gal":false,"video_en_horizonal_item_gal":false,"video_item_gal":false}],"selecciona_tipo_de_imagen_custom":[],"texto_introduccion_landing_custom":"","enlace_descubre_mas_custom":"","activar_seccion_text_parrafo_pos_bottom_carrousel":false,"accordion_titulo_parrafo_acordeon_imagen":false,"imagen_titulo_parrafo_acordeon_imagen":"","image_portada_titulo_parrafo_acordeon_imagen":"","imagen_mobile_titulo_parrafo_acordeon_imagen":"","txt_acabados_prod_opciones_de_texto_1":true,"txt_acabados_prod_opciones_de_texto_2":{"value":"acabado_standard","label":"Acabado Standard"},"txt_acabados_prod_opciones_de_texto_3":[],"texto_destacado_text_parrafo_pos_bottom_carrousel":"","parrafo_text_parrafo_pos_bottom_carrousel":"","titulo_titulo_parrafo_acordeon_imagen":"","parrafo_titulo_parrafo_acordeon_imagen":"","texto_bajo_btn_certificados":"","opciones_de_texto_1":true,"opciones_de_texto_2":{"value":"acabado_standar","label":"Acabado Standard"},"opciones_de_texto_3":[],"activator_acf_option_madera_text":false,"activador_seccion_impacto_acvs_secctions_acvs":true,"codigos_acvs_matching_row-leds":[{"texto_pestana_item_fetch":"37 cm","codigo_item_fetch":"SKB11"},{"texto_pestana_item_fetch":"80 cm","codigo_item_fetch":"SKB21"}],"texto_enlace_amplifyapp":"Skyline_Urban_lighting","tipos_de_post_relationship_related":"","participantes":[7549,7553],"autores":[{"ID":10122,"post_author":"4","post_date":"2022-06-16 11:13:28","post_date_gmt":"2022-06-16 11:13:28","post_content":"","post_title":"Antoni Rosell\u00f3","post_excerpt":"","post_status":"publish","comment_status":"closed","ping_status":"closed","post_password":"","post_name":"antoni-rosello","to_ping":"","pinged":"","post_modified":"2024-09-13 08:57:59","post_modified_gmt":"2024-09-13 06:57:59","post_content_filtered":"","post_parent":0,"guid":"https:\/\/ubweb21.urbidermis.com\/biografias\/antoni-rosello\/","menu_order":0,"post_type":"autores","post_mime_type":"","comment_count":"0","filter":"raw"}],"productos_relationship_related":[{"ID":7699,"post_author":"4","post_date":"2022-03-01 10:31:47","post_date_gmt":"2022-03-01 10:31:47","post_content":"","post_title":"\u00c1rea","post_excerpt":"Robustes, nach hinten geneigtes Prisma aus Cortenstahl mit Rostfinish. Im Inneren wird das Licht auf eine gro\u00dfe, geneigte Oberfl\u00e4che aus poliertem Edelstahl reflektiert, was ein angenehmes Streiflicht erzeugt.","post_status":"publish","comment_status":"closed","ping_status":"closed","post_password":"","post_name":"area","to_ping":"","pinged":"","post_modified":"2026-04-20 14:52:30","post_modified_gmt":"2026-04-20 12:52:30","post_content_filtered":"","post_parent":0,"guid":"https:\/\/ubweb21.urbidermis.com\/product\/area\/","menu_order":0,"post_type":"product","post_mime_type":"","comment_count":"0","filter":"raw"},{"ID":10430,"post_author":"4","post_date":"2022-03-01 10:33:24","post_date_gmt":"2022-03-01 10:33:24","post_content":"","post_title":"\u00c1rea 60","post_excerpt":"Der Leuchtpoller f\u00fcr den Au\u00dfenbereich \u201e\u00c1rea 60\u201c beleuchtet Wege auf eine subtile Weise und bildet eine physische Barriere zur Abgrenzung von Au\u00dfenbereichen.\r\nIm Innern des Leuchtpollers wird das Licht auf eine gro\u00dfe schr\u00e4ge Fl\u00e4che aus hochglanzpoliertem Edelstahl reflektiert und erzeugt so ein angenehmes Streulicht.","post_status":"publish","comment_status":"closed","ping_status":"closed","post_password":"","post_name":"area-60","to_ping":"","pinged":"","post_modified":"2026-04-20 14:56:01","post_modified_gmt":"2026-04-20 12:56:01","post_content_filtered":"","post_parent":0,"guid":"https:\/\/ubweb21.urbidermis.com\/unkategorisiert\/area-60\/","menu_order":0,"post_type":"product","post_mime_type":"","comment_count":"0","filter":"raw"},{"ID":6659,"post_author":"4","post_date":"2022-03-01 10:33:44","post_date_gmt":"2022-03-01 10:33:44","post_content":"","post_title":"Finisterre","post_excerpt":"Solider Leuchtpoller mit dreieckigem Querschnitt und abgerundeten Kanten. Der Finisterre-Leuchtpoller ist ein robustes, niedriges Beleuchtungselement, das als angenehme Markierung dienen soll, die den offenen Raum visuell abgrenzt.","post_status":"publish","comment_status":"closed","ping_status":"closed","post_password":"","post_name":"finisterre","to_ping":"","pinged":"","post_modified":"2026-04-20 14:58:50","post_modified_gmt":"2026-04-20 12:58:50","post_content_filtered":"","post_parent":0,"guid":"https:\/\/ubweb21.urbidermis.com\/product\/finisterre\/","menu_order":0,"post_type":"product","post_mime_type":"","comment_count":"0","filter":"raw"},{"ID":7701,"post_author":"4","post_date":"2022-03-01 10:32:33","post_date_gmt":"2022-03-01 10:32:33","post_content":"","post_title":"Rodes","post_excerpt":"Wandleuchte aus Bronze- oder Aluminiumguss, die ein elegantes Streiflicht erzeugt. Der innere Leuchtk\u00f6rper ist durch ein Metallgitter gesch\u00fctzt, das das singul\u00e4re Erscheinungsbild und den Charakter dieses treuen Bewachers der erstklassigen Architektur hervorhebt.","post_status":"publish","comment_status":"closed","ping_status":"closed","post_password":"","post_name":"rodes","to_ping":"","pinged":"","post_modified":"2026-04-20 15:05:21","post_modified_gmt":"2026-04-20 13:05:21","post_content_filtered":"","post_parent":0,"guid":"https:\/\/ubweb21.urbidermis.com\/product\/rodes\/","menu_order":0,"post_type":"product","post_mime_type":"","comment_count":"0","filter":"raw"}]},"yoast_head":"<!-- This site is optimized with the Yoast SEO plugin v27.6 - https:\/\/yoast.com\/product\/yoast-seo-wordpress\/ -->\n<title>Skyline - Urbidermis<\/title>\n<meta name=\"description\" content=\"Skyline - Ein angenehmer Leuchtpoller, ein h\u00e4ngendes Lichtfenster, das den Fu\u00dfg\u00e4nger auf dem Weg begleitet und als Abgrenzung dient. Skyline ist ein Leuchtpoller mit schlichten Linien, dessen Spiel von Licht und Farbe an den russischen Suprematismus des K\u00fcnstlers Kazimir Mal\u00e9vich erinnert.\" \/>\n<meta name=\"robots\" content=\"index, follow, max-snippet:-1, max-image-preview:large, max-video-preview:-1\" \/>\n<link rel=\"canonical\" href=\"https:\/\/www.urbidermis.com\/de\/stadtbeleuchtung\/skyline\/\" \/>\n<meta property=\"og:locale\" content=\"de_DE\" \/>\n<meta property=\"og:type\" content=\"article\" \/>\n<meta property=\"og:title\" content=\"Skyline - Urbidermis\" \/>\n<meta property=\"og:description\" content=\"Skyline - Ein angenehmer Leuchtpoller, ein h\u00e4ngendes Lichtfenster, das den Fu\u00dfg\u00e4nger auf dem Weg begleitet und als Abgrenzung dient. Skyline ist ein Leuchtpoller mit schlichten Linien, dessen Spiel von Licht und Farbe an den russischen Suprematismus des K\u00fcnstlers Kazimir Mal\u00e9vich erinnert.\" \/>\n<meta property=\"og:url\" content=\"https:\/\/www.urbidermis.com\/de\/stadtbeleuchtung\/skyline\/\" \/>\n<meta property=\"og:site_name\" content=\"Urbidermis\" \/>\n<meta property=\"article:modified_time\" content=\"2026-04-20T13:02:55+00:00\" \/>\n<meta property=\"og:image\" content=\"https:\/\/www.urbidermis.com\/wp-content\/uploads\/20190509_Spain_Barcelona_Belloch_SKB_Equipo_Urbidermis_00.jpg\" \/>\n\t<meta property=\"og:image:width\" content=\"1371\" \/>\n\t<meta property=\"og:image:height\" content=\"1920\" \/>\n\t<meta property=\"og:image:type\" content=\"image\/jpeg\" \/>\n<meta name=\"twitter:card\" content=\"summary_large_image\" \/>\n<script type=\"application\/ld+json\" class=\"yoast-schema-graph\">{\"@context\":\"https:\\\/\\\/schema.org\",\"@graph\":[{\"@type\":\"WebPage\",\"@id\":\"https:\\\/\\\/www.urbidermis.com\\\/de\\\/stadtbeleuchtung\\\/skyline\\\/\",\"url\":\"https:\\\/\\\/www.urbidermis.com\\\/de\\\/stadtbeleuchtung\\\/skyline\\\/\",\"name\":\"Skyline - Urbidermis\",\"isPartOf\":{\"@id\":\"https:\\\/\\\/urbidermis.com\\\/es\\\/#website\"},\"primaryImageOfPage\":{\"@id\":\"https:\\\/\\\/www.urbidermis.com\\\/de\\\/stadtbeleuchtung\\\/skyline\\\/#primaryimage\"},\"image\":{\"@id\":\"https:\\\/\\\/www.urbidermis.com\\\/de\\\/stadtbeleuchtung\\\/skyline\\\/#primaryimage\"},\"thumbnailUrl\":\"https:\\\/\\\/www.urbidermis.com\\\/wp-content\\\/uploads\\\/20190509_Spain_Barcelona_Belloch_SKB_Equipo_Urbidermis_00.jpg\",\"datePublished\":\"2022-03-01T10:32:05+00:00\",\"dateModified\":\"2026-04-20T13:02:55+00:00\",\"description\":\"Skyline - Ein angenehmer Leuchtpoller, ein h\u00e4ngendes Lichtfenster, das den Fu\u00dfg\u00e4nger auf dem Weg begleitet und als Abgrenzung dient. Skyline ist ein Leuchtpoller mit schlichten Linien, dessen Spiel von Licht und Farbe an den russischen Suprematismus des K\u00fcnstlers Kazimir Mal\u00e9vich erinnert.\",\"breadcrumb\":{\"@id\":\"https:\\\/\\\/www.urbidermis.com\\\/de\\\/stadtbeleuchtung\\\/skyline\\\/#breadcrumb\"},\"inLanguage\":\"de-DE\",\"potentialAction\":[{\"@type\":\"ReadAction\",\"target\":[\"https:\\\/\\\/www.urbidermis.com\\\/de\\\/stadtbeleuchtung\\\/skyline\\\/\"]}]},{\"@type\":\"ImageObject\",\"inLanguage\":\"de-DE\",\"@id\":\"https:\\\/\\\/www.urbidermis.com\\\/de\\\/stadtbeleuchtung\\\/skyline\\\/#primaryimage\",\"url\":\"https:\\\/\\\/www.urbidermis.com\\\/wp-content\\\/uploads\\\/20190509_Spain_Barcelona_Belloch_SKB_Equipo_Urbidermis_00.jpg\",\"contentUrl\":\"https:\\\/\\\/www.urbidermis.com\\\/wp-content\\\/uploads\\\/20190509_Spain_Barcelona_Belloch_SKB_Equipo_Urbidermis_00.jpg\",\"width\":1371,\"height\":1920},{\"@type\":\"BreadcrumbList\",\"@id\":\"https:\\\/\\\/www.urbidermis.com\\\/de\\\/stadtbeleuchtung\\\/skyline\\\/#breadcrumb\",\"itemListElement\":[{\"@type\":\"ListItem\",\"position\":1,\"name\":\"Home\",\"item\":\"https:\\\/\\\/www.urbidermis.com\\\/de\\\/\"},{\"@type\":\"ListItem\",\"position\":2,\"name\":\"Produkte\",\"item\":\"https:\\\/\\\/www.urbidermis.com\\\/de\\\/produkte\\\/\"},{\"@type\":\"ListItem\",\"position\":3,\"name\":\"Skyline\"}]},{\"@type\":\"WebSite\",\"@id\":\"https:\\\/\\\/urbidermis.com\\\/es\\\/#website\",\"url\":\"https:\\\/\\\/urbidermis.com\\\/es\\\/\",\"name\":\"Urbidermis\",\"description\":\"Especialistas en la ciudad\",\"publisher\":{\"@id\":\"https:\\\/\\\/urbidermis.com\\\/es\\\/#organization\"},\"potentialAction\":[{\"@type\":\"SearchAction\",\"target\":{\"@type\":\"EntryPoint\",\"urlTemplate\":\"https:\\\/\\\/urbidermis.com\\\/es\\\/?s={search_term_string}\"},\"query-input\":{\"@type\":\"PropertyValueSpecification\",\"valueRequired\":true,\"valueName\":\"search_term_string\"}}],\"inLanguage\":\"de-DE\"},{\"@type\":\"Organization\",\"@id\":\"https:\\\/\\\/urbidermis.com\\\/es\\\/#organization\",\"name\":\"Urbidermis\",\"url\":\"https:\\\/\\\/urbidermis.com\\\/es\\\/\",\"logo\":{\"@type\":\"ImageObject\",\"inLanguage\":\"de-DE\",\"@id\":\"https:\\\/\\\/urbidermis.com\\\/es\\\/#\\\/schema\\\/logo\\\/image\\\/\",\"url\":\"\",\"contentUrl\":\"\",\"caption\":\"Urbidermis\"},\"image\":{\"@id\":\"https:\\\/\\\/urbidermis.com\\\/es\\\/#\\\/schema\\\/logo\\\/image\\\/\"}}]}<\/script>\n<!-- \/ Yoast SEO plugin. -->","yoast_head_json":{"title":"Skyline - Urbidermis","description":"Skyline - Ein angenehmer Leuchtpoller, ein h\u00e4ngendes Lichtfenster, das den Fu\u00dfg\u00e4nger auf dem Weg begleitet und als Abgrenzung dient. Skyline ist ein Leuchtpoller mit schlichten Linien, dessen Spiel von Licht und Farbe an den russischen Suprematismus des K\u00fcnstlers Kazimir Mal\u00e9vich erinnert.","robots":{"index":"index","follow":"follow","max-snippet":"max-snippet:-1","max-image-preview":"max-image-preview:large","max-video-preview":"max-video-preview:-1"},"canonical":"https:\/\/www.urbidermis.com\/de\/stadtbeleuchtung\/skyline\/","og_locale":"de_DE","og_type":"article","og_title":"Skyline - Urbidermis","og_description":"Skyline - Ein angenehmer Leuchtpoller, ein h\u00e4ngendes Lichtfenster, das den Fu\u00dfg\u00e4nger auf dem Weg begleitet und als Abgrenzung dient. Skyline ist ein Leuchtpoller mit schlichten Linien, dessen Spiel von Licht und Farbe an den russischen Suprematismus des K\u00fcnstlers Kazimir Mal\u00e9vich erinnert.","og_url":"https:\/\/www.urbidermis.com\/de\/stadtbeleuchtung\/skyline\/","og_site_name":"Urbidermis","article_modified_time":"2026-04-20T13:02:55+00:00","og_image":[{"width":1371,"height":1920,"url":"https:\/\/www.urbidermis.com\/wp-content\/uploads\/20190509_Spain_Barcelona_Belloch_SKB_Equipo_Urbidermis_00.jpg","type":"image\/jpeg"}],"twitter_card":"summary_large_image","schema":{"@context":"https:\/\/schema.org","@graph":[{"@type":"WebPage","@id":"https:\/\/www.urbidermis.com\/de\/stadtbeleuchtung\/skyline\/","url":"https:\/\/www.urbidermis.com\/de\/stadtbeleuchtung\/skyline\/","name":"Skyline - Urbidermis","isPartOf":{"@id":"https:\/\/urbidermis.com\/es\/#website"},"primaryImageOfPage":{"@id":"https:\/\/www.urbidermis.com\/de\/stadtbeleuchtung\/skyline\/#primaryimage"},"image":{"@id":"https:\/\/www.urbidermis.com\/de\/stadtbeleuchtung\/skyline\/#primaryimage"},"thumbnailUrl":"https:\/\/www.urbidermis.com\/wp-content\/uploads\/20190509_Spain_Barcelona_Belloch_SKB_Equipo_Urbidermis_00.jpg","datePublished":"2022-03-01T10:32:05+00:00","dateModified":"2026-04-20T13:02:55+00:00","description":"Skyline - Ein angenehmer Leuchtpoller, ein h\u00e4ngendes Lichtfenster, das den Fu\u00dfg\u00e4nger auf dem Weg begleitet und als Abgrenzung dient. Skyline ist ein Leuchtpoller mit schlichten Linien, dessen Spiel von Licht und Farbe an den russischen Suprematismus des K\u00fcnstlers Kazimir Mal\u00e9vich erinnert.","breadcrumb":{"@id":"https:\/\/www.urbidermis.com\/de\/stadtbeleuchtung\/skyline\/#breadcrumb"},"inLanguage":"de-DE","potentialAction":[{"@type":"ReadAction","target":["https:\/\/www.urbidermis.com\/de\/stadtbeleuchtung\/skyline\/"]}]},{"@type":"ImageObject","inLanguage":"de-DE","@id":"https:\/\/www.urbidermis.com\/de\/stadtbeleuchtung\/skyline\/#primaryimage","url":"https:\/\/www.urbidermis.com\/wp-content\/uploads\/20190509_Spain_Barcelona_Belloch_SKB_Equipo_Urbidermis_00.jpg","contentUrl":"https:\/\/www.urbidermis.com\/wp-content\/uploads\/20190509_Spain_Barcelona_Belloch_SKB_Equipo_Urbidermis_00.jpg","width":1371,"height":1920},{"@type":"BreadcrumbList","@id":"https:\/\/www.urbidermis.com\/de\/stadtbeleuchtung\/skyline\/#breadcrumb","itemListElement":[{"@type":"ListItem","position":1,"name":"Home","item":"https:\/\/www.urbidermis.com\/de\/"},{"@type":"ListItem","position":2,"name":"Produkte","item":"https:\/\/www.urbidermis.com\/de\/produkte\/"},{"@type":"ListItem","position":3,"name":"Skyline"}]},{"@type":"WebSite","@id":"https:\/\/urbidermis.com\/es\/#website","url":"https:\/\/urbidermis.com\/es\/","name":"Urbidermis","description":"Especialistas en la ciudad","publisher":{"@id":"https:\/\/urbidermis.com\/es\/#organization"},"potentialAction":[{"@type":"SearchAction","target":{"@type":"EntryPoint","urlTemplate":"https:\/\/urbidermis.com\/es\/?s={search_term_string}"},"query-input":{"@type":"PropertyValueSpecification","valueRequired":true,"valueName":"search_term_string"}}],"inLanguage":"de-DE"},{"@type":"Organization","@id":"https:\/\/urbidermis.com\/es\/#organization","name":"Urbidermis","url":"https:\/\/urbidermis.com\/es\/","logo":{"@type":"ImageObject","inLanguage":"de-DE","@id":"https:\/\/urbidermis.com\/es\/#\/schema\/logo\/image\/","url":"","contentUrl":"","caption":"Urbidermis"},"image":{"@id":"https:\/\/urbidermis.com\/es\/#\/schema\/logo\/image\/"}}]}},"urb":{"path":"\/de\/stadtbeleuchtung\/skyline\/","language":"de","translations":{"de":{"id":7700,"slug":"skyline","path":"\/de\/stadtbeleuchtung\/skyline\/"},"en":{"id":2043,"slug":"skyline","path":"\/urban-lighting\/skyline\/"},"es":{"id":6576,"slug":"skyline","path":"\/es\/iluminacion-urbana\/skyline\/"},"fr":{"id":8475,"slug":"skyline","path":"\/fr\/eclairage-urbain\/skyline\/"}},"page_template":"","featured":{"id":8200,"url":"https:\/\/www.urbidermis.com\/wp-content\/uploads\/20190509_Spain_Barcelona_Belloch_SKB_Equipo_Urbidermis_00.jpg","width":1371,"height":1920,"alt":"","title":"20190509_Spain_Barcelona_Belloch_SKB_Equipo_Urbidermis_00","mime":"image\/jpeg","srcset":"https:\/\/www.urbidermis.com\/wp-content\/uploads\/20190509_Spain_Barcelona_Belloch_SKB_Equipo_Urbidermis_00.jpg 1371w, https:\/\/www.urbidermis.com\/wp-content\/uploads\/20190509_Spain_Barcelona_Belloch_SKB_Equipo_Urbidermis_00-428x600.jpg 428w, https:\/\/www.urbidermis.com\/wp-content\/uploads\/20190509_Spain_Barcelona_Belloch_SKB_Equipo_Urbidermis_00-731x1024.jpg 731w, https:\/\/www.urbidermis.com\/wp-content\/uploads\/20190509_Spain_Barcelona_Belloch_SKB_Equipo_Urbidermis_00-107x150.jpg 107w, https:\/\/www.urbidermis.com\/wp-content\/uploads\/20190509_Spain_Barcelona_Belloch_SKB_Equipo_Urbidermis_00-768x1076.jpg 768w, https:\/\/www.urbidermis.com\/wp-content\/uploads\/20190509_Spain_Barcelona_Belloch_SKB_Equipo_Urbidermis_00-1097x1536.jpg 1097w, https:\/\/www.urbidermis.com\/wp-content\/uploads\/20190509_Spain_Barcelona_Belloch_SKB_Equipo_Urbidermis_00-300x420.jpg 300w","sizes":{"medium":{"url":"https:\/\/www.urbidermis.com\/wp-content\/uploads\/20190509_Spain_Barcelona_Belloch_SKB_Equipo_Urbidermis_00-428x600.jpg","width":428,"height":600},"large":{"url":"https:\/\/www.urbidermis.com\/wp-content\/uploads\/20190509_Spain_Barcelona_Belloch_SKB_Equipo_Urbidermis_00-731x1024.jpg","width":640,"height":897},"thumbnail":{"url":"https:\/\/www.urbidermis.com\/wp-content\/uploads\/20190509_Spain_Barcelona_Belloch_SKB_Equipo_Urbidermis_00-107x150.jpg","width":107,"height":150},"medium_large":{"url":"https:\/\/www.urbidermis.com\/wp-content\/uploads\/20190509_Spain_Barcelona_Belloch_SKB_Equipo_Urbidermis_00-768x1076.jpg","width":640,"height":897},"1536x1536":{"url":"https:\/\/www.urbidermis.com\/wp-content\/uploads\/20190509_Spain_Barcelona_Belloch_SKB_Equipo_Urbidermis_00-1097x1536.jpg","width":1097,"height":1536},"woocommerce_thumbnail":{"url":"https:\/\/www.urbidermis.com\/wp-content\/uploads\/20190509_Spain_Barcelona_Belloch_SKB_Equipo_Urbidermis_00-150x150.jpg","width":150,"height":150},"woocommerce_single":{"url":"https:\/\/www.urbidermis.com\/wp-content\/uploads\/20190509_Spain_Barcelona_Belloch_SKB_Equipo_Urbidermis_00-300x420.jpg","width":300,"height":420},"woocommerce_gallery_thumbnail":{"url":"https:\/\/www.urbidermis.com\/wp-content\/uploads\/20190509_Spain_Barcelona_Belloch_SKB_Equipo_Urbidermis_00-100x100.jpg","width":100,"height":100},"shop_catalog":{"url":"https:\/\/www.urbidermis.com\/wp-content\/uploads\/20190509_Spain_Barcelona_Belloch_SKB_Equipo_Urbidermis_00-150x150.jpg","width":150,"height":150},"shop_single":{"url":"https:\/\/www.urbidermis.com\/wp-content\/uploads\/20190509_Spain_Barcelona_Belloch_SKB_Equipo_Urbidermis_00-300x420.jpg","width":300,"height":420},"shop_thumbnail":{"url":"https:\/\/www.urbidermis.com\/wp-content\/uploads\/20190509_Spain_Barcelona_Belloch_SKB_Equipo_Urbidermis_00-100x100.jpg","width":100,"height":100}}},"terms":{"product_type":{"items":[{"id":2,"name":"simple","slug":"simple","parent":0,"path":"\/de\/"}],"parent":{"id":2,"name":"simple","slug":"simple","parent":0,"path":"\/de\/"},"child":null},"product_cat":{"items":[{"id":211,"name":"Leuchtpoller","slug":"leuchpoller","parent":189,"path":"\/de\/leuchpoller\/"},{"id":189,"name":"Stadtbeleuchtung","slug":"stadtbeleuchtung","parent":0,"path":"\/de\/stadtbeleuchtung\/"}],"parent":{"id":189,"name":"Stadtbeleuchtung","slug":"stadtbeleuchtung","parent":0,"path":"\/de\/stadtbeleuchtung\/"},"child":{"id":211,"name":"Leuchtpoller","slug":"leuchpoller","parent":189,"path":"\/de\/leuchpoller\/"}},"pa_application":{"items":[{"id":1437,"name":"Oberfl\u00e4che","slug":"oberflache","parent":0,"path":"\/de\/"}],"parent":{"id":1437,"name":"Oberfl\u00e4che","slug":"oberflache","parent":0,"path":"\/de\/"},"child":null},"pa_certification":{"items":[{"id":1459,"name":"UL","slug":"ul-de","parent":0,"path":"\/de\/"}],"parent":{"id":1459,"name":"UL","slug":"ul-de","parent":0,"path":"\/de\/"},"child":null},"pa_materials":{"items":[{"id":1461,"name":"Aluminum","slug":"aluminum-de","parent":0,"path":"\/de\/"}],"parent":{"id":1461,"name":"Aluminum","slug":"aluminum-de","parent":0,"path":"\/de\/"},"child":null},"pa_typology":{"items":[{"id":1426,"name":"Leuchpoller","slug":"leuchpoller","parent":0,"path":"\/de\/"}],"parent":{"id":1426,"name":"Leuchpoller","slug":"leuchpoller","parent":0,"path":"\/de\/"},"child":null},"translation_priority":{"items":[{"id":138,"name":"Optional","slug":"optional-de","parent":0,"path":"\/de\/"}],"parent":{"id":138,"name":"Optional","slug":"optional-de","parent":0,"path":"\/de\/"},"child":null}},"breadcrumb":[],"product":{"sku":"","type":"simple","gallery":[],"attributes":[{"name":"Typology","taxonomy":"pa_typology","visible":true,"options":["Leuchpoller"]},{"name":"Application","taxonomy":"pa_application","visible":true,"options":["Oberfl\u00e4che"]},{"name":"Materials","taxonomy":"pa_materials","visible":true,"options":["Aluminum"]},{"name":"Certification","taxonomy":"pa_certification","visible":true,"options":["UL"]}],"children":[],"catalog_url":"https:\/\/www.urbidermis.com\/de\/stadtbeleuchtung\/skyline\/","downloads":[{"tipo_datasheet":"simple","datasheet":"https:\/\/www.urbidermis.com\/recursos\/dam\/ficheros_tecnicos\/Skyline-Leuchtpoller-Technisches-Datenblatt-DE.pdf","tipo_instrucciones":"simple","instructions":"https:\/\/www.urbidermis.com\/recursos\/dam\/ficheros_tecnicos\/Skyline-Pathway-light-Assembly-Instructions-CE-UL.pdf","drawings":"https:\/\/www.urbidermis.com\/recursos\/dam\/ficheros_tecnicos\/Skyline-Pathway-light-drawings.pdf","2d_cad":"https:\/\/www.urbidermis.com\/recursos\/dam\/ficheros_tecnicos\/Skyline-Pathway-light-drawings.dxf","3d_cad":"https:\/\/www.urbidermis.com\/recursos\/dam\/ficheros_tecnicos\/Skyline_3D.zip","ies_photometric_files":"https:\/\/www.urbidermis.com\/recursos\/dam\/ficheros_tecnicos\/IES_Photometries_Skyline.zip","ldt_photometric_files":"https:\/\/www.urbidermis.com\/recursos\/dam\/ficheros_tecnicos\/LDT_Photometries_Skyline.zip","revit":"https:\/\/www.urbidermis.com\/recursos\/dam\/ficheros_tecnicos\/ILU_URBIDERMIS_BIM_Skyline_01.rvt_.zip","group_product":"","idioma":"de","descargable":"https:\/\/www.urbidermis.com\/recursos\/dam\/ficheros_tecnicos\/Skyline-Balise-Fiche-tecnique-FR.pdf"}]}},"_links":{"self":[{"href":"https:\/\/www.urbidermis.com\/de\/wp-json\/wp\/v2\/product\/7700","targetHints":{"allow":["GET"]}}],"collection":[{"href":"https:\/\/www.urbidermis.com\/de\/wp-json\/wp\/v2\/product"}],"about":[{"href":"https:\/\/www.urbidermis.com\/de\/wp-json\/wp\/v2\/types\/product"}],"wp:featuredmedia":[{"embeddable":true,"href":"https:\/\/www.urbidermis.com\/de\/wp-json\/wp\/v2\/media\/8200"}],"wp:attachment":[{"href":"https:\/\/www.urbidermis.com\/de\/wp-json\/wp\/v2\/media?parent=7700"}],"wp:term":[{"taxonomy":"product_brand","embeddable":true,"href":"https:\/\/www.urbidermis.com\/de\/wp-json\/wp\/v2\/product_brand?post=7700"},{"taxonomy":"product_cat","embeddable":true,"href":"https:\/\/www.urbidermis.com\/de\/wp-json\/wp\/v2\/product_cat?post=7700"},{"taxonomy":"product_tag","embeddable":true,"href":"https:\/\/www.urbidermis.com\/de\/wp-json\/wp\/v2\/product_tag?post=7700"}],"curies":[{"name":"wp","href":"https:\/\/api.w.org\/{rel}","templated":true}]}}