{"id":7705,"date":"2022-03-01T10:34:24","date_gmt":"2022-03-01T10:34:24","guid":{"rendered":"https:\/\/ubweb21.urbidermis.com\/product\/via-lactea-2\/"},"modified":"2026-06-08T14:50:10","modified_gmt":"2026-06-08T12:50:10","slug":"via-lactea-2","status":"publish","type":"product","link":"https:\/\/www.urbidermis.com\/de\/pergolen\/via-lactea-2\/","title":{"rendered":"V\u00eda L\u00e1ctea"},"content":{"rendered":"","protected":false},"excerpt":{"rendered":"<p>Ausgesprochen eleganter modularer Laubengang, die ideale Erg\u00e4nzung f\u00fcr eine soziale und landschaftliche Transformation. Seine Form stellt ein geordnetes und harmonisches Mikroarchitektur-System f\u00fcr den offenen Raum dar.<\/p>\n","protected":false},"featured_media":8212,"template":"","meta":{"_acf_changed":false,"inline_featured_image":false},"product_brand":[],"product_cat":[227,228],"product_tag":[],"class_list":{"0":"post-7705","1":"product","2":"type-product","3":"status-publish","4":"has-post-thumbnail","6":"product_cat-mikroarchitektur","7":"product_cat-pergolen","9":"first","10":"instock","11":"taxable","12":"shipping-taxable","13":"product-type-simple"},"acf":{"ano_creacion_producto":"1990","premios_producto_repeater":false,"valor_a_buscar_en_el_filtro_repeater":false,"dist_simetrica":[],"dist_indirecta":[],"dist_suelo":[],"control":["1-10v","dali"],"certificados":["ce","rohs","ip66","ik08","clase-i"],"secciones_producto":[{"acf_fc_layout":"seccion_navtabs_imagen_dinamica","title_group":{"title_tag":"h2","title_txt":"Elegante Details"},"texto_intro_principal":true,"texto_introductorio":"V\u00eda L\u00e1ctea spendet einen angenehmen Schatten durch ihr weitl\u00e4ufiges Holzgitterdach sowie eine lineare Beleuchtung an einer der Seiten. Der Laubengang V\u00eda L\u00e1ctea l\u00e4sst sich zu einer durchgehenden \u00dcberdachung zusammenf\u00fcgen, die den offenen Raum strukturiert.","ventanas_detalles_producto":[{"title_group_producto_grid_single":{"title_tag":"h2","title_txt":"Materialien"},"imagen_de_fondo_dinamic_single_producto":"","texto_contenido_ventana":true,"contenido_tabs_producto":"<ul>\n<li>Gro\u00dffl\u00e4chiger Schattenschutz von 25 m\u00b2, erh\u00e4ltlich mit zwei verschiedenen \u00dcberdachungsvarianten:<\/li>\n<\/ul>\n<p>&nbsp;<\/p>\n<ul>\n<li style=\"list-style-type: none;\">\n<ul>\n<li>Photovoltaik-\u00dcberdachung: bestehend aus Modulen mit doppelt verglasten Photovoltaikpaneelen aus 4 mm geh\u00e4rtetem Glas und leistungsstarken, in Polymer eingebetteten PERC-Zellen.<\/li>\n<li>Holz-\u00dcberdachung: bestehend aus zw\u00f6lf Modulen aus Leisten aus autoklaviertem Kiefernholz.<\/li>\n<\/ul>\n<\/li>\n<li>Die Tragstruktur besteht aus zwei seitlichen Tr\u00e4gern von 100 \u00d7 50 mm, drei rechteckigen St\u00fctzen von 150 \u00d7 100 mm sowie einem gegabelten Mast von 100 \u00d7 50 mm, alle aus feuerverzinktem Stahl S275 JR gefertigt und optional mit einer Lackierung erh\u00e4ltlich.<\/li>\n<li>Die Schrauben bestehen aus rostfreiem Edelstahl A2.<\/li>\n<li>Optional: Geh\u00e4use f\u00fcr zwei Leuchten mit rechteckigem Querschnitt, im gleichen Material und in derselben Ausf\u00fchrung. Lineare LED-Leuchte und Polycarbonat-Diffusor.<\/li>\n<\/ul>\n","acordion":false,"preguntas_y_respuestas":false,"cuadricula_de_colores":false,"componentes_producto":false,"descargables":false,"tipo_datasheet":"simple","datasheet":false,"datasheet_multiple":false,"tipo_instrucciones":"simple","instructions":false,"instructions_multiple":false,"drawings_ce":false,"2d_cad":false,"3d_cad":false,"revit":false,"ldt_photometric_files":false,"ies_photometric_files":false,"validador_detalles_producto":false,"tipo_especificacion":"distribucion"},{"title_group_producto_grid_single":{"title_tag":"h2","title_txt":"Ausf\u00fchrungen"},"imagen_de_fondo_dinamic_single_producto":"","texto_contenido_ventana":true,"contenido_tabs_producto":"<p>Die angezeigten Farben dienen nur als Beispiel.<br \/>\nAndere Farben auf Anfrage erh\u00e4ltlich.<br \/>\nAusf\u00fchrungen f\u00fcr K\u00fcstenklima auf Anfrage.<\/p>\n","acordion":false,"preguntas_y_respuestas":false,"cuadricula_de_colores":true,"componentes_producto":[{"nombre_componente":"Struktur","colores":[{"value":"acero-galvanizado","label":"Acero galvanizado"}]},{"nombre_componente":"Deck","colores":[{"value":"pino_autoclave","label":"Pino autoclave"},{"value":"panel_solar","label":"Panel solar"}]}],"descargables":false,"tipo_datasheet":"simple","datasheet":false,"datasheet_multiple":false,"tipo_instrucciones":"simple","instructions":false,"instructions_multiple":false,"drawings_ce":false,"2d_cad":false,"3d_cad":false,"revit":false,"ldt_photometric_files":false,"ies_photometric_files":false,"validador_detalles_producto":false,"tipo_especificacion":""},{"title_group_producto_grid_single":{"title_tag":"h2","title_txt":"Lichtquelle"},"imagen_de_fondo_dinamic_single_producto":"","texto_contenido_ventana":true,"contenido_tabs_producto":"<p><strong>Leistung des Systems (W)<\/strong><\/p>\n<p>Hocheffiziente Leuchtmittelgruppe<\/p>\n<ul>\n<li>1 x 1,2 m Lineal LED 32W<\/li>\n<\/ul>\n<p>&nbsp;<\/p>\n<p><strong>Farbtemperatur (K)<\/strong><\/p>\n<ul>\n<li>3000 K 80 CRI<\/li>\n<\/ul>\n","acordion":false,"preguntas_y_respuestas":false,"cuadricula_de_colores":false,"componentes_producto":false,"descargables":false,"tipo_datasheet":"simple","datasheet":false,"datasheet_multiple":false,"tipo_instrucciones":"simple","instructions":false,"instructions_multiple":false,"drawings_ce":false,"2d_cad":false,"3d_cad":false,"revit":false,"ldt_photometric_files":false,"ies_photometric_files":false,"validador_detalles_producto":false,"tipo_especificacion":"control"},{"title_group_producto_grid_single":{"title_tag":"h2","title_txt":"H\u00f6henplan"},"imagen_de_fondo_dinamic_single_producto":"","texto_contenido_ventana":false,"contenido_tabs_producto":"<p>4,8 kWp pro Modul (310 Wp x 8 Photovoltaikmodule)<br \/>\nStandard-Testbedingungen: 1000 W\/m<sup>2<\/sup> Strahlungsst\u00e4rke, spektrale Verteilung AM 1,5, Temperatur 25 \u00b12 \u00baC<\/p>\n","acordion":false,"preguntas_y_respuestas":false,"cuadricula_de_colores":false,"componentes_producto":false,"descargables":false,"tipo_datasheet":"simple","datasheet":false,"datasheet_multiple":false,"tipo_instrucciones":"simple","instructions":false,"instructions_multiple":false,"drawings_ce":false,"2d_cad":false,"3d_cad":false,"revit":false,"ldt_photometric_files":false,"ies_photometric_files":false,"validador_detalles_producto":false,"tipo_especificacion":"certificados"},{"title_group_producto_grid_single":{"title_tag":"h2","title_txt":"Lichtverteilung"},"imagen_de_fondo_dinamic_single_producto":"","texto_contenido_ventana":false,"contenido_tabs_producto":"","acordion":false,"preguntas_y_respuestas":false,"cuadricula_de_colores":false,"componentes_producto":false,"descargables":false,"tipo_datasheet":"simple","datasheet":false,"datasheet_multiple":false,"tipo_instrucciones":"simple","instructions":false,"instructions_multiple":false,"drawings_ce":false,"2d_cad":false,"3d_cad":false,"revit":false,"ldt_photometric_files":false,"ies_photometric_files":false,"validador_detalles_producto":true,"tipo_especificacion":"distribucion"},{"title_group_producto_grid_single":{"title_tag":"h2","title_txt":"Protokolle und Steuerung"},"imagen_de_fondo_dinamic_single_producto":"","texto_contenido_ventana":false,"contenido_tabs_producto":"<p>Zwei Niveaus per Leitungstreiber.<\/p>\n<p>Lichtstromeinstellung.<\/p>\n<p>Programmierbarer Timer.<\/p>\n","acordion":false,"preguntas_y_respuestas":false,"cuadricula_de_colores":false,"componentes_producto":[{"nombre_componente":"","colores":[{"value":"gris_claro","label":"Gris claro"}]},{"nombre_componente":"","colores":[{"value":"pino_autoclave","label":"Pino autoclave"}]}],"descargables":false,"tipo_datasheet":"simple","datasheet":false,"datasheet_multiple":false,"tipo_instrucciones":"simple","instructions":false,"instructions_multiple":false,"drawings_ce":false,"2d_cad":false,"3d_cad":false,"revit":false,"ldt_photometric_files":false,"ies_photometric_files":false,"validador_detalles_producto":true,"tipo_especificacion":"control"},{"title_group_producto_grid_single":{"title_tag":"h2","title_txt":"Installation"},"imagen_de_fondo_dinamic_single_producto":"","texto_contenido_ventana":true,"contenido_tabs_producto":"<ul>\n<li>Verankerung der Maste vor Ort mittels Betonkubus 20 cm unterhalb des Stra\u00dfenbelags (mit Nut f\u00fcr den elektrischen Anschluss bei der Lichtversion) und vier Spreizd\u00fcbeln pro Mast.<\/li>\n<li>Vollmechanische Installation mittels Schrauben aus A2-Edelstahl, ohne Verschwei\u00dfung.<\/li>\n<li>Das Element wird unmontiert in sechs Komponenten geliefert: S\u00e4ule, seitliche S\u00e4ule, Tragestruktur, Holzdach, K\u00f6rper f\u00fcr die Leuchten und Leuchten.<\/li>\n<li>Inklusive Installations- und Montageanleitung, Schrauben, Vorlage, Zierblende und Spreizd\u00fcbel.<\/li>\n<\/ul>\n","acordion":false,"preguntas_y_respuestas":false,"cuadricula_de_colores":false,"componentes_producto":[{"nombre_componente":"Struktur","colores":[{"value":"gris_claro","label":"Gris claro"}]},{"nombre_componente":"Deck","colores":[{"value":"pino_autoclave","label":"Pino autoclave"},{"value":"panel_solar","label":"Panel solar"}]}],"descargables":false,"tipo_datasheet":"simple","datasheet":false,"datasheet_multiple":false,"tipo_instrucciones":"simple","instructions":false,"instructions_multiple":false,"drawings_ce":false,"2d_cad":false,"3d_cad":false,"revit":false,"ldt_photometric_files":false,"ies_photometric_files":false,"validador_detalles_producto":false,"tipo_especificacion":""},{"title_group_producto_grid_single":{"title_tag":"h2","title_txt":"Wartung"},"imagen_de_fondo_dinamic_single_producto":"","texto_contenido_ventana":true,"contenido_tabs_producto":"<ul>\n<li>Ben\u00f6tigt keine Funktionswartung, au\u00dfer f\u00fcr den Erhalt der Originalfarbe der Holzgitter.<\/li>\n<li>Das Element ist konzipiert f\u00fcr einen Boden des Typs II und einer Windst\u00e4rke von 29m\/s, mit lockerem oder feuchtem, halbdichtem Sandboden (E0= 4800 kN\/m2) und Befestigung mit Beton HM-20. Wir k\u00f6nnen die Modelle f\u00fcr schwierige Bodentypen und anspruchsvollere klimatische Bedingungen anpassen.<\/li>\n<\/ul>\n","acordion":false,"preguntas_y_respuestas":false,"cuadricula_de_colores":false,"componentes_producto":false,"descargables":false,"tipo_datasheet":"simple","datasheet":false,"datasheet_multiple":false,"tipo_instrucciones":"simple","instructions":false,"instructions_multiple":false,"drawings_ce":false,"2d_cad":false,"3d_cad":false,"revit":false,"ldt_photometric_files":false,"ies_photometric_files":false,"validador_detalles_producto":false,"tipo_especificacion":""},{"title_group_producto_grid_single":{"title_tag":"h2","title_txt":"Zertifizierungen"},"imagen_de_fondo_dinamic_single_producto":"","texto_contenido_ventana":false,"contenido_tabs_producto":"<p>Ben\u00f6tigt keine Funktionswartung, au\u00dfer f\u00fcr den Erhalt der Originalfarbe der Holzgitter.<\/p>\n<p>Das Element ist konzipiert f\u00fcr einen Boden des Typs II und einer Windst\u00e4rke von 29m\/s, mit lockerem oder feuchtem, halbdichtem Sandboden (E0= 4800\u00a0kN\/m<sup>2<\/sup>) und Befestigung mit Beton HM-20. Wir k\u00f6nnen die Modelle f\u00fcr schwierige Bodentypen und anspruchsvollere klimatische Bedingungen anpassen.<\/p>\n","acordion":false,"preguntas_y_respuestas":false,"cuadricula_de_colores":false,"componentes_producto":false,"descargables":false,"tipo_datasheet":"simple","datasheet":false,"datasheet_multiple":false,"tipo_instrucciones":"simple","instructions":false,"instructions_multiple":false,"drawings_ce":false,"2d_cad":false,"3d_cad":false,"revit":false,"ldt_photometric_files":false,"ies_photometric_files":false,"validador_detalles_producto":true,"tipo_especificacion":"certificados"},{"title_group_producto_grid_single":{"title_tag":"h2","title_txt":"Energieproduktion"},"imagen_de_fondo_dinamic_single_producto":"","texto_contenido_ventana":true,"contenido_tabs_producto":"<ul>\n<li>4,8 kWp pro Modul (310 Wp x 8 Photovoltaikmodule)<\/li>\n<li>Standard-Testbedingungen:<\/li>\n<\/ul>\n<p>&#8211; 1000 W\/m\u00b2 Strahlungsst\u00e4rke<br \/>\n&#8211; Spektrale Verteilung AM 1,5<br \/>\n&#8211; Temperatur 25 \u00b12 \u00baC<\/p>\n","acordion":false,"preguntas_y_respuestas":false,"cuadricula_de_colores":false,"componentes_producto":false,"descargables":false,"tipo_datasheet":"simple","datasheet":false,"datasheet_multiple":false,"tipo_instrucciones":"simple","instructions":false,"instructions_multiple":false,"drawings_ce":false,"2d_cad":false,"3d_cad":false,"revit":false,"ldt_photometric_files":false,"ies_photometric_files":false,"validador_detalles_producto":false,"tipo_especificacion":""}]},{"acf_fc_layout":"seccion_navtabs_imagen_dinamica","title_group":{"title_tag":"h2","title_txt":"Typologie"},"texto_intro_principal":false,"texto_introductorio":"","ventanas_detalles_producto":[{"title_group_producto_grid_single":{"title_tag":"h2","title_txt":"Photovoltaik"},"imagen_de_fondo_dinamic_single_producto":"https:\/\/www.urbidermis.com\/recursos\/imagenes_galeria\/Pergola-Via-Lactea-Tipologia-01-02-Web-x1000.jpg\n","texto_contenido_ventana":true,"contenido_tabs_producto":"<p>Die D\u00e4cher mit Solarzellen leisten der Gemeinschaft gute Dienste. Diese Elemente erzeugen saubere, erneuerbare und lokale Energie und dienen zugleich als Schutz im Freien. Sie zeichnen sich durch ihre gut konzipierte Konstruktion und angemessenen Proportionen aus.<\/p>\n","acordion":true,"preguntas_y_respuestas":[{"pregunta":"Gewicht","respuesta":"<p>Hauptmodul: 1135<br \/>\nZus\u00e4tzliches Modul: 1005<\/p>\n<p>*Ungef\u00e4hres Gewicht ohne Verpackung (kg)<\/p>\n"}],"cuadricula_de_colores":false,"componentes_producto":false,"descargables":false,"tipo_datasheet":"simple","datasheet":false,"datasheet_multiple":false,"tipo_instrucciones":"simple","instructions":false,"instructions_multiple":false,"drawings_ce":false,"2d_cad":false,"3d_cad":false,"revit":false,"ldt_photometric_files":false,"ies_photometric_files":false,"validador_detalles_producto":false,"tipo_especificacion":""},{"title_group_producto_grid_single":{"title_tag":"h2","title_txt":"Schatten"},"imagen_de_fondo_dinamic_single_producto":"https:\/\/www.urbidermis.com\/recursos\/imagenes_galeria\/20230508-Spain-Mallorca-Manacor-Porto-Cristo-VLP-AOB-Tomeu-Canyellas-08-x2400-Aplicaciones-x1000.jpg\n","texto_contenido_ventana":true,"contenido_tabs_producto":"<p>Schattend\u00e4cher strukturieren Stadtbilder und regen zu neuen Nutzungen und Interaktionsr\u00e4umen an. Projektionsschirme zum Schutz vor Tageslicht oder Regen, mit wetterbest\u00e4ndigen und langlebigen Materialien, mit eleganten und ausgewogenen Details.<\/p>\n","acordion":true,"preguntas_y_respuestas":[{"pregunta":"Gewicht","respuesta":"<p>Hauptmodul: 820<br \/>\nZus\u00e4tzliches Modul: 690<\/p>\n<p>*Ungef\u00e4hres Gewicht ohne Verpackung (kg)<\/p>\n"}],"cuadricula_de_colores":false,"componentes_producto":false,"descargables":false,"tipo_datasheet":"simple","datasheet":false,"datasheet_multiple":false,"tipo_instrucciones":"simple","instructions":false,"instructions_multiple":false,"drawings_ce":false,"2d_cad":false,"3d_cad":false,"revit":false,"ldt_photometric_files":false,"ies_photometric_files":false,"validador_detalles_producto":false,"tipo_especificacion":""}]},{"acf_fc_layout":"seccion_navtabs_imagen_dinamica","title_group":{"title_tag":"h2","title_txt":"Downloads"},"texto_intro_principal":false,"texto_introductorio":"","ventanas_detalles_producto":[{"title_group_producto_grid_single":{"title_tag":"h2","title_txt":""},"imagen_de_fondo_dinamic_single_producto":"","texto_contenido_ventana":false,"contenido_tabs_producto":"","acordion":false,"preguntas_y_respuestas":false,"cuadricula_de_colores":false,"componentes_producto":false,"descargables":true,"tipo_datasheet":"simple","datasheet":{"ID":18706,"id":18706,"title":"Vialactea_datasheet_v3","filename":"Vialactea_datasheet_v3-1.pdf","filesize":0,"url":"https:\/\/www.urbidermis.com\/wp-content\/uploads\/Vialactea_datasheet_v3-1.pdf","link":"https:\/\/www.urbidermis.com\/de\/?attachment_id=18706","alt":"","author":"109","description":"","caption":"","name":"vialactea_datasheet_v3-2","status":"inherit","uploaded_to":7705,"date":"2023-05-22 08:43:15","modified":"2023-05-22 08:43:15","menu_order":0,"mime_type":"application\/pdf","type":"application","subtype":"pdf","icon":"https:\/\/www.urbidermis.com\/wp-includes\/images\/media\/document.png"},"datasheet_multiple":false,"tipo_instrucciones":"multiple","instructions":false,"instructions_multiple":[{"instructions_title":"Mit Licht","instructions_file":{"ID":12827,"id":12827,"title":"Instrucciones_pergola_VIA_LACTEA_con _luz","filename":"Instrucciones_pergola_VIA_LACTEA_con-_luz.pdf","filesize":0,"url":"https:\/\/www.urbidermis.com\/wp-content\/uploads\/Instrucciones_pergola_VIA_LACTEA_con-_luz.pdf","link":"https:\/\/www.urbidermis.com\/de\/?attachment_id=12827","alt":"","author":"4","description":"","caption":"","name":"instrucciones_pergola_via_lactea_con-_luz-2","status":"inherit","uploaded_to":7705,"date":"2022-07-10 16:14:29","modified":"2022-07-10 16:14:29","menu_order":0,"mime_type":"application\/pdf","type":"application","subtype":"pdf","icon":"https:\/\/www.urbidermis.com\/wp-includes\/images\/media\/document.png"}},{"instructions_title":"Ohne Licht","instructions_file":{"ID":12831,"id":12831,"title":"Instrucciones_pergola_VIA_LACTEA_sin_luz (1)","filename":"Instrucciones_pergola_VIA_LACTEA_sin_luz-1.pdf","filesize":0,"url":"https:\/\/www.urbidermis.com\/wp-content\/uploads\/Instrucciones_pergola_VIA_LACTEA_sin_luz-1.pdf","link":"https:\/\/www.urbidermis.com\/de\/?attachment_id=12831","alt":"","author":"4","description":"","caption":"","name":"instrucciones_pergola_via_lactea_sin_luz-1-2","status":"inherit","uploaded_to":7705,"date":"2022-07-10 16:14:32","modified":"2022-07-10 16:14:32","menu_order":0,"mime_type":"application\/pdf","type":"application","subtype":"pdf","icon":"https:\/\/www.urbidermis.com\/wp-includes\/images\/media\/document.png"}}],"drawings_ce":{"ID":15508,"id":15508,"title":"ViaLactea_pergola_drawings","filename":"ViaLactea_pergola_drawings.pdf","filesize":0,"url":"https:\/\/www.urbidermis.com\/wp-content\/uploads\/ViaLactea_pergola_drawings.pdf","link":"https:\/\/www.urbidermis.com\/de\/?attachment_id=15508","alt":"","author":"4","description":"","caption":"","name":"vialactea_pergola_drawings-2","status":"inherit","uploaded_to":7705,"date":"2022-09-05 15:19:04","modified":"2022-09-05 15:19:04","menu_order":0,"mime_type":"application\/pdf","type":"application","subtype":"pdf","icon":"https:\/\/www.urbidermis.com\/wp-includes\/images\/media\/document.png"},"2d_cad":{"ID":15512,"id":15512,"title":"ViaLactea_pergola_drawings","filename":"ViaLactea_pergola_drawings.dxf","filesize":0,"url":"https:\/\/www.urbidermis.com\/wp-content\/uploads\/ViaLactea_pergola_drawings.dxf","link":"https:\/\/www.urbidermis.com\/de\/?attachment_id=15512","alt":"","author":"4","description":"","caption":"","name":"vialactea_pergola_drawings-2-2","status":"inherit","uploaded_to":7705,"date":"2022-09-05 15:19:26","modified":"2022-09-05 15:19:26","menu_order":0,"mime_type":"application\/dxf","type":"application","subtype":"dxf","icon":"https:\/\/www.urbidermis.com\/wp-includes\/images\/media\/default.png"},"3d_cad":{"ID":13902,"id":13902,"title":"Pergola_Via_Lactea_3D","filename":"Pergola_Via_Lactea_3D.zip","filesize":0,"url":"https:\/\/www.urbidermis.com\/wp-content\/uploads\/Pergola_Via_Lactea_3D.zip","link":"https:\/\/www.urbidermis.com\/de\/?attachment_id=13902","alt":"","author":"4","description":"","caption":"","name":"pergola_via_lactea_3d-2","status":"inherit","uploaded_to":7705,"date":"2022-07-12 15:27:15","modified":"2022-07-12 15:27:15","menu_order":0,"mime_type":"application\/zip","type":"application","subtype":"zip","icon":"https:\/\/www.urbidermis.com\/wp-includes\/images\/media\/archive.png"},"revit":false,"ldt_photometric_files":false,"ies_photometric_files":{"ID":12835,"id":12835,"title":"Via_Lactea_pergola_IES_photometries.IES (1)","filename":"Via_Lactea_pergola_IES_photometries.IES-1.zip","filesize":0,"url":"https:\/\/www.urbidermis.com\/wp-content\/uploads\/Via_Lactea_pergola_IES_photometries.IES-1.zip","link":"https:\/\/www.urbidermis.com\/de\/?attachment_id=12835","alt":"","author":"4","description":"","caption":"","name":"via_lactea_pergola_ies_photometries-ies-1-2","status":"inherit","uploaded_to":7705,"date":"2022-07-10 16:15:06","modified":"2022-07-10 16:15:06","menu_order":0,"mime_type":"application\/zip","type":"application","subtype":"zip","icon":"https:\/\/www.urbidermis.com\/wp-includes\/images\/media\/archive.png"},"validador_detalles_producto":false,"tipo_especificacion":""}]},{"acf_fc_layout":"seccion_consulta_nuestros_expertos","imagen_de_fondo_single_producto":"https:\/\/www.urbidermis.com\/recursos\/imagenes_galeria\/20130124-Spain-Barcelona-Trinitat-Nova-VLP-x2400-Sangre-x2400.jpg\n","imagen_de_fondo_single_producto_mobile":""},{"acf_fc_layout":"seccion_imagen_de_fondo_con_sub_menu","titulo_group_list_contet_proyectos":{"title_tag":"h3","title_txt":"V\u00eda L\u00e1ctea in der Stadt"},"ancla_copy2":"","proyectos_relacionados":[{"project":{"ID":15431,"post_author":"8","post_date":"2022-08-29 13:42:31","post_date_gmt":"2022-08-29 13:42:31","post_content":"","post_title":"O'Donnell 12 B\u00fcros","post_excerpt":"","post_status":"publish","comment_status":"closed","ping_status":"closed","post_password":"","post_name":"odonnell-12-bueros","to_ping":"","pinged":"","post_modified":"2023-02-09 15:07:07","post_modified_gmt":"2023-02-09 13:07:07","post_content_filtered":"","post_parent":0,"guid":"https:\/\/www.urbidermis.com\/proyectos\/odonnell-12-bueros\/","menu_order":0,"post_type":"proyectos","post_mime_type":"","comment_count":"0","filter":"raw"},"project_img":"https:\/\/www.urbidermis.com\/recursos\/imagenes_galeria\/20150204-Spain-Madrid-Oficinas-Odonell-12-VLP-PLJ-Imagen-Subliminal-web-x2400-Proyectos-x1000.jpg\n"},{"project":{"ID":6335,"post_author":"7","post_date":"2022-05-04 15:30:39","post_date_gmt":"2022-05-04 15:30:39","post_content":"","post_title":"Marina Moll Vell","post_excerpt":"","post_status":"publish","comment_status":"closed","ping_status":"closed","post_password":"","post_name":"marina-moll-vell","to_ping":"","pinged":"","post_modified":"2023-05-02 12:40:44","post_modified_gmt":"2023-05-02 10:40:44","post_content_filtered":"","post_parent":0,"guid":"https:\/\/ubweb21.urbidermis.com\/proyectos\/marina-moll-vell\/","menu_order":0,"post_type":"proyectos","post_mime_type":"","comment_count":"0","filter":"raw"},"project_img":"https:\/\/www.urbidermis.com\/recursos\/imagenes_galeria\/20170130-Mallorca-Port-Palma-VLP-Equipo-Urbidermis-Web-x1000.jpg\n"},{"project":{"ID":18509,"post_author":"7","post_date":"2023-05-11 11:01:19","post_date_gmt":"2023-05-11 09:01:19","post_content":"","post_title":"Porto Cristo","post_excerpt":"","post_status":"publish","comment_status":"closed","ping_status":"closed","post_password":"","post_name":"porto-cristo","to_ping":"","pinged":"","post_modified":"2024-05-24 09:23:35","post_modified_gmt":"2024-05-24 07:23:35","post_content_filtered":"","post_parent":0,"guid":"https:\/\/www.urbidermis.com\/proyectos\/cala-ratjada\/","menu_order":0,"post_type":"proyectos","post_mime_type":"","comment_count":"0","filter":"raw"},"project_img":"https:\/\/www.urbidermis.com\/recursos\/imagenes_galeria\/20230508-Spain-Mallorca-Manacor-Porto-Cristo-VLP-AOB-Tomeu-Canyellas-05-x2400-Proyectos-x1000.jpg\n"},{"project":{"ID":6508,"post_author":"7","post_date":"2022-05-05 13:44:43","post_date_gmt":"2022-05-05 13:44:43","post_content":"","post_title":"PortAventura Park","post_excerpt":"","post_status":"publish","comment_status":"closed","ping_status":"closed","post_password":"","post_name":"portaventura-park","to_ping":"","pinged":"","post_modified":"2023-02-09 14:51:58","post_modified_gmt":"2023-02-09 12:51:58","post_content_filtered":"","post_parent":0,"guid":"https:\/\/ubweb21.urbidermis.com\/proyectos\/portaventura-park\/","menu_order":0,"post_type":"proyectos","post_mime_type":"","comment_count":"0","filter":"raw"},"project_img":"https:\/\/www.urbidermis.com\/recursos\/imagenes_galeria\/20081126-Spain-Salou-Port-Aventura-VLP-David-Levin-Web-Proyectos-x1000.jpg\n"}]}],"validacion_producto_descarga":true,"nombre_solo_plantas_field":"","dist_asimetrica":["type-v"],"participantes":false,"_numero_de_paginas_campo_texto":"","is_plano_de_cotas_validator":true,"is_protocolo_y_control_generic":true,"galeria_imagenes_repeater_libro":[{"imagen_item_gal":"https:\/\/www.urbidermis.com\/recursos\/imagenes_galeria\/20040615-Spain-Vilanova-I-La-Geltru-Plaza-Charlie-Rivel-VLP-NRB-Web-x2400-Carrusel-01-x1000.jpg\n","activar_video_item_gal":false,"portada_video_item_gal":false,"video_en_horizonal_item_gal":false,"video_item_gal":false},{"imagen_item_gal":"https:\/\/www.urbidermis.com\/recursos\/imagenes_galeria\/20230508-Spain-Mallorca-Manacor-Porto-Cristo-VLP-AOB-Tomeu-Canyellas-01-x2400-Carrusel-02-x1000.jpg\n","activar_video_item_gal":false,"portada_video_item_gal":false,"video_en_horizonal_item_gal":false,"video_item_gal":false},{"imagen_item_gal":"https:\/\/www.urbidermis.com\/recursos\/imagenes_galeria\/20150204-Spain-Madrid-Oficinas-Odonell-12-VLP-PLJ-Imagen-Subliminal-05-Carrusel-03-x1000.jpg\n","activar_video_item_gal":false,"portada_video_item_gal":false,"video_en_horizonal_item_gal":false,"video_item_gal":false},{"imagen_item_gal":"https:\/\/www.urbidermis.com\/recursos\/imagenes_galeria\/20200612-Qatar-Ministry-Education-VLP-03-Carrusel-04-x1000.jpg\n","activar_video_item_gal":false,"portada_video_item_gal":false,"video_en_horizonal_item_gal":false,"video_item_gal":false}],"nombre_arbol_entre_comillas":"","isbn_campo_texto":"","autor_book_publicacion_producto":"","idioma_campo_texto":"","enquadernacion_campo_texto":"","pdf_asociado_producto":false,"resumen_libro":"","galeria_multidimension_imagenes_plano_de_cotas_proyector":[{"texto_pestana_plano_galeria":"Photovoltaik","imagen_plano_de_cotas":"https:\/\/www.urbidermis.com\/recursos\/imagenes_galeria\/Via-Lactea-Pergolas-PC-Via-Lactea-Pergolas-Photovoltaic-PC.svg\n"},{"texto_pestana_plano_galeria":"Schatten","imagen_plano_de_cotas":"https:\/\/www.urbidermis.com\/recursos\/imagenes_galeria\/Via-Lactea-Pergolas-PC-Via-Lactea-Pergolas-Shade-PC.svg\n"}],"text_content_family_basic_information":"","text_content_family_basic_number_width":"","text_content_family_basic_number_height":"","text_content_planting_density":"","flowers_option_colours":[],"flowers_option_season":[],"properties_option_pruning":[],"properties_option_watering":[],"properties_option_sun_exposure":[],"properties_option_fire":[],"properties_option_heat":[],"properties_option_moisture":[],"properties_option_minimum_temp":"","properties_option_soil_type":[],"properties_option_dryness":[],"properties_option_coastal_area":[],"is_producto_residencial_para_mostrar_info_diferente":false,"check_para_validar_no_secc_aplication":false,"selecciona_tipo_de_imagen_custom":[],"texto_bajo_btn_certificados":"","texto_introduccion_landing_custom":"","enlace_descubre_mas_custom":"","activar_seccion_text_parrafo_pos_bottom_carrousel":false,"accordion_titulo_parrafo_acordeon_imagen":false,"imagen_titulo_parrafo_acordeon_imagen":"","image_portada_titulo_parrafo_acordeon_imagen":"","imagen_mobile_titulo_parrafo_acordeon_imagen":"","txt_acabados_prod_opciones_de_texto_1":true,"txt_acabados_prod_opciones_de_texto_2":{"value":"acabado_standard","label":"Acabado Standard"},"txt_acabados_prod_opciones_de_texto_3":[],"texto_destacado_text_parrafo_pos_bottom_carrousel":"","parrafo_text_parrafo_pos_bottom_carrousel":"","titulo_titulo_parrafo_acordeon_imagen":"","parrafo_titulo_parrafo_acordeon_imagen":"","opciones_de_texto_1":true,"opciones_de_texto_2":{"value":"acabado_standar","label":"Acabado Standard"},"opciones_de_texto_3":[],"activador_seccion_impacto_acvs_secctions_acvs":true,"codigos_acvs_matching_row-leds":[{"texto_pestana_item_fetch":"Pergola Holz","codigo_item_fetch":"VLP11"},{"texto_pestana_item_fetch":"Erweiterungsmodul Holz","codigo_item_fetch":"VLP21"},{"texto_pestana_item_fetch":"Pergola Photovoltaik","codigo_item_fetch":"VLP13"},{"texto_pestana_item_fetch":"Erweiterungsmodul Photovoltaik","codigo_item_fetch":"VLP23"}],"activator_acf_option_madera_text":false,"texto_enlace_amplifyapp":"Via_Lactea_Microarchitecture","tipos_de_post_relationship_related":"","autores":[{"ID":10236,"post_author":"4","post_date":"2022-06-20 08:26:08","post_date_gmt":"2022-06-20 08:26:08","post_content":"","post_title":"Batlleiroig","post_excerpt":"","post_status":"publish","comment_status":"closed","ping_status":"closed","post_password":"","post_name":"batlleiroig-arquitectura","to_ping":"","pinged":"","post_modified":"2024-09-13 10:00:47","post_modified_gmt":"2024-09-13 08:00:47","post_content_filtered":"","post_parent":0,"guid":"https:\/\/ubweb21.urbidermis.com\/biografias\/batlleiroig-arquitectura\/","menu_order":0,"post_type":"autores","post_mime_type":"","comment_count":"0","filter":"raw"}],"productos_relationship_related":[{"ID":7496,"post_author":"4","post_date":"2022-03-01 10:31:30","post_date_gmt":"2022-03-01 10:31:30","post_content":"","post_title":"V\u00eda L\u00e1ctea","post_excerpt":"Stra\u00dfenlaterne mit gegabeltem Mast, die den Himmel mit Lichtlinien verziert. Bei einer sequenziellen Aufstellung lassen sich mit nur einem Mast pro zwei Leuchtk\u00f6rper durchgehende Linien bilden, was sich f\u00fcr Fu\u00dfg\u00e4ngerwege als besonders praktisch erweist.","post_status":"publish","comment_status":"closed","ping_status":"closed","post_password":"","post_name":"via-lactea","to_ping":"","pinged":"","post_modified":"2026-04-20 14:50:00","post_modified_gmt":"2026-04-20 12:50:00","post_content_filtered":"","post_parent":0,"guid":"https:\/\/ubweb21.urbidermis.com\/product\/via-lactea\/","menu_order":0,"post_type":"product","post_mime_type":"","comment_count":"0","filter":"raw"},{"ID":7702,"post_author":"4","post_date":"2022-03-01 10:34:39","post_date_gmt":"2022-03-01 10:34:39","post_content":"","post_title":"Onda","post_excerpt":"Skulpturaler modularer Laubengang, unter dessen Dach sich Sonder- oder Ruhebereiche einrichten lassen wie Spazierwege, Pl\u00e4tze oder Kreuzungen. Der Onda-Laubengang grenzt mit dem Schatten seiner schmalen, sich abwechselnden Querbalken den Raum ab und erinnert an die Struktur der klassischen Stra\u00dfenm\u00e4rkte mit transparenten W\u00e4nden.","post_status":"publish","comment_status":"closed","ping_status":"closed","post_password":"","post_name":"onda","to_ping":"","pinged":"","post_modified":"2026-04-21 12:23:24","post_modified_gmt":"2026-04-21 10:23:24","post_content_filtered":"","post_parent":0,"guid":"https:\/\/ubweb21.urbidermis.com\/product\/onda\/","menu_order":0,"post_type":"product","post_mime_type":"","comment_count":"0","filter":"raw"},{"ID":7704,"post_author":"4","post_date":"2022-05-06 08:46:24","post_date_gmt":"2022-05-06 08:46:24","post_content":"","post_title":"Persol","post_excerpt":"Eine modulare Pergola aus hochwertigen, schlichten Materialien. Als Element der Mikroarchitektur schafft sie unter ihren auf verschiedenen Ebenen angeordneten Latten angenehme Schattenbereiche. Das charakteristische Netz aus \u00dcberdachungen gliedert den urbanen Raum, bietet Schutz vor der Sonne und schafft attraktive Orte f\u00fcr Aufenthalt und Begegnung.","post_status":"publish","comment_status":"closed","ping_status":"closed","post_password":"","post_name":"persol","to_ping":"","pinged":"","post_modified":"2026-07-03 08:56:55","post_modified_gmt":"2026-07-03 06:56:55","post_content_filtered":"","post_parent":0,"guid":"https:\/\/ubweb21.urbidermis.com\/product\/persol\/","menu_order":0,"post_type":"product","post_mime_type":"","comment_count":"0","filter":"raw"},{"ID":7703,"post_author":"4","post_date":"2022-03-01 10:34:55","post_date_gmt":"2022-03-01 10:34:55","post_content":"","post_title":"Palladio","post_excerpt":"Weitl\u00e4ufige Parkplatz\u00fcberdachung mit flexiblen Gestaltungsm\u00f6glichkeiten und Solarzellen. Die mit Solarzellen ausgestattete Palladio-Parkplatz\u00fcberdachung l\u00e4sst sich anhand einer wiederholten Aufstellung zu einer durchgehenden Fl\u00e4che zusammenf\u00fcgen, die ununterbrochen Schatten spendet und dem urbanen Raum Struktur verleiht.","post_status":"publish","comment_status":"closed","ping_status":"closed","post_password":"","post_name":"palladio","to_ping":"","pinged":"","post_modified":"2026-04-21 12:27:34","post_modified_gmt":"2026-04-21 10:27:34","post_content_filtered":"","post_parent":0,"guid":"https:\/\/ubweb21.urbidermis.com\/product\/palladio\/","menu_order":0,"post_type":"product","post_mime_type":"","comment_count":"0","filter":"raw"}]},"yoast_head":"<!-- This site is optimized with the Yoast SEO plugin v27.6 - https:\/\/yoast.com\/product\/yoast-seo-wordpress\/ -->\n<title>V\u00eda L\u00e1ctea - Urbidermis<\/title>\n<meta name=\"description\" content=\"V\u00eda L\u00e1ctea - Ausgesprochen eleganter modularer Laubengang, die ideale Erg\u00e4nzung f\u00fcr eine soziale und landschaftliche Transformation. Seine Form stellt ein geordnetes und harmonisches Mikroarchitektur-System f\u00fcr den offenen Raum dar.\" \/>\n<meta name=\"robots\" content=\"index, follow, max-snippet:-1, max-image-preview:large, max-video-preview:-1\" \/>\n<link rel=\"canonical\" href=\"https:\/\/www.urbidermis.com\/de\/pergolen\/via-lactea-2\/\" \/>\n<meta property=\"og:locale\" content=\"de_DE\" \/>\n<meta property=\"og:type\" content=\"article\" \/>\n<meta property=\"og:title\" content=\"V\u00eda L\u00e1ctea - Urbidermis\" \/>\n<meta property=\"og:description\" content=\"V\u00eda L\u00e1ctea - Ausgesprochen eleganter modularer Laubengang, die ideale Erg\u00e4nzung f\u00fcr eine soziale und landschaftliche Transformation. Seine Form stellt ein geordnetes und harmonisches Mikroarchitektur-System f\u00fcr den offenen Raum dar.\" \/>\n<meta property=\"og:url\" content=\"https:\/\/www.urbidermis.com\/de\/pergolen\/via-lactea-2\/\" \/>\n<meta property=\"og:site_name\" content=\"Urbidermis\" \/>\n<meta property=\"article:modified_time\" content=\"2026-06-08T12:50:10+00:00\" \/>\n<meta property=\"og:image\" content=\"https:\/\/www.urbidermis.com\/wp-content\/uploads\/20040223_VLP_03.jpg\" \/>\n\t<meta property=\"og:image:width\" content=\"771\" \/>\n\t<meta property=\"og:image:height\" content=\"1080\" \/>\n\t<meta property=\"og:image:type\" content=\"image\/jpeg\" \/>\n<meta name=\"twitter:card\" content=\"summary_large_image\" \/>\n<script type=\"application\/ld+json\" class=\"yoast-schema-graph\">{\"@context\":\"https:\\\/\\\/schema.org\",\"@graph\":[{\"@type\":\"WebPage\",\"@id\":\"https:\\\/\\\/www.urbidermis.com\\\/de\\\/pergolen\\\/via-lactea-2\\\/\",\"url\":\"https:\\\/\\\/www.urbidermis.com\\\/de\\\/pergolen\\\/via-lactea-2\\\/\",\"name\":\"V\u00eda L\u00e1ctea - Urbidermis\",\"isPartOf\":{\"@id\":\"https:\\\/\\\/urbidermis.com\\\/es\\\/#website\"},\"primaryImageOfPage\":{\"@id\":\"https:\\\/\\\/www.urbidermis.com\\\/de\\\/pergolen\\\/via-lactea-2\\\/#primaryimage\"},\"image\":{\"@id\":\"https:\\\/\\\/www.urbidermis.com\\\/de\\\/pergolen\\\/via-lactea-2\\\/#primaryimage\"},\"thumbnailUrl\":\"https:\\\/\\\/www.urbidermis.com\\\/wp-content\\\/uploads\\\/20040223_VLP_03.jpg\",\"datePublished\":\"2022-03-01T10:34:24+00:00\",\"dateModified\":\"2026-06-08T12:50:10+00:00\",\"description\":\"V\u00eda L\u00e1ctea - Ausgesprochen eleganter modularer Laubengang, die ideale Erg\u00e4nzung f\u00fcr eine soziale und landschaftliche Transformation. Seine Form stellt ein geordnetes und harmonisches Mikroarchitektur-System f\u00fcr den offenen Raum dar.\",\"breadcrumb\":{\"@id\":\"https:\\\/\\\/www.urbidermis.com\\\/de\\\/pergolen\\\/via-lactea-2\\\/#breadcrumb\"},\"inLanguage\":\"de-DE\",\"potentialAction\":[{\"@type\":\"ReadAction\",\"target\":[\"https:\\\/\\\/www.urbidermis.com\\\/de\\\/pergolen\\\/via-lactea-2\\\/\"]}]},{\"@type\":\"ImageObject\",\"inLanguage\":\"de-DE\",\"@id\":\"https:\\\/\\\/www.urbidermis.com\\\/de\\\/pergolen\\\/via-lactea-2\\\/#primaryimage\",\"url\":\"https:\\\/\\\/www.urbidermis.com\\\/wp-content\\\/uploads\\\/20040223_VLP_03.jpg\",\"contentUrl\":\"https:\\\/\\\/www.urbidermis.com\\\/wp-content\\\/uploads\\\/20040223_VLP_03.jpg\",\"width\":771,\"height\":1080},{\"@type\":\"BreadcrumbList\",\"@id\":\"https:\\\/\\\/www.urbidermis.com\\\/de\\\/pergolen\\\/via-lactea-2\\\/#breadcrumb\",\"itemListElement\":[{\"@type\":\"ListItem\",\"position\":1,\"name\":\"Home\",\"item\":\"https:\\\/\\\/www.urbidermis.com\\\/de\\\/\"},{\"@type\":\"ListItem\",\"position\":2,\"name\":\"Produkte\",\"item\":\"https:\\\/\\\/www.urbidermis.com\\\/de\\\/produkte\\\/\"},{\"@type\":\"ListItem\",\"position\":3,\"name\":\"V\u00eda L\u00e1ctea\"}]},{\"@type\":\"WebSite\",\"@id\":\"https:\\\/\\\/urbidermis.com\\\/es\\\/#website\",\"url\":\"https:\\\/\\\/urbidermis.com\\\/es\\\/\",\"name\":\"Urbidermis\",\"description\":\"Especialistas en la ciudad\",\"publisher\":{\"@id\":\"https:\\\/\\\/urbidermis.com\\\/es\\\/#organization\"},\"potentialAction\":[{\"@type\":\"SearchAction\",\"target\":{\"@type\":\"EntryPoint\",\"urlTemplate\":\"https:\\\/\\\/urbidermis.com\\\/es\\\/?s={search_term_string}\"},\"query-input\":{\"@type\":\"PropertyValueSpecification\",\"valueRequired\":true,\"valueName\":\"search_term_string\"}}],\"inLanguage\":\"de-DE\"},{\"@type\":\"Organization\",\"@id\":\"https:\\\/\\\/urbidermis.com\\\/es\\\/#organization\",\"name\":\"Urbidermis\",\"url\":\"https:\\\/\\\/urbidermis.com\\\/es\\\/\",\"logo\":{\"@type\":\"ImageObject\",\"inLanguage\":\"de-DE\",\"@id\":\"https:\\\/\\\/urbidermis.com\\\/es\\\/#\\\/schema\\\/logo\\\/image\\\/\",\"url\":\"\",\"contentUrl\":\"\",\"caption\":\"Urbidermis\"},\"image\":{\"@id\":\"https:\\\/\\\/urbidermis.com\\\/es\\\/#\\\/schema\\\/logo\\\/image\\\/\"}}]}<\/script>\n<!-- \/ Yoast SEO plugin. -->","yoast_head_json":{"title":"V\u00eda L\u00e1ctea - Urbidermis","description":"V\u00eda L\u00e1ctea - Ausgesprochen eleganter modularer Laubengang, die ideale Erg\u00e4nzung f\u00fcr eine soziale und landschaftliche Transformation. Seine Form stellt ein geordnetes und harmonisches Mikroarchitektur-System f\u00fcr den offenen Raum dar.","robots":{"index":"index","follow":"follow","max-snippet":"max-snippet:-1","max-image-preview":"max-image-preview:large","max-video-preview":"max-video-preview:-1"},"canonical":"https:\/\/www.urbidermis.com\/de\/pergolen\/via-lactea-2\/","og_locale":"de_DE","og_type":"article","og_title":"V\u00eda L\u00e1ctea - Urbidermis","og_description":"V\u00eda L\u00e1ctea - Ausgesprochen eleganter modularer Laubengang, die ideale Erg\u00e4nzung f\u00fcr eine soziale und landschaftliche Transformation. Seine Form stellt ein geordnetes und harmonisches Mikroarchitektur-System f\u00fcr den offenen Raum dar.","og_url":"https:\/\/www.urbidermis.com\/de\/pergolen\/via-lactea-2\/","og_site_name":"Urbidermis","article_modified_time":"2026-06-08T12:50:10+00:00","og_image":[{"width":771,"height":1080,"url":"https:\/\/www.urbidermis.com\/wp-content\/uploads\/20040223_VLP_03.jpg","type":"image\/jpeg"}],"twitter_card":"summary_large_image","schema":{"@context":"https:\/\/schema.org","@graph":[{"@type":"WebPage","@id":"https:\/\/www.urbidermis.com\/de\/pergolen\/via-lactea-2\/","url":"https:\/\/www.urbidermis.com\/de\/pergolen\/via-lactea-2\/","name":"V\u00eda L\u00e1ctea - Urbidermis","isPartOf":{"@id":"https:\/\/urbidermis.com\/es\/#website"},"primaryImageOfPage":{"@id":"https:\/\/www.urbidermis.com\/de\/pergolen\/via-lactea-2\/#primaryimage"},"image":{"@id":"https:\/\/www.urbidermis.com\/de\/pergolen\/via-lactea-2\/#primaryimage"},"thumbnailUrl":"https:\/\/www.urbidermis.com\/wp-content\/uploads\/20040223_VLP_03.jpg","datePublished":"2022-03-01T10:34:24+00:00","dateModified":"2026-06-08T12:50:10+00:00","description":"V\u00eda L\u00e1ctea - Ausgesprochen eleganter modularer Laubengang, die ideale Erg\u00e4nzung f\u00fcr eine soziale und landschaftliche Transformation. Seine Form stellt ein geordnetes und harmonisches Mikroarchitektur-System f\u00fcr den offenen Raum dar.","breadcrumb":{"@id":"https:\/\/www.urbidermis.com\/de\/pergolen\/via-lactea-2\/#breadcrumb"},"inLanguage":"de-DE","potentialAction":[{"@type":"ReadAction","target":["https:\/\/www.urbidermis.com\/de\/pergolen\/via-lactea-2\/"]}]},{"@type":"ImageObject","inLanguage":"de-DE","@id":"https:\/\/www.urbidermis.com\/de\/pergolen\/via-lactea-2\/#primaryimage","url":"https:\/\/www.urbidermis.com\/wp-content\/uploads\/20040223_VLP_03.jpg","contentUrl":"https:\/\/www.urbidermis.com\/wp-content\/uploads\/20040223_VLP_03.jpg","width":771,"height":1080},{"@type":"BreadcrumbList","@id":"https:\/\/www.urbidermis.com\/de\/pergolen\/via-lactea-2\/#breadcrumb","itemListElement":[{"@type":"ListItem","position":1,"name":"Home","item":"https:\/\/www.urbidermis.com\/de\/"},{"@type":"ListItem","position":2,"name":"Produkte","item":"https:\/\/www.urbidermis.com\/de\/produkte\/"},{"@type":"ListItem","position":3,"name":"V\u00eda L\u00e1ctea"}]},{"@type":"WebSite","@id":"https:\/\/urbidermis.com\/es\/#website","url":"https:\/\/urbidermis.com\/es\/","name":"Urbidermis","description":"Especialistas en la ciudad","publisher":{"@id":"https:\/\/urbidermis.com\/es\/#organization"},"potentialAction":[{"@type":"SearchAction","target":{"@type":"EntryPoint","urlTemplate":"https:\/\/urbidermis.com\/es\/?s={search_term_string}"},"query-input":{"@type":"PropertyValueSpecification","valueRequired":true,"valueName":"search_term_string"}}],"inLanguage":"de-DE"},{"@type":"Organization","@id":"https:\/\/urbidermis.com\/es\/#organization","name":"Urbidermis","url":"https:\/\/urbidermis.com\/es\/","logo":{"@type":"ImageObject","inLanguage":"de-DE","@id":"https:\/\/urbidermis.com\/es\/#\/schema\/logo\/image\/","url":"","contentUrl":"","caption":"Urbidermis"},"image":{"@id":"https:\/\/urbidermis.com\/es\/#\/schema\/logo\/image\/"}}]}},"urb":{"path":"\/de\/pergolen\/via-lactea-2\/","language":"de","translations":{"de":{"id":7705,"slug":"via-lactea-2","path":"\/de\/pergolen\/via-lactea-2\/"},"en":{"id":2047,"slug":"via-lactea-2","path":"\/pergolas\/via-lactea-2\/"},"es":{"id":6607,"slug":"via-lactea-2","path":"\/es\/pergolas-es\/via-lactea-2\/"},"fr":{"id":8479,"slug":"via-lactea-2","path":"\/fr\/pergolas\/via-lactea-2\/"}},"page_template":"","featured":{"id":8212,"url":"https:\/\/www.urbidermis.com\/wp-content\/uploads\/20040223_VLP_03.jpg","width":771,"height":1080,"alt":"","title":"20040223_VLP_03","mime":"image\/jpeg","srcset":"https:\/\/www.urbidermis.com\/wp-content\/uploads\/20040223_VLP_03.jpg 771w, https:\/\/www.urbidermis.com\/wp-content\/uploads\/20040223_VLP_03-428x600.jpg 428w, https:\/\/www.urbidermis.com\/wp-content\/uploads\/20040223_VLP_03-731x1024.jpg 731w, https:\/\/www.urbidermis.com\/wp-content\/uploads\/20040223_VLP_03-107x150.jpg 107w, https:\/\/www.urbidermis.com\/wp-content\/uploads\/20040223_VLP_03-768x1076.jpg 768w, https:\/\/www.urbidermis.com\/wp-content\/uploads\/20040223_VLP_03-300x420.jpg 300w","sizes":{"medium":{"url":"https:\/\/www.urbidermis.com\/wp-content\/uploads\/20040223_VLP_03-428x600.jpg","width":428,"height":600},"large":{"url":"https:\/\/www.urbidermis.com\/wp-content\/uploads\/20040223_VLP_03-731x1024.jpg","width":640,"height":897},"thumbnail":{"url":"https:\/\/www.urbidermis.com\/wp-content\/uploads\/20040223_VLP_03-107x150.jpg","width":107,"height":150},"medium_large":{"url":"https:\/\/www.urbidermis.com\/wp-content\/uploads\/20040223_VLP_03-768x1076.jpg","width":640,"height":897},"woocommerce_thumbnail":{"url":"https:\/\/www.urbidermis.com\/wp-content\/uploads\/20040223_VLP_03-150x150.jpg","width":150,"height":150},"woocommerce_single":{"url":"https:\/\/www.urbidermis.com\/wp-content\/uploads\/20040223_VLP_03-300x420.jpg","width":300,"height":420},"woocommerce_gallery_thumbnail":{"url":"https:\/\/www.urbidermis.com\/wp-content\/uploads\/20040223_VLP_03-100x100.jpg","width":100,"height":100},"shop_catalog":{"url":"https:\/\/www.urbidermis.com\/wp-content\/uploads\/20040223_VLP_03-150x150.jpg","width":150,"height":150},"shop_single":{"url":"https:\/\/www.urbidermis.com\/wp-content\/uploads\/20040223_VLP_03-300x420.jpg","width":300,"height":420},"shop_thumbnail":{"url":"https:\/\/www.urbidermis.com\/wp-content\/uploads\/20040223_VLP_03-100x100.jpg","width":100,"height":100}}},"terms":{"product_type":{"items":[{"id":2,"name":"simple","slug":"simple","parent":0,"path":"\/de\/"}],"parent":{"id":2,"name":"simple","slug":"simple","parent":0,"path":"\/de\/"},"child":null},"product_cat":{"items":[{"id":227,"name":"Mikroarchitektur","slug":"mikroarchitektur","parent":0,"path":"\/de\/mikroarchitektur\/"},{"id":228,"name":"Pergolen","slug":"pergolen","parent":227,"path":"\/de\/pergolen\/"}],"parent":{"id":227,"name":"Mikroarchitektur","slug":"mikroarchitektur","parent":0,"path":"\/de\/mikroarchitektur\/"},"child":{"id":228,"name":"Pergolen","slug":"pergolen","parent":227,"path":"\/de\/pergolen\/"}},"pa_application":{"items":[{"id":1569,"name":"Photovoltaik","slug":"photovoltaik","parent":0,"path":"\/de\/"},{"id":1572,"name":"Schatten","slug":"schatten","parent":0,"path":"\/de\/"}],"parent":{"id":1569,"name":"Photovoltaik","slug":"photovoltaik","parent":0,"path":"\/de\/"},"child":null},"pa_typology":{"items":[{"id":1562,"name":"Laubeng\u00e4nge","slug":"laubengange","parent":0,"path":"\/de\/"}],"parent":{"id":1562,"name":"Laubeng\u00e4nge","slug":"laubengange","parent":0,"path":"\/de\/"},"child":null},"translation_priority":{"items":[{"id":138,"name":"Optional","slug":"optional-de","parent":0,"path":"\/de\/"}],"parent":{"id":138,"name":"Optional","slug":"optional-de","parent":0,"path":"\/de\/"},"child":null}},"breadcrumb":[],"product":{"sku":"","type":"simple","gallery":[],"attributes":[{"name":"Typology","taxonomy":"pa_typology","visible":true,"options":["Laubeng\u00e4nge"]},{"name":"Application","taxonomy":"pa_application","visible":true,"options":["Photovoltaik","Schatten"]}],"children":[],"catalog_url":"https:\/\/www.urbidermis.com\/de\/pergolen\/via-lactea-2\/","downloads":[{"tipo_datasheet":"simple","datasheet":"\/recursos\/dam\/ficheros_tecnicos\/Via-Lactea-Pergolen-Technisches-Datenblatt-DE.pdf","tipo_instrucciones":"multiple","instructions_multiple":[{"instructions_file":"https:\/\/www.urbidermis.com\/recursos\/dam\/ficheros_tecnicos\/Via-Lactea-Pergola-with-light-Assembly-Instructions.pdf","instructions_title":"Mit Licht","group_product":["","","","","Mit Licht","With light","Con luz","Avec lumi\u00e8re"]},{"instructions_file":"https:\/\/www.urbidermis.com\/recursos\/dam\/ficheros_tecnicos\/Instrucciones_pergola_VIA_LACTEA_sin_luz-1.pdf","instructions_title":"Ohne Licht","group_product":["","","","","Mit Licht","With light","Con luz","Avec lumi\u00e8re"]}],"drawings":"\/recursos\/dam\/ficheros_tecnicos\/Via-Lactea-Pergola-drawings.pdf","2d_cad":"\/recursos\/dam\/ficheros_tecnicos\/Via-Lactea-Pergola-drawings.dxf","3d_cad":"https:\/\/www.urbidermis.com\/recursos\/dam\/ficheros_tecnicos\/Pergola_Via_Lactea_3D.zip","ies_photometric_files":"https:\/\/www.urbidermis.com\/recursos\/dam\/ficheros_tecnicos\/Via_Lactea_pergola_IES_photometries.IES-1.zip","ldt_photometric_files":null,"revit":null,"group_product":"","idioma":"de","descargable":"https:\/\/www.urbidermis.com\/recursos\/dam\/ficheros_tecnicos\/Via-Lactea-Pergola-drawings.pdf"}]}},"_links":{"self":[{"href":"https:\/\/www.urbidermis.com\/de\/wp-json\/wp\/v2\/product\/7705","targetHints":{"allow":["GET"]}}],"collection":[{"href":"https:\/\/www.urbidermis.com\/de\/wp-json\/wp\/v2\/product"}],"about":[{"href":"https:\/\/www.urbidermis.com\/de\/wp-json\/wp\/v2\/types\/product"}],"wp:featuredmedia":[{"embeddable":true,"href":"https:\/\/www.urbidermis.com\/de\/wp-json\/wp\/v2\/media\/8212"}],"wp:attachment":[{"href":"https:\/\/www.urbidermis.com\/de\/wp-json\/wp\/v2\/media?parent=7705"}],"wp:term":[{"taxonomy":"product_brand","embeddable":true,"href":"https:\/\/www.urbidermis.com\/de\/wp-json\/wp\/v2\/product_brand?post=7705"},{"taxonomy":"product_cat","embeddable":true,"href":"https:\/\/www.urbidermis.com\/de\/wp-json\/wp\/v2\/product_cat?post=7705"},{"taxonomy":"product_tag","embeddable":true,"href":"https:\/\/www.urbidermis.com\/de\/wp-json\/wp\/v2\/product_tag?post=7705"}],"curies":[{"name":"wp","href":"https:\/\/api.w.org\/{rel}","templated":true}]}}