{"id":8905,"date":"2022-03-01T10:42:25","date_gmt":"2022-03-01T10:42:25","guid":{"rendered":"https:\/\/ubweb21.urbidermis.com\/product\/piet-mondrian\/"},"modified":"2026-04-10T09:48:25","modified_gmt":"2026-04-10T07:48:25","slug":"mondrian","status":"publish","type":"product","link":"https:\/\/www.urbidermis.com\/de\/stadtmobiliar\/mondrian\/","title":{"rendered":"Mondrian"},"content":{"rendered":"","protected":false},"excerpt":{"rendered":"<p>Um den \u00dcbergang zwischen Gehweg und Baum zu l\u00f6sen, \u00fcbertr\u00e4gt Antoni Rosell\u00f3 eine Arbeit von Piet Mondrian auf die urbane Umgebung. Der Baumschutzrost mit diskontinuierlichen Perforationen stellt eine geometrische Ordnung her, die die Kontinuit\u00e4t des Pflasters begleitet und sicherstellt.<\/p>\n","protected":false},"featured_media":8893,"template":"","meta":{"_acf_changed":false,"inline_featured_image":false},"product_brand":[],"product_cat":[218,213],"product_tag":[],"class_list":{"0":"post-8905","1":"product","2":"type-product","3":"status-publish","4":"has-post-thumbnail","6":"product_cat-baumgitter","7":"product_cat-stadtmobiliar","9":"first","10":"instock","11":"taxable","12":"shipping-taxable","13":"product-type-simple"},"acf":{"secciones_producto":[{"acf_fc_layout":"seccion_navtabs_imagen_dinamica","title_group":{"title_tag":"h2","title_txt":"Schutz von Stra\u00dfenb\u00e4umen"},"texto_intro_principal":true,"texto_introductorio":"Der Baumschutz Piet Mondrian bildet einen Schutz f\u00fcr die Wurzeln des Baumes , mit einem mittleren Raum von \u00d8 50 oder \u00d8 70. Gleichzeitig liefert er Schutz gegen die H\u00f6henver\u00e4nderungen des Gehwegs, indem er sich an einen begrenzenden Stahlrahmen anpasst.","ventanas_detalles_producto":[{"title_group_producto_grid_single":{"title_tag":"h2","title_txt":"Materialien"},"imagen_de_fondo_dinamic_single_producto":"","texto_contenido_ventana":true,"contenido_tabs_producto":"<ul>\n<li>Zwei- oder vierteiliges Element aus Sph\u00e4roguss mit Kugelstrahlveredelung ohne Nachbehandlung.<\/li>\n<li>Feuerverzinkter Stahlrahmen S235 JR.<\/li>\n<\/ul>\n","acordion":false,"preguntas_y_respuestas":false,"cuadricula_de_colores":false,"componentes_producto":false,"descargables":false,"tipo_datasheet":"simple","datasheet":false,"datasheet_multiple":false,"tipo_instrucciones":"simple","instructions":false,"instructions_multiple":false,"drawings_ce":false,"2d_cad":false,"3d_cad":false,"revit":false,"ldt_photometric_files":false,"ies_photometric_files":false,"validador_detalles_producto":false,"tipo_especificacion":"certificados"},{"title_group_producto_grid_single":{"title_tag":"h2","title_txt":"Ausf\u00fchrungen"},"imagen_de_fondo_dinamic_single_producto":"","texto_contenido_ventana":true,"contenido_tabs_producto":"<p>Die angezeigten Farben dienen nur als Beispiel.<br \/>\nAndere Farben auf Anfrage erh\u00e4ltlich.<br \/>\nAusf\u00fchrungen f\u00fcr K\u00fcstenklima auf Anfrage.<\/p>\n","acordion":false,"preguntas_y_respuestas":false,"cuadricula_de_colores":true,"componentes_producto":[{"nombre_componente":"","colores":[{"value":"fundicion_hierro_nodular","label":"Hierro"}]}],"descargables":false,"tipo_datasheet":"simple","datasheet":false,"datasheet_multiple":false,"tipo_instrucciones":"simple","instructions":false,"instructions_multiple":false,"drawings_ce":false,"2d_cad":false,"3d_cad":false,"revit":false,"ldt_photometric_files":false,"ies_photometric_files":false,"validador_detalles_producto":false,"tipo_especificacion":""},{"title_group_producto_grid_single":{"title_tag":"h2","title_txt":"H\u00f6henplan"},"imagen_de_fondo_dinamic_single_producto":"","texto_contenido_ventana":false,"contenido_tabs_producto":"<p>*Die angezeigten Farben dienen nur als Beispiel (andere Farben auf Anfrage erh\u00e4ltlich).<br \/>\n**Ausf\u00fchrungen f\u00fcr K\u00fcstenklima auf Anfrage<\/p>\n","acordion":false,"preguntas_y_respuestas":false,"cuadricula_de_colores":false,"componentes_producto":[{"nombre_componente":"Test","colores":[{"value":"acero_inox_granallado","label":"Acero granallado"}]}],"descargables":false,"tipo_datasheet":"simple","datasheet":false,"datasheet_multiple":false,"tipo_instrucciones":"simple","instructions":false,"instructions_multiple":false,"drawings_ce":false,"2d_cad":false,"3d_cad":false,"revit":false,"ldt_photometric_files":false,"ies_photometric_files":false,"validador_detalles_producto":false,"tipo_especificacion":""},{"title_group_producto_grid_single":{"title_tag":"h2","title_txt":"Installation"},"imagen_de_fondo_dinamic_single_producto":"","texto_contenido_ventana":true,"contenido_tabs_producto":"<ul>\n<li>Das Element wird zerlegt geliefert.<\/li>\n<li>Inklusive Installations- und Montageanleitungen sowie Schrauben.<\/li>\n<\/ul>\n","acordion":false,"preguntas_y_respuestas":false,"cuadricula_de_colores":false,"componentes_producto":false,"descargables":false,"tipo_datasheet":"simple","datasheet":false,"datasheet_multiple":false,"tipo_instrucciones":"simple","instructions":false,"instructions_multiple":false,"drawings_ce":false,"2d_cad":false,"3d_cad":false,"revit":false,"ldt_photometric_files":false,"ies_photometric_files":false,"validador_detalles_producto":false,"tipo_especificacion":""},{"title_group_producto_grid_single":{"title_tag":"h2","title_txt":"Wartung"},"imagen_de_fondo_dinamic_single_producto":"","texto_contenido_ventana":true,"contenido_tabs_producto":"<ul>\n<li>Keine Wartung n\u00f6tig.<\/li>\n<\/ul>\n","acordion":false,"preguntas_y_respuestas":false,"cuadricula_de_colores":false,"componentes_producto":false,"descargables":false,"tipo_datasheet":"simple","datasheet":false,"datasheet_multiple":false,"tipo_instrucciones":"simple","instructions":false,"instructions_multiple":false,"drawings_ce":false,"2d_cad":false,"3d_cad":false,"revit":false,"ldt_photometric_files":false,"ies_photometric_files":false,"validador_detalles_producto":false,"tipo_especificacion":"certificados"},{"title_group_producto_grid_single":{"title_tag":"h2","title_txt":"Zertifizierungen"},"imagen_de_fondo_dinamic_single_producto":"","texto_contenido_ventana":false,"contenido_tabs_producto":"<p>Baumschutz 0,98 x 0,98 (\u00d8 50): 84<br \/>\nModul 1,48 x 1,48 (\u00d870): 204<\/p>\n<p>*Ungef\u00e4hres Gewicht ohne Verpackung (kg)<\/p>\n","acordion":false,"preguntas_y_respuestas":false,"cuadricula_de_colores":false,"componentes_producto":false,"descargables":false,"tipo_datasheet":"simple","datasheet":false,"datasheet_multiple":false,"tipo_instrucciones":"simple","instructions":false,"instructions_multiple":false,"drawings_ce":false,"2d_cad":false,"3d_cad":false,"revit":false,"ldt_photometric_files":false,"ies_photometric_files":false,"validador_detalles_producto":true,"tipo_especificacion":"certificados"},{"title_group_producto_grid_single":{"title_tag":"h2","title_txt":"Gewicht"},"imagen_de_fondo_dinamic_single_producto":"","texto_contenido_ventana":true,"contenido_tabs_producto":"<p>Baumschutz 0,98 x 0,98 (\u00d8 50): 84<br \/>\nModul 1,48 x 1,48 (\u00d870): 204<\/p>\n<p>*Ungef\u00e4hres Gewicht ohne Verpackung (kg)<\/p>\n","acordion":false,"preguntas_y_respuestas":false,"cuadricula_de_colores":false,"componentes_producto":false,"descargables":false,"tipo_datasheet":"simple","datasheet":false,"datasheet_multiple":false,"tipo_instrucciones":"simple","instructions":false,"instructions_multiple":false,"drawings_ce":false,"2d_cad":false,"3d_cad":false,"revit":false,"ldt_photometric_files":false,"ies_photometric_files":false,"validador_detalles_producto":false,"tipo_especificacion":""}]},{"acf_fc_layout":"seccion_navtabs_imagen_dinamica","title_group":{"title_tag":"h2","title_txt":"Downloads"},"texto_intro_principal":false,"texto_introductorio":"","ventanas_detalles_producto":[{"title_group_producto_grid_single":{"title_tag":"h2","title_txt":""},"imagen_de_fondo_dinamic_single_producto":"","texto_contenido_ventana":false,"contenido_tabs_producto":"","acordion":false,"preguntas_y_respuestas":false,"cuadricula_de_colores":false,"componentes_producto":false,"descargables":true,"tipo_datasheet":"simple","datasheet":{"ID":12485,"id":12485,"title":"Pietmondrian_datasheet_V1","filename":"Pietmondrian_datasheet_V1.pdf","filesize":0,"url":"https:\/\/www.urbidermis.com\/wp-content\/uploads\/Pietmondrian_datasheet_V1.pdf","link":"https:\/\/www.urbidermis.com\/de\/?attachment_id=12485","alt":"","author":"8","description":"","caption":"","name":"pietmondrian_datasheet_v1-2","status":"inherit","uploaded_to":8905,"date":"2022-07-08 11:48:38","modified":"2022-07-08 11:48:38","menu_order":0,"mime_type":"application\/pdf","type":"application","subtype":"pdf","icon":"https:\/\/www.urbidermis.com\/wp-includes\/images\/media\/document.png"},"datasheet_multiple":false,"tipo_instrucciones":"simple","instructions":{"ID":20767,"id":20767,"title":"Mondrian_Tree-grid_assembly_instructions","filename":"Mondrian_Tree-grid_Assembly_Instructions.pdf","filesize":1200930,"url":"https:\/\/www.urbidermis.com\/wp-content\/uploads\/Mondrian_Tree-grid_Assembly_Instructions.pdf","link":"https:\/\/www.urbidermis.com\/de\/?attachment_id=20767","alt":"","author":"109","description":"","caption":"","name":"mondrian_tree-grid_assembly_instructions-2","status":"inherit","uploaded_to":8905,"date":"2023-12-11 08:25:08","modified":"2023-12-11 08:39:25","menu_order":0,"mime_type":"application\/pdf","type":"application","subtype":"pdf","icon":"https:\/\/www.urbidermis.com\/wp-includes\/images\/media\/document.png"},"instructions_multiple":false,"drawings_ce":{"ID":14601,"id":14601,"title":"Mondrian_treegate_drawings","filename":"Mondrian_treegate_drawings.pdf","filesize":0,"url":"https:\/\/www.urbidermis.com\/wp-content\/uploads\/Mondrian_treegate_drawings.pdf","link":"https:\/\/www.urbidermis.com\/de\/?attachment_id=14601","alt":"","author":"4","description":"","caption":"","name":"mondrian_treegate_drawings-2-2","status":"inherit","uploaded_to":8905,"date":"2022-07-18 13:55:32","modified":"2022-07-18 13:55:32","menu_order":0,"mime_type":"application\/pdf","type":"application","subtype":"pdf","icon":"https:\/\/www.urbidermis.com\/wp-includes\/images\/media\/document.png"},"2d_cad":{"ID":14597,"id":14597,"title":"Mondrian_treegate_drawings","filename":"Mondrian_treegate_drawings.dxf","filesize":0,"url":"https:\/\/www.urbidermis.com\/wp-content\/uploads\/Mondrian_treegate_drawings.dxf","link":"https:\/\/www.urbidermis.com\/de\/?attachment_id=14597","alt":"","author":"4","description":"","caption":"","name":"mondrian_treegate_drawings-2","status":"inherit","uploaded_to":8905,"date":"2022-07-18 13:55:30","modified":"2022-07-18 13:55:30","menu_order":0,"mime_type":"application\/dxf","type":"application","subtype":"dxf","icon":"https:\/\/www.urbidermis.com\/wp-includes\/images\/media\/default.png"},"3d_cad":{"ID":12481,"id":12481,"title":"Piet_Mondrian_tree_grid_3D","filename":"Piet_Mondrian_tree_grid_3D.zip","filesize":0,"url":"https:\/\/www.urbidermis.com\/wp-content\/uploads\/Piet_Mondrian_tree_grid_3D.zip","link":"https:\/\/www.urbidermis.com\/de\/?attachment_id=12481","alt":"","author":"8","description":"","caption":"","name":"piet_mondrian_tree_grid_3d-2","status":"inherit","uploaded_to":8905,"date":"2022-07-08 11:48:36","modified":"2022-07-08 11:48:36","menu_order":0,"mime_type":"application\/zip","type":"application","subtype":"zip","icon":"https:\/\/www.urbidermis.com\/wp-includes\/images\/media\/archive.png"},"revit":{"ID":13730,"id":13730,"title":"Urbidermis_Mondrian_BIM_REVIT","filename":"Urbidermis_Mondrian_BIM_REVIT.zip","filesize":0,"url":"https:\/\/www.urbidermis.com\/wp-content\/uploads\/Urbidermis_Mondrian_BIM_REVIT.zip","link":"https:\/\/www.urbidermis.com\/de\/?attachment_id=13730","alt":"","author":"4","description":"","caption":"","name":"urbidermis_mondrian_bim_revit-2","status":"inherit","uploaded_to":8905,"date":"2022-07-12 11:10:41","modified":"2022-07-12 11:10:41","menu_order":0,"mime_type":"application\/zip","type":"application","subtype":"zip","icon":"https:\/\/www.urbidermis.com\/wp-includes\/images\/media\/archive.png"},"ldt_photometric_files":false,"ies_photometric_files":false,"validador_detalles_producto":false,"tipo_especificacion":""}]},{"acf_fc_layout":"seccion_consulta_nuestros_expertos","imagen_de_fondo_single_producto":"https:\/\/www.urbidermis.com\/recursos\/imagenes_galeria\/20141030-Spain-Barcelona-Belloch-Salva-Lopez-19-SANGRE-x2400.jpg\n","imagen_de_fondo_single_producto_mobile":""},{"acf_fc_layout":"seccion_imagen_de_fondo_con_sub_menu","titulo_group_list_contet_proyectos":{"title_tag":"h3","title_txt":"Mondrian in der Stadt"},"ancla_copy2":"","proyectos_relacionados":[{"project":{"ID":6251,"post_author":"7","post_date":"2022-05-04 08:26:45","post_date_gmt":"2022-05-04 08:26:45","post_content":"","post_title":"Gran V\u00eda","post_excerpt":"","post_status":"publish","comment_status":"closed","ping_status":"closed","post_password":"","post_name":"gran-via","to_ping":"","pinged":"","post_modified":"2023-02-09 14:52:04","post_modified_gmt":"2023-02-09 12:52:04","post_content_filtered":"","post_parent":0,"guid":"https:\/\/ubweb21.urbidermis.com\/proyectos\/gran-via\/","menu_order":0,"post_type":"proyectos","post_mime_type":"","comment_count":"0","filter":"raw"},"project_img":"https:\/\/www.urbidermis.com\/recursos\/imagenes_galeria\/20011015-Spain-Madrid-Gran-Via-LIB-MOA-08-x2400-PROYECTOS-x1000.jpg\n"},{"project":{"ID":6775,"post_author":"4","post_date":"2022-05-08 07:47:05","post_date_gmt":"2022-05-08 07:47:05","post_content":"","post_title":"Eaunes city center","post_excerpt":"","post_status":"publish","comment_status":"closed","ping_status":"closed","post_password":"","post_name":"eaunes-city-center","to_ping":"","pinged":"","post_modified":"2023-02-09 14:51:54","post_modified_gmt":"2023-02-09 12:51:54","post_content_filtered":"","post_parent":0,"guid":"https:\/\/ubweb21.urbidermis.com\/proyectos\/eaunes-city-center\/","menu_order":0,"post_type":"proyectos","post_mime_type":"","comment_count":"0","filter":"raw"},"project_img":"https:\/\/www.urbidermis.com\/recursos\/imagenes_galeria\/20030112-France-Eaunes-Eaunes-MOB-MOA-01-x2400-PROYECTOS-x1000.jpg\n"},{"project":{"ID":7332,"post_author":"4","post_date":"2022-05-10 12:17:46","post_date_gmt":"2022-05-10 12:17:46","post_content":"","post_title":"HafenCity","post_excerpt":"","post_status":"publish","comment_status":"closed","ping_status":"closed","post_password":"","post_name":"hafencity","to_ping":"","pinged":"","post_modified":"2024-09-26 17:51:27","post_modified_gmt":"2024-09-26 15:51:27","post_content_filtered":"","post_parent":0,"guid":"https:\/\/ubweb21.urbidermis.com\/proyectos\/hafencity\/","menu_order":0,"post_type":"proyectos","post_mime_type":"","comment_count":"0","filter":"raw"},"project_img":"https:\/\/www.urbidermis.com\/recursos\/imagenes_galeria\/20110319-Germany-Hamburg-Hafen-City-MOA-Web-x2400-PROYECTOS-x1000.jpg\n"},{"project":{"ID":6648,"post_author":"7","post_date":"2022-05-06 11:29:27","post_date_gmt":"2022-05-06 11:29:27","post_content":"","post_title":"Obispo Cobos street","post_excerpt":"","post_status":"publish","comment_status":"closed","ping_status":"closed","post_password":"","post_name":"obispo-cobos-street","to_ping":"","pinged":"","post_modified":"2023-02-09 14:51:56","post_modified_gmt":"2023-02-09 12:51:56","post_content_filtered":"","post_parent":0,"guid":"https:\/\/ubweb21.urbidermis.com\/proyectos\/obispo-cobos-street\/","menu_order":0,"post_type":"proyectos","post_mime_type":"","comment_count":"0","filter":"raw"},"project_img":"https:\/\/www.urbidermis.com\/recursos\/imagenes_galeria\/20191003-Spain-Jaen-Calle-Obispo-Cobos-SAP-MOA-MOB-Equipo-Urbidermis-01-x1000-PROYECTOS-x1000.jpg\n"},{"project":{"ID":7735,"post_author":"7","post_date":"2022-05-12 07:59:04","post_date_gmt":"2022-05-12 07:59:04","post_content":"","post_title":"Barcelona avenue","post_excerpt":"","post_status":"publish","comment_status":"closed","ping_status":"closed","post_password":"","post_name":"barcelona-avenue","to_ping":"","pinged":"","post_modified":"2023-02-09 14:51:29","post_modified_gmt":"2023-02-09 12:51:29","post_content_filtered":"","post_parent":0,"guid":"https:\/\/ubweb21.urbidermis.com\/proyectos\/barcelona-avenue\/","menu_order":0,"post_type":"proyectos","post_mime_type":"","comment_count":"0","filter":"raw"},"project_img":"https:\/\/www.urbidermis.com\/recursos\/imagenes_galeria\/Spain-Terrassa-Avinguda-Barcelona-MOA-Julio-Cunill-Web-x1000.jpg\n"}]}],"premios_producto_repeater":false,"valor_a_buscar_en_el_filtro_repeater":false,"participantes":false,"dist_simetrica":[],"dist_indirecta":[],"dist_suelo":[],"control":[],"certificados":["ce"],"validacion_producto_descarga":true,"nombre_solo_plantas_field":"","dist_asimetrica":[],"ano_creacion_producto":"2001","resumen_libro":"","autor_book_publicacion_producto":"","galeria_imagenes_repeater_libro":[{"imagen_item_gal":"https:\/\/www.urbidermis.com\/recursos\/imagenes_galeria\/02-20011015-Spain-Madrid-Gran-Via-LIB-MOA-Web-x2400-CARRUSEL-x1000.jpg\n","activar_video_item_gal":false,"portada_video_item_gal":false,"video_en_horizonal_item_gal":false,"video_item_gal":false},{"imagen_item_gal":"https:\/\/www.urbidermis.com\/recursos\/imagenes_galeria\/20181217-Spain-Barcelona-Belloch-MOA-Equipo-Urbidermis-00-x1000.jpg\n","activar_video_item_gal":false,"portada_video_item_gal":false,"video_en_horizonal_item_gal":false,"video_item_gal":false},{"imagen_item_gal":"https:\/\/www.urbidermis.com\/recursos\/imagenes_galeria\/20181217-Spain-Barcelona-Belloch-MOA-Equipo-Urbidermis-01-x1000.jpg\n","activar_video_item_gal":false,"portada_video_item_gal":false,"video_en_horizonal_item_gal":false,"video_item_gal":false}],"_numero_de_paginas_campo_texto":"","is_plano_de_cotas_validator":true,"galeria_multidimension_imagenes_plano_de_cotas_proyector":[{"texto_pestana_plano_galeria":"Baumgitter","imagen_plano_de_cotas":"https:\/\/www.urbidermis.com\/recursos\/imagenes_galeria\/Mondrian-Tree-Grates-PC.svg\n"}],"is_protocolo_y_control_generic":false,"nombre_arbol_entre_comillas":"","isbn_campo_texto":"","idioma_campo_texto":"","enquadernacion_campo_texto":"","pdf_asociado_producto":false,"text_content_family_basic_information":"","text_content_family_basic_number_width":"","text_content_family_basic_number_height":"","text_content_planting_density":"","flowers_option_colours":[],"flowers_option_season":[],"properties_option_pruning":[],"properties_option_watering":[],"properties_option_sun_exposure":[],"properties_option_fire":[],"properties_option_heat":[],"properties_option_moisture":[],"properties_option_minimum_temp":"","properties_option_soil_type":[],"properties_option_dryness":[],"properties_option_coastal_area":[],"is_producto_residencial_para_mostrar_info_diferente":false,"check_para_validar_no_secc_aplication":true,"selecciona_tipo_de_imagen_custom":[],"texto_introduccion_landing_custom":"","enlace_descubre_mas_custom":"","opciones_de_texto_1":true,"opciones_de_texto_2":{"value":"acabado_standar","label":"Acabado Standard"},"opciones_de_texto_3":[],"activar_seccion_text_parrafo_pos_bottom_carrousel":false,"accordion_titulo_parrafo_acordeon_imagen":false,"imagen_titulo_parrafo_acordeon_imagen":"","image_portada_titulo_parrafo_acordeon_imagen":"","imagen_mobile_titulo_parrafo_acordeon_imagen":"","txt_acabados_prod_opciones_de_texto_1":true,"txt_acabados_prod_opciones_de_texto_2":{"value":"acabado_standard","label":"Acabado Standard"},"txt_acabados_prod_opciones_de_texto_3":[],"activador_seccion_impacto_acvs_secctions_acvs":true,"codigos_acvs_matching_row-leds":[{"texto_pestana_item_fetch":"Baumgitter 1 x 1 m","codigo_item_fetch":"MOA+01"},{"texto_pestana_item_fetch":"Baumgitter 1,5 x 1,5 m","codigo_item_fetch":"MOA+02"}],"activator_acf_option_madera_text":false,"texto_enlace_amplifyapp":"Mondrian_Urban_furniture","texto_destacado_text_parrafo_pos_bottom_carrousel":"","parrafo_text_parrafo_pos_bottom_carrousel":"","titulo_titulo_parrafo_acordeon_imagen":"","parrafo_titulo_parrafo_acordeon_imagen":"","texto_bajo_btn_certificados":"","autores":[{"ID":10122,"post_author":"4","post_date":"2022-06-16 11:13:28","post_date_gmt":"2022-06-16 11:13:28","post_content":"","post_title":"Antoni Rosell\u00f3","post_excerpt":"","post_status":"publish","comment_status":"closed","ping_status":"closed","post_password":"","post_name":"antoni-rosello","to_ping":"","pinged":"","post_modified":"2024-09-13 08:57:59","post_modified_gmt":"2024-09-13 06:57:59","post_content_filtered":"","post_parent":0,"guid":"https:\/\/ubweb21.urbidermis.com\/biografias\/antoni-rosello\/","menu_order":0,"post_type":"autores","post_mime_type":"","comment_count":"0","filter":"raw"}]},"yoast_head":"<!-- This site is optimized with the Yoast SEO plugin v27.6 - https:\/\/yoast.com\/product\/yoast-seo-wordpress\/ -->\n<title>Mondrian - Urbidermis<\/title>\n<meta name=\"description\" content=\"Mondrian - Um den \u00dcbergang zwischen Gehweg und Baum zu l\u00f6sen, \u00fcbertr\u00e4gt Antoni Rosell\u00f3 eine Arbeit von Piet Mondrian auf die urbane Umgebung. Der Baumschutzrost mit diskontinuierlichen Perforationen stellt eine geometrische Ordnung her, die die Kontinuit\u00e4t des Pflasters begleitet und sicherstellt.\" \/>\n<meta name=\"robots\" content=\"index, follow, max-snippet:-1, max-image-preview:large, max-video-preview:-1\" \/>\n<link rel=\"canonical\" href=\"https:\/\/www.urbidermis.com\/de\/stadtmobiliar\/mondrian\/\" \/>\n<meta property=\"og:locale\" content=\"de_DE\" \/>\n<meta property=\"og:type\" content=\"article\" \/>\n<meta property=\"og:title\" content=\"Mondrian - Urbidermis\" \/>\n<meta property=\"og:description\" content=\"Mondrian - Um den \u00dcbergang zwischen Gehweg und Baum zu l\u00f6sen, \u00fcbertr\u00e4gt Antoni Rosell\u00f3 eine Arbeit von Piet Mondrian auf die urbane Umgebung. Der Baumschutzrost mit diskontinuierlichen Perforationen stellt eine geometrische Ordnung her, die die Kontinuit\u00e4t des Pflasters begleitet und sicherstellt.\" \/>\n<meta property=\"og:url\" content=\"https:\/\/www.urbidermis.com\/de\/stadtmobiliar\/mondrian\/\" \/>\n<meta property=\"og:site_name\" content=\"Urbidermis\" \/>\n<meta property=\"article:modified_time\" content=\"2026-04-10T07:48:25+00:00\" \/>\n<meta property=\"og:image\" content=\"https:\/\/www.urbidermis.com\/wp-content\/uploads\/20080108_MOA_02.jpg\" \/>\n\t<meta property=\"og:image:width\" content=\"771\" \/>\n\t<meta property=\"og:image:height\" content=\"1080\" \/>\n\t<meta property=\"og:image:type\" content=\"image\/jpeg\" \/>\n<meta name=\"twitter:card\" content=\"summary_large_image\" \/>\n<script type=\"application\/ld+json\" class=\"yoast-schema-graph\">{\"@context\":\"https:\\\/\\\/schema.org\",\"@graph\":[{\"@type\":\"WebPage\",\"@id\":\"https:\\\/\\\/www.urbidermis.com\\\/de\\\/stadtmobiliar\\\/mondrian\\\/\",\"url\":\"https:\\\/\\\/www.urbidermis.com\\\/de\\\/stadtmobiliar\\\/mondrian\\\/\",\"name\":\"Mondrian - Urbidermis\",\"isPartOf\":{\"@id\":\"https:\\\/\\\/urbidermis.com\\\/es\\\/#website\"},\"primaryImageOfPage\":{\"@id\":\"https:\\\/\\\/www.urbidermis.com\\\/de\\\/stadtmobiliar\\\/mondrian\\\/#primaryimage\"},\"image\":{\"@id\":\"https:\\\/\\\/www.urbidermis.com\\\/de\\\/stadtmobiliar\\\/mondrian\\\/#primaryimage\"},\"thumbnailUrl\":\"https:\\\/\\\/www.urbidermis.com\\\/wp-content\\\/uploads\\\/20080108_MOA_02.jpg\",\"datePublished\":\"2022-03-01T10:42:25+00:00\",\"dateModified\":\"2026-04-10T07:48:25+00:00\",\"description\":\"Mondrian - Um den \u00dcbergang zwischen Gehweg und Baum zu l\u00f6sen, \u00fcbertr\u00e4gt Antoni Rosell\u00f3 eine Arbeit von Piet Mondrian auf die urbane Umgebung. Der Baumschutzrost mit diskontinuierlichen Perforationen stellt eine geometrische Ordnung her, die die Kontinuit\u00e4t des Pflasters begleitet und sicherstellt.\",\"breadcrumb\":{\"@id\":\"https:\\\/\\\/www.urbidermis.com\\\/de\\\/stadtmobiliar\\\/mondrian\\\/#breadcrumb\"},\"inLanguage\":\"de-DE\",\"potentialAction\":[{\"@type\":\"ReadAction\",\"target\":[\"https:\\\/\\\/www.urbidermis.com\\\/de\\\/stadtmobiliar\\\/mondrian\\\/\"]}]},{\"@type\":\"ImageObject\",\"inLanguage\":\"de-DE\",\"@id\":\"https:\\\/\\\/www.urbidermis.com\\\/de\\\/stadtmobiliar\\\/mondrian\\\/#primaryimage\",\"url\":\"https:\\\/\\\/www.urbidermis.com\\\/wp-content\\\/uploads\\\/20080108_MOA_02.jpg\",\"contentUrl\":\"https:\\\/\\\/www.urbidermis.com\\\/wp-content\\\/uploads\\\/20080108_MOA_02.jpg\",\"width\":771,\"height\":1080},{\"@type\":\"BreadcrumbList\",\"@id\":\"https:\\\/\\\/www.urbidermis.com\\\/de\\\/stadtmobiliar\\\/mondrian\\\/#breadcrumb\",\"itemListElement\":[{\"@type\":\"ListItem\",\"position\":1,\"name\":\"Home\",\"item\":\"https:\\\/\\\/www.urbidermis.com\\\/de\\\/\"},{\"@type\":\"ListItem\",\"position\":2,\"name\":\"Produkte\",\"item\":\"https:\\\/\\\/www.urbidermis.com\\\/de\\\/produkte\\\/\"},{\"@type\":\"ListItem\",\"position\":3,\"name\":\"Mondrian\"}]},{\"@type\":\"WebSite\",\"@id\":\"https:\\\/\\\/urbidermis.com\\\/es\\\/#website\",\"url\":\"https:\\\/\\\/urbidermis.com\\\/es\\\/\",\"name\":\"Urbidermis\",\"description\":\"Especialistas en la ciudad\",\"publisher\":{\"@id\":\"https:\\\/\\\/urbidermis.com\\\/es\\\/#organization\"},\"potentialAction\":[{\"@type\":\"SearchAction\",\"target\":{\"@type\":\"EntryPoint\",\"urlTemplate\":\"https:\\\/\\\/urbidermis.com\\\/es\\\/?s={search_term_string}\"},\"query-input\":{\"@type\":\"PropertyValueSpecification\",\"valueRequired\":true,\"valueName\":\"search_term_string\"}}],\"inLanguage\":\"de-DE\"},{\"@type\":\"Organization\",\"@id\":\"https:\\\/\\\/urbidermis.com\\\/es\\\/#organization\",\"name\":\"Urbidermis\",\"url\":\"https:\\\/\\\/urbidermis.com\\\/es\\\/\",\"logo\":{\"@type\":\"ImageObject\",\"inLanguage\":\"de-DE\",\"@id\":\"https:\\\/\\\/urbidermis.com\\\/es\\\/#\\\/schema\\\/logo\\\/image\\\/\",\"url\":\"\",\"contentUrl\":\"\",\"caption\":\"Urbidermis\"},\"image\":{\"@id\":\"https:\\\/\\\/urbidermis.com\\\/es\\\/#\\\/schema\\\/logo\\\/image\\\/\"}}]}<\/script>\n<!-- \/ Yoast SEO plugin. -->","yoast_head_json":{"title":"Mondrian - Urbidermis","description":"Mondrian - Um den \u00dcbergang zwischen Gehweg und Baum zu l\u00f6sen, \u00fcbertr\u00e4gt Antoni Rosell\u00f3 eine Arbeit von Piet Mondrian auf die urbane Umgebung. Der Baumschutzrost mit diskontinuierlichen Perforationen stellt eine geometrische Ordnung her, die die Kontinuit\u00e4t des Pflasters begleitet und sicherstellt.","robots":{"index":"index","follow":"follow","max-snippet":"max-snippet:-1","max-image-preview":"max-image-preview:large","max-video-preview":"max-video-preview:-1"},"canonical":"https:\/\/www.urbidermis.com\/de\/stadtmobiliar\/mondrian\/","og_locale":"de_DE","og_type":"article","og_title":"Mondrian - Urbidermis","og_description":"Mondrian - Um den \u00dcbergang zwischen Gehweg und Baum zu l\u00f6sen, \u00fcbertr\u00e4gt Antoni Rosell\u00f3 eine Arbeit von Piet Mondrian auf die urbane Umgebung. Der Baumschutzrost mit diskontinuierlichen Perforationen stellt eine geometrische Ordnung her, die die Kontinuit\u00e4t des Pflasters begleitet und sicherstellt.","og_url":"https:\/\/www.urbidermis.com\/de\/stadtmobiliar\/mondrian\/","og_site_name":"Urbidermis","article_modified_time":"2026-04-10T07:48:25+00:00","og_image":[{"width":771,"height":1080,"url":"https:\/\/www.urbidermis.com\/wp-content\/uploads\/20080108_MOA_02.jpg","type":"image\/jpeg"}],"twitter_card":"summary_large_image","schema":{"@context":"https:\/\/schema.org","@graph":[{"@type":"WebPage","@id":"https:\/\/www.urbidermis.com\/de\/stadtmobiliar\/mondrian\/","url":"https:\/\/www.urbidermis.com\/de\/stadtmobiliar\/mondrian\/","name":"Mondrian - Urbidermis","isPartOf":{"@id":"https:\/\/urbidermis.com\/es\/#website"},"primaryImageOfPage":{"@id":"https:\/\/www.urbidermis.com\/de\/stadtmobiliar\/mondrian\/#primaryimage"},"image":{"@id":"https:\/\/www.urbidermis.com\/de\/stadtmobiliar\/mondrian\/#primaryimage"},"thumbnailUrl":"https:\/\/www.urbidermis.com\/wp-content\/uploads\/20080108_MOA_02.jpg","datePublished":"2022-03-01T10:42:25+00:00","dateModified":"2026-04-10T07:48:25+00:00","description":"Mondrian - Um den \u00dcbergang zwischen Gehweg und Baum zu l\u00f6sen, \u00fcbertr\u00e4gt Antoni Rosell\u00f3 eine Arbeit von Piet Mondrian auf die urbane Umgebung. Der Baumschutzrost mit diskontinuierlichen Perforationen stellt eine geometrische Ordnung her, die die Kontinuit\u00e4t des Pflasters begleitet und sicherstellt.","breadcrumb":{"@id":"https:\/\/www.urbidermis.com\/de\/stadtmobiliar\/mondrian\/#breadcrumb"},"inLanguage":"de-DE","potentialAction":[{"@type":"ReadAction","target":["https:\/\/www.urbidermis.com\/de\/stadtmobiliar\/mondrian\/"]}]},{"@type":"ImageObject","inLanguage":"de-DE","@id":"https:\/\/www.urbidermis.com\/de\/stadtmobiliar\/mondrian\/#primaryimage","url":"https:\/\/www.urbidermis.com\/wp-content\/uploads\/20080108_MOA_02.jpg","contentUrl":"https:\/\/www.urbidermis.com\/wp-content\/uploads\/20080108_MOA_02.jpg","width":771,"height":1080},{"@type":"BreadcrumbList","@id":"https:\/\/www.urbidermis.com\/de\/stadtmobiliar\/mondrian\/#breadcrumb","itemListElement":[{"@type":"ListItem","position":1,"name":"Home","item":"https:\/\/www.urbidermis.com\/de\/"},{"@type":"ListItem","position":2,"name":"Produkte","item":"https:\/\/www.urbidermis.com\/de\/produkte\/"},{"@type":"ListItem","position":3,"name":"Mondrian"}]},{"@type":"WebSite","@id":"https:\/\/urbidermis.com\/es\/#website","url":"https:\/\/urbidermis.com\/es\/","name":"Urbidermis","description":"Especialistas en la ciudad","publisher":{"@id":"https:\/\/urbidermis.com\/es\/#organization"},"potentialAction":[{"@type":"SearchAction","target":{"@type":"EntryPoint","urlTemplate":"https:\/\/urbidermis.com\/es\/?s={search_term_string}"},"query-input":{"@type":"PropertyValueSpecification","valueRequired":true,"valueName":"search_term_string"}}],"inLanguage":"de-DE"},{"@type":"Organization","@id":"https:\/\/urbidermis.com\/es\/#organization","name":"Urbidermis","url":"https:\/\/urbidermis.com\/es\/","logo":{"@type":"ImageObject","inLanguage":"de-DE","@id":"https:\/\/urbidermis.com\/es\/#\/schema\/logo\/image\/","url":"","contentUrl":"","caption":"Urbidermis"},"image":{"@id":"https:\/\/urbidermis.com\/es\/#\/schema\/logo\/image\/"}}]}},"urb":{"path":"\/de\/stadtmobiliar\/mondrian\/","language":"de","translations":{"de":{"id":8905,"slug":"mondrian","path":"\/de\/stadtmobiliar\/mondrian\/"},"en":{"id":2066,"slug":"mondrian","path":"\/urban-furniture\/mondrian\/"},"es":{"id":8907,"slug":"mondrian","path":"\/es\/mobiliario-urbano\/mondrian\/"},"fr":{"id":8903,"slug":"mondrian","path":"\/fr\/mobilier-urbain\/mondrian\/"}},"page_template":"","featured":{"id":8893,"url":"https:\/\/www.urbidermis.com\/wp-content\/uploads\/20080108_MOA_02.jpg","width":771,"height":1080,"alt":"","title":"20080108_MOA_02","mime":"image\/jpeg","srcset":"https:\/\/www.urbidermis.com\/wp-content\/uploads\/20080108_MOA_02.jpg 771w, https:\/\/www.urbidermis.com\/wp-content\/uploads\/20080108_MOA_02-428x600.jpg 428w, https:\/\/www.urbidermis.com\/wp-content\/uploads\/20080108_MOA_02-731x1024.jpg 731w, https:\/\/www.urbidermis.com\/wp-content\/uploads\/20080108_MOA_02-107x150.jpg 107w, https:\/\/www.urbidermis.com\/wp-content\/uploads\/20080108_MOA_02-768x1076.jpg 768w, https:\/\/www.urbidermis.com\/wp-content\/uploads\/20080108_MOA_02-300x420.jpg 300w","sizes":{"medium":{"url":"https:\/\/www.urbidermis.com\/wp-content\/uploads\/20080108_MOA_02-428x600.jpg","width":428,"height":600},"large":{"url":"https:\/\/www.urbidermis.com\/wp-content\/uploads\/20080108_MOA_02-731x1024.jpg","width":640,"height":897},"thumbnail":{"url":"https:\/\/www.urbidermis.com\/wp-content\/uploads\/20080108_MOA_02-107x150.jpg","width":107,"height":150},"medium_large":{"url":"https:\/\/www.urbidermis.com\/wp-content\/uploads\/20080108_MOA_02-768x1076.jpg","width":640,"height":897},"woocommerce_thumbnail":{"url":"https:\/\/www.urbidermis.com\/wp-content\/uploads\/20080108_MOA_02-150x150.jpg","width":150,"height":150},"woocommerce_single":{"url":"https:\/\/www.urbidermis.com\/wp-content\/uploads\/20080108_MOA_02-300x420.jpg","width":300,"height":420},"woocommerce_gallery_thumbnail":{"url":"https:\/\/www.urbidermis.com\/wp-content\/uploads\/20080108_MOA_02-100x100.jpg","width":100,"height":100},"shop_catalog":{"url":"https:\/\/www.urbidermis.com\/wp-content\/uploads\/20080108_MOA_02-150x150.jpg","width":150,"height":150},"shop_single":{"url":"https:\/\/www.urbidermis.com\/wp-content\/uploads\/20080108_MOA_02-300x420.jpg","width":300,"height":420},"shop_thumbnail":{"url":"https:\/\/www.urbidermis.com\/wp-content\/uploads\/20080108_MOA_02-100x100.jpg","width":100,"height":100}}},"terms":{"product_type":{"items":[{"id":2,"name":"simple","slug":"simple","parent":0,"path":"\/de\/"}],"parent":{"id":2,"name":"simple","slug":"simple","parent":0,"path":"\/de\/"},"child":null},"product_cat":{"items":[{"id":218,"name":"Baumgitter","slug":"baumgitter","parent":213,"path":"\/de\/baumgitter\/"},{"id":213,"name":"Stadtmobiliar","slug":"stadtmobiliar","parent":0,"path":"\/de\/stadtmobiliar\/"}],"parent":{"id":213,"name":"Stadtmobiliar","slug":"stadtmobiliar","parent":0,"path":"\/de\/stadtmobiliar\/"},"child":{"id":218,"name":"Baumgitter","slug":"baumgitter","parent":213,"path":"\/de\/baumgitter\/"}},"pa_application":{"items":[{"id":1599,"name":"Plantagen","slug":"plantagen","parent":0,"path":"\/de\/"}],"parent":{"id":1599,"name":"Plantagen","slug":"plantagen","parent":0,"path":"\/de\/"},"child":null},"pa_materials":{"items":[{"id":1467,"name":"Eisen","slug":"eisen","parent":0,"path":"\/de\/"}],"parent":{"id":1467,"name":"Eisen","slug":"eisen","parent":0,"path":"\/de\/"},"child":null},"pa_typology":{"items":[{"id":1600,"name":"Baumgitter","slug":"baumgitter","parent":0,"path":"\/de\/"}],"parent":{"id":1600,"name":"Baumgitter","slug":"baumgitter","parent":0,"path":"\/de\/"},"child":null},"translation_priority":{"items":[{"id":138,"name":"Optional","slug":"optional-de","parent":0,"path":"\/de\/"}],"parent":{"id":138,"name":"Optional","slug":"optional-de","parent":0,"path":"\/de\/"},"child":null}},"breadcrumb":[],"product":{"sku":"","type":"simple","gallery":[],"attributes":[{"name":"Typology","taxonomy":"pa_typology","visible":true,"options":["Baumgitter"]},{"name":"Application","taxonomy":"pa_application","visible":true,"options":["Plantagen"]},{"name":"Materials","taxonomy":"pa_materials","visible":true,"options":["Eisen"]}],"children":[],"catalog_url":"https:\/\/www.urbidermis.com\/de\/stadtmobiliar\/mondrian\/","downloads":[{"tipo_datasheet":"simple","datasheet":"https:\/\/www.urbidermis.com\/recursos\/dam\/ficheros_tecnicos\/Mondrian-Baumgitter-Technische-Datenblatt-DE.pdf","tipo_instrucciones":"simple","instructions":"https:\/\/www.urbidermis.com\/recursos\/dam\/ficheros_tecnicos\/Mondrian-Tree-grid-Assembly-Instructions.pdf","drawings":"https:\/\/www.urbidermis.com\/recursos\/dam\/ficheros_tecnicos\/Mondrian-Tree-grates-drawings.pdf","2d_cad":"https:\/\/www.urbidermis.com\/recursos\/dam\/ficheros_tecnicos\/Mondrian-Tree-grates-drawings.dxf","3d_cad":"https:\/\/www.urbidermis.com\/recursos\/dam\/ficheros_tecnicos\/Piet_Mondrian_tree_grid_3D.zip","ies_photometric_files":null,"ldt_photometric_files":null,"revit":"https:\/\/www.urbidermis.com\/recursos\/dam\/ficheros_tecnicos\/Urbidermis_Mondrian_BIM_REVIT.zip","group_product":"","idioma":"de","descargable":"https:\/\/www.urbidermis.com\/recursos\/dam\/ficheros_tecnicos\/Mondrian-Tree-grates-drawings.pdf"}]}},"_links":{"self":[{"href":"https:\/\/www.urbidermis.com\/de\/wp-json\/wp\/v2\/product\/8905","targetHints":{"allow":["GET"]}}],"collection":[{"href":"https:\/\/www.urbidermis.com\/de\/wp-json\/wp\/v2\/product"}],"about":[{"href":"https:\/\/www.urbidermis.com\/de\/wp-json\/wp\/v2\/types\/product"}],"wp:featuredmedia":[{"embeddable":true,"href":"https:\/\/www.urbidermis.com\/de\/wp-json\/wp\/v2\/media\/8893"}],"wp:attachment":[{"href":"https:\/\/www.urbidermis.com\/de\/wp-json\/wp\/v2\/media?parent=8905"}],"wp:term":[{"taxonomy":"product_brand","embeddable":true,"href":"https:\/\/www.urbidermis.com\/de\/wp-json\/wp\/v2\/product_brand?post=8905"},{"taxonomy":"product_cat","embeddable":true,"href":"https:\/\/www.urbidermis.com\/de\/wp-json\/wp\/v2\/product_cat?post=8905"},{"taxonomy":"product_tag","embeddable":true,"href":"https:\/\/www.urbidermis.com\/de\/wp-json\/wp\/v2\/product_tag?post=8905"}],"curies":[{"name":"wp","href":"https:\/\/api.w.org\/{rel}","templated":true}]}}