{"id":10431,"date":"2022-03-01T10:33:24","date_gmt":"2022-03-01T10:33:24","guid":{"rendered":"https:\/\/ubweb21.urbidermis.com\/sin%20categor\u00eda\/area-60\/"},"modified":"2026-04-20T14:56:49","modified_gmt":"2026-04-20T12:56:49","slug":"area-60","status":"publish","type":"product","link":"https:\/\/www.urbidermis.com\/es\/balizas-urbanas\/area-60\/","title":{"rendered":"\u00c1rea 60"},"content":{"rendered":"","protected":false},"excerpt":{"rendered":"<p>La baliza \u00c1rea 60 alumbra sutilmente el camino y proporciona una barrera f\u00edsica de delimitaci\u00f3n de espacios exteriores. El interior de la baliza refleja la luz sobre una gran superficie inclinada de acero inoxidable pulido espejo, generando una agradable luz rasante.<\/p>\n","protected":false},"featured_media":8225,"template":"","meta":{"_acf_changed":false,"inline_featured_image":false},"product_brand":[],"product_cat":[82,77],"product_tag":[],"class_list":{"0":"post-10431","1":"product","2":"type-product","3":"status-publish","4":"has-post-thumbnail","6":"product_cat-balizas-urbanas","7":"product_cat-iluminacion-urbana","9":"first","10":"instock","11":"taxable","12":"shipping-taxable","13":"product-type-simple"},"acf":{"secciones_producto":[{"acf_fc_layout":"seccion_navtabs_imagen_dinamica","title_group":{"title_tag":"h2","title_txt":"Se\u00f1alizar el camino"},"texto_intro_principal":true,"texto_introductorio":"Apropiada para zonas exteriores peatonales o zonas ajardinadas. La baliza de exterior \u00c1rea 60 es el compa\u00f1ero ideal para definir, entre claros y oscuros, el plano de desplazamiento horizontal, y a la vez, presentar un singular y reconocible car\u00e1cter durante el d\u00eda.","ventanas_detalles_producto":[{"title_group_producto_grid_single":{"title_tag":"h2","title_txt":"Materiales"},"imagen_de_fondo_dinamic_single_producto":"","texto_contenido_ventana":true,"contenido_tabs_producto":"<ul>\n<li>Baliza de chapa de acero corten de 4mm de espesor y reflector de acero inoxidable AISI 304 de 1,2 mm de espesor pulido espejo (opcionalmente en acero inoxidable AISI 316).<\/li>\n<li>Difusor de policarbonato trasl\u00facido de 3mm de espesor y reja de protecci\u00f3n de acero inoxidable AISI 304.<\/li>\n<li>Torniller\u00eda de acero inoxidable A2.<\/li>\n<\/ul>\n","acordion":false,"preguntas_y_respuestas":false,"cuadricula_de_colores":false,"componentes_producto":false,"descargables":false,"tipo_datasheet":"simple","datasheet":false,"datasheet_multiple":false,"tipo_instrucciones":"simple","instructions":false,"instructions_multiple":false,"drawings_ce":false,"2d_cad":false,"3d_cad":false,"revit":false,"ldt_photometric_files":false,"ies_photometric_files":false,"validador_detalles_producto":false,"tipo_especificacion":"distribucion"},{"title_group_producto_grid_single":{"title_tag":"h2","title_txt":"Acabados"},"imagen_de_fondo_dinamic_single_producto":"","texto_contenido_ventana":true,"contenido_tabs_producto":"<p>La baliza, fabricada en acero corten, presenta una tonalidad inicial que cambiar\u00e1 gradualmente hasta completar su oxidaci\u00f3n natural con la exposici\u00f3n al aire libre.<\/p>\n<p>Los colores mostrados son meramente indicativos.<br \/>\nOtros colores bajo demanda.<br \/>\nConsultar acabados para ambientes marinos.<\/p>\n","acordion":false,"preguntas_y_respuestas":false,"cuadricula_de_colores":true,"componentes_producto":[{"nombre_componente":"","colores":[{"value":"acero-corten","label":"Acero corten"}]}],"descargables":false,"tipo_datasheet":"simple","datasheet":false,"datasheet_multiple":false,"tipo_instrucciones":"simple","instructions":false,"instructions_multiple":false,"drawings_ce":false,"2d_cad":false,"3d_cad":false,"revit":false,"ldt_photometric_files":false,"ies_photometric_files":false,"validador_detalles_producto":false,"tipo_especificacion":""},{"title_group_producto_grid_single":{"title_tag":"h2","title_txt":"Fuente de luz"},"imagen_de_fondo_dinamic_single_producto":"","texto_contenido_ventana":true,"contenido_tabs_producto":"<p class=\"p1\"><strong>Potencia del sistema (W)<\/strong><\/p>\n<p class=\"p2\">Unidad \u00f3ptica de alta eficacia<\/p>\n<ul>\n<li class=\"p3\">8 LEDs 10W<\/li>\n<\/ul>\n<p>&nbsp;<\/p>\n<p class=\"p1\"><strong>Corriente de funcionamiento (mA)<\/strong><\/p>\n<ul>\n<li class=\"p3\">350<\/li>\n<\/ul>\n<p>&nbsp;<\/p>\n<p class=\"p1\"><strong>Temperatura de color (K)<\/strong><\/p>\n<ul>\n<li class=\"p2\">3000 IRC min80<\/li>\n<li>2700 IRC min80<\/li>\n<\/ul>\n<p>&nbsp;<\/p>\n<p><strong>Service life<\/strong><\/p>\n<p>TM21 L70 (10k) &gt; 60.000 h<\/p>\n","acordion":false,"preguntas_y_respuestas":false,"cuadricula_de_colores":false,"componentes_producto":false,"descargables":false,"tipo_datasheet":"simple","datasheet":false,"datasheet_multiple":false,"tipo_instrucciones":"simple","instructions":false,"instructions_multiple":false,"drawings_ce":false,"2d_cad":false,"3d_cad":false,"revit":false,"ldt_photometric_files":false,"ies_photometric_files":false,"validador_detalles_producto":false,"tipo_especificacion":""},{"title_group_producto_grid_single":{"title_tag":"h2","title_txt":"Dibujo de cotas"},"imagen_de_fondo_dinamic_single_producto":"","texto_contenido_ventana":false,"contenido_tabs_producto":"","acordion":false,"preguntas_y_respuestas":false,"cuadricula_de_colores":false,"componentes_producto":false,"descargables":false,"tipo_datasheet":"simple","datasheet":false,"datasheet_multiple":false,"tipo_instrucciones":"simple","instructions":false,"instructions_multiple":false,"drawings_ce":false,"2d_cad":false,"3d_cad":false,"revit":false,"ldt_photometric_files":false,"ies_photometric_files":false,"validador_detalles_producto":false,"tipo_especificacion":"certificados"},{"title_group_producto_grid_single":{"title_tag":"h2","title_txt":"Distribuciones"},"imagen_de_fondo_dinamic_single_producto":"","texto_contenido_ventana":false,"contenido_tabs_producto":"","acordion":false,"preguntas_y_respuestas":false,"cuadricula_de_colores":false,"componentes_producto":false,"descargables":false,"tipo_datasheet":"simple","datasheet":false,"datasheet_multiple":false,"tipo_instrucciones":"simple","instructions":false,"instructions_multiple":false,"drawings_ce":false,"2d_cad":false,"3d_cad":false,"revit":false,"ldt_photometric_files":false,"ies_photometric_files":false,"validador_detalles_producto":true,"tipo_especificacion":"distribucion"},{"title_group_producto_grid_single":{"title_tag":"h2","title_txt":"Instalaci\u00f3n"},"imagen_de_fondo_dinamic_single_producto":"","texto_contenido_ventana":true,"contenido_tabs_producto":"<ul>\n<li>La baliza se entrega en un embalaje, junto con las instrucciones de instalaci\u00f3n y montaje, y torniller\u00eda.<\/li>\n<li>Fijaci\u00f3n a pavimento del elemento mediante un dado de hormig\u00f3n con ranura para conexi\u00f3n el\u00e9ctrica, realizado in situ y cuatro tacos de fijaci\u00f3n con protecci\u00f3n antioxidante.<\/li>\n<\/ul>\n","acordion":false,"preguntas_y_respuestas":false,"cuadricula_de_colores":false,"componentes_producto":[{"nombre_componente":"","colores":[{"value":"acero-corten","label":"Acero corten"}]}],"descargables":false,"tipo_datasheet":"simple","datasheet":false,"datasheet_multiple":false,"tipo_instrucciones":"simple","instructions":false,"instructions_multiple":false,"drawings_ce":false,"2d_cad":false,"3d_cad":false,"revit":false,"ldt_photometric_files":false,"ies_photometric_files":false,"validador_detalles_producto":false,"tipo_especificacion":""},{"title_group_producto_grid_single":{"title_tag":"h2","title_txt":"Mantenimiento"},"imagen_de_fondo_dinamic_single_producto":"","texto_contenido_ventana":true,"contenido_tabs_producto":"<ul>\n<li>La baliza desarrolla una p\u00e1tina de \u00f3xido de protecci\u00f3n contra el clima.<\/li>\n<li class=\"li1\">Limpia utilizando productos de limpieza de pH neutro, sin alcohol y no abrasivos.<\/li>\n<\/ul>\n","acordion":false,"preguntas_y_respuestas":false,"cuadricula_de_colores":false,"componentes_producto":false,"descargables":false,"tipo_datasheet":"simple","datasheet":false,"datasheet_multiple":false,"tipo_instrucciones":"simple","instructions":false,"instructions_multiple":false,"drawings_ce":false,"2d_cad":false,"3d_cad":false,"revit":false,"ldt_photometric_files":false,"ies_photometric_files":false,"validador_detalles_producto":false,"tipo_especificacion":""},{"title_group_producto_grid_single":{"title_tag":"h2","title_txt":"Certificados"},"imagen_de_fondo_dinamic_single_producto":"","texto_contenido_ventana":false,"contenido_tabs_producto":"<p>Baliza: 13,6<\/p>\n<p>*Peso aproximado sin embalaje (kg)<\/p>\n","acordion":false,"preguntas_y_respuestas":false,"cuadricula_de_colores":false,"componentes_producto":false,"descargables":false,"tipo_datasheet":"simple","datasheet":false,"datasheet_multiple":false,"tipo_instrucciones":"simple","instructions":false,"instructions_multiple":false,"drawings_ce":false,"2d_cad":false,"3d_cad":false,"revit":false,"ldt_photometric_files":false,"ies_photometric_files":false,"validador_detalles_producto":true,"tipo_especificacion":"certificados"},{"title_group_producto_grid_single":{"title_tag":"h2","title_txt":"Peso"},"imagen_de_fondo_dinamic_single_producto":"","texto_contenido_ventana":true,"contenido_tabs_producto":"<p>Baliza: 13,6<\/p>\n<p>*Peso aproximado sin embalaje (kg)<\/p>\n","acordion":false,"preguntas_y_respuestas":false,"cuadricula_de_colores":false,"componentes_producto":false,"descargables":false,"tipo_datasheet":"simple","datasheet":false,"datasheet_multiple":false,"tipo_instrucciones":"simple","instructions":false,"instructions_multiple":false,"drawings_ce":false,"2d_cad":false,"3d_cad":false,"revit":false,"ldt_photometric_files":false,"ies_photometric_files":false,"validador_detalles_producto":false,"tipo_especificacion":"certificados"}]},{"acf_fc_layout":"seccion_navtabs_imagen_dinamica","title_group":{"title_tag":"h2","title_txt":"Descargables"},"texto_intro_principal":false,"texto_introductorio":"","ventanas_detalles_producto":[{"title_group_producto_grid_single":{"title_tag":"h2","title_txt":""},"imagen_de_fondo_dinamic_single_producto":"","texto_contenido_ventana":false,"contenido_tabs_producto":"","acordion":false,"preguntas_y_respuestas":false,"cuadricula_de_colores":false,"componentes_producto":false,"descargables":true,"tipo_datasheet":"simple","datasheet":{"ID":25105,"id":25105,"title":"Area60_Baliza_Ficha_tecnica_ES","filename":"Area60_Baliza_Ficha_tecnica_ES.pdf","filesize":1157575,"url":"https:\/\/www.urbidermis.com\/wp-content\/uploads\/Area60_Baliza_Ficha_tecnica_ES.pdf","link":"https:\/\/www.urbidermis.com\/es\/?attachment_id=25105","alt":"","author":"109","description":"","caption":"","name":"area60_baliza_ficha_tecnica_es-2","status":"inherit","uploaded_to":10431,"date":"2024-09-20 13:02:12","modified":"2024-09-20 13:06:37","menu_order":0,"mime_type":"application\/pdf","type":"application","subtype":"pdf","icon":"https:\/\/www.urbidermis.com\/wp-includes\/images\/media\/document.png"},"datasheet_multiple":false,"tipo_instrucciones":"simple","instructions":{"ID":25073,"id":25073,"title":"Area60_Pathway-light_Assembly_Instructions_CE","filename":"Area60_Pathway-light_Assembly_Instructions_CE.pdf","filesize":3413469,"url":"https:\/\/www.urbidermis.com\/wp-content\/uploads\/Area60_Pathway-light_Assembly_Instructions_CE.pdf","link":"https:\/\/www.urbidermis.com\/es\/?attachment_id=25073","alt":"","author":"109","description":"","caption":"","name":"area60_pathway-light_assembly_instructions_ce-2","status":"inherit","uploaded_to":10431,"date":"2024-09-20 12:50:28","modified":"2024-09-20 13:06:37","menu_order":0,"mime_type":"application\/pdf","type":"application","subtype":"pdf","icon":"https:\/\/www.urbidermis.com\/wp-includes\/images\/media\/document.png"},"instructions_multiple":false,"drawings_ce":{"ID":14070,"id":14070,"title":"Area60_pathwaylights_drawings","filename":"Area60_pathwaylights_drawings.pdf","filesize":0,"url":"https:\/\/www.urbidermis.com\/wp-content\/uploads\/Area60_pathwaylights_drawings.pdf","link":"https:\/\/www.urbidermis.com\/es\/?attachment_id=14070","alt":"","author":"4","description":"","caption":"","name":"area60_pathwaylights_drawings-2","status":"inherit","uploaded_to":6610,"date":"2022-07-13 15:59:29","modified":"2022-07-13 15:59:29","menu_order":0,"mime_type":"application\/pdf","type":"application","subtype":"pdf","icon":"https:\/\/www.urbidermis.com\/wp-includes\/images\/media\/document.png"},"2d_cad":{"ID":14200,"id":14200,"title":"Area60_pathwaylights_drawings","filename":"Area60_pathwaylights_drawings.dxf","filesize":0,"url":"https:\/\/www.urbidermis.com\/wp-content\/uploads\/Area60_pathwaylights_drawings.dxf","link":"https:\/\/www.urbidermis.com\/es\/?attachment_id=14200","alt":"","author":"4","description":"","caption":"","name":"area60_pathwaylights_drawings-2-2","status":"inherit","uploaded_to":6607,"date":"2022-07-13 18:28:43","modified":"2022-07-13 18:28:43","menu_order":0,"mime_type":"application\/dxf","type":"application","subtype":"dxf","icon":"https:\/\/www.urbidermis.com\/wp-includes\/images\/media\/default.png"},"3d_cad":{"ID":11678,"id":11678,"title":"Area60_3D","filename":"Area60_3D.zip","filesize":0,"url":"https:\/\/www.urbidermis.com\/wp-content\/uploads\/Area60_3D.zip","link":"https:\/\/www.urbidermis.com\/es\/?attachment_id=11678","alt":"","author":"7","description":"","caption":"","name":"area60_3d-2","status":"inherit","uploaded_to":10431,"date":"2022-07-08 08:48:35","modified":"2022-07-08 08:48:35","menu_order":0,"mime_type":"application\/zip","type":"application","subtype":"zip","icon":"https:\/\/www.urbidermis.com\/wp-includes\/images\/media\/archive.png"},"revit":{"ID":16537,"id":16537,"title":"ILU_URBIDERMIS_BIM_Area60_01.rvt","filename":"ILU_URBIDERMIS_BIM_Area60_01.rvt_.zip","filesize":0,"url":"https:\/\/www.urbidermis.com\/wp-content\/uploads\/ILU_URBIDERMIS_BIM_Area60_01.rvt_.zip","link":"https:\/\/www.urbidermis.com\/es\/?attachment_id=16537","alt":"","author":"7","description":"","caption":"","name":"ilu_urbidermis_bim_area60_01-rvt-2","status":"inherit","uploaded_to":10431,"date":"2022-12-29 15:02:17","modified":"2022-12-29 15:02:17","menu_order":0,"mime_type":"application\/zip","type":"application","subtype":"zip","icon":"https:\/\/www.urbidermis.com\/wp-includes\/images\/media\/archive.png"},"ldt_photometric_files":{"ID":24738,"id":24738,"title":"LDT_Photometries_Area60","filename":"LDT_Photometries_Area60.zip","filesize":4673,"url":"https:\/\/www.urbidermis.com\/wp-content\/uploads\/LDT_Photometries_Area60.zip","link":"https:\/\/www.urbidermis.com\/es\/?attachment_id=24738","alt":"","author":"109","description":"","caption":"","name":"ldt_photometries_area60-2","status":"inherit","uploaded_to":10431,"date":"2024-08-27 09:16:50","modified":"2024-08-27 09:16:50","menu_order":0,"mime_type":"application\/zip","type":"application","subtype":"zip","icon":"https:\/\/www.urbidermis.com\/wp-includes\/images\/media\/archive.png"},"ies_photometric_files":{"ID":11686,"id":11686,"title":"Area60_residential_IES_photometries","filename":"IES_Photometries_Area60.zip","filesize":3454,"url":"https:\/\/www.urbidermis.com\/wp-content\/uploads\/IES_Photometries_Area60.zip","link":"https:\/\/www.urbidermis.com\/es\/?attachment_id=11686","alt":"","author":"7","description":"","caption":"","name":"area60_residential_ies_photometries-2","status":"inherit","uploaded_to":10431,"date":"2022-07-08 08:48:57","modified":"2022-07-08 08:48:57","menu_order":0,"mime_type":"application\/zip","type":"application","subtype":"zip","icon":"https:\/\/www.urbidermis.com\/wp-includes\/images\/media\/archive.png"},"validador_detalles_producto":false,"tipo_especificacion":""}]},{"acf_fc_layout":"seccion_consulta_nuestros_expertos","imagen_de_fondo_single_producto":"https:\/\/www.urbidermis.com\/recursos\/imagenes_galeria\/20220614-Spain-Barcelona-Belloch-ARB6-Equipo-Urbidermis-02-x2400-Sangre-x2400.jpg\n","imagen_de_fondo_single_producto_mobile":"https:\/\/www.urbidermis.com\/recursos\/imagenes_galeria\/20220614-Spain-Barcelona-Belloch-ARB6-Equipo-Urbidermis-mobile-x1000.jpg\n"},{"acf_fc_layout":"seccion_imagen_de_fondo_con_sub_menu","titulo_group_list_contet_proyectos":{"title_tag":"h3","title_txt":"\u00c1rea 60 en la ciudad"},"ancla_copy2":"","proyectos_relacionados":[{"project":{"ID":23220,"post_author":"7","post_date":"2024-05-23 11:23:48","post_date_gmt":"2024-05-23 09:23:48","post_content":"","post_title":"Puerto de Pasaia","post_excerpt":"","post_status":"publish","comment_status":"closed","ping_status":"closed","post_password":"","post_name":"puerto-de-pasaia","to_ping":"","pinged":"","post_modified":"2024-05-23 11:23:48","post_modified_gmt":"2024-05-23 09:23:48","post_content_filtered":"","post_parent":0,"guid":"https:\/\/www.urbidermis.com\/proyectos\/puerto-de-pasaia\/","menu_order":0,"post_type":"proyectos","post_mime_type":"","comment_count":"0","filter":"raw"},"project_img":"https:\/\/www.urbidermis.com\/recursos\/imagenes_galeria\/20240509-Spain-San-Sebastian-Puerto-Pasaia-ARB6-ARP-Javier-Bravo-04-x2400-Proyectos-x1000.jpg\n"}]}],"premios_producto_repeater":false,"validacion_producto_descarga":true,"valor_a_buscar_en_el_filtro_repeater":false,"participantes":false,"dist_simetrica":[],"dist_indirecta":[],"control":[],"certificados":["ce","rohs","ip55","ip66","ik10","clase-i"],"ano_creacion_producto":"2020","nombre_solo_plantas_field":"","dist_asimetrica":[],"resumen_libro":"","autor_book_publicacion_producto":"","galeria_imagenes_repeater_libro":[{"imagen_item_gal":"https:\/\/www.urbidermis.com\/recursos\/imagenes_galeria\/20240509-Spain-San-Sebastian-Puerto-Pasaia-ARB6-ASP-Javier-Bravo-43-x2400-DAM-x1000.jpg\n","activar_video_item_gal":false,"portada_video_item_gal":false,"video_en_horizonal_item_gal":false,"video_item_gal":false},{"imagen_item_gal":"https:\/\/www.urbidermis.com\/recursos\/imagenes_galeria\/Baliza-Area-60-Descripcion-02-Web-x2400-Carrusel-02-x1000.jpg\n","activar_video_item_gal":false,"portada_video_item_gal":false,"video_en_horizonal_item_gal":false,"video_item_gal":false},{"imagen_item_gal":"https:\/\/www.urbidermis.com\/recursos\/imagenes_galeria\/Baliza-Area-60-Descripcion-06-Web-x2400-Carrusel-01-x1000.jpg\n","activar_video_item_gal":false,"portada_video_item_gal":false,"video_en_horizonal_item_gal":false,"video_item_gal":false}],"_numero_de_paginas_campo_texto":"","is_plano_de_cotas_validator":true,"galeria_multidimension_imagenes_plano_de_cotas_proyector":[{"texto_pestana_plano_galeria":"Baliza","imagen_plano_de_cotas":"https:\/\/www.urbidermis.com\/recursos\/imagenes_galeria\/Area60-Urban-Pathway-Lamps-PC.svg\n"}],"nombre_arbol_entre_comillas":"","isbn_campo_texto":"","idioma_campo_texto":"","enquadernacion_campo_texto":"","pdf_asociado_producto":false,"is_protocolo_y_control_generic":false,"text_content_family_basic_information":"","text_content_family_basic_number_width":"","text_content_family_basic_number_height":"","text_content_planting_density":"","flowers_option_colours":[],"flowers_option_season":[],"properties_option_pruning":[],"properties_option_watering":[],"properties_option_sun_exposure":[],"properties_option_fire":[],"properties_option_heat":[],"properties_option_moisture":[],"properties_option_minimum_temp":"","properties_option_soil_type":[],"properties_option_dryness":[],"properties_option_coastal_area":[],"is_producto_residencial_para_mostrar_info_diferente":false,"dist_suelo":["area-beam-2"],"check_para_validar_no_secc_aplication":true,"selecciona_tipo_de_imagen_custom":[],"texto_introduccion_landing_custom":"","enlace_descubre_mas_custom":"","opciones_de_texto_1":true,"opciones_de_texto_2":{"value":"acabado_standar","label":"Acabado Standard"},"opciones_de_texto_3":[],"activar_seccion_text_parrafo_pos_bottom_carrousel":false,"accordion_titulo_parrafo_acordeon_imagen":false,"imagen_titulo_parrafo_acordeon_imagen":"","image_portada_titulo_parrafo_acordeon_imagen":"","imagen_mobile_titulo_parrafo_acordeon_imagen":"","txt_acabados_prod_opciones_de_texto_1":true,"txt_acabados_prod_opciones_de_texto_2":{"value":"acabado_standard","label":"Acabado Standard"},"txt_acabados_prod_opciones_de_texto_3":[],"activador_seccion_impacto_acvs_secctions_acvs":true,"codigos_acvs_matching_row-leds":[{"texto_pestana_item_fetch":"","codigo_item_fetch":"ARB06"}],"activator_acf_option_madera_text":false,"texto_enlace_amplifyapp":"area_60_Urban_lighting","texto_destacado_text_parrafo_pos_bottom_carrousel":"","parrafo_text_parrafo_pos_bottom_carrousel":"","titulo_titulo_parrafo_acordeon_imagen":"","parrafo_titulo_parrafo_acordeon_imagen":"","texto_bajo_btn_certificados":"","tipos_de_post_relationship_related":"","autores":[{"ID":10752,"post_author":"4","post_date":"2022-06-29 16:01:19","post_date_gmt":"2022-06-29 16:01:19","post_content":"","post_title":"Claudi Aguil\u00f3","post_excerpt":"","post_status":"publish","comment_status":"closed","ping_status":"closed","post_password":"","post_name":"claudi-aguilo","to_ping":"","pinged":"","post_modified":"2024-09-13 12:42:12","post_modified_gmt":"2024-09-13 10:42:12","post_content_filtered":"","post_parent":0,"guid":"https:\/\/ubweb21.urbidermis.com\/biographies\/claudi-aguilo\/","menu_order":0,"post_type":"autores","post_mime_type":"","comment_count":"0","filter":"raw"},{"ID":10691,"post_author":"4","post_date":"2022-06-29 15:46:51","post_date_gmt":"2022-06-29 15:46:51","post_content":"","post_title":"Xavier Nogu\u00e9s","post_excerpt":"","post_status":"publish","comment_status":"closed","ping_status":"closed","post_password":"","post_name":"xavier-nogues","to_ping":"","pinged":"","post_modified":"2024-09-18 11:29:25","post_modified_gmt":"2024-09-18 09:29:25","post_content_filtered":"","post_parent":0,"guid":"https:\/\/ubweb21.urbidermis.com\/biographies\/xavier-nogues\/","menu_order":0,"post_type":"autores","post_mime_type":"","comment_count":"0","filter":"raw"}],"productos_relationship_related":[{"ID":6625,"post_author":"4","post_date":"2022-03-01 10:31:47","post_date_gmt":"2022-03-01 10:31:47","post_content":"","post_title":"\u00c1rea","post_excerpt":"Robusto prisma inclinado hacia atr\u00e1s, realizado en acero corten acabado oxidado. En su interior la luz se refleja sobre una gran superficie inclinada de acero inoxidable pulido, que genera una agradable luz rasante.","post_status":"publish","comment_status":"closed","ping_status":"closed","post_password":"","post_name":"area","to_ping":"","pinged":"","post_modified":"2026-04-20 14:52:35","post_modified_gmt":"2026-04-20 12:52:35","post_content_filtered":"","post_parent":0,"guid":"https:\/\/ubweb21.urbidermis.com\/product\/area\/","menu_order":0,"post_type":"product","post_mime_type":"","comment_count":"0","filter":"raw"},{"ID":6660,"post_author":"4","post_date":"2022-03-01 10:33:44","post_date_gmt":"2022-03-01 10:33:44","post_content":"","post_title":"Finisterre","post_excerpt":"S\u00f3lida baliza urbana de secci\u00f3n triangular con aristas romas. La baliza Finisterre se presenta como un robusto elemento iluminante de baja cota pensado para aportar una agradable se\u00f1alizaci\u00f3n lum\u00ednica y definir as\u00ed los l\u00edmites visuales del espacio abierto.","post_status":"publish","comment_status":"closed","ping_status":"closed","post_password":"","post_name":"finisterre","to_ping":"","pinged":"","post_modified":"2026-04-20 14:59:36","post_modified_gmt":"2026-04-20 12:59:36","post_content_filtered":"","post_parent":0,"guid":"https:\/\/ubweb21.urbidermis.com\/product\/finisterre\/","menu_order":0,"post_type":"product","post_mime_type":"","comment_count":"0","filter":"raw"},{"ID":6576,"post_author":"4","post_date":"2022-03-01 10:32:05","post_date_gmt":"2022-03-01 10:32:05","post_content":"[link_wp_dam_url ids=\"2125\"]","post_title":"Skyline","post_excerpt":"Una baliza urbana amable que acompa\u00f1a a cada paso del camino, se\u00f1alizando el recorrido, una ventana lum\u00ednica suspendida. Skyline es una baliza de l\u00edneas esenciales, luz y color se combinan en un juego inspirado en el suprematismo ruso de Kazimir Mal\u00e9vich.","post_status":"publish","comment_status":"closed","ping_status":"closed","post_password":"","post_name":"skyline","to_ping":"","pinged":"","post_modified":"2026-04-20 15:03:19","post_modified_gmt":"2026-04-20 13:03:19","post_content_filtered":"","post_parent":0,"guid":"https:\/\/ubweb21.urbidermis.com\/product\/skyline\/","menu_order":0,"post_type":"product","post_mime_type":"","comment_count":"0","filter":"raw"},{"ID":6577,"post_author":"4","post_date":"2022-03-01 10:32:33","post_date_gmt":"2022-03-01 10:32:33","post_content":"","post_title":"Rodes","post_excerpt":"Aplique empotrable realizado en fundici\u00f3n de bronce o aluminio, que proyecta una noble luz rasante. El cuerpo luminoso interno queda protegido por un enrejado met\u00e1lico que destaca a\u00fan m\u00e1s la singularidad y car\u00e1cter de este fiel centinela de la mejor arquitectura.","post_status":"publish","comment_status":"closed","ping_status":"closed","post_password":"","post_name":"rodes","to_ping":"","pinged":"","post_modified":"2026-04-20 15:05:48","post_modified_gmt":"2026-04-20 13:05:48","post_content_filtered":"","post_parent":0,"guid":"https:\/\/ubweb21.urbidermis.com\/product\/rodes\/","menu_order":0,"post_type":"product","post_mime_type":"","comment_count":"0","filter":"raw"}]},"yoast_head":"<!-- This site is optimized with the Yoast SEO plugin v27.6 - https:\/\/yoast.com\/product\/yoast-seo-wordpress\/ -->\n<title>\u00c1rea 60 - Urbidermis<\/title>\n<meta name=\"description\" content=\"\u00c1rea 60 - La baliza \u00c1rea 60 alumbra sutilmente el camino y proporciona una barrera f\u00edsica de delimitaci\u00f3n de espacios exteriores. El interior de la baliza refleja la luz sobre una gran superficie inclinada de acero inoxidable pulido espejo, generando una agradable luz rasante.\" \/>\n<meta name=\"robots\" content=\"index, follow, max-snippet:-1, max-image-preview:large, max-video-preview:-1\" \/>\n<link rel=\"canonical\" href=\"https:\/\/www.urbidermis.com\/es\/balizas-urbanas\/area-60\/\" \/>\n<meta property=\"og:locale\" content=\"es_ES\" \/>\n<meta property=\"og:type\" content=\"article\" \/>\n<meta property=\"og:title\" content=\"\u00c1rea 60 - Urbidermis\" \/>\n<meta property=\"og:description\" content=\"\u00c1rea 60 - La baliza \u00c1rea 60 alumbra sutilmente el camino y proporciona una barrera f\u00edsica de delimitaci\u00f3n de espacios exteriores. El interior de la baliza refleja la luz sobre una gran superficie inclinada de acero inoxidable pulido espejo, generando una agradable luz rasante.\" \/>\n<meta property=\"og:url\" content=\"https:\/\/www.urbidermis.com\/es\/balizas-urbanas\/area-60\/\" \/>\n<meta property=\"og:site_name\" content=\"Urbidermis\" \/>\n<meta property=\"article:modified_time\" content=\"2026-04-20T12:56:49+00:00\" \/>\n<meta property=\"og:image\" content=\"https:\/\/www.urbidermis.com\/wp-content\/uploads\/20210311_Spain_Barcelona_Belloch_ARBR_Equipo_Urbidermis_03.jpg\" \/>\n\t<meta property=\"og:image:width\" content=\"1071\" \/>\n\t<meta property=\"og:image:height\" content=\"1500\" \/>\n\t<meta property=\"og:image:type\" content=\"image\/jpeg\" \/>\n<meta name=\"twitter:card\" content=\"summary_large_image\" \/>\n<script type=\"application\/ld+json\" class=\"yoast-schema-graph\">{\"@context\":\"https:\\\/\\\/schema.org\",\"@graph\":[{\"@type\":\"WebPage\",\"@id\":\"https:\\\/\\\/www.urbidermis.com\\\/es\\\/balizas-urbanas\\\/area-60\\\/\",\"url\":\"https:\\\/\\\/www.urbidermis.com\\\/es\\\/balizas-urbanas\\\/area-60\\\/\",\"name\":\"\u00c1rea 60 - Urbidermis\",\"isPartOf\":{\"@id\":\"https:\\\/\\\/urbidermis.com\\\/es\\\/#website\"},\"primaryImageOfPage\":{\"@id\":\"https:\\\/\\\/www.urbidermis.com\\\/es\\\/balizas-urbanas\\\/area-60\\\/#primaryimage\"},\"image\":{\"@id\":\"https:\\\/\\\/www.urbidermis.com\\\/es\\\/balizas-urbanas\\\/area-60\\\/#primaryimage\"},\"thumbnailUrl\":\"https:\\\/\\\/www.urbidermis.com\\\/wp-content\\\/uploads\\\/20210311_Spain_Barcelona_Belloch_ARBR_Equipo_Urbidermis_03.jpg\",\"datePublished\":\"2022-03-01T10:33:24+00:00\",\"dateModified\":\"2026-04-20T12:56:49+00:00\",\"description\":\"\u00c1rea 60 - La baliza \u00c1rea 60 alumbra sutilmente el camino y proporciona una barrera f\u00edsica de delimitaci\u00f3n de espacios exteriores. El interior de la baliza refleja la luz sobre una gran superficie inclinada de acero inoxidable pulido espejo, generando una agradable luz rasante.\",\"breadcrumb\":{\"@id\":\"https:\\\/\\\/www.urbidermis.com\\\/es\\\/balizas-urbanas\\\/area-60\\\/#breadcrumb\"},\"inLanguage\":\"es-ES\",\"potentialAction\":[{\"@type\":\"ReadAction\",\"target\":[\"https:\\\/\\\/www.urbidermis.com\\\/es\\\/balizas-urbanas\\\/area-60\\\/\"]}]},{\"@type\":\"ImageObject\",\"inLanguage\":\"es-ES\",\"@id\":\"https:\\\/\\\/www.urbidermis.com\\\/es\\\/balizas-urbanas\\\/area-60\\\/#primaryimage\",\"url\":\"https:\\\/\\\/www.urbidermis.com\\\/wp-content\\\/uploads\\\/20210311_Spain_Barcelona_Belloch_ARBR_Equipo_Urbidermis_03.jpg\",\"contentUrl\":\"https:\\\/\\\/www.urbidermis.com\\\/wp-content\\\/uploads\\\/20210311_Spain_Barcelona_Belloch_ARBR_Equipo_Urbidermis_03.jpg\",\"width\":1071,\"height\":1500},{\"@type\":\"BreadcrumbList\",\"@id\":\"https:\\\/\\\/www.urbidermis.com\\\/es\\\/balizas-urbanas\\\/area-60\\\/#breadcrumb\",\"itemListElement\":[{\"@type\":\"ListItem\",\"position\":1,\"name\":\"Home\",\"item\":\"https:\\\/\\\/www.urbidermis.com\\\/es\\\/\"},{\"@type\":\"ListItem\",\"position\":2,\"name\":\"Productos\",\"item\":\"https:\\\/\\\/www.urbidermis.com\\\/es\\\/productos\\\/\"},{\"@type\":\"ListItem\",\"position\":3,\"name\":\"\u00c1rea 60\"}]},{\"@type\":\"WebSite\",\"@id\":\"https:\\\/\\\/urbidermis.com\\\/es\\\/#website\",\"url\":\"https:\\\/\\\/urbidermis.com\\\/es\\\/\",\"name\":\"Urbidermis\",\"description\":\"Expertos en la ciudad\",\"publisher\":{\"@id\":\"https:\\\/\\\/urbidermis.com\\\/es\\\/#organization\"},\"potentialAction\":[{\"@type\":\"SearchAction\",\"target\":{\"@type\":\"EntryPoint\",\"urlTemplate\":\"https:\\\/\\\/urbidermis.com\\\/es\\\/?s={search_term_string}\"},\"query-input\":{\"@type\":\"PropertyValueSpecification\",\"valueRequired\":true,\"valueName\":\"search_term_string\"}}],\"inLanguage\":\"es-ES\"},{\"@type\":\"Organization\",\"@id\":\"https:\\\/\\\/urbidermis.com\\\/es\\\/#organization\",\"name\":\"Urbidermis\",\"url\":\"https:\\\/\\\/urbidermis.com\\\/es\\\/\",\"logo\":{\"@type\":\"ImageObject\",\"inLanguage\":\"es-ES\",\"@id\":\"https:\\\/\\\/urbidermis.com\\\/es\\\/#\\\/schema\\\/logo\\\/image\\\/\",\"url\":\"\",\"contentUrl\":\"\",\"caption\":\"Urbidermis\"},\"image\":{\"@id\":\"https:\\\/\\\/urbidermis.com\\\/es\\\/#\\\/schema\\\/logo\\\/image\\\/\"}}]}<\/script>\n<!-- \/ Yoast SEO plugin. -->","yoast_head_json":{"title":"\u00c1rea 60 - Urbidermis","description":"\u00c1rea 60 - La baliza \u00c1rea 60 alumbra sutilmente el camino y proporciona una barrera f\u00edsica de delimitaci\u00f3n de espacios exteriores. El interior de la baliza refleja la luz sobre una gran superficie inclinada de acero inoxidable pulido espejo, generando una agradable luz rasante.","robots":{"index":"index","follow":"follow","max-snippet":"max-snippet:-1","max-image-preview":"max-image-preview:large","max-video-preview":"max-video-preview:-1"},"canonical":"https:\/\/www.urbidermis.com\/es\/balizas-urbanas\/area-60\/","og_locale":"es_ES","og_type":"article","og_title":"\u00c1rea 60 - Urbidermis","og_description":"\u00c1rea 60 - La baliza \u00c1rea 60 alumbra sutilmente el camino y proporciona una barrera f\u00edsica de delimitaci\u00f3n de espacios exteriores. El interior de la baliza refleja la luz sobre una gran superficie inclinada de acero inoxidable pulido espejo, generando una agradable luz rasante.","og_url":"https:\/\/www.urbidermis.com\/es\/balizas-urbanas\/area-60\/","og_site_name":"Urbidermis","article_modified_time":"2026-04-20T12:56:49+00:00","og_image":[{"width":1071,"height":1500,"url":"https:\/\/www.urbidermis.com\/wp-content\/uploads\/20210311_Spain_Barcelona_Belloch_ARBR_Equipo_Urbidermis_03.jpg","type":"image\/jpeg"}],"twitter_card":"summary_large_image","schema":{"@context":"https:\/\/schema.org","@graph":[{"@type":"WebPage","@id":"https:\/\/www.urbidermis.com\/es\/balizas-urbanas\/area-60\/","url":"https:\/\/www.urbidermis.com\/es\/balizas-urbanas\/area-60\/","name":"\u00c1rea 60 - Urbidermis","isPartOf":{"@id":"https:\/\/urbidermis.com\/es\/#website"},"primaryImageOfPage":{"@id":"https:\/\/www.urbidermis.com\/es\/balizas-urbanas\/area-60\/#primaryimage"},"image":{"@id":"https:\/\/www.urbidermis.com\/es\/balizas-urbanas\/area-60\/#primaryimage"},"thumbnailUrl":"https:\/\/www.urbidermis.com\/wp-content\/uploads\/20210311_Spain_Barcelona_Belloch_ARBR_Equipo_Urbidermis_03.jpg","datePublished":"2022-03-01T10:33:24+00:00","dateModified":"2026-04-20T12:56:49+00:00","description":"\u00c1rea 60 - La baliza \u00c1rea 60 alumbra sutilmente el camino y proporciona una barrera f\u00edsica de delimitaci\u00f3n de espacios exteriores. El interior de la baliza refleja la luz sobre una gran superficie inclinada de acero inoxidable pulido espejo, generando una agradable luz rasante.","breadcrumb":{"@id":"https:\/\/www.urbidermis.com\/es\/balizas-urbanas\/area-60\/#breadcrumb"},"inLanguage":"es-ES","potentialAction":[{"@type":"ReadAction","target":["https:\/\/www.urbidermis.com\/es\/balizas-urbanas\/area-60\/"]}]},{"@type":"ImageObject","inLanguage":"es-ES","@id":"https:\/\/www.urbidermis.com\/es\/balizas-urbanas\/area-60\/#primaryimage","url":"https:\/\/www.urbidermis.com\/wp-content\/uploads\/20210311_Spain_Barcelona_Belloch_ARBR_Equipo_Urbidermis_03.jpg","contentUrl":"https:\/\/www.urbidermis.com\/wp-content\/uploads\/20210311_Spain_Barcelona_Belloch_ARBR_Equipo_Urbidermis_03.jpg","width":1071,"height":1500},{"@type":"BreadcrumbList","@id":"https:\/\/www.urbidermis.com\/es\/balizas-urbanas\/area-60\/#breadcrumb","itemListElement":[{"@type":"ListItem","position":1,"name":"Home","item":"https:\/\/www.urbidermis.com\/es\/"},{"@type":"ListItem","position":2,"name":"Productos","item":"https:\/\/www.urbidermis.com\/es\/productos\/"},{"@type":"ListItem","position":3,"name":"\u00c1rea 60"}]},{"@type":"WebSite","@id":"https:\/\/urbidermis.com\/es\/#website","url":"https:\/\/urbidermis.com\/es\/","name":"Urbidermis","description":"Expertos en la ciudad","publisher":{"@id":"https:\/\/urbidermis.com\/es\/#organization"},"potentialAction":[{"@type":"SearchAction","target":{"@type":"EntryPoint","urlTemplate":"https:\/\/urbidermis.com\/es\/?s={search_term_string}"},"query-input":{"@type":"PropertyValueSpecification","valueRequired":true,"valueName":"search_term_string"}}],"inLanguage":"es-ES"},{"@type":"Organization","@id":"https:\/\/urbidermis.com\/es\/#organization","name":"Urbidermis","url":"https:\/\/urbidermis.com\/es\/","logo":{"@type":"ImageObject","inLanguage":"es-ES","@id":"https:\/\/urbidermis.com\/es\/#\/schema\/logo\/image\/","url":"","contentUrl":"","caption":"Urbidermis"},"image":{"@id":"https:\/\/urbidermis.com\/es\/#\/schema\/logo\/image\/"}}]}},"urb":{"path":"\/es\/balizas-urbanas\/area-60\/","language":"es","translations":{"de":{"id":10430,"slug":"area-60","path":"\/de\/leuchpoller\/area-60\/"},"en":{"id":2045,"slug":"area-60","path":"\/urban-pathway-lights\/area-60\/"},"es":{"id":10431,"slug":"area-60","path":"\/es\/balizas-urbanas\/area-60\/"},"fr":{"id":10428,"slug":"area-60","path":"\/fr\/balises-urbaines\/area-60\/"}},"page_template":"","featured":{"id":8225,"url":"https:\/\/www.urbidermis.com\/wp-content\/uploads\/20210311_Spain_Barcelona_Belloch_ARBR_Equipo_Urbidermis_03.jpg","width":1071,"height":1500,"alt":"","title":"20210311_Spain_Barcelona_Belloch_ARBR_Equipo_Urbidermis_03","mime":"image\/jpeg","srcset":"https:\/\/www.urbidermis.com\/wp-content\/uploads\/20210311_Spain_Barcelona_Belloch_ARBR_Equipo_Urbidermis_03.jpg 1071w, https:\/\/www.urbidermis.com\/wp-content\/uploads\/20210311_Spain_Barcelona_Belloch_ARBR_Equipo_Urbidermis_03-428x600.jpg 428w, https:\/\/www.urbidermis.com\/wp-content\/uploads\/20210311_Spain_Barcelona_Belloch_ARBR_Equipo_Urbidermis_03-731x1024.jpg 731w, https:\/\/www.urbidermis.com\/wp-content\/uploads\/20210311_Spain_Barcelona_Belloch_ARBR_Equipo_Urbidermis_03-107x150.jpg 107w, https:\/\/www.urbidermis.com\/wp-content\/uploads\/20210311_Spain_Barcelona_Belloch_ARBR_Equipo_Urbidermis_03-768x1076.jpg 768w, https:\/\/www.urbidermis.com\/wp-content\/uploads\/20210311_Spain_Barcelona_Belloch_ARBR_Equipo_Urbidermis_03-300x420.jpg 300w","sizes":{"medium":{"url":"https:\/\/www.urbidermis.com\/wp-content\/uploads\/20210311_Spain_Barcelona_Belloch_ARBR_Equipo_Urbidermis_03-428x600.jpg","width":428,"height":600},"large":{"url":"https:\/\/www.urbidermis.com\/wp-content\/uploads\/20210311_Spain_Barcelona_Belloch_ARBR_Equipo_Urbidermis_03-731x1024.jpg","width":640,"height":897},"thumbnail":{"url":"https:\/\/www.urbidermis.com\/wp-content\/uploads\/20210311_Spain_Barcelona_Belloch_ARBR_Equipo_Urbidermis_03-107x150.jpg","width":107,"height":150},"medium_large":{"url":"https:\/\/www.urbidermis.com\/wp-content\/uploads\/20210311_Spain_Barcelona_Belloch_ARBR_Equipo_Urbidermis_03-768x1076.jpg","width":640,"height":897},"woocommerce_thumbnail":{"url":"https:\/\/www.urbidermis.com\/wp-content\/uploads\/20210311_Spain_Barcelona_Belloch_ARBR_Equipo_Urbidermis_03-150x150.jpg","width":150,"height":150},"woocommerce_single":{"url":"https:\/\/www.urbidermis.com\/wp-content\/uploads\/20210311_Spain_Barcelona_Belloch_ARBR_Equipo_Urbidermis_03-300x420.jpg","width":300,"height":420},"woocommerce_gallery_thumbnail":{"url":"https:\/\/www.urbidermis.com\/wp-content\/uploads\/20210311_Spain_Barcelona_Belloch_ARBR_Equipo_Urbidermis_03-100x100.jpg","width":100,"height":100},"shop_catalog":{"url":"https:\/\/www.urbidermis.com\/wp-content\/uploads\/20210311_Spain_Barcelona_Belloch_ARBR_Equipo_Urbidermis_03-150x150.jpg","width":150,"height":150},"shop_single":{"url":"https:\/\/www.urbidermis.com\/wp-content\/uploads\/20210311_Spain_Barcelona_Belloch_ARBR_Equipo_Urbidermis_03-300x420.jpg","width":300,"height":420},"shop_thumbnail":{"url":"https:\/\/www.urbidermis.com\/wp-content\/uploads\/20210311_Spain_Barcelona_Belloch_ARBR_Equipo_Urbidermis_03-100x100.jpg","width":100,"height":100}}},"terms":{"product_type":{"items":[{"id":2,"name":"simple","slug":"simple","parent":0,"path":"\/es\/"}],"parent":{"id":2,"name":"simple","slug":"simple","parent":0,"path":"\/es\/"},"child":null},"product_cat":{"items":[{"id":82,"name":"Balizas urbanas","slug":"balizas-urbanas","parent":77,"path":"\/es\/balizas-urbanas\/"},{"id":77,"name":"Iluminaci\u00f3n urbana","slug":"iluminacion-urbana","parent":0,"path":"\/es\/iluminacion-urbana\/"}],"parent":{"id":77,"name":"Iluminaci\u00f3n urbana","slug":"iluminacion-urbana","parent":0,"path":"\/es\/iluminacion-urbana\/"},"child":{"id":82,"name":"Balizas urbanas","slug":"balizas-urbanas","parent":77,"path":"\/es\/balizas-urbanas\/"}},"pa_application":{"items":[{"id":1438,"name":"Superficie","slug":"superficie","parent":0,"path":"\/es\/"}],"parent":{"id":1438,"name":"Superficie","slug":"superficie","parent":0,"path":"\/es\/"},"child":null},"pa_certification":{"items":[{"id":1456,"name":"IK10","slug":"ik10-es","parent":0,"path":"\/es\/"}],"parent":{"id":1456,"name":"IK10","slug":"ik10-es","parent":0,"path":"\/es\/"},"child":null},"pa_materials":{"items":[{"id":1475,"name":"Corten","slug":"corten-es","parent":0,"path":"\/es\/"}],"parent":{"id":1475,"name":"Corten","slug":"corten-es","parent":0,"path":"\/es\/"},"child":null},"pa_typology":{"items":[{"id":1427,"name":"Balizas","slug":"balizas","parent":0,"path":"\/es\/"}],"parent":{"id":1427,"name":"Balizas","slug":"balizas","parent":0,"path":"\/es\/"},"child":null},"translation_priority":{"items":[{"id":20,"name":"Opcional","slug":"opcional","parent":0,"path":"\/es\/"}],"parent":{"id":20,"name":"Opcional","slug":"opcional","parent":0,"path":"\/es\/"},"child":null}},"breadcrumb":[],"product":{"sku":"","type":"simple","gallery":[],"attributes":[{"name":"Typology","taxonomy":"pa_typology","visible":true,"options":["Balizas"]},{"name":"Application","taxonomy":"pa_application","visible":true,"options":["Superficie"]},{"name":"Certification","taxonomy":"pa_certification","visible":true,"options":["IK10"]},{"name":"Materials","taxonomy":"pa_materials","visible":true,"options":["Corten"]}],"children":[],"catalog_url":"https:\/\/www.urbidermis.com\/es\/balizas-urbanas\/area-60\/","downloads":[{"tipo_datasheet":"simple","datasheet":"https:\/\/www.urbidermis.com\/recursos\/dam\/ficheros_tecnicos\/Area60-Baliza-Ficha-tecnica-ES.pdf","tipo_instrucciones":"simple","instructions":"https:\/\/www.urbidermis.com\/recursos\/dam\/ficheros_tecnicos\/Area60-Pathway-light-Assembly-Instructions-CE.pdf","drawings":"https:\/\/www.urbidermis.com\/recursos\/dam\/ficheros_tecnicos\/Area60-Pathway-light-drawings.pdf","2d_cad":"https:\/\/www.urbidermis.com\/recursos\/dam\/ficheros_tecnicos\/Area60-Pathway-light-drawings.dxf","3d_cad":"\/recursos\/dam\/ficheros_tecnicos\/Area60-3D-.zip","ies_photometric_files":"https:\/\/www.urbidermis.com\/recursos\/dam\/ficheros_tecnicos\/IES_Photometries_Area60.zip","ldt_photometric_files":"https:\/\/www.urbidermis.com\/recursos\/dam\/ficheros_tecnicos\/LDT_Photometries_Area60.zip","revit":"https:\/\/www.urbidermis.com\/recursos\/dam\/ficheros_tecnicos\/ILU_URBIDERMIS_BIM_Area60_01.rvt_.zip","group_product":"","idioma":"es","descargable":"https:\/\/www.urbidermis.com\/recursos\/dam\/ficheros_tecnicos\/Area60-Baliza-Ficha-tecnica-ES.pdf"}]}},"_links":{"self":[{"href":"https:\/\/www.urbidermis.com\/es\/wp-json\/wp\/v2\/product\/10431","targetHints":{"allow":["GET"]}}],"collection":[{"href":"https:\/\/www.urbidermis.com\/es\/wp-json\/wp\/v2\/product"}],"about":[{"href":"https:\/\/www.urbidermis.com\/es\/wp-json\/wp\/v2\/types\/product"}],"wp:featuredmedia":[{"embeddable":true,"href":"https:\/\/www.urbidermis.com\/es\/wp-json\/wp\/v2\/media\/8225"}],"wp:attachment":[{"href":"https:\/\/www.urbidermis.com\/es\/wp-json\/wp\/v2\/media?parent=10431"}],"wp:term":[{"taxonomy":"product_brand","embeddable":true,"href":"https:\/\/www.urbidermis.com\/es\/wp-json\/wp\/v2\/product_brand?post=10431"},{"taxonomy":"product_cat","embeddable":true,"href":"https:\/\/www.urbidermis.com\/es\/wp-json\/wp\/v2\/product_cat?post=10431"},{"taxonomy":"product_tag","embeddable":true,"href":"https:\/\/www.urbidermis.com\/es\/wp-json\/wp\/v2\/product_tag?post=10431"}],"curies":[{"name":"wp","href":"https:\/\/api.w.org\/{rel}","templated":true}]}}