


{"id":29048,"date":"2026-03-09T18:30:19","date_gmt":"2026-03-09T16:30:19","guid":{"rendered":"https:\/\/www.urbidermis.com\/sin%20categor\u00eda\/harpo-kids-2\/"},"modified":"2026-04-21T11:00:31","modified_gmt":"2026-04-21T09:00:31","slug":"harpo-kids-2","status":"publish","type":"product","link":"https:\/\/www.urbidermis.com\/es\/mobiliario-urbano\/harpo-kids-2\/","title":{"rendered":"Harpo Kids"},"content":{"rendered":"","protected":false},"excerpt":{"rendered":"<p>La colecci\u00f3n Harpo Kids, formada por un banco, una banqueta y una mesa, invita a los m\u00e1s peque\u00f1os a compartir el espacio p\u00fablico a trav\u00e9s de mobiliario urbano adaptado a su escala. Apuesta por la inclusi\u00f3n infantil y promueve la convivencia, permitiendo que exploren y se relacionen con el entorno urbano desde su propia perspectiva.<\/p>\n","protected":false},"featured_media":29019,"template":"","meta":{"_acf_changed":false,"inline_featured_image":false},"product_cat":[86,76],"product_tag":[2638],"acf":{"activador_seccion_impacto_acvs_secctions_acvs":false,"texto_enlace_amplifyapp":"","codigos_acvs_matching_row-leds":null,"activator_acf_option_madera_text":true,"texto_bajo_btn_certificados":"","check_para_validar_no_secc_aplication":false,"is_protocolo_y_control_generic":false,"is_producto_residencial_para_mostrar_info_diferente":false,"is_plano_de_cotas_validator":true,"galeria_multidimension_imagenes_plano_de_cotas_proyector":[{"texto_pestana_plano_galeria":"Mesa infantil","imagen_plano_de_cotas":"[link_wp_dam_url ids=\"18720\"]"},{"texto_pestana_plano_galeria":"Banco infantil","imagen_plano_de_cotas":"[link_wp_dam_url ids=\"18719\"]"},{"texto_pestana_plano_galeria":"Banqueta infantil","imagen_plano_de_cotas":"[link_wp_dam_url ids=\"18718\"]"}],"premios_producto_repeater":null,"participantes":"","autores":[10511,10504],"ano_creacion_producto":"2025","validacion_producto_descarga":true,"galeria_imagenes_repeater_libro":[{"imagen_item_gal":"[link_wp_dam_url ids=\"18654\"]","activar_video_item_gal":false,"portada_video_item_gal":null,"video_en_horizonal_item_gal":false,"video_item_gal":false},{"imagen_item_gal":"[link_wp_dam_url ids=\"18653\"]","activar_video_item_gal":false,"portada_video_item_gal":null,"video_en_horizonal_item_gal":false,"video_item_gal":false},{"imagen_item_gal":"","activar_video_item_gal":true,"portada_video_item_gal":29073,"video_en_horizonal_item_gal":true,"video_item_gal":"1172884028"},{"imagen_item_gal":"[link_wp_dam_url ids=\"18652\"]","activar_video_item_gal":false,"portada_video_item_gal":null,"video_en_horizonal_item_gal":false,"video_item_gal":false},{"imagen_item_gal":"[link_wp_dam_url ids=\"18655\"]","activar_video_item_gal":false,"portada_video_item_gal":null,"video_en_horizonal_item_gal":false,"video_item_gal":false},{"imagen_item_gal":"[link_wp_dam_url ids=\"18657\"]","activar_video_item_gal":false,"portada_video_item_gal":null,"video_en_horizonal_item_gal":false,"video_item_gal":false}],"secciones_producto":[{"acf_fc_layout":"seccion_navtabs_imagen_dinamica","title_group":{"title_tag":"h2","title_txt":"Un punto de encuentro para los m\u00e1s peque\u00f1os"},"texto_intro_principal":true,"texto_introductorio":"La mesa Harpo Kids ofrece una superficie c\u00f3moda y accesible para jugar, dibujar o aprender en el espacio p\u00fablico. Sus dimensiones est\u00e1n cuidadosamente adaptadas a ni\u00f1os de aproximadamente tres a siete a\u00f1os, fomentando la autonom\u00eda y la interacci\u00f3n. Fabricada con los mismos materiales nobles y duraderos que el resto de la colecci\u00f3n Harpo, conserva la calidad, la honestidad y el car\u00e1cter que definen su dise\u00f1o.","ventanas_detalles_producto":[{"title_group_producto_grid_single":{"title_tag":"h2","title_txt":"Materiales"},"imagen_de_fondo_dinamic_single_producto":"","texto_contenido_ventana":true,"contenido_tabs_producto":"<ul>\r\n \t<li>Estructura de fundici\u00f3n de aluminio EN-AC-51100 AG3 acabada anodizada.<\/li>\r\n \t<li>Listones de 130 x 25 mm, de madera tropical, con certificaci\u00f3n FSC 100%, protegida con aceite monocapa.<\/li>\r\n \t<li>Pernos de acero cincado.<\/li>\r\n \t<li>Torniller\u00eda de acero inoxidable A2.<\/li>\r\n<\/ul>","acordion":false,"preguntas_y_respuestas":null,"cuadricula_de_colores":false,"componentes_producto":null,"descargables":false,"tipo_datasheet":"simple","datasheet":null,"datasheet_multiple":null,"tipo_instrucciones":"simple","instructions":null,"instructions_multiple":null,"drawings_ce":null,"2d_cad":null,"3d_cad":null,"revit":null,"ldt_photometric_files":null,"ies_photometric_files":null,"validador_detalles_producto":false,"tipo_especificacion":""},{"title_group_producto_grid_single":{"title_tag":"h2","title_txt":"Acabados"},"imagen_de_fondo_dinamic_single_producto":"","texto_contenido_ventana":true,"contenido_tabs_producto":"Los acabados mostrados son meramente indicativos. Apto para zonas costeras.","acordion":false,"preguntas_y_respuestas":null,"cuadricula_de_colores":true,"componentes_producto":[{"nombre_componente":"Listones","colores":["madera_tropical"]},{"nombre_componente":"Estructura","colores":["aluminio_anodizado_ag3"]}],"descargables":false,"tipo_datasheet":"simple","datasheet":null,"datasheet_multiple":null,"tipo_instrucciones":"simple","instructions":null,"instructions_multiple":null,"drawings_ce":null,"2d_cad":null,"3d_cad":null,"revit":null,"ldt_photometric_files":null,"ies_photometric_files":null,"validador_detalles_producto":false,"tipo_especificacion":""},{"title_group_producto_grid_single":{"title_tag":"h2","title_txt":"Dibujo de cotas"},"imagen_de_fondo_dinamic_single_producto":"","texto_contenido_ventana":false,"contenido_tabs_producto":"","acordion":false,"preguntas_y_respuestas":null,"cuadricula_de_colores":false,"componentes_producto":null,"descargables":false,"tipo_datasheet":"simple","datasheet":null,"datasheet_multiple":null,"tipo_instrucciones":"simple","instructions":null,"instructions_multiple":null,"drawings_ce":null,"2d_cad":null,"3d_cad":null,"revit":null,"ldt_photometric_files":null,"ies_photometric_files":null,"validador_detalles_producto":false,"tipo_especificacion":""},{"title_group_producto_grid_single":{"title_tag":"h2","title_txt":"Instalaci\u00f3n"},"imagen_de_fondo_dinamic_single_producto":"","texto_contenido_ventana":true,"contenido_tabs_producto":"<ul>\r\n \t<li class=\"p2\"><span class=\"s1\">Inst<\/span>alaci\u00f3n mediante dos pernos por estructura de apoyo introducidos en orificios previamente realizados en el pavimento, rellenados con resina epoxi, cemento r\u00e1pido o similar.<\/li>\r\n \t<li class=\"p2\"><span class=\"s3\">El elem<\/span>ento se suministra desmontado en dos componentes: estructura y listones.<\/li>\r\n \t<li class=\"p2\">Instrucciones de instalaci\u00f3n y montaje, torniller\u00eda<\/li>\r\n<\/ul>","acordion":false,"preguntas_y_respuestas":null,"cuadricula_de_colores":false,"componentes_producto":null,"descargables":false,"tipo_datasheet":"simple","datasheet":null,"datasheet_multiple":null,"tipo_instrucciones":"simple","instructions":null,"instructions_multiple":null,"drawings_ce":null,"2d_cad":null,"3d_cad":null,"revit":null,"ldt_photometric_files":null,"ies_photometric_files":null,"validador_detalles_producto":false,"tipo_especificacion":""},{"title_group_producto_grid_single":{"title_tag":"h2","title_txt":"Mantenimiento"},"imagen_de_fondo_dinamic_single_producto":"","texto_contenido_ventana":false,"contenido_tabs_producto":"","acordion":false,"preguntas_y_respuestas":null,"cuadricula_de_colores":false,"componentes_producto":null,"descargables":false,"tipo_datasheet":"simple","datasheet":null,"datasheet_multiple":null,"tipo_instrucciones":"simple","instructions":null,"instructions_multiple":null,"drawings_ce":null,"2d_cad":null,"3d_cad":null,"revit":null,"ldt_photometric_files":null,"ies_photometric_files":null,"validador_detalles_producto":false,"tipo_especificacion":""},{"title_group_producto_grid_single":{"title_tag":"h2","title_txt":"Certificados"},"imagen_de_fondo_dinamic_single_producto":"","texto_contenido_ventana":false,"contenido_tabs_producto":"","acordion":false,"preguntas_y_respuestas":null,"cuadricula_de_colores":false,"componentes_producto":null,"descargables":false,"tipo_datasheet":"simple","datasheet":null,"datasheet_multiple":null,"tipo_instrucciones":"simple","instructions":null,"instructions_multiple":null,"drawings_ce":null,"2d_cad":null,"3d_cad":null,"revit":null,"ldt_photometric_files":null,"ies_photometric_files":null,"validador_detalles_producto":true,"tipo_especificacion":"certificados"}]},{"acf_fc_layout":"seccion_navtabs_imagen_dinamica","title_group":{"title_tag":"h2","title_txt":"Tipolog\u00eda"},"texto_intro_principal":false,"texto_introductorio":"","ventanas_detalles_producto":[{"title_group_producto_grid_single":{"title_tag":"h2","title_txt":"Mesa infantil"},"imagen_de_fondo_dinamic_single_producto":"[link_wp_dam_url ids=\"18668\"]","texto_contenido_ventana":true,"contenido_tabs_producto":"La mesa Harpo Kids completa el conjunto como un punto de encuentro para el juego, la creatividad y el aprendizaje compartido. Sus proporciones est\u00e1n adaptadas a la altura infantil, facilitando que los ni\u00f1os se re\u00fanan. Una pieza sencilla y honesta que invita a habitar el espacio p\u00fablico.\r\n\r\n&nbsp;\r\n\r\n<strong>Peso<\/strong>\r\n\r\nMesa 1,15m: 18\r\n\r\nPeso aproximado sin embalaje (kg).","acordion":false,"preguntas_y_respuestas":null,"cuadricula_de_colores":false,"componentes_producto":null,"descargables":false,"tipo_datasheet":"simple","datasheet":null,"datasheet_multiple":null,"tipo_instrucciones":"simple","instructions":null,"instructions_multiple":null,"drawings_ce":null,"2d_cad":null,"3d_cad":null,"revit":null,"ldt_photometric_files":null,"ies_photometric_files":null,"validador_detalles_producto":false,"tipo_especificacion":""},{"title_group_producto_grid_single":{"title_tag":"h2","title_txt":"Banco infantil"},"imagen_de_fondo_dinamic_single_producto":"[link_wp_dam_url ids=\"18674\"]","texto_contenido_ventana":true,"contenido_tabs_producto":"Disponible en versiones individual y de tres plazas, ofrece un punto de descanso y observaci\u00f3n a la medida de los ni\u00f1os. Su ergonom\u00eda favorece una postura c\u00f3moda y natural, mientras que el respaldo aporta contenci\u00f3n y confort. La estructura, ligera pero robusta, garantiza estabilidad y resistencia en el uso cotidiano.\r\n\r\n&nbsp;\r\n\r\n<strong>Peso<\/strong>\r\n\r\nSilla 0,42 m: 8\r\nBanco 1,15 m: 15\r\n\r\nPeso aproximado sin embalaje (kg).","acordion":false,"preguntas_y_respuestas":null,"cuadricula_de_colores":false,"componentes_producto":null,"descargables":false,"tipo_datasheet":"simple","datasheet":null,"datasheet_multiple":null,"tipo_instrucciones":"simple","instructions":null,"instructions_multiple":null,"drawings_ce":null,"2d_cad":null,"3d_cad":null,"revit":null,"ldt_photometric_files":null,"ies_photometric_files":null,"validador_detalles_producto":false,"tipo_especificacion":""},{"title_group_producto_grid_single":{"title_tag":"h2","title_txt":"Banqueta infantil"},"imagen_de_fondo_dinamic_single_producto":"[link_wp_dam_url ids=\"18672\"]","texto_contenido_ventana":true,"contenido_tabs_producto":"Sin respaldo, la banqueta Harpo Kids invita a un uso m\u00e1s libre y din\u00e1mico del espacio. Pensada para acompa\u00f1ar mesas o zonas de juego, facilita la interacci\u00f3n y el movimiento. Su construcci\u00f3n combina ligereza y resistencia, pensada para acompa\u00f1ar el ritmo del juego diario.\r\n\r\n&nbsp;\r\n\r\n<strong>Peso<\/strong>\r\n\r\nBanqueta 0,42 m: 5\r\nBanqueta 1,15 m: 9\r\n\r\nPeso aproximado sin embalaje (kg).","acordion":false,"preguntas_y_respuestas":null,"cuadricula_de_colores":false,"componentes_producto":null,"descargables":false,"tipo_datasheet":"simple","datasheet":null,"datasheet_multiple":null,"tipo_instrucciones":"simple","instructions":null,"instructions_multiple":null,"drawings_ce":null,"2d_cad":null,"3d_cad":null,"revit":null,"ldt_photometric_files":null,"ies_photometric_files":null,"validador_detalles_producto":false,"tipo_especificacion":""}]},{"acf_fc_layout":"seccion_navtabs_imagen_dinamica","title_group":{"title_tag":"h2","title_txt":"Descargables"},"texto_intro_principal":false,"texto_introductorio":"","ventanas_detalles_producto":null},{"acf_fc_layout":"seccion_consulta_nuestros_expertos","imagen_de_fondo_single_producto":"[link_wp_dam_url ids=\"18658\" size=\"x2400\"]","imagen_de_fondo_single_producto_mobile":""}],"dist_simetrica":"","dist_asimetrica":"","dist_indirecta":"","dist_suelo":"","control":"","certificados":["ce","fsc","c2c"],"nombre_arbol_entre_comillas":"","nombre_solo_plantas_field":"","isbn_campo_texto":"","autor_book_publicacion_producto":"","idioma_campo_texto":"","enquadernacion_campo_texto":"","_numero_de_paginas_campo_texto":"","pdf_asociado_producto":"","resumen_libro":"","text_content_family_basic_information":"","text_content_family_basic_number_width":"","text_content_family_basic_number_height":"","text_content_planting_density":"","flowers_option_colours":"","flowers_option_season":"","properties_option_pruning":"","properties_option_watering":"","properties_option_sun_exposure":"","properties_option_minimum_temp":"","properties_option_soil_type":"","properties_option_fire":"","properties_option_heat":"","properties_option_moisture":"","properties_option_dryness":"","properties_option_coastal_area":"","texto_introduccion_landing_custom":"Descubre c\u00f3mo Harpo Kids invita a los m\u00e1s peque\u00f1os a habitar el espacio p\u00fablico.","enlace_descubre_mas_custom":{"title":"Descubre m\u00e1s","url":"https:\/\/www.urbidermis.com\/es\/harpo-kids-collection\/","target":""},"selecciona_tipo_de_imagen_custom":["vertical"],"imagen_vertical_custom":"[link_wp_dam ids=\"18702\" template=\"single-image\"]","imagen_horizontal_custom":"","opciones_de_texto_1":true,"opciones_de_texto_2":"acabado_standar","opciones_de_texto_3":""},"yoast_head":"<!-- This site is optimized with the Yoast SEO plugin v22.8 - https:\/\/yoast.com\/wordpress\/plugins\/seo\/ -->\n<title>Harpo Kids - Urbidermis<\/title>\n<meta name=\"robots\" content=\"index, follow, max-snippet:-1, max-image-preview:large, max-video-preview:-1\" \/>\n<link rel=\"canonical\" href=\"https:\/\/www.urbidermis.com\/es\/mobiliario-urbano\/harpo-kids-2\/\" \/>\n<meta property=\"og:locale\" content=\"es_ES\" \/>\n<meta property=\"og:type\" content=\"article\" \/>\n<meta property=\"og:title\" content=\"Harpo Kids - Urbidermis\" \/>\n<meta property=\"og:description\" content=\"La colecci\u00f3n Harpo Kids, formada por un banco, una banqueta y una mesa, invita a los m\u00e1s peque\u00f1os a compartir el espacio p\u00fablico a trav\u00e9s de mobiliario urbano adaptado a su escala. Apuesta por la inclusi\u00f3n infantil y promueve la convivencia, permitiendo que exploren y se relacionen con el entorno urbano desde su propia perspectiva.\" \/>\n<meta property=\"og:url\" content=\"https:\/\/www.urbidermis.com\/es\/mobiliario-urbano\/harpo-kids-2\/\" \/>\n<meta property=\"og:site_name\" content=\"Urbidermis\" \/>\n<meta property=\"article:modified_time\" content=\"2026-04-21T09:00:31+00:00\" \/>\n<meta property=\"og:image\" content=\"https:\/\/www.urbidermis.com\/wp-content\/uploads\/20260222_Barcelona_Harpo_Kids_Digital_Claudia_Maurino_03-scaled.jpg\" \/>\n\t<meta property=\"og:image:width\" content=\"1707\" \/>\n\t<meta property=\"og:image:height\" content=\"2560\" \/>\n\t<meta property=\"og:image:type\" content=\"image\/jpeg\" \/>\n<meta name=\"twitter:card\" content=\"summary_large_image\" \/>\n<script type=\"application\/ld+json\" class=\"yoast-schema-graph\">{\"@context\":\"https:\/\/schema.org\",\"@graph\":[{\"@type\":\"WebPage\",\"@id\":\"https:\/\/www.urbidermis.com\/es\/mobiliario-urbano\/harpo-kids-2\/\",\"url\":\"https:\/\/www.urbidermis.com\/es\/mobiliario-urbano\/harpo-kids-2\/\",\"name\":\"Harpo Kids - Urbidermis\",\"isPartOf\":{\"@id\":\"https:\/\/www.urbidermis.com\/es\/#website\"},\"primaryImageOfPage\":{\"@id\":\"https:\/\/www.urbidermis.com\/es\/mobiliario-urbano\/harpo-kids-2\/#primaryimage\"},\"image\":{\"@id\":\"https:\/\/www.urbidermis.com\/es\/mobiliario-urbano\/harpo-kids-2\/#primaryimage\"},\"thumbnailUrl\":\"https:\/\/www.urbidermis.com\/wp-content\/uploads\/20260222_Barcelona_Harpo_Kids_Digital_Claudia_Maurino_03-scaled.jpg\",\"datePublished\":\"2026-03-09T16:30:19+00:00\",\"dateModified\":\"2026-04-21T09:00:31+00:00\",\"breadcrumb\":{\"@id\":\"https:\/\/www.urbidermis.com\/es\/mobiliario-urbano\/harpo-kids-2\/#breadcrumb\"},\"inLanguage\":\"es\",\"potentialAction\":[{\"@type\":\"ReadAction\",\"target\":[\"https:\/\/www.urbidermis.com\/es\/mobiliario-urbano\/harpo-kids-2\/\"]}]},{\"@type\":\"ImageObject\",\"inLanguage\":\"es\",\"@id\":\"https:\/\/www.urbidermis.com\/es\/mobiliario-urbano\/harpo-kids-2\/#primaryimage\",\"url\":\"https:\/\/www.urbidermis.com\/wp-content\/uploads\/20260222_Barcelona_Harpo_Kids_Digital_Claudia_Maurino_03-scaled.jpg\",\"contentUrl\":\"https:\/\/www.urbidermis.com\/wp-content\/uploads\/20260222_Barcelona_Harpo_Kids_Digital_Claudia_Maurino_03-scaled.jpg\",\"width\":1707,\"height\":2560},{\"@type\":\"BreadcrumbList\",\"@id\":\"https:\/\/www.urbidermis.com\/es\/mobiliario-urbano\/harpo-kids-2\/#breadcrumb\",\"itemListElement\":[{\"@type\":\"ListItem\",\"position\":1,\"name\":\"Home\",\"item\":\"https:\/\/www.urbidermis.com\/es\/\"},{\"@type\":\"ListItem\",\"position\":2,\"name\":\"Productos\",\"item\":\"https:\/\/www.urbidermis.com\/es\/productos\/\"},{\"@type\":\"ListItem\",\"position\":3,\"name\":\"Harpo Kids\"}]},{\"@type\":\"WebSite\",\"@id\":\"https:\/\/www.urbidermis.com\/es\/#website\",\"url\":\"https:\/\/www.urbidermis.com\/es\/\",\"name\":\"Urbidermis\",\"description\":\"Expertos en la ciudad\",\"publisher\":{\"@id\":\"https:\/\/www.urbidermis.com\/es\/#organization\"},\"potentialAction\":[{\"@type\":\"SearchAction\",\"target\":{\"@type\":\"EntryPoint\",\"urlTemplate\":\"https:\/\/www.urbidermis.com\/es\/?s={search_term_string}\"},\"query-input\":\"required name=search_term_string\"}],\"inLanguage\":\"es\"},{\"@type\":\"Organization\",\"@id\":\"https:\/\/www.urbidermis.com\/es\/#organization\",\"name\":\"Urbidermis\",\"url\":\"https:\/\/www.urbidermis.com\/es\/\",\"logo\":{\"@type\":\"ImageObject\",\"inLanguage\":\"es\",\"@id\":\"https:\/\/www.urbidermis.com\/es\/#\/schema\/logo\/image\/\",\"url\":\"https:\/\/www.urbidermis.com\/wp-content\/uploads\/logo_urbdermis-1.png\",\"contentUrl\":\"https:\/\/www.urbidermis.com\/wp-content\/uploads\/logo_urbdermis-1.png\",\"width\":601,\"height\":1033,\"caption\":\"Urbidermis\"},\"image\":{\"@id\":\"https:\/\/www.urbidermis.com\/es\/#\/schema\/logo\/image\/\"}}]}<\/script>\n<!-- \/ Yoast SEO plugin. -->","yoast_head_json":{"title":"Harpo Kids - Urbidermis","robots":{"index":"index","follow":"follow","max-snippet":"max-snippet:-1","max-image-preview":"max-image-preview:large","max-video-preview":"max-video-preview:-1"},"canonical":"https:\/\/www.urbidermis.com\/es\/mobiliario-urbano\/harpo-kids-2\/","og_locale":"es_ES","og_type":"article","og_title":"Harpo Kids - Urbidermis","og_description":"La colecci\u00f3n Harpo Kids, formada por un banco, una banqueta y una mesa, invita a los m\u00e1s peque\u00f1os a compartir el espacio p\u00fablico a trav\u00e9s de mobiliario urbano adaptado a su escala. Apuesta por la inclusi\u00f3n infantil y promueve la convivencia, permitiendo que exploren y se relacionen con el entorno urbano desde su propia perspectiva.","og_url":"https:\/\/www.urbidermis.com\/es\/mobiliario-urbano\/harpo-kids-2\/","og_site_name":"Urbidermis","article_modified_time":"2026-04-21T09:00:31+00:00","og_image":[{"width":1707,"height":2560,"url":"https:\/\/www.urbidermis.com\/wp-content\/uploads\/20260222_Barcelona_Harpo_Kids_Digital_Claudia_Maurino_03-scaled.jpg","type":"image\/jpeg"}],"twitter_card":"summary_large_image","schema":{"@context":"https:\/\/schema.org","@graph":[{"@type":"WebPage","@id":"https:\/\/www.urbidermis.com\/es\/mobiliario-urbano\/harpo-kids-2\/","url":"https:\/\/www.urbidermis.com\/es\/mobiliario-urbano\/harpo-kids-2\/","name":"Harpo Kids - Urbidermis","isPartOf":{"@id":"https:\/\/www.urbidermis.com\/es\/#website"},"primaryImageOfPage":{"@id":"https:\/\/www.urbidermis.com\/es\/mobiliario-urbano\/harpo-kids-2\/#primaryimage"},"image":{"@id":"https:\/\/www.urbidermis.com\/es\/mobiliario-urbano\/harpo-kids-2\/#primaryimage"},"thumbnailUrl":"https:\/\/www.urbidermis.com\/wp-content\/uploads\/20260222_Barcelona_Harpo_Kids_Digital_Claudia_Maurino_03-scaled.jpg","datePublished":"2026-03-09T16:30:19+00:00","dateModified":"2026-04-21T09:00:31+00:00","breadcrumb":{"@id":"https:\/\/www.urbidermis.com\/es\/mobiliario-urbano\/harpo-kids-2\/#breadcrumb"},"inLanguage":"es","potentialAction":[{"@type":"ReadAction","target":["https:\/\/www.urbidermis.com\/es\/mobiliario-urbano\/harpo-kids-2\/"]}]},{"@type":"ImageObject","inLanguage":"es","@id":"https:\/\/www.urbidermis.com\/es\/mobiliario-urbano\/harpo-kids-2\/#primaryimage","url":"https:\/\/www.urbidermis.com\/wp-content\/uploads\/20260222_Barcelona_Harpo_Kids_Digital_Claudia_Maurino_03-scaled.jpg","contentUrl":"https:\/\/www.urbidermis.com\/wp-content\/uploads\/20260222_Barcelona_Harpo_Kids_Digital_Claudia_Maurino_03-scaled.jpg","width":1707,"height":2560},{"@type":"BreadcrumbList","@id":"https:\/\/www.urbidermis.com\/es\/mobiliario-urbano\/harpo-kids-2\/#breadcrumb","itemListElement":[{"@type":"ListItem","position":1,"name":"Home","item":"https:\/\/www.urbidermis.com\/es\/"},{"@type":"ListItem","position":2,"name":"Productos","item":"https:\/\/www.urbidermis.com\/es\/productos\/"},{"@type":"ListItem","position":3,"name":"Harpo Kids"}]},{"@type":"WebSite","@id":"https:\/\/www.urbidermis.com\/es\/#website","url":"https:\/\/www.urbidermis.com\/es\/","name":"Urbidermis","description":"Expertos en la ciudad","publisher":{"@id":"https:\/\/www.urbidermis.com\/es\/#organization"},"potentialAction":[{"@type":"SearchAction","target":{"@type":"EntryPoint","urlTemplate":"https:\/\/www.urbidermis.com\/es\/?s={search_term_string}"},"query-input":"required name=search_term_string"}],"inLanguage":"es"},{"@type":"Organization","@id":"https:\/\/www.urbidermis.com\/es\/#organization","name":"Urbidermis","url":"https:\/\/www.urbidermis.com\/es\/","logo":{"@type":"ImageObject","inLanguage":"es","@id":"https:\/\/www.urbidermis.com\/es\/#\/schema\/logo\/image\/","url":"https:\/\/www.urbidermis.com\/wp-content\/uploads\/logo_urbdermis-1.png","contentUrl":"https:\/\/www.urbidermis.com\/wp-content\/uploads\/logo_urbdermis-1.png","width":601,"height":1033,"caption":"Urbidermis"},"image":{"@id":"https:\/\/www.urbidermis.com\/es\/#\/schema\/logo\/image\/"}}]}},"_links":{"self":[{"href":"https:\/\/www.urbidermis.com\/es\/wp-json\/wp\/v2\/product\/29048"}],"collection":[{"href":"https:\/\/www.urbidermis.com\/es\/wp-json\/wp\/v2\/product"}],"about":[{"href":"https:\/\/www.urbidermis.com\/es\/wp-json\/wp\/v2\/types\/product"}],"acf:post":[{"embeddable":true,"href":"https:\/\/www.urbidermis.com\/es\/wp-json\/wp\/v2\/autores\/10504"},{"embeddable":true,"href":"https:\/\/www.urbidermis.com\/es\/wp-json\/wp\/v2\/autores\/10511"}],"wp:featuredmedia":[{"embeddable":true,"href":"https:\/\/www.urbidermis.com\/es\/wp-json\/wp\/v2\/media\/29019"}],"wp:attachment":[{"href":"https:\/\/www.urbidermis.com\/es\/wp-json\/wp\/v2\/media?parent=29048"}],"wp:term":[{"taxonomy":"product_cat","embeddable":true,"href":"https:\/\/www.urbidermis.com\/es\/wp-json\/wp\/v2\/product_cat?post=29048"},{"taxonomy":"product_tag","embeddable":true,"href":"https:\/\/www.urbidermis.com\/es\/wp-json\/wp\/v2\/product_tag?post=29048"}],"curies":[{"name":"wp","href":"https:\/\/api.w.org\/{rel}","templated":true}]}}