{"id":6613,"date":"2022-03-01T10:27:51","date_gmt":"2022-03-01T10:27:51","guid":{"rendered":"https:\/\/ubweb21.urbidermis.com\/product\/gunnar\/"},"modified":"2026-08-05T15:31:50","modified_gmt":"2026-08-05T13:31:50","slug":"gunnar","status":"publish","type":"product","link":"https:\/\/www.urbidermis.com\/es\/iluminacion-urbana\/gunnar\/","title":{"rendered":"Gunnar"},"content":{"rendered":"","protected":false},"excerpt":{"rendered":"<p>El proyector Gunnar de dimensiones reducidas y robustez constructiva, est\u00e1\u00a0inspirado en\u00a0los \u00f3rdenes arquitect\u00f3nicos y el dise\u00f1o n\u00f3rdico de Gunnar Asplund. Aporta singularidad y funcionalidad al espacio exterior.<\/p>\n","protected":false},"featured_media":27967,"template":"","meta":{"_acf_changed":false,"inline_featured_image":false},"product_brand":[],"product_cat":[77,85],"product_tag":[2644],"class_list":{"0":"post-6613","1":"product","2":"type-product","3":"status-publish","4":"has-post-thumbnail","6":"product_cat-iluminacion-urbana","7":"product_cat-proyectores-urbanos","8":"product_tag-bestseller-es","10":"first","11":"instock","12":"taxable","13":"shipping-taxable","14":"product-type-simple"},"acf":{"ano_creacion_producto":"2020","premios_producto_repeater":false,"validacion_producto_descarga":true,"valor_a_buscar_en_el_filtro_repeater":false,"dist_indirecta":[],"dist_suelo":[],"control":["1-10v","dali"],"certificados":["ce","ul","rohs","ip66","ik08","clase-i"],"nombre_solo_plantas_field":"","resumen_libro":"","autor_book_publicacion_producto":"","secciones_producto":[{"acf_fc_layout":"seccion_navtabs_imagen_dinamica","title_group":{"title_tag":"h2","title_txt":"Iluminaci\u00f3n direccional"},"texto_intro_principal":true,"texto_introductorio":"Presenta una gran variedad de soportes orientables para instalar el proyector en columna, catenaria o paramentos verticales. Mediante una amplia gama de distribuciones lum\u00ednicas de elevada eficiencia energ\u00e9tica, el proyector urbano Gunnar proporciona calidad funcional a las distintas alturas en viales, zonas verdes o edificaciones.","ventanas_detalles_producto":[{"title_group_producto_grid_single":{"title_tag":"h2","title_txt":"Materiales"},"imagen_de_fondo_dinamic_single_producto":"","texto_contenido_ventana":true,"contenido_tabs_producto":"<ul>\n<li>Proyector de extrusi\u00f3n de aluminio 6063-T5 y de inyecci\u00f3n de aluminio EN-AC-47100 anodizados y acabado termolacado.<\/li>\n<li>Reflector interior de pl\u00e1stico ABS-PC.<\/li>\n<li>Difusor de vidrio \u00f3ptico templado.<\/li>\n<li>Torniller\u00eda de acero inoxidable A2 y prensaestopas met\u00e1lico.<\/li>\n<\/ul>\n","acordion":false,"preguntas_y_respuestas":false,"cuadricula_de_colores":false,"componentes_producto":false,"descargables":false,"tipo_datasheet":"simple","datasheet":false,"datasheet_multiple":false,"tipo_instrucciones":"simple","instructions":false,"instructions_multiple":false,"drawings_ce":false,"2d_cad":false,"3d_cad":false,"revit":false,"ldt_photometric_files":false,"ies_photometric_files":false,"validador_detalles_producto":false,"tipo_especificacion":"distribucion"},{"title_group_producto_grid_single":{"title_tag":"h2","title_txt":"Acabados"},"imagen_de_fondo_dinamic_single_producto":"","texto_contenido_ventana":true,"contenido_tabs_producto":"<p>Los colores mostrados son meramente indicativos.<br \/>\nOtros colores bajo demanda.<br \/>\nConsultar acabados para ambientes marinos.<\/p>\n","acordion":false,"preguntas_y_respuestas":false,"cuadricula_de_colores":true,"componentes_producto":[{"nombre_componente":"","colores":[{"value":"gris_claro","label":"Gris claro"},{"value":"gris_medio","label":"Gris medio"},{"value":"gris_oscuro","label":"Gris oscuro"}]}],"descargables":false,"tipo_datasheet":"simple","datasheet":false,"datasheet_multiple":false,"tipo_instrucciones":"simple","instructions":false,"instructions_multiple":false,"drawings_ce":false,"2d_cad":false,"3d_cad":false,"revit":false,"ldt_photometric_files":false,"ies_photometric_files":false,"validador_detalles_producto":false,"tipo_especificacion":""},{"title_group_producto_grid_single":{"title_tag":"h2","title_txt":"Fuente de luz"},"imagen_de_fondo_dinamic_single_producto":"","texto_contenido_ventana":true,"contenido_tabs_producto":"<p class=\"p1\"><strong>Potencia del sistema (W)<\/strong><\/p>\n<p class=\"p2\">Grupo \u00f3ptico de alta eficiencia<\/p>\n<ul>\n<li class=\"p3\">12 LEDs 15W, 21W, 29W<\/li>\n<li class=\"p3\">18 LEDs 20W, 29W, 40W<\/li>\n<li class=\"p3\">COB<span class=\"Apple-converted-space\">\u00a0 <\/span>20W, 28W, 39W<\/li>\n<\/ul>\n<p>&nbsp;<\/p>\n<p class=\"p1\"><strong>Intensidad de funcionamiento (mA)<\/strong><\/p>\n<ul>\n<li class=\"p3\">350<\/li>\n<li class=\"p3\">500<\/li>\n<li class=\"p3\">700<\/li>\n<\/ul>\n<p>&nbsp;<\/p>\n<p class=\"p1\"><strong>Temperatura de color (K)<\/strong><\/p>\n<ul>\n<li>4000 IRC min80<\/li>\n<li>3000 IRC min80<\/li>\n<li>2700 IRC min80<\/li>\n<li>2200 IRC min70<\/li>\n<li>PC \u00c1mbar IRC min40<\/li>\n<\/ul>\n<p class=\"p4\">Otras temperaturas de color y\/o IRC disponibles bajo pedido.<\/p>\n<p>&nbsp;<\/p>\n<p class=\"p1\"><strong>Vida \u00fatil<\/strong><\/p>\n<p class=\"p2\">TM21 L90 (10k) &gt; 100.000 h.<\/p>\n","acordion":false,"preguntas_y_respuestas":false,"cuadricula_de_colores":false,"componentes_producto":false,"descargables":false,"tipo_datasheet":"simple","datasheet":false,"datasheet_multiple":false,"tipo_instrucciones":"simple","instructions":false,"instructions_multiple":false,"drawings_ce":false,"2d_cad":false,"3d_cad":false,"revit":false,"ldt_photometric_files":false,"ies_photometric_files":false,"validador_detalles_producto":false,"tipo_especificacion":"control"},{"title_group_producto_grid_single":{"title_tag":"h2","title_txt":"Dibujo de cotas"},"imagen_de_fondo_dinamic_single_producto":"","texto_contenido_ventana":false,"contenido_tabs_producto":"<p>SV 0,05m<sup>2<\/sup><\/p>\n","acordion":false,"preguntas_y_respuestas":false,"cuadricula_de_colores":false,"componentes_producto":false,"descargables":false,"tipo_datasheet":"simple","datasheet":false,"datasheet_multiple":false,"tipo_instrucciones":"simple","instructions":false,"instructions_multiple":false,"drawings_ce":false,"2d_cad":false,"3d_cad":false,"revit":false,"ldt_photometric_files":false,"ies_photometric_files":false,"validador_detalles_producto":false,"tipo_especificacion":"certificados"},{"title_group_producto_grid_single":{"title_tag":"h2","title_txt":"Distribuciones"},"imagen_de_fondo_dinamic_single_producto":"","texto_contenido_ventana":false,"contenido_tabs_producto":"<p>Proyector de extrusi\u00f3n de aluminio 6063-T5 y de inyecci\u00f3n de aluminio EN-AC-47100 anodizados y acabado termolacado, apto para zonas C5.<\/p>\n<p>Reflector interior de pl\u00e1stico ABS-PC.<\/p>\n<p>Difusor de vidrio \u00f3ptico templado.<\/p>\n<p>Torniller\u00eda de acero inoxidable A2 y prensaestopas met\u00e1lico.<\/p>\n","acordion":false,"preguntas_y_respuestas":false,"cuadricula_de_colores":false,"componentes_producto":false,"descargables":false,"tipo_datasheet":"simple","datasheet":false,"datasheet_multiple":false,"tipo_instrucciones":"simple","instructions":false,"instructions_multiple":false,"drawings_ce":false,"2d_cad":false,"3d_cad":false,"revit":false,"ldt_photometric_files":false,"ies_photometric_files":false,"validador_detalles_producto":true,"tipo_especificacion":"distribucion"},{"title_group_producto_grid_single":{"title_tag":"h2","title_txt":"Protocolos y control"},"imagen_de_fondo_dinamic_single_producto":"","texto_contenido_ventana":true,"contenido_tabs_producto":"<p>Doble nivel por l\u00ednea de mando.<br \/>\nFlujo en cabecera.<br \/>\nAutom\u00e1tica programada.<\/p>\n","acordion":false,"preguntas_y_respuestas":false,"cuadricula_de_colores":false,"componentes_producto":[{"nombre_componente":"","colores":[{"value":"gris_claro","label":"Gris claro"},{"value":"gris_medio","label":"Gris medio"},{"value":"gris_oscuro","label":"Gris oscuro"}]}],"descargables":false,"tipo_datasheet":"simple","datasheet":false,"datasheet_multiple":false,"tipo_instrucciones":"simple","instructions":false,"instructions_multiple":false,"drawings_ce":false,"2d_cad":false,"3d_cad":false,"revit":false,"ldt_photometric_files":false,"ies_photometric_files":false,"validador_detalles_producto":true,"tipo_especificacion":"control"},{"title_group_producto_grid_single":{"title_tag":"h2","title_txt":"Mantenimiento"},"imagen_de_fondo_dinamic_single_producto":"","texto_contenido_ventana":true,"contenido_tabs_producto":"<ul>\n<li>Incluye v\u00e1lvula de compensaci\u00f3n de presi\u00f3n y protector de sobretensiones de 10kV (CE).<\/li>\n<li>Limpiar utilizando productos de limpieza con pH neutro, sin alcohol y no abrasivos.<\/li>\n<\/ul>\n","acordion":false,"preguntas_y_respuestas":false,"cuadricula_de_colores":false,"componentes_producto":false,"descargables":false,"tipo_datasheet":"simple","datasheet":false,"datasheet_multiple":false,"tipo_instrucciones":"simple","instructions":false,"instructions_multiple":false,"drawings_ce":false,"2d_cad":false,"3d_cad":false,"revit":false,"ldt_photometric_files":false,"ies_photometric_files":false,"validador_detalles_producto":false,"tipo_especificacion":""},{"title_group_producto_grid_single":{"title_tag":"h2","title_txt":"Certificados"},"imagen_de_fondo_dinamic_single_producto":"","texto_contenido_ventana":false,"contenido_tabs_producto":"<p>Proyector: 4,7<\/p>\n","acordion":false,"preguntas_y_respuestas":false,"cuadricula_de_colores":false,"componentes_producto":false,"descargables":false,"tipo_datasheet":"simple","datasheet":false,"datasheet_multiple":false,"tipo_instrucciones":"simple","instructions":false,"instructions_multiple":false,"drawings_ce":false,"2d_cad":false,"3d_cad":false,"revit":false,"ldt_photometric_files":false,"ies_photometric_files":false,"validador_detalles_producto":true,"tipo_especificacion":"certificados"}]},{"acf_fc_layout":"seccion_navtabs_imagen_dinamica","title_group":{"title_tag":"h2","title_txt":"Aplicaciones"},"texto_intro_principal":false,"texto_introductorio":"","ventanas_detalles_producto":[{"title_group_producto_grid_single":{"title_tag":"h2","title_txt":"Iluminaci\u00f3n en columna"},"imagen_de_fondo_dinamic_single_producto":"https:\/\/www.urbidermis.com\/recursos\/imagenes_galeria\/20220119-Spain-Barcelona-Belloch-GUP-Equipo-Urbidermis-03-x2400-Aplicaciones-x1000.jpg\n","texto_contenido_ventana":true,"contenido_tabs_producto":"<p>La iluminaci\u00f3n en columna es la m\u00e1s ordenada y funcional en los proyectos urbanos. Armoniza t\u00e9cnicamente los trazados con buenos \u00edndices de uniformidad y valores lum\u00ednicos adaptados. Los accesorios de hasta cuatro proyectores a diferente altura, permiten dirigir la luz all\u00e1 donde se necesite, gracias a dos ejes de rotaci\u00f3n.<\/p>\n","acordion":true,"preguntas_y_respuestas":[{"pregunta":"Materiales","respuesta":"<p>Soporte de inyecci\u00f3n de aluminio EN-AC-47100 anodizado y acabado termolacado.<\/p>\n<p>Torniller\u00eda de acero inoxidable A2.<\/p>\n<p>Columna de tubo cil\u00edndrico de acero S-275 JR Clase 1 galvanizado en caliente acabada pintada: de 3,60m, 4,40m, 5,20m de altura de un tramo de secci\u00f3n circular de \u00d8 114,3mm; de 7,00m, 7,80m y 9,40m de altura de dos tramos de secci\u00f3n circular superior de \u00d8 114,3mm e inferior de \u00d8152mm.<\/p>\n"},{"pregunta":"Instalaci\u00f3n","respuesta":"<p>Fijaci\u00f3n de la columna mediante un dado de hormig\u00f3n, con ranura para conexi\u00f3n el\u00e9ctrica, realizado in situ y cuatro pernos de anclaje por columna, 20cm por debajo de la cota de pavimento.<\/p>\n<p>Instrucciones de instalaci\u00f3n y montaje, torniller\u00eda, plantilla y pernos de anclaje incluidos.<\/p>\n"},{"pregunta":"Peso","respuesta":"<p>Proyector: 4,7<\/p>\n<p>Accesorio individual en columna: 0,8<br \/>\nAccesorio individual retrofit en columna: 0,8<br \/>\nAccesorio doble en columna: 1,4<\/p>\n<p>*Peso aproximado sin embalaje (kg)<\/p>\n"}],"cuadricula_de_colores":false,"componentes_producto":false,"descargables":false,"tipo_datasheet":"simple","datasheet":false,"datasheet_multiple":false,"tipo_instrucciones":"simple","instructions":false,"instructions_multiple":false,"drawings_ce":false,"2d_cad":false,"3d_cad":false,"revit":false,"ldt_photometric_files":false,"ies_photometric_files":false,"validador_detalles_producto":false,"tipo_especificacion":""},{"title_group_producto_grid_single":{"title_tag":"h2","title_txt":"Iluminaci\u00f3n fija en columna"},"imagen_de_fondo_dinamic_single_producto":"https:\/\/www.urbidermis.com\/recursos\/imagenes_galeria\/20220119-Spain-Barcelona-Belloch-GUP-Equipo-Urbidermis-01-x2400-Aplicaciones-x1000.jpg\n","texto_contenido_ventana":true,"contenido_tabs_producto":"<p>La iluminaci\u00f3n fija en columna, individual o doble, dota el elemento de singularidad y car\u00e1cter de farolillo. Una farola que, en conjunto con las pantallas de confort, aporta iluminaci\u00f3n dirigida a grandes superficies verdes, paseos o zonas pacificadas.<\/p>\n","acordion":true,"preguntas_y_respuestas":[{"pregunta":"Materiales","respuesta":"<p>Accesorios de extrusi\u00f3n de aluminio 6060-T5 e inyecci\u00f3n de aluminio EN-AC-47100 anodizado y acabado termolacado.<\/p>\n<p>Torniller\u00eda de acero inoxidable A2.<\/p>\n<p>Columna de acero S-275 JR Clase 1 galvanizado en caliente acabada pintada: de 4,40m, 5,20m y 6,00m de altura de un tramo de secci\u00f3n circular de \u00d8 114,3mm.<\/p>\n"},{"pregunta":"Instalaci\u00f3n","respuesta":"<p>Fijar el accesorio al proyector al accesorio y posteriormente a la columna. El accesorio se entrega desmontado. Fijaci\u00f3n de la columna mediante un dado de hormig\u00f3n, con ranura para conexi\u00f3n el\u00e9ctrica, realizado in situ y cuatro pernos de anclaje por columna, 20cm por debajo de la cota de pavimento.<\/p>\n<p>Instrucciones de instalaci\u00f3n y montaje, torniller\u00eda, plantilla y pernos de anclaje incluidos.<\/p>\n"},{"pregunta":"Peso","respuesta":"<p>Proyector: 4,7<\/p>\n<p>Accesorio individual fijo en columna: 0,8<br \/>\nAccesorio doble fijo en columna: 1,5<\/p>\n<p>*Peso aproximado sin embalaje (kg)<\/p>\n"}],"cuadricula_de_colores":false,"componentes_producto":false,"descargables":false,"tipo_datasheet":"simple","datasheet":false,"datasheet_multiple":false,"tipo_instrucciones":"simple","instructions":false,"instructions_multiple":false,"drawings_ce":false,"2d_cad":false,"3d_cad":false,"revit":false,"ldt_photometric_files":false,"ies_photometric_files":false,"validador_detalles_producto":false,"tipo_especificacion":""},{"title_group_producto_grid_single":{"title_tag":"h2","title_txt":"Iluminaci\u00f3n en catenaria"},"imagen_de_fondo_dinamic_single_producto":"https:\/\/www.urbidermis.com\/recursos\/imagenes_galeria\/Proyector-Gunnar-Tipologias-03-Web-x2400-Aplicaciones-x1000.jpg\n","texto_contenido_ventana":true,"contenido_tabs_producto":"<p>La iluminaci\u00f3n en catenaria permite separar la disposici\u00f3n de los puntos de luz de la rigidez del programa, creando espacios pensados para las personas y la naturaleza. El accesorio para la instalaci\u00f3n de un proyector a cable catenaria (entre \u00d8 6-8 mm) permite una rotaci\u00f3n de 360\u00ba en planta para orientar el proyector Gunnar.<\/p>\n","acordion":true,"preguntas_y_respuestas":[{"pregunta":"Materiales","respuesta":"<p>Base y piezas de sujeci\u00f3n de inyecci\u00f3n de aluminio EN-AC-46100 anodizado y acabado termolacado.<\/p>\n<p>Torniller\u00eda de acero inoxidable A2.<\/p>\n"},{"pregunta":"Instalaci\u00f3n","respuesta":"<p>El accesorio est\u00e1 fijado al proyector. Colgar el conjunto al cable de catenaria. El sistema de anclaje admite un di\u00e1metro de cable entre \u00d86 y 8mm.<\/p>\n<p>Instrucciones de instalaci\u00f3n y montaje y torniller\u00eda incluidos.<\/p>\n<p>Cable para catenaria no incluido.<\/p>\n"},{"pregunta":"Peso","respuesta":"<p>Proyector: 4,7<\/p>\n<p>Accesorio catenaria: 0,2<\/p>\n<p>*Peso aproximado sin embalaje (kg)<\/p>\n"}],"cuadricula_de_colores":false,"componentes_producto":false,"descargables":false,"tipo_datasheet":"simple","datasheet":false,"datasheet_multiple":false,"tipo_instrucciones":"simple","instructions":false,"instructions_multiple":false,"drawings_ce":false,"2d_cad":false,"3d_cad":false,"revit":false,"ldt_photometric_files":false,"ies_photometric_files":false,"validador_detalles_producto":false,"tipo_especificacion":""},{"title_group_producto_grid_single":{"title_tag":"h2","title_txt":"Iluminaci\u00f3n en aplique"},"imagen_de_fondo_dinamic_single_producto":"https:\/\/www.urbidermis.com\/recursos\/imagenes_galeria\/Proyectores-Gunnar-Descripcion-04-Web-x2400-Aplicaciones-x1000.jpg\n","texto_contenido_ventana":true,"contenido_tabs_producto":"<p>La iluminaci\u00f3n con aplique, en paramento, techo o suelo, permite iluminar, manteniendo la coherencia en todo el trazado proyectual. El proyector se orienta para iluminar esculturas, fachadas arquitect\u00f3nicas, elementos vegetales, zonas verdes, caminos, plazas, zona de aparcamiento, pasajes, o zonas de tr\u00e1nsito.<\/p>\n","acordion":true,"preguntas_y_respuestas":[{"pregunta":"Materiales","respuesta":"<p>Accesorios de extrusi\u00f3n de aluminio 6060-T5 e inyecci\u00f3n de aluminio EN-AC-47100 anodizados y acabado termolacado.<\/p>\n<p>Torniller\u00eda de acero inoxidable A2.<\/p>\n"},{"pregunta":"Instalaci\u00f3n","respuesta":"<p>Fijar el accesorio a la superficie y posteriormente el proyector. El sistema es compatible con una instalaci\u00f3n el\u00e9ctrica empotrada o de superficie. Instrucciones de instalaci\u00f3n y montaje y torniller\u00eda incluidos.<\/p>\n<p>Tacos de fijaci\u00f3n no incluidos.<\/p>\n"},{"pregunta":"Peso","respuesta":"<p>Proyector: 4,7<\/p>\n<p>Accesorio mural: 1,3<br \/>\nAccesorio mural largo: 2,0<\/p>\n<p>*Peso aproximado sin embalaje (kg)<\/p>\n"}],"cuadricula_de_colores":false,"componentes_producto":false,"descargables":false,"tipo_datasheet":"simple","datasheet":false,"datasheet_multiple":false,"tipo_instrucciones":"simple","instructions":false,"instructions_multiple":false,"drawings_ce":false,"2d_cad":false,"3d_cad":false,"revit":false,"ldt_photometric_files":false,"ies_photometric_files":false,"validador_detalles_producto":false,"tipo_especificacion":""},{"title_group_producto_grid_single":{"title_tag":"h2","title_txt":"Iluminaci\u00f3n confortable"},"imagen_de_fondo_dinamic_single_producto":"https:\/\/www.urbidermis.com\/recursos\/imagenes_galeria\/20250708-Spain-Sitges-Port-Aiguadolc---GUP-Del-Rio-Bani-02-x1000.jpg\n","texto_contenido_ventana":true,"contenido_tabs_producto":"<p>Defendemos el confort de las personas y la ausencia de contaminaci\u00f3n lum\u00ednica. Garantizar el confort luminoso mediante elementos para controlar y bloquear parcialmente el deslumbramiento, es uno de los principales cometidos de la nueva ciudad pensada para las personas. La pantalla 0% ULOR adem\u00e1s elimina el flujo lum\u00ednico en el hemisf\u00e9rico superior.<\/p>\n","acordion":true,"preguntas_y_respuestas":[{"pregunta":"Materiales","respuesta":"<p>Difusor de metacrilato PMMA \u00f3ptico opal de 2mm termoconformado.<\/p>\n<p>Pantalla de aluminio anodizado y acabado termolacado.<\/p>\n<p>Piezas de sujeci\u00f3n de acero inoxidable AISI304 acabadas granalladas.<\/p>\n<p>Torniller\u00eda de acero inoxidable A2.<\/p>\n"},{"pregunta":"Instalaci\u00f3n","respuesta":"<p>Fijas el accesorio al proyector y posteriormente al soporte. El accesorio modifica solamente las distribuciones asim\u00e9tricas.<\/p>\n"},{"pregunta":"Peso","respuesta":"<p>Proyector: 4,7<\/p>\n<p>Accesorio confort: 1,0<\/p>\n<p>*Peso aproximado sin embalaje (kg)<\/p>\n"}],"cuadricula_de_colores":false,"componentes_producto":false,"descargables":false,"tipo_datasheet":"simple","datasheet":false,"datasheet_multiple":false,"tipo_instrucciones":"simple","instructions":false,"instructions_multiple":false,"drawings_ce":false,"2d_cad":false,"3d_cad":false,"revit":false,"ldt_photometric_files":false,"ies_photometric_files":false,"validador_detalles_producto":false,"tipo_especificacion":""}]},{"acf_fc_layout":"seccion_navtabs_imagen_dinamica","title_group":{"title_tag":"h2","title_txt":"Descargables"},"texto_intro_principal":false,"texto_introductorio":"","ventanas_detalles_producto":[{"title_group_producto_grid_single":{"title_tag":"h2","title_txt":"Proyector"},"imagen_de_fondo_dinamic_single_producto":"","texto_contenido_ventana":false,"contenido_tabs_producto":"","acordion":false,"preguntas_y_respuestas":false,"cuadricula_de_colores":false,"componentes_producto":false,"descargables":true,"tipo_datasheet":"simple","datasheet":{"ID":23006,"id":23006,"title":"Gunnar_Proyector_Ficha_tecnica_ES","filename":"Gunnar_Proyector_Ficha_tecnica_ES.pdf","filesize":0,"url":"https:\/\/www.urbidermis.com\/wp-content\/uploads\/Gunnar_Proyector_Ficha_tecnica_ES.pdf","link":"https:\/\/www.urbidermis.com\/es\/?attachment_id=23006","alt":"","author":"109","description":"","caption":"","name":"gunnar_proyector_ficha_tecnica_es-2","status":"inherit","uploaded_to":6613,"date":"2024-05-13 10:25:06","modified":"2024-05-13 10:35:11","menu_order":0,"mime_type":"application\/pdf","type":"application","subtype":"pdf","icon":"https:\/\/www.urbidermis.com\/wp-includes\/images\/media\/document.png"},"datasheet_multiple":false,"tipo_instrucciones":"multiple","instructions":false,"instructions_multiple":[{"instructions_title":"CE","instructions_file":{"ID":21598,"id":21598,"title":"Gunnar_Floodlight_Assembly_Instructions_CE","filename":"Gunnar_Floodlight_Assembly_Instructions_CE.pdf","filesize":0,"url":"https:\/\/www.urbidermis.com\/wp-content\/uploads\/Gunnar_Floodlight_Assembly_Instructions_CE.pdf","link":"https:\/\/www.urbidermis.com\/es\/?attachment_id=21598","alt":"","author":"109","description":"","caption":"","name":"gunnar_floodlight_assembly_instructions_ce-2","status":"inherit","uploaded_to":6613,"date":"2024-03-22 12:40:08","modified":"2024-03-22 12:49:35","menu_order":0,"mime_type":"application\/pdf","type":"application","subtype":"pdf","icon":"https:\/\/www.urbidermis.com\/wp-includes\/images\/media\/document.png"}},{"instructions_title":"UL","instructions_file":{"ID":21602,"id":21602,"title":"Gunnar_Floodlight_Assembly_Instructions_UL","filename":"Gunnar_Floodlight_Assembly_Instructions_UL.pdf","filesize":0,"url":"https:\/\/www.urbidermis.com\/wp-content\/uploads\/Gunnar_Floodlight_Assembly_Instructions_UL.pdf","link":"https:\/\/www.urbidermis.com\/es\/?attachment_id=21602","alt":"","author":"109","description":"","caption":"","name":"gunnar_floodlight_assembly_instructions_ul-2","status":"inherit","uploaded_to":6613,"date":"2024-03-22 12:40:09","modified":"2024-03-22 12:49:35","menu_order":0,"mime_type":"application\/pdf","type":"application","subtype":"pdf","icon":"https:\/\/www.urbidermis.com\/wp-includes\/images\/media\/document.png"}}],"drawings_ce":{"ID":16937,"id":16937,"title":"Gunnar_floodlights_drawings","filename":"Gunnar_floodlights_drawings.pdf","filesize":0,"url":"https:\/\/www.urbidermis.com\/wp-content\/uploads\/Gunnar_floodlights_drawings.pdf","link":"https:\/\/www.urbidermis.com\/es\/?attachment_id=16937","alt":"","author":"109","description":"","caption":"","name":"gunnar_floodlights_drawings-3","status":"inherit","uploaded_to":6613,"date":"2023-02-07 08:00:51","modified":"2023-02-07 08:00:51","menu_order":0,"mime_type":"application\/pdf","type":"application","subtype":"pdf","icon":"https:\/\/www.urbidermis.com\/wp-includes\/images\/media\/document.png"},"2d_cad":{"ID":14221,"id":14221,"title":"Gunnar_floodlights_drawings","filename":"Gunnar_floodlights_drawings.dxf","filesize":0,"url":"https:\/\/www.urbidermis.com\/wp-content\/uploads\/Gunnar_floodlights_drawings.dxf","link":"https:\/\/www.urbidermis.com\/es\/?attachment_id=14221","alt":"","author":"4","description":"","caption":"","name":"gunnar_floodlights_drawings-2-2","status":"inherit","uploaded_to":6607,"date":"2022-07-13 18:30:34","modified":"2022-07-13 18:30:34","menu_order":0,"mime_type":"application\/dxf","type":"application","subtype":"dxf","icon":"https:\/\/www.urbidermis.com\/wp-includes\/images\/media\/default.png"},"3d_cad":false,"revit":false,"ldt_photometric_files":{"ID":24746,"id":24746,"title":"LDT_Photometries_Gunnar","filename":"LDT_Photometries_Gunnar.zip","filesize":475152,"url":"https:\/\/www.urbidermis.com\/wp-content\/uploads\/LDT_Photometries_Gunnar.zip","link":"https:\/\/www.urbidermis.com\/es\/?attachment_id=24746","alt":"","author":"109","description":"","caption":"","name":"ldt_photometries_gunnar-2","status":"inherit","uploaded_to":6613,"date":"2024-08-27 09:35:38","modified":"2024-08-27 09:35:38","menu_order":0,"mime_type":"application\/zip","type":"application","subtype":"zip","icon":"https:\/\/www.urbidermis.com\/wp-includes\/images\/media\/archive.png"},"ies_photometric_files":{"ID":12462,"id":12462,"title":"Gunnar_IES_photometries","filename":"IES_Photometries_Gunnar.zip","filesize":396177,"url":"https:\/\/www.urbidermis.com\/wp-content\/uploads\/IES_Photometries_Gunnar.zip","link":"https:\/\/www.urbidermis.com\/es\/?attachment_id=12462","alt":"","author":"4","description":"","caption":"","name":"gunnar_ies_photometries-2","status":"inherit","uploaded_to":6613,"date":"2022-07-08 11:44:59","modified":"2022-07-08 11:44:59","menu_order":0,"mime_type":"application\/zip","type":"application","subtype":"zip","icon":"https:\/\/www.urbidermis.com\/wp-includes\/images\/media\/archive.png"},"validador_detalles_producto":false,"tipo_especificacion":""},{"title_group_producto_grid_single":{"title_tag":"h2","title_txt":"Iluminaci\u00f3n en columna"},"imagen_de_fondo_dinamic_single_producto":"","texto_contenido_ventana":false,"contenido_tabs_producto":"","acordion":false,"preguntas_y_respuestas":false,"cuadricula_de_colores":false,"componentes_producto":false,"descargables":true,"tipo_datasheet":"simple","datasheet":{"ID":23030,"id":23030,"title":"Gunnar_Acc_Columna_Ficha_tecnica_ES","filename":"Gunnar_Acc_Columna_Ficha_tecnica_ES.pdf","filesize":0,"url":"https:\/\/www.urbidermis.com\/wp-content\/uploads\/Gunnar_Acc_Columna_Ficha_tecnica_ES.pdf","link":"https:\/\/www.urbidermis.com\/es\/?attachment_id=23030","alt":"","author":"109","description":"","caption":"","name":"gunnar_acc_columna_ficha_tecnica_es-2","status":"inherit","uploaded_to":6613,"date":"2024-05-13 10:25:15","modified":"2024-05-13 10:35:11","menu_order":0,"mime_type":"application\/pdf","type":"application","subtype":"pdf","icon":"https:\/\/www.urbidermis.com\/wp-includes\/images\/media\/document.png"},"datasheet_multiple":false,"tipo_instrucciones":"simple","instructions":{"ID":21610,"id":21610,"title":"Gunnar_Acc_Pole_Assembly_Instructions","filename":"Gunnar_Acc_Pole_Assembly_Instructions.pdf","filesize":0,"url":"https:\/\/www.urbidermis.com\/wp-content\/uploads\/Gunnar_Acc_Pole_Assembly_Instructions.pdf","link":"https:\/\/www.urbidermis.com\/es\/?attachment_id=21610","alt":"","author":"109","description":"","caption":"","name":"gunnar_acc_pole_assembly_instructions-2","status":"inherit","uploaded_to":6613,"date":"2024-03-22 12:40:58","modified":"2024-03-22 12:49:35","menu_order":0,"mime_type":"application\/pdf","type":"application","subtype":"pdf","icon":"https:\/\/www.urbidermis.com\/wp-includes\/images\/media\/document.png"},"instructions_multiple":false,"drawings_ce":false,"2d_cad":false,"3d_cad":{"ID":13888,"id":13888,"title":"Gunnar_pole_3D","filename":"Gunnar_pole_3D.zip","filesize":0,"url":"https:\/\/www.urbidermis.com\/wp-content\/uploads\/Gunnar_pole_3D.zip","link":"https:\/\/www.urbidermis.com\/es\/?attachment_id=13888","alt":"","author":"4","description":"","caption":"","name":"gunnar_pole_3d-2","status":"inherit","uploaded_to":6613,"date":"2022-07-12 14:57:07","modified":"2022-07-12 14:57:07","menu_order":0,"mime_type":"application\/zip","type":"application","subtype":"zip","icon":"https:\/\/www.urbidermis.com\/wp-includes\/images\/media\/archive.png"},"revit":false,"ldt_photometric_files":false,"ies_photometric_files":false,"validador_detalles_producto":false,"tipo_especificacion":""},{"title_group_producto_grid_single":{"title_tag":"h2","title_txt":"Iluminaci\u00f3n en catenaria"},"imagen_de_fondo_dinamic_single_producto":"","texto_contenido_ventana":false,"contenido_tabs_producto":"","acordion":false,"preguntas_y_respuestas":false,"cuadricula_de_colores":false,"componentes_producto":false,"descargables":true,"tipo_datasheet":"simple","datasheet":{"ID":23046,"id":23046,"title":"Gunnar_Acc_Catenaria_Ficha_tecnica_ES","filename":"Gunnar_Acc_Catenaria_Ficha_tecnica_ES.pdf","filesize":0,"url":"https:\/\/www.urbidermis.com\/wp-content\/uploads\/Gunnar_Acc_Catenaria_Ficha_tecnica_ES.pdf","link":"https:\/\/www.urbidermis.com\/es\/?attachment_id=23046","alt":"","author":"109","description":"","caption":"","name":"gunnar_acc_catenaria_ficha_tecnica_es-2","status":"inherit","uploaded_to":6613,"date":"2024-05-13 10:25:19","modified":"2024-05-13 10:35:11","menu_order":0,"mime_type":"application\/pdf","type":"application","subtype":"pdf","icon":"https:\/\/www.urbidermis.com\/wp-includes\/images\/media\/document.png"},"datasheet_multiple":false,"tipo_instrucciones":"multiple","instructions":false,"instructions_multiple":[{"instructions_title":"CE","instructions_file":{"ID":21622,"id":21622,"title":"Gunnar_Floodlight_Catenary_Assembly_Instructions_CE","filename":"Gunnar_Floodlight_Catenary_Assembly_Instructions_CE.pdf","filesize":0,"url":"https:\/\/www.urbidermis.com\/wp-content\/uploads\/Gunnar_Floodlight_Catenary_Assembly_Instructions_CE.pdf","link":"https:\/\/www.urbidermis.com\/es\/?attachment_id=21622","alt":"","author":"109","description":"","caption":"","name":"gunnar_floodlight_catenary_assembly_instructions_ce-2","status":"inherit","uploaded_to":6613,"date":"2024-03-22 12:41:02","modified":"2024-03-22 12:49:35","menu_order":0,"mime_type":"application\/pdf","type":"application","subtype":"pdf","icon":"https:\/\/www.urbidermis.com\/wp-includes\/images\/media\/document.png"}},{"instructions_title":"UL","instructions_file":{"ID":21626,"id":21626,"title":"Gunnar_Floodlight_Catenary_Assembly_Instructions_UL","filename":"Gunnar_Floodlight_Catenary_Assembly_Instructions_UL.pdf","filesize":0,"url":"https:\/\/www.urbidermis.com\/wp-content\/uploads\/Gunnar_Floodlight_Catenary_Assembly_Instructions_UL.pdf","link":"https:\/\/www.urbidermis.com\/es\/?attachment_id=21626","alt":"","author":"109","description":"","caption":"","name":"gunnar_floodlight_catenary_assembly_instructions_ul-2","status":"inherit","uploaded_to":6613,"date":"2024-03-22 12:41:03","modified":"2024-03-22 12:49:36","menu_order":0,"mime_type":"application\/pdf","type":"application","subtype":"pdf","icon":"https:\/\/www.urbidermis.com\/wp-includes\/images\/media\/document.png"}}],"drawings_ce":false,"2d_cad":false,"3d_cad":false,"revit":false,"ldt_photometric_files":false,"ies_photometric_files":false,"validador_detalles_producto":false,"tipo_especificacion":""},{"title_group_producto_grid_single":{"title_tag":"h2","title_txt":"Iluminaci\u00f3n en aplique"},"imagen_de_fondo_dinamic_single_producto":"","texto_contenido_ventana":false,"contenido_tabs_producto":"","acordion":false,"preguntas_y_respuestas":false,"cuadricula_de_colores":false,"componentes_producto":false,"descargables":true,"tipo_datasheet":"simple","datasheet":{"ID":23058,"id":23058,"title":"Gunnar_Acc_Aplique_Ficha_tecnica_ES","filename":"Gunnar_Acc_Aplique_Ficha_tecnica_ES.pdf","filesize":0,"url":"https:\/\/www.urbidermis.com\/wp-content\/uploads\/Gunnar_Acc_Aplique_Ficha_tecnica_ES.pdf","link":"https:\/\/www.urbidermis.com\/es\/?attachment_id=23058","alt":"","author":"109","description":"","caption":"","name":"gunnar_acc_aplique_ficha_tecnica_es-2","status":"inherit","uploaded_to":6613,"date":"2024-05-13 10:25:21","modified":"2024-05-13 10:35:11","menu_order":0,"mime_type":"application\/pdf","type":"application","subtype":"pdf","icon":"https:\/\/www.urbidermis.com\/wp-includes\/images\/media\/document.png"},"datasheet_multiple":false,"tipo_instrucciones":"multiple","instructions":false,"instructions_multiple":[{"instructions_title":"CE","instructions_file":{"ID":21614,"id":21614,"title":"Gunnar_Acc_Wall_Assembly_Instructions_CE","filename":"Gunnar_Acc_Wall_Assembly_Instructions_CE.pdf","filesize":3077267,"url":"https:\/\/www.urbidermis.com\/wp-content\/uploads\/Gunnar_Acc_Wall_Assembly_Instructions_CE.pdf","link":"https:\/\/www.urbidermis.com\/es\/?attachment_id=21614","alt":"","author":"109","description":"","caption":"","name":"gunnar_acc_wall_assembly_instructions_ce-2","status":"inherit","uploaded_to":6613,"date":"2024-03-22 12:40:59","modified":"2024-03-22 12:49:36","menu_order":0,"mime_type":"application\/pdf","type":"application","subtype":"pdf","icon":"https:\/\/www.urbidermis.com\/wp-includes\/images\/media\/document.png"}},{"instructions_title":"UL","instructions_file":{"ID":21618,"id":21618,"title":"Gunnar_Acc_Wall_Assembly_Instructions_UL","filename":"Gunnar_Acc_Wall_Assembly_Instructions_UL.pdf","filesize":0,"url":"https:\/\/www.urbidermis.com\/wp-content\/uploads\/Gunnar_Acc_Wall_Assembly_Instructions_UL.pdf","link":"https:\/\/www.urbidermis.com\/es\/?attachment_id=21618","alt":"","author":"109","description":"","caption":"","name":"gunnar_acc_wall_assembly_instructions_ul-2","status":"inherit","uploaded_to":6613,"date":"2024-03-22 12:41:00","modified":"2024-03-22 12:49:36","menu_order":0,"mime_type":"application\/pdf","type":"application","subtype":"pdf","icon":"https:\/\/www.urbidermis.com\/wp-includes\/images\/media\/document.png"}}],"drawings_ce":false,"2d_cad":false,"3d_cad":false,"revit":false,"ldt_photometric_files":false,"ies_photometric_files":false,"validador_detalles_producto":false,"tipo_especificacion":""},{"title_group_producto_grid_single":{"title_tag":"h2","title_txt":"Iluminaci\u00f3n confortable"},"imagen_de_fondo_dinamic_single_producto":"","texto_contenido_ventana":false,"contenido_tabs_producto":"","acordion":false,"preguntas_y_respuestas":false,"cuadricula_de_colores":false,"componentes_producto":false,"descargables":true,"tipo_datasheet":"simple","datasheet":{"ID":23018,"id":23018,"title":"Gunnar_Acc_Pantalla_difusora_Ficha_tecnica_ES","filename":"Gunnar_Acc_Pantalla_difusora_Ficha_tecnica_ES.pdf","filesize":0,"url":"https:\/\/www.urbidermis.com\/wp-content\/uploads\/Gunnar_Acc_Pantalla_difusora_Ficha_tecnica_ES.pdf","link":"https:\/\/www.urbidermis.com\/es\/?attachment_id=23018","alt":"","author":"109","description":"","caption":"","name":"gunnar_acc_pantalla_difusora_ficha_tecnica_es-2","status":"inherit","uploaded_to":6613,"date":"2024-05-13 10:25:08","modified":"2024-05-13 10:35:11","menu_order":0,"mime_type":"application\/pdf","type":"application","subtype":"pdf","icon":"https:\/\/www.urbidermis.com\/wp-includes\/images\/media\/document.png"},"datasheet_multiple":false,"tipo_instrucciones":"simple","instructions":{"ID":21606,"id":21606,"title":"Gunnar_Acc_Difusser_Shade_Assembly_Instructions","filename":"Gunnar_Acc_Difusser_Shade_Assembly_Instructions.pdf","filesize":0,"url":"https:\/\/www.urbidermis.com\/wp-content\/uploads\/Gunnar_Acc_Difusser_Shade_Assembly_Instructions.pdf","link":"https:\/\/www.urbidermis.com\/es\/?attachment_id=21606","alt":"","author":"109","description":"","caption":"","name":"gunnar_acc_difusser_shade_assembly_instructions-2","status":"inherit","uploaded_to":6613,"date":"2024-03-22 12:40:56","modified":"2024-03-22 12:49:36","menu_order":0,"mime_type":"application\/pdf","type":"application","subtype":"pdf","icon":"https:\/\/www.urbidermis.com\/wp-includes\/images\/media\/document.png"},"instructions_multiple":false,"drawings_ce":{"ID":12402,"id":12402,"title":"Gunnar_diffuser_accesories_drawings","filename":"Gunnar_diffuser_accesories_drawings.pdf","filesize":0,"url":"https:\/\/www.urbidermis.com\/wp-content\/uploads\/Gunnar_diffuser_accesories_drawings.pdf","link":"https:\/\/www.urbidermis.com\/es\/?attachment_id=12402","alt":"","author":"4","description":"","caption":"","name":"gunnar_diffuser_accesories_drawings-2","status":"inherit","uploaded_to":6613,"date":"2022-07-08 11:35:00","modified":"2022-07-08 11:35:00","menu_order":0,"mime_type":"application\/pdf","type":"application","subtype":"pdf","icon":"https:\/\/www.urbidermis.com\/wp-includes\/images\/media\/document.png"},"2d_cad":{"ID":12406,"id":12406,"title":"Gunnar_diffuser_accessories_drawings","filename":"Gunnar_diffuser_accessories_drawings.dxf","filesize":0,"url":"https:\/\/www.urbidermis.com\/wp-content\/uploads\/Gunnar_diffuser_accessories_drawings.dxf","link":"https:\/\/www.urbidermis.com\/es\/?attachment_id=12406","alt":"","author":"4","description":"","caption":"","name":"gunnar_diffuser_accessories_drawings-2","status":"inherit","uploaded_to":6613,"date":"2022-07-08 11:35:02","modified":"2022-07-08 11:35:02","menu_order":0,"mime_type":"application\/dxf","type":"application","subtype":"dxf","icon":"https:\/\/www.urbidermis.com\/wp-includes\/images\/media\/default.png"},"3d_cad":false,"revit":false,"ldt_photometric_files":{"ID":17172,"id":17172,"title":"Gunnar_diffuser_accessories_LDT_photometries","filename":"Gunnar_diffuser_accessories_LDT_photometries.zip","filesize":0,"url":"https:\/\/www.urbidermis.com\/wp-content\/uploads\/Gunnar_diffuser_accessories_LDT_photometries.zip","link":"https:\/\/www.urbidermis.com\/es\/?attachment_id=17172","alt":"","author":"109","description":"","caption":"","name":"gunnar_diffuser_accessories_ldt_photometries-2","status":"inherit","uploaded_to":6613,"date":"2023-03-06 08:21:59","modified":"2023-03-06 08:21:59","menu_order":0,"mime_type":"application\/zip","type":"application","subtype":"zip","icon":"https:\/\/www.urbidermis.com\/wp-includes\/images\/media\/archive.png"},"ies_photometric_files":{"ID":17168,"id":17168,"title":"Gunnar_diffuser_accessories_IES_photometries","filename":"Gunnar_diffuser_accessories_IES_photometries.zip","filesize":0,"url":"https:\/\/www.urbidermis.com\/wp-content\/uploads\/Gunnar_diffuser_accessories_IES_photometries.zip","link":"https:\/\/www.urbidermis.com\/es\/?attachment_id=17168","alt":"","author":"109","description":"","caption":"","name":"gunnar_diffuser_accessories_ies_photometries-2","status":"inherit","uploaded_to":6613,"date":"2023-03-06 08:21:46","modified":"2023-03-06 08:21:46","menu_order":0,"mime_type":"application\/zip","type":"application","subtype":"zip","icon":"https:\/\/www.urbidermis.com\/wp-includes\/images\/media\/archive.png"},"validador_detalles_producto":false,"tipo_especificacion":""}]},{"acf_fc_layout":"seccion_consulta_nuestros_expertos","imagen_de_fondo_single_producto":"https:\/\/www.urbidermis.com\/recursos\/imagenes_galeria\/20250708-Spain-Sitges-Port-Aiguadolc---GUP-Del-Rio-Bani-07-x2400.jpg\n","imagen_de_fondo_single_producto_mobile":"https:\/\/www.urbidermis.com\/recursos\/imagenes_galeria\/20220119-Spain-Barcelona-Belloch-GUP-Equipo-Urbidermis-22-x2400-Sangre-x1000.jpg\n"}],"_numero_de_paginas_campo_texto":"","galeria_multidimension_imagenes_plano_de_cotas_proyector":[{"texto_pestana_plano_galeria":"Iluminaci\u00f3n en columna","imagen_plano_de_cotas":"https:\/\/www.urbidermis.com\/recursos\/imagenes_galeria\/Gunnar-Urban-Floodlights-Column-Lighting-PC.svg\n"},{"texto_pestana_plano_galeria":"Iluminaci\u00f3n fija en columna","imagen_plano_de_cotas":"https:\/\/www.urbidermis.com\/recursos\/imagenes_galeria\/Gunnar-Urban-Floodlights-Fixed-Column-Lighting-PC.svg\n"},{"texto_pestana_plano_galeria":"Iluminaci\u00f3n en catenaria","imagen_plano_de_cotas":"https:\/\/www.urbidermis.com\/recursos\/imagenes_galeria\/Gunnar-Urban-Floodlights-Catenary-Lighting-PC.svg\n"},{"texto_pestana_plano_galeria":"Iluminaci\u00f3n en aplique","imagen_plano_de_cotas":"https:\/\/www.urbidermis.com\/recursos\/imagenes_galeria\/Gunnar-Urban-Floodlights-Wall-mounted-Lighting-PC.svg\n"},{"texto_pestana_plano_galeria":"Iluminaci\u00f3n confortable","imagen_plano_de_cotas":"https:\/\/www.urbidermis.com\/recursos\/imagenes_galeria\/Gunnar-Urban-Floodlights-Comfortable-Lighting-PC.svg\n"}],"isbn_campo_texto":"","idioma_campo_texto":"","enquadernacion_campo_texto":"","pdf_asociado_producto":false,"is_plano_de_cotas_validator":true,"is_protocolo_y_control_generic":true,"dist_simetrica":["wideflood","flood","medium","spot","widefloodcob2"],"nombre_arbol_entre_comillas":"","text_content_family_basic_information":"","text_content_family_basic_number_width":"","text_content_family_basic_number_height":"","text_content_planting_density":"","flowers_option_colours":[],"flowers_option_season":[],"properties_option_pruning":[],"properties_option_watering":[],"properties_option_sun_exposure":[],"properties_option_fire":[],"properties_option_heat":[],"properties_option_moisture":[],"properties_option_minimum_temp":"","properties_option_soil_type":[],"properties_option_dryness":[],"properties_option_coastal_area":[],"is_producto_residencial_para_mostrar_info_diferente":false,"check_para_validar_no_secc_aplication":false,"selecciona_tipo_de_imagen_custom":[],"dist_asimetrica":["type-ii","type-iv","type-v","type-ii-ii","type-iii","type+ii-iii"],"texto_introduccion_landing_custom":"","enlace_descubre_mas_custom":"","opciones_de_texto_1":true,"opciones_de_texto_2":{"value":"acabado_standar","label":"Acabado Standard"},"opciones_de_texto_3":[],"activar_seccion_text_parrafo_pos_bottom_carrousel":false,"accordion_titulo_parrafo_acordeon_imagen":false,"imagen_titulo_parrafo_acordeon_imagen":"","image_portada_titulo_parrafo_acordeon_imagen":"","imagen_mobile_titulo_parrafo_acordeon_imagen":"","txt_acabados_prod_opciones_de_texto_1":true,"txt_acabados_prod_opciones_de_texto_2":{"value":"acabado_standard","label":"Acabado Standard"},"txt_acabados_prod_opciones_de_texto_3":[],"activador_seccion_impacto_acvs_secctions_acvs":true,"codigos_acvs_matching_row-leds":[{"texto_pestana_item_fetch":"12 LED","codigo_item_fetch":"GU*P12XX"},{"texto_pestana_item_fetch":"18 LED","codigo_item_fetch":"GU*P18XX"}],"activator_acf_option_madera_text":false,"texto_enlace_amplifyapp":"Gunnar_Urban_lighting","texto_destacado_text_parrafo_pos_bottom_carrousel":"","parrafo_text_parrafo_pos_bottom_carrousel":"","titulo_titulo_parrafo_acordeon_imagen":"","parrafo_titulo_parrafo_acordeon_imagen":"","texto_bajo_btn_certificados":"","galeria_imagenes_repeater_libro":[{"imagen_item_gal":"https:\/\/www.urbidermis.com\/recursos\/imagenes_galeria\/20250708-Spain-Sitges-Port-Aiguadolc---GUP-Del-Rio-Bani-01-x1000.jpg\n","activar_video_item_gal":false,"portada_video_item_gal":false,"video_en_horizonal_item_gal":false,"video_item_gal":false},{"imagen_item_gal":"https:\/\/www.urbidermis.com\/recursos\/imagenes_galeria\/20250708-Spain-Sitges-Port-Aiguadolc---GUP-Del-Rio-Bani-14-x1000.jpg\n","activar_video_item_gal":false,"portada_video_item_gal":false,"video_en_horizonal_item_gal":false,"video_item_gal":false},{"imagen_item_gal":"https:\/\/www.urbidermis.com\/recursos\/imagenes_galeria\/20220119-Spain-Barcelona-Belloch-GUA-Equipo-Urbidermis-10-x2400-Carrusel-03-x1000.jpg\n","activar_video_item_gal":false,"portada_video_item_gal":false,"video_en_horizonal_item_gal":false,"video_item_gal":false},{"imagen_item_gal":"https:\/\/www.urbidermis.com\/recursos\/imagenes_galeria\/Proyectores-Gunnar-Descripcion-04-Web-x2400-Carrusel-02-x1000.jpg\n","activar_video_item_gal":false,"portada_video_item_gal":false,"video_en_horizonal_item_gal":false,"video_item_gal":false},{"imagen_item_gal":"https:\/\/www.urbidermis.com\/recursos\/imagenes_galeria\/20220119-Spain-Barcelona-Belloch-GUP-Equipo-Urbidermis-05-Carrusel-04-x1000.jpg\n","activar_video_item_gal":false,"portada_video_item_gal":false,"video_en_horizonal_item_gal":false,"video_item_gal":false},{"imagen_item_gal":"https:\/\/www.urbidermis.com\/recursos\/imagenes_galeria\/20220119-Spain-Barcelona-Belloch-GUP-Equipo-Urbidermis-09-Carrusel-05-x1000.jpg\n","activar_video_item_gal":false,"portada_video_item_gal":false,"video_en_horizonal_item_gal":false,"video_item_gal":false},{"imagen_item_gal":"https:\/\/www.urbidermis.com\/recursos\/imagenes_galeria\/20260623-Switzerland-Mariastein-Mariastein-Monastery-GUP-Atelier-Ehrenklau-Hemmerling-03-x1000.jpg\n","activar_video_item_gal":false,"portada_video_item_gal":false,"video_en_horizonal_item_gal":false,"video_item_gal":false}],"enlace_santa_en_compra_liibro":"","enlace_santa_es_compra_liibro":"","texto_la_venta_y_gestion_compra_libro":"","participantes":[10290,10279,10286],"autores":[{"ID":10118,"post_author":"4","post_date":"2022-06-16 11:11:24","post_date_gmt":"2022-06-16 11:11:24","post_content":"","post_title":"Antoni Rosell\u00f3","post_excerpt":"","post_status":"publish","comment_status":"closed","ping_status":"closed","post_password":"","post_name":"antoni-rosello","to_ping":"","pinged":"","post_modified":"2024-09-13 08:57:23","post_modified_gmt":"2024-09-13 06:57:23","post_content_filtered":"","post_parent":0,"guid":"https:\/\/ubweb21.urbidermis.com\/biografias\/antoni-rosello\/","menu_order":0,"post_type":"autores","post_mime_type":"","comment_count":"0","filter":"raw"}],"productos_relationship_related":[{"ID":6610,"post_author":"4","post_date":"2022-03-01 10:26:15","post_date_gmt":"2022-03-01 10:26:15","post_content":"","post_title":"Arne","post_excerpt":"El proyector urbano Arne se integra elegantemente en cualquier espacio urbano, aportando m\u00faltiples soluciones para adaptarse a los programas m\u00e1s exigentes. El proyector presenta una imagen renovada y mejoras en la instalaci\u00f3n, el mantenimiento y la durabilidad.","post_status":"publish","comment_status":"closed","ping_status":"closed","post_password":"","post_name":"arne","to_ping":"","pinged":"","post_modified":"2026-04-20 12:33:25","post_modified_gmt":"2026-04-20 10:33:25","post_content_filtered":"","post_parent":0,"guid":"https:\/\/ubweb21.urbidermis.com\/product\/arne\/","menu_order":0,"post_type":"product","post_mime_type":"","comment_count":"0","filter":"raw"},{"ID":6552,"post_author":"4","post_date":"2022-03-01 10:26:51","post_date_gmt":"2022-03-01 10:26:51","post_content":"","post_title":"Arne S","post_excerpt":"El proyector urbano Arne S complementa la iluminaci\u00f3n a cotas bajas. Un proyector de tama\u00f1o reducido y muy \u00fatil para iluminar edificios, jardines o paseos, pensado para responder a las necesidades de los espacios urbanos renaturalizados.","post_status":"publish","comment_status":"closed","ping_status":"closed","post_password":"","post_name":"arne-s","to_ping":"","pinged":"","post_modified":"2026-04-20 12:57:07","post_modified_gmt":"2026-04-20 10:57:07","post_content_filtered":"","post_parent":0,"guid":"https:\/\/ubweb21.urbidermis.com\/product\/arne-s\/","menu_order":0,"post_type":"product","post_mime_type":"","comment_count":"0","filter":"raw"},{"ID":6621,"post_author":"4","post_date":"2022-03-01 10:30:46","post_date_gmt":"2022-03-01 10:30:46","post_content":"","post_title":"Slope","post_excerpt":"Geom\u00e9trica y precisa. Una s\u00edntesis casi matem\u00e1tica. Un amable perfil con un sutil \u00e1ngulo de s\u00f3lo nueve grados evita la contaminaci\u00f3n lum\u00ednica y el deslumbramiento. Slope se integra gentilmente en el paisaje. La luminaria urbana est\u00e1 concebida para adaptarse a todo tipo de soporte preexistente, e iluminar cualquier espacio p\u00fablico o privado.","post_status":"publish","comment_status":"closed","ping_status":"closed","post_password":"","post_name":"slope","to_ping":"","pinged":"","post_modified":"2026-04-20 14:10:08","post_modified_gmt":"2026-04-20 12:10:08","post_content_filtered":"","post_parent":0,"guid":"https:\/\/ubweb21.urbidermis.com\/product\/slope\/","menu_order":0,"post_type":"product","post_mime_type":"","comment_count":"0","filter":"raw"},{"ID":6622,"post_author":"4","post_date":"2022-03-01 10:31:03","post_date_gmt":"2022-03-01 10:31:03","post_content":"","post_title":"Tumbler","post_excerpt":"Un volumen justo, capaz de suavizar la vista con la mejor tecnolog\u00eda. Conforme a la propuesta de Nathan Rogers, \u201cfrom the spoon to the city\u201d, concebir desde la cuchara hasta la ciudad, la luminaria Tumbler traslada el caracter\u00edstico y muy elegante minimalismo del espacio interior al ruidoso mundo de la ciudad.","post_status":"publish","comment_status":"closed","ping_status":"closed","post_password":"","post_name":"tumbler","to_ping":"","pinged":"","post_modified":"2026-04-21 12:38:02","post_modified_gmt":"2026-04-21 10:38:02","post_content_filtered":"","post_parent":0,"guid":"https:\/\/ubweb21.urbidermis.com\/product\/tumbler\/","menu_order":0,"post_type":"product","post_mime_type":"","comment_count":"0","filter":"raw"}],"tipos_de_post_relationship_related":[{"ID":28054,"post_author":"7","post_date":"2025-09-23 17:02:14","post_date_gmt":"2025-09-23 15:02:14","post_content":"","post_title":"Preservar la oscuridad","post_excerpt":"","post_status":"publish","comment_status":"closed","ping_status":"open","post_password":"","post_name":"preservar-la-oscuridad","to_ping":"","pinged":"","post_modified":"2026-07-14 14:19:08","post_modified_gmt":"2026-07-14 12:19:08","post_content_filtered":"","post_parent":0,"guid":"https:\/\/www.urbidermis.com\/blog\/interview-with-johan-eklof\/","menu_order":0,"post_type":"post","post_mime_type":"","comment_count":"0","filter":"raw"}]},"yoast_head":"<!-- This site is optimized with the Yoast SEO plugin v27.6 - https:\/\/yoast.com\/product\/yoast-seo-wordpress\/ -->\n<title>Gunnar - Urbidermis<\/title>\n<meta name=\"description\" content=\"Gunnar - El proyector Gunnar de dimensiones reducidas y robustez constructiva, est\u00e1\u00a0inspirado en\u00a0los \u00f3rdenes arquitect\u00f3nicos y el dise\u00f1o n\u00f3rdico de Gunnar Asplund. Aporta singularidad y funcionalidad al espacio exterior.\" \/>\n<meta name=\"robots\" content=\"index, follow, max-snippet:-1, max-image-preview:large, max-video-preview:-1\" \/>\n<link rel=\"canonical\" href=\"https:\/\/www.urbidermis.com\/es\/iluminacion-urbana\/gunnar\/\" \/>\n<meta property=\"og:locale\" content=\"es_ES\" \/>\n<meta property=\"og:type\" content=\"article\" \/>\n<meta property=\"og:title\" content=\"Gunnar - Urbidermis\" \/>\n<meta property=\"og:description\" content=\"Gunnar - El proyector Gunnar de dimensiones reducidas y robustez constructiva, est\u00e1\u00a0inspirado en\u00a0los \u00f3rdenes arquitect\u00f3nicos y el dise\u00f1o n\u00f3rdico de Gunnar Asplund. Aporta singularidad y funcionalidad al espacio exterior.\" \/>\n<meta property=\"og:url\" content=\"https:\/\/www.urbidermis.com\/es\/iluminacion-urbana\/gunnar\/\" \/>\n<meta property=\"og:site_name\" content=\"Urbidermis\" \/>\n<meta property=\"article:modified_time\" content=\"2026-08-05T13:31:50+00:00\" \/>\n<meta property=\"og:image\" content=\"https:\/\/www.urbidermis.com\/wp-content\/uploads\/20250708_Spain_Sitges_Port_Aiguadolc\u0327_GUP_Del_Rio_Bani_04.jpg\" \/>\n\t<meta property=\"og:image:width\" content=\"1800\" \/>\n\t<meta property=\"og:image:height\" content=\"2520\" \/>\n\t<meta property=\"og:image:type\" content=\"image\/jpeg\" \/>\n<meta name=\"twitter:card\" content=\"summary_large_image\" \/>\n<script type=\"application\/ld+json\" class=\"yoast-schema-graph\">{\"@context\":\"https:\\\/\\\/schema.org\",\"@graph\":[{\"@type\":\"WebPage\",\"@id\":\"https:\\\/\\\/www.urbidermis.com\\\/es\\\/iluminacion-urbana\\\/gunnar\\\/\",\"url\":\"https:\\\/\\\/www.urbidermis.com\\\/es\\\/iluminacion-urbana\\\/gunnar\\\/\",\"name\":\"Gunnar - Urbidermis\",\"isPartOf\":{\"@id\":\"https:\\\/\\\/urbidermis.com\\\/es\\\/#website\"},\"primaryImageOfPage\":{\"@id\":\"https:\\\/\\\/www.urbidermis.com\\\/es\\\/iluminacion-urbana\\\/gunnar\\\/#primaryimage\"},\"image\":{\"@id\":\"https:\\\/\\\/www.urbidermis.com\\\/es\\\/iluminacion-urbana\\\/gunnar\\\/#primaryimage\"},\"thumbnailUrl\":\"https:\\\/\\\/www.urbidermis.com\\\/wp-content\\\/uploads\\\/20250708_Spain_Sitges_Port_Aiguadolc\u0327_GUP_Del_Rio_Bani_04.jpg\",\"datePublished\":\"2022-03-01T10:27:51+00:00\",\"dateModified\":\"2026-08-05T13:31:50+00:00\",\"description\":\"Gunnar - El proyector Gunnar de dimensiones reducidas y robustez constructiva, est\u00e1\u00a0inspirado en\u00a0los \u00f3rdenes arquitect\u00f3nicos y el dise\u00f1o n\u00f3rdico de Gunnar Asplund. Aporta singularidad y funcionalidad al espacio exterior.\",\"breadcrumb\":{\"@id\":\"https:\\\/\\\/www.urbidermis.com\\\/es\\\/iluminacion-urbana\\\/gunnar\\\/#breadcrumb\"},\"inLanguage\":\"es-ES\",\"potentialAction\":[{\"@type\":\"ReadAction\",\"target\":[\"https:\\\/\\\/www.urbidermis.com\\\/es\\\/iluminacion-urbana\\\/gunnar\\\/\"]}]},{\"@type\":\"ImageObject\",\"inLanguage\":\"es-ES\",\"@id\":\"https:\\\/\\\/www.urbidermis.com\\\/es\\\/iluminacion-urbana\\\/gunnar\\\/#primaryimage\",\"url\":\"https:\\\/\\\/www.urbidermis.com\\\/wp-content\\\/uploads\\\/20250708_Spain_Sitges_Port_Aiguadolc\u0327_GUP_Del_Rio_Bani_04.jpg\",\"contentUrl\":\"https:\\\/\\\/www.urbidermis.com\\\/wp-content\\\/uploads\\\/20250708_Spain_Sitges_Port_Aiguadolc\u0327_GUP_Del_Rio_Bani_04.jpg\",\"width\":1800,\"height\":2520},{\"@type\":\"BreadcrumbList\",\"@id\":\"https:\\\/\\\/www.urbidermis.com\\\/es\\\/iluminacion-urbana\\\/gunnar\\\/#breadcrumb\",\"itemListElement\":[{\"@type\":\"ListItem\",\"position\":1,\"name\":\"Home\",\"item\":\"https:\\\/\\\/www.urbidermis.com\\\/es\\\/\"},{\"@type\":\"ListItem\",\"position\":2,\"name\":\"Productos\",\"item\":\"https:\\\/\\\/www.urbidermis.com\\\/es\\\/productos\\\/\"},{\"@type\":\"ListItem\",\"position\":3,\"name\":\"Gunnar\"}]},{\"@type\":\"WebSite\",\"@id\":\"https:\\\/\\\/urbidermis.com\\\/es\\\/#website\",\"url\":\"https:\\\/\\\/urbidermis.com\\\/es\\\/\",\"name\":\"Urbidermis\",\"description\":\"Expertos en la ciudad\",\"publisher\":{\"@id\":\"https:\\\/\\\/urbidermis.com\\\/es\\\/#organization\"},\"potentialAction\":[{\"@type\":\"SearchAction\",\"target\":{\"@type\":\"EntryPoint\",\"urlTemplate\":\"https:\\\/\\\/urbidermis.com\\\/es\\\/?s={search_term_string}\"},\"query-input\":{\"@type\":\"PropertyValueSpecification\",\"valueRequired\":true,\"valueName\":\"search_term_string\"}}],\"inLanguage\":\"es-ES\"},{\"@type\":\"Organization\",\"@id\":\"https:\\\/\\\/urbidermis.com\\\/es\\\/#organization\",\"name\":\"Urbidermis\",\"url\":\"https:\\\/\\\/urbidermis.com\\\/es\\\/\",\"logo\":{\"@type\":\"ImageObject\",\"inLanguage\":\"es-ES\",\"@id\":\"https:\\\/\\\/urbidermis.com\\\/es\\\/#\\\/schema\\\/logo\\\/image\\\/\",\"url\":\"\",\"contentUrl\":\"\",\"caption\":\"Urbidermis\"},\"image\":{\"@id\":\"https:\\\/\\\/urbidermis.com\\\/es\\\/#\\\/schema\\\/logo\\\/image\\\/\"}}]}<\/script>\n<!-- \/ Yoast SEO plugin. -->","yoast_head_json":{"title":"Gunnar - Urbidermis","description":"Gunnar - El proyector Gunnar de dimensiones reducidas y robustez constructiva, est\u00e1\u00a0inspirado en\u00a0los \u00f3rdenes arquitect\u00f3nicos y el dise\u00f1o n\u00f3rdico de Gunnar Asplund. Aporta singularidad y funcionalidad al espacio exterior.","robots":{"index":"index","follow":"follow","max-snippet":"max-snippet:-1","max-image-preview":"max-image-preview:large","max-video-preview":"max-video-preview:-1"},"canonical":"https:\/\/www.urbidermis.com\/es\/iluminacion-urbana\/gunnar\/","og_locale":"es_ES","og_type":"article","og_title":"Gunnar - Urbidermis","og_description":"Gunnar - El proyector Gunnar de dimensiones reducidas y robustez constructiva, est\u00e1\u00a0inspirado en\u00a0los \u00f3rdenes arquitect\u00f3nicos y el dise\u00f1o n\u00f3rdico de Gunnar Asplund. Aporta singularidad y funcionalidad al espacio exterior.","og_url":"https:\/\/www.urbidermis.com\/es\/iluminacion-urbana\/gunnar\/","og_site_name":"Urbidermis","article_modified_time":"2026-08-05T13:31:50+00:00","og_image":[{"width":1800,"height":2520,"url":"https:\/\/www.urbidermis.com\/wp-content\/uploads\/20250708_Spain_Sitges_Port_Aiguadolc\u0327_GUP_Del_Rio_Bani_04.jpg","type":"image\/jpeg"}],"twitter_card":"summary_large_image","schema":{"@context":"https:\/\/schema.org","@graph":[{"@type":"WebPage","@id":"https:\/\/www.urbidermis.com\/es\/iluminacion-urbana\/gunnar\/","url":"https:\/\/www.urbidermis.com\/es\/iluminacion-urbana\/gunnar\/","name":"Gunnar - Urbidermis","isPartOf":{"@id":"https:\/\/urbidermis.com\/es\/#website"},"primaryImageOfPage":{"@id":"https:\/\/www.urbidermis.com\/es\/iluminacion-urbana\/gunnar\/#primaryimage"},"image":{"@id":"https:\/\/www.urbidermis.com\/es\/iluminacion-urbana\/gunnar\/#primaryimage"},"thumbnailUrl":"https:\/\/www.urbidermis.com\/wp-content\/uploads\/20250708_Spain_Sitges_Port_Aiguadolc\u0327_GUP_Del_Rio_Bani_04.jpg","datePublished":"2022-03-01T10:27:51+00:00","dateModified":"2026-08-05T13:31:50+00:00","description":"Gunnar - El proyector Gunnar de dimensiones reducidas y robustez constructiva, est\u00e1\u00a0inspirado en\u00a0los \u00f3rdenes arquitect\u00f3nicos y el dise\u00f1o n\u00f3rdico de Gunnar Asplund. Aporta singularidad y funcionalidad al espacio exterior.","breadcrumb":{"@id":"https:\/\/www.urbidermis.com\/es\/iluminacion-urbana\/gunnar\/#breadcrumb"},"inLanguage":"es-ES","potentialAction":[{"@type":"ReadAction","target":["https:\/\/www.urbidermis.com\/es\/iluminacion-urbana\/gunnar\/"]}]},{"@type":"ImageObject","inLanguage":"es-ES","@id":"https:\/\/www.urbidermis.com\/es\/iluminacion-urbana\/gunnar\/#primaryimage","url":"https:\/\/www.urbidermis.com\/wp-content\/uploads\/20250708_Spain_Sitges_Port_Aiguadolc\u0327_GUP_Del_Rio_Bani_04.jpg","contentUrl":"https:\/\/www.urbidermis.com\/wp-content\/uploads\/20250708_Spain_Sitges_Port_Aiguadolc\u0327_GUP_Del_Rio_Bani_04.jpg","width":1800,"height":2520},{"@type":"BreadcrumbList","@id":"https:\/\/www.urbidermis.com\/es\/iluminacion-urbana\/gunnar\/#breadcrumb","itemListElement":[{"@type":"ListItem","position":1,"name":"Home","item":"https:\/\/www.urbidermis.com\/es\/"},{"@type":"ListItem","position":2,"name":"Productos","item":"https:\/\/www.urbidermis.com\/es\/productos\/"},{"@type":"ListItem","position":3,"name":"Gunnar"}]},{"@type":"WebSite","@id":"https:\/\/urbidermis.com\/es\/#website","url":"https:\/\/urbidermis.com\/es\/","name":"Urbidermis","description":"Expertos en la ciudad","publisher":{"@id":"https:\/\/urbidermis.com\/es\/#organization"},"potentialAction":[{"@type":"SearchAction","target":{"@type":"EntryPoint","urlTemplate":"https:\/\/urbidermis.com\/es\/?s={search_term_string}"},"query-input":{"@type":"PropertyValueSpecification","valueRequired":true,"valueName":"search_term_string"}}],"inLanguage":"es-ES"},{"@type":"Organization","@id":"https:\/\/urbidermis.com\/es\/#organization","name":"Urbidermis","url":"https:\/\/urbidermis.com\/es\/","logo":{"@type":"ImageObject","inLanguage":"es-ES","@id":"https:\/\/urbidermis.com\/es\/#\/schema\/logo\/image\/","url":"","contentUrl":"","caption":"Urbidermis"},"image":{"@id":"https:\/\/urbidermis.com\/es\/#\/schema\/logo\/image\/"}}]}},"urb":{"path":"\/es\/iluminacion-urbana\/gunnar\/","language":"es","translations":{"de":{"id":7195,"slug":"gunnar","path":"\/de\/stadtbeleuchtung\/gunnar\/"},"en":{"id":2031,"slug":"gunnar","path":"\/urban-lighting\/gunnar\/"},"es":{"id":6613,"slug":"gunnar","path":"\/es\/iluminacion-urbana\/gunnar\/"},"fr":{"id":8396,"slug":"gunnar","path":"\/fr\/eclairage-urbain\/gunnar\/"}},"page_template":"","featured":{"id":27967,"url":"https:\/\/www.urbidermis.com\/wp-content\/uploads\/20250708_Spain_Sitges_Port_Aiguadolc\u0327_GUP_Del_Rio_Bani_04.jpg","width":1800,"height":2520,"alt":"","title":"20250708_Spain_Sitges_Port_Aiguadolc\u0327_GUP_Del_Rio_Bani_04","mime":"image\/jpeg","srcset":"https:\/\/www.urbidermis.com\/wp-content\/uploads\/20250708_Spain_Sitges_Port_Aiguadolc\u0327_GUP_Del_Rio_Bani_04.jpg 1800w, https:\/\/www.urbidermis.com\/wp-content\/uploads\/20250708_Spain_Sitges_Port_Aiguadolc\u0327_GUP_Del_Rio_Bani_04-429x600.jpg 429w, https:\/\/www.urbidermis.com\/wp-content\/uploads\/20250708_Spain_Sitges_Port_Aiguadolc\u0327_GUP_Del_Rio_Bani_04-731x1024.jpg 731w, https:\/\/www.urbidermis.com\/wp-content\/uploads\/20250708_Spain_Sitges_Port_Aiguadolc\u0327_GUP_Del_Rio_Bani_04-107x150.jpg 107w, https:\/\/www.urbidermis.com\/wp-content\/uploads\/20250708_Spain_Sitges_Port_Aiguadolc\u0327_GUP_Del_Rio_Bani_04-768x1075.jpg 768w, https:\/\/www.urbidermis.com\/wp-content\/uploads\/20250708_Spain_Sitges_Port_Aiguadolc\u0327_GUP_Del_Rio_Bani_04-1097x1536.jpg 1097w, https:\/\/www.urbidermis.com\/wp-content\/uploads\/20250708_Spain_Sitges_Port_Aiguadolc\u0327_GUP_Del_Rio_Bani_04-1463x2048.jpg 1463w, https:\/\/www.urbidermis.com\/wp-content\/uploads\/20250708_Spain_Sitges_Port_Aiguadolc\u0327_GUP_Del_Rio_Bani_04-179x250.jpg 179w, https:\/\/www.urbidermis.com\/wp-content\/uploads\/20250708_Spain_Sitges_Port_Aiguadolc\u0327_GUP_Del_Rio_Bani_04-300x420.jpg 300w","sizes":{"medium":{"url":"https:\/\/www.urbidermis.com\/wp-content\/uploads\/20250708_Spain_Sitges_Port_Aiguadolc\u0327_GUP_Del_Rio_Bani_04-429x600.jpg","width":429,"height":600},"large":{"url":"https:\/\/www.urbidermis.com\/wp-content\/uploads\/20250708_Spain_Sitges_Port_Aiguadolc\u0327_GUP_Del_Rio_Bani_04-731x1024.jpg","width":640,"height":897},"thumbnail":{"url":"https:\/\/www.urbidermis.com\/wp-content\/uploads\/20250708_Spain_Sitges_Port_Aiguadolc\u0327_GUP_Del_Rio_Bani_04-107x150.jpg","width":107,"height":150},"medium_large":{"url":"https:\/\/www.urbidermis.com\/wp-content\/uploads\/20250708_Spain_Sitges_Port_Aiguadolc\u0327_GUP_Del_Rio_Bani_04-768x1075.jpg","width":640,"height":896},"1536x1536":{"url":"https:\/\/www.urbidermis.com\/wp-content\/uploads\/20250708_Spain_Sitges_Port_Aiguadolc\u0327_GUP_Del_Rio_Bani_04-1097x1536.jpg","width":1097,"height":1536},"2048x2048":{"url":"https:\/\/www.urbidermis.com\/wp-content\/uploads\/20250708_Spain_Sitges_Port_Aiguadolc\u0327_GUP_Del_Rio_Bani_04-1463x2048.jpg","width":1463,"height":2048},"word":{"url":"https:\/\/www.urbidermis.com\/wp-content\/uploads\/20250708_Spain_Sitges_Port_Aiguadolc\u0327_GUP_Del_Rio_Bani_04-179x250.jpg","width":179,"height":250},"woocommerce_thumbnail":{"url":"https:\/\/www.urbidermis.com\/wp-content\/uploads\/20250708_Spain_Sitges_Port_Aiguadolc\u0327_GUP_Del_Rio_Bani_04-150x150.jpg","width":150,"height":150},"woocommerce_single":{"url":"https:\/\/www.urbidermis.com\/wp-content\/uploads\/20250708_Spain_Sitges_Port_Aiguadolc\u0327_GUP_Del_Rio_Bani_04-300x420.jpg","width":300,"height":420},"woocommerce_gallery_thumbnail":{"url":"https:\/\/www.urbidermis.com\/wp-content\/uploads\/20250708_Spain_Sitges_Port_Aiguadolc\u0327_GUP_Del_Rio_Bani_04-100x100.jpg","width":100,"height":100}}},"terms":{"product_type":{"items":[{"id":2,"name":"simple","slug":"simple","parent":0,"path":"\/es\/"}],"parent":{"id":2,"name":"simple","slug":"simple","parent":0,"path":"\/es\/"},"child":null},"product_cat":{"items":[{"id":77,"name":"Iluminaci\u00f3n urbana","slug":"iluminacion-urbana","parent":0,"path":"\/es\/iluminacion-urbana\/"},{"id":85,"name":"Proyectores urbanos","slug":"proyectores-urbanos","parent":77,"path":"\/es\/proyectores-urbanos\/"}],"parent":{"id":77,"name":"Iluminaci\u00f3n urbana","slug":"iluminacion-urbana","parent":0,"path":"\/es\/iluminacion-urbana\/"},"child":{"id":85,"name":"Proyectores urbanos","slug":"proyectores-urbanos","parent":77,"path":"\/es\/proyectores-urbanos\/"}},"product_tag":{"items":[{"id":2644,"name":"Bestseller","slug":"bestseller-es","parent":0,"path":"\/es\/product-tag\/bestseller-es\/"}],"parent":{"id":2644,"name":"Bestseller","slug":"bestseller-es","parent":0,"path":"\/es\/product-tag\/bestseller-es\/"},"child":null},"pa_application":{"items":[{"id":1447,"name":"Catenaria","slug":"catenaria","parent":0,"path":"\/es\/"},{"id":1435,"name":"Columna","slug":"columna","parent":0,"path":"\/es\/"},{"id":1451,"name":"Empotrada","slug":"empotrada","parent":0,"path":"\/es\/"}],"parent":{"id":1447,"name":"Catenaria","slug":"catenaria","parent":0,"path":"\/es\/"},"child":null},"pa_certification":{"items":[{"id":1458,"name":"UL","slug":"ul-es","parent":0,"path":"\/es\/"}],"parent":{"id":1458,"name":"UL","slug":"ul-es","parent":0,"path":"\/es\/"},"child":null},"pa_materials":{"items":[{"id":1462,"name":"Aluminio","slug":"aluminio","parent":0,"path":"\/es\/"}],"parent":{"id":1462,"name":"Aluminio","slug":"aluminio","parent":0,"path":"\/es\/"},"child":null},"pa_typology":{"items":[{"id":1424,"name":"Proyectores","slug":"proyectores","parent":0,"path":"\/es\/"}],"parent":{"id":1424,"name":"Proyectores","slug":"proyectores","parent":0,"path":"\/es\/"},"child":null},"translation_priority":{"items":[{"id":20,"name":"Opcional","slug":"opcional","parent":0,"path":"\/es\/"}],"parent":{"id":20,"name":"Opcional","slug":"opcional","parent":0,"path":"\/es\/"},"child":null}},"breadcrumb":[],"product":{"sku":"","type":"simple","gallery":[],"attributes":[{"name":"Typology","taxonomy":"pa_typology","visible":true,"options":["Proyectores"]},{"name":"Application","taxonomy":"pa_application","visible":true,"options":["Catenaria","Columna","Empotrada"]},{"name":"Certification","taxonomy":"pa_certification","visible":true,"options":["UL"]},{"name":"Materials","taxonomy":"pa_materials","visible":true,"options":["Aluminio"]}],"children":[],"catalog_url":"https:\/\/www.urbidermis.com\/es\/iluminacion-urbana\/gunnar\/","downloads":[{"tipo_datasheet":"simple","datasheet":"https:\/\/www.urbidermis.com\/recursos\/dam\/ficheros_tecnicos\/Gunnar-Proyector-Ficha-tecnica-ES.pdf","tipo_instrucciones":"multiple","instructions_multiple":[{"instructions_file":"https:\/\/www.urbidermis.com\/recursos\/dam\/ficheros_tecnicos\/Gunnar-Floodlight-Assembly-Instructions-CE.pdf","instructions_title":"CE","group_product":["Proyector","CE"]},{"instructions_file":"https:\/\/www.urbidermis.com\/recursos\/dam\/ficheros_tecnicos\/Gunnar-Floodlight-Assembly-Instructions-UL.pdf","instructions_title":"UL","group_product":["Proyector","UL"]}],"drawings":"https:\/\/www.urbidermis.com\/recursos\/dam\/ficheros_tecnicos\/Gunnar-Floodlight-drawings.pdf","2d_cad":"https:\/\/www.urbidermis.com\/recursos\/dam\/ficheros_tecnicos\/Gunnar-Floodlight-drawings.dxf","3d_cad":null,"ies_photometric_files":"https:\/\/www.urbidermis.com\/recursos\/dam\/ficheros_tecnicos\/IES_Photometries_Gunnar.zip","ldt_photometric_files":"https:\/\/www.urbidermis.com\/recursos\/dam\/ficheros_tecnicos\/LDT_Photometries_Gunnar.zip","revit":null,"group_product":"Proyector","idioma":"es","descargable":"https:\/\/www.urbidermis.com\/recursos\/dam\/ficheros_tecnicos\/Gunnar-Floodlight-drawings.pdf"},{"tipo_datasheet":"simple","datasheet":"https:\/\/www.urbidermis.com\/recursos\/dam\/ficheros_tecnicos\/Gunnar-Acc-Columna-Ficha-tecnica-ES.pdf","tipo_instrucciones":"simple","instructions":"https:\/\/www.urbidermis.com\/recursos\/dam\/ficheros_tecnicos\/Gunnar-Acc-Pole-Assembly-Instructions.pdf","drawings":null,"2d_cad":null,"3d_cad":"https:\/\/www.urbidermis.com\/recursos\/dam\/ficheros_tecnicos\/Gunnar_pole_3D.zip","ies_photometric_files":null,"ldt_photometric_files":null,"revit":null,"group_product":"Iluminaci\u00f3n en columna","idioma":"es","descargable":"https:\/\/www.urbidermis.com\/recursos\/dam\/ficheros_tecnicos\/Gunnar-Floodlight-drawings.pdf"},{"tipo_datasheet":"simple","datasheet":"https:\/\/www.urbidermis.com\/recursos\/dam\/ficheros_tecnicos\/Gunnar-Acc-Catenaria-Ficha-tecnica-ES.pdf","tipo_instrucciones":"multiple","instructions_multiple":[{"instructions_file":"https:\/\/www.urbidermis.com\/recursos\/dam\/ficheros_tecnicos\/Gunnar-Floodlight-Catenary-Assembly-Instructions-CE.pdf","instructions_title":"CE","group_product":["Iluminaci\u00f3n en catenaria","CE"]},{"instructions_file":"\/recursos\/dam\/ficheros_tecnicos\/Gunnar-Floodlight-Catenary-Assembly-Instructions-UL.pdf","instructions_title":"UL","group_product":["Iluminaci\u00f3n en catenaria","UL"]}],"drawings":null,"2d_cad":null,"3d_cad":null,"ies_photometric_files":null,"ldt_photometric_files":null,"revit":null,"group_product":"Iluminaci\u00f3n en catenaria","idioma":"es","descargable":"https:\/\/www.urbidermis.com\/recursos\/dam\/ficheros_tecnicos\/Gunnar-Floodlight-drawings.pdf"},{"tipo_datasheet":"simple","datasheet":"https:\/\/www.urbidermis.com\/recursos\/dam\/ficheros_tecnicos\/Gunnar-Acc-Aplique-Ficha-tecnica-ES.pdf","tipo_instrucciones":"multiple","instructions_multiple":[{"instructions_file":"https:\/\/www.urbidermis.com\/recursos\/dam\/ficheros_tecnicos\/Gunnar-Acc-Wall-Assembly-Instructions-CE.pdf","instructions_title":"CE","group_product":["Iluminaci\u00f3n en aplique","CE"]},{"instructions_file":"https:\/\/www.urbidermis.com\/recursos\/dam\/ficheros_tecnicos\/Gunnar-Acc-Wall-Assembly-Instructions-UL.pdf","instructions_title":"UL","group_product":["Iluminaci\u00f3n en aplique","UL"]}],"drawings":null,"2d_cad":null,"3d_cad":null,"ies_photometric_files":null,"ldt_photometric_files":null,"revit":null,"group_product":"Iluminaci\u00f3n en aplique","idioma":"es","descargable":"https:\/\/www.urbidermis.com\/recursos\/dam\/ficheros_tecnicos\/Gunnar-Floodlight-drawings.pdf"},{"tipo_datasheet":"simple","datasheet":"https:\/\/www.urbidermis.com\/recursos\/dam\/ficheros_tecnicos\/Gunnar-Acc-Pantalla-difusora-Ficha-tecnica-ES.pdf","tipo_instrucciones":"simple","instructions":"https:\/\/www.urbidermis.com\/recursos\/dam\/ficheros_tecnicos\/Gunnar-Acc-Difusser-Shade-Assembly-Instructions.pdf","drawings":"https:\/\/www.urbidermis.com\/recursos\/dam\/ficheros_tecnicos\/Gunnar_diffuser_accesories_drawings.pdf","2d_cad":"https:\/\/www.urbidermis.com\/recursos\/dam\/ficheros_tecnicos\/Gunnar_diffuser_accessories_drawings.dxf","3d_cad":null,"ies_photometric_files":"https:\/\/www.urbidermis.com\/recursos\/dam\/ficheros_tecnicos\/Gunnar_diffuser_accessories_IES_photometries.zip","ldt_photometric_files":"https:\/\/www.urbidermis.com\/recursos\/dam\/ficheros_tecnicos\/Gunnar_diffuser_accessories_LDT_photometries.zip","revit":null,"group_product":"Iluminaci\u00f3n confortable","idioma":"es","descargable":"https:\/\/www.urbidermis.com\/recursos\/dam\/ficheros_tecnicos\/Gunnar-Floodlight-drawings.pdf"}]}},"_links":{"self":[{"href":"https:\/\/www.urbidermis.com\/es\/wp-json\/wp\/v2\/product\/6613","targetHints":{"allow":["GET"]}}],"collection":[{"href":"https:\/\/www.urbidermis.com\/es\/wp-json\/wp\/v2\/product"}],"about":[{"href":"https:\/\/www.urbidermis.com\/es\/wp-json\/wp\/v2\/types\/product"}],"wp:featuredmedia":[{"embeddable":true,"href":"https:\/\/www.urbidermis.com\/es\/wp-json\/wp\/v2\/media\/27967"}],"wp:attachment":[{"href":"https:\/\/www.urbidermis.com\/es\/wp-json\/wp\/v2\/media?parent=6613"}],"wp:term":[{"taxonomy":"product_brand","embeddable":true,"href":"https:\/\/www.urbidermis.com\/es\/wp-json\/wp\/v2\/product_brand?post=6613"},{"taxonomy":"product_cat","embeddable":true,"href":"https:\/\/www.urbidermis.com\/es\/wp-json\/wp\/v2\/product_cat?post=6613"},{"taxonomy":"product_tag","embeddable":true,"href":"https:\/\/www.urbidermis.com\/es\/wp-json\/wp\/v2\/product_tag?post=6613"}],"curies":[{"name":"wp","href":"https:\/\/api.w.org\/{rel}","templated":true}]}}