


{"id":6621,"date":"2022-03-01T10:30:46","date_gmt":"2022-03-01T10:30:46","guid":{"rendered":"https:\/\/ubweb21.urbidermis.com\/product\/slope\/"},"modified":"2026-04-20T14:10:08","modified_gmt":"2026-04-20T12:10:08","slug":"slope","status":"publish","type":"product","link":"https:\/\/www.urbidermis.com\/es\/iluminacion-urbana\/slope\/","title":{"rendered":"Slope"},"content":{"rendered":"","protected":false},"excerpt":{"rendered":"<p>Geom\u00e9trica y precisa. Una s\u00edntesis casi matem\u00e1tica. Un amable perfil con un sutil \u00e1ngulo de s\u00f3lo nueve grados evita la contaminaci\u00f3n lum\u00ednica y el deslumbramiento. Slope se integra gentilmente en el paisaje. La luminaria urbana est\u00e1 concebida para adaptarse a todo tipo de soporte preexistente, e iluminar cualquier espacio p\u00fablico o privado.<\/p>\n","protected":false},"featured_media":26012,"template":"","meta":{"_acf_changed":false,"inline_featured_image":false},"product_cat":[77,84],"product_tag":[],"acf":{"activador_seccion_impacto_acvs_secctions_acvs":true,"texto_enlace_amplifyapp":"Slope_Urban_lighting","codigos_acvs_matching_row-leds":[{"texto_pestana_item_fetch":"18 LED","codigo_item_fetch":"SPL18XX"},{"texto_pestana_item_fetch":"36 LED","codigo_item_fetch":"SPL36XX"}],"activator_acf_option_madera_text":false,"texto_bajo_btn_certificados":"","check_para_validar_no_secc_aplication":false,"is_protocolo_y_control_generic":true,"is_producto_residencial_para_mostrar_info_diferente":false,"is_plano_de_cotas_validator":true,"galeria_multidimension_imagenes_plano_de_cotas_proyector":[{"texto_pestana_plano_galeria":"Iluminaci\u00f3n en columna","imagen_plano_de_cotas":"[link_wp_dam_url ids=\"14483\"]"},{"texto_pestana_plano_galeria":"Iluminaci\u00f3n en aplique","imagen_plano_de_cotas":"[link_wp_dam_url ids=\"14484\"]"}],"premios_producto_repeater":null,"participantes":[10279,10290],"autores":[10073],"ano_creacion_producto":"2017","validacion_producto_descarga":true,"galeria_imagenes_repeater_libro":[{"imagen_item_gal":"[link_wp_dam_url ids=\"12679\"]","activar_video_item_gal":false,"portada_video_item_gal":null,"video_en_horizonal_item_gal":false,"video_item_gal":false},{"imagen_item_gal":"[link_wp_dam_url ids=\"12678\"]","activar_video_item_gal":false,"portada_video_item_gal":null,"video_en_horizonal_item_gal":false,"video_item_gal":false},{"imagen_item_gal":"[link_wp_dam_url ids=\"14604\"]","activar_video_item_gal":false,"portada_video_item_gal":null,"video_en_horizonal_item_gal":false,"video_item_gal":false},{"imagen_item_gal":"[link_wp_dam_url ids=\"12676\"]","activar_video_item_gal":false,"portada_video_item_gal":null,"video_en_horizonal_item_gal":false,"video_item_gal":false},{"imagen_item_gal":"[link_wp_dam_url ids=\"12677\"]","activar_video_item_gal":false,"portada_video_item_gal":null,"video_en_horizonal_item_gal":false,"video_item_gal":false}],"secciones_producto":[{"acf_fc_layout":"seccion_navtabs_imagen_dinamica","title_group":{"title_tag":"h2","title_txt":"Potencia de tama\u00f1o reducido"},"texto_intro_principal":true,"texto_introductorio":"La rotaci\u00f3n de su brazo y el flujo vertical de la luminaria permiten una iluminaci\u00f3n no invasiva, eficiente y c\u00f3moda. Incorpora una amplia gama de distribuciones viarias que garantizan valores de iluminaci\u00f3n uniformes, confort visual y econom\u00eda de mantenimiento.","ventanas_detalles_producto":[{"title_group_producto_grid_single":{"title_tag":"h2","title_txt":"Materiales"},"imagen_de_fondo_dinamic_single_producto":"","texto_contenido_ventana":true,"contenido_tabs_producto":"<ul>\r\n \t<li>Luminaria de inyecci\u00f3n de aluminio EN-AC-47100 anodizado y acabado termolacado.<\/li>\r\n \t<li>Reflector interior de pl\u00e1stico ABS-PC.<\/li>\r\n \t<li>Difusor de vidrio \u00f3ptico templado.<\/li>\r\n \t<li>Torniller\u00eda de acero inoxidable A2 y prensaestopas met\u00e1lico.<\/li>\r\n<\/ul>","acordion":false,"preguntas_y_respuestas":null,"cuadricula_de_colores":false,"componentes_producto":null,"descargables":false,"tipo_datasheet":"simple","datasheet":null,"datasheet_multiple":null,"tipo_instrucciones":"simple","instructions":null,"instructions_multiple":null,"drawings_ce":null,"2d_cad":null,"3d_cad":null,"revit":null,"ldt_photometric_files":null,"ies_photometric_files":null,"validador_detalles_producto":false,"tipo_especificacion":"distribucion"},{"title_group_producto_grid_single":{"title_tag":"h2","title_txt":"Acabados"},"imagen_de_fondo_dinamic_single_producto":"","texto_contenido_ventana":true,"contenido_tabs_producto":"Los colores mostrados son meramente indicativos.\r\nOtros colores bajo demanda.\r\nConsultar acabados para ambientes marinos","acordion":false,"preguntas_y_respuestas":null,"cuadricula_de_colores":true,"componentes_producto":[{"nombre_componente":"","colores":["gris_claro","gris_medio","gris_oscuro"]}],"descargables":false,"tipo_datasheet":"simple","datasheet":null,"datasheet_multiple":null,"tipo_instrucciones":"simple","instructions":null,"instructions_multiple":null,"drawings_ce":null,"2d_cad":null,"3d_cad":null,"revit":null,"ldt_photometric_files":null,"ies_photometric_files":null,"validador_detalles_producto":false,"tipo_especificacion":""},{"title_group_producto_grid_single":{"title_tag":"h2","title_txt":"Fuente de luz"},"imagen_de_fondo_dinamic_single_producto":"","texto_contenido_ventana":true,"contenido_tabs_producto":"<strong>Potencia del sistema (W)<\/strong>\r\nGrupo \u00f3ptico de alta eficiencia\r\n<ul>\r\n \t<li class=\"p1\">18 LEDs 21W, 30W, 40W<\/li>\r\n \t<li class=\"p1\">36 LEDs 39W, 56W, 78W<\/li>\r\n<\/ul>\r\n&nbsp;\r\n\r\n<strong>Intensidad de funcionamiento (mA)<\/strong>\r\n<ul>\r\n \t<li class=\"p1\">350<\/li>\r\n \t<li class=\"p1\">500<\/li>\r\n \t<li class=\"p1\">700<\/li>\r\n<\/ul>\r\n&nbsp;\r\n\r\n<strong>Temperatura de color (K)<\/strong>\r\n<ul>\r\n \t<li>4000 IRC min80<\/li>\r\n \t<li>3000 IRC min80<\/li>\r\n \t<li>2700 IRC min80<\/li>\r\n \t<li>2200 IRC min70<\/li>\r\n \t<li class=\"p1\">PC \u00c1mbar IRC min40<\/li>\r\n<\/ul>\r\nOtras temperaturas de color y\/o IRC disponibles bajo pedido\r\n\r\n&nbsp;\r\n\r\n<strong>Vida \u00fatil<\/strong>\r\nTM21 L90 (10k) &gt; 100.000 h.","acordion":false,"preguntas_y_respuestas":null,"cuadricula_de_colores":false,"componentes_producto":null,"descargables":false,"tipo_datasheet":"simple","datasheet":null,"datasheet_multiple":null,"tipo_instrucciones":"simple","instructions":null,"instructions_multiple":null,"drawings_ce":null,"2d_cad":null,"3d_cad":null,"revit":null,"ldt_photometric_files":null,"ies_photometric_files":null,"validador_detalles_producto":false,"tipo_especificacion":"control"},{"title_group_producto_grid_single":{"title_tag":"h2","title_txt":"Dibujo de cotas"},"imagen_de_fondo_dinamic_single_producto":"","texto_contenido_ventana":false,"contenido_tabs_producto":"SV 0,17m<sup>2<\/sup>","acordion":false,"preguntas_y_respuestas":null,"cuadricula_de_colores":false,"componentes_producto":null,"descargables":false,"tipo_datasheet":"simple","datasheet":null,"datasheet_multiple":null,"tipo_instrucciones":"simple","instructions":null,"instructions_multiple":null,"drawings_ce":null,"2d_cad":null,"3d_cad":null,"revit":null,"ldt_photometric_files":null,"ies_photometric_files":null,"validador_detalles_producto":false,"tipo_especificacion":"certificados"},{"title_group_producto_grid_single":{"title_tag":"h2","title_txt":"Distribuciones"},"imagen_de_fondo_dinamic_single_producto":"","texto_contenido_ventana":false,"contenido_tabs_producto":"","acordion":false,"preguntas_y_respuestas":null,"cuadricula_de_colores":false,"componentes_producto":null,"descargables":false,"tipo_datasheet":"simple","datasheet":null,"datasheet_multiple":null,"tipo_instrucciones":"simple","instructions":null,"instructions_multiple":null,"drawings_ce":null,"2d_cad":null,"3d_cad":null,"revit":null,"ldt_photometric_files":null,"ies_photometric_files":null,"validador_detalles_producto":true,"tipo_especificacion":"distribucion"},{"title_group_producto_grid_single":{"title_tag":"h2","title_txt":"Protocolos y control"},"imagen_de_fondo_dinamic_single_producto":"","texto_contenido_ventana":false,"contenido_tabs_producto":"Doble nivel por l\u00ednea de mando.\r\nFlujo en cabecera.\r\nAutom\u00e1tica programada","acordion":false,"preguntas_y_respuestas":null,"cuadricula_de_colores":false,"componentes_producto":[{"nombre_componente":"","colores":["gris_claro","gris_medio","gris_oscuro"]}],"descargables":false,"tipo_datasheet":"simple","datasheet":null,"datasheet_multiple":null,"tipo_instrucciones":"simple","instructions":null,"instructions_multiple":null,"drawings_ce":null,"2d_cad":null,"3d_cad":null,"revit":null,"ldt_photometric_files":null,"ies_photometric_files":null,"validador_detalles_producto":true,"tipo_especificacion":"control"},{"title_group_producto_grid_single":{"title_tag":"h2","title_txt":"Mantenimiento"},"imagen_de_fondo_dinamic_single_producto":"","texto_contenido_ventana":true,"contenido_tabs_producto":"<ul>\r\n \t<li>Incluye v\u00e1lvula de compensaci\u00f3n de presi\u00f3n y protector de sobretensiones de 10kV (CE).<\/li>\r\n \t<li>Limpiar utilizando productos de limpieza con pH neutro, sin alcohol y no abrasivos.<\/li>\r\n<\/ul>","acordion":false,"preguntas_y_respuestas":null,"cuadricula_de_colores":false,"componentes_producto":null,"descargables":false,"tipo_datasheet":"simple","datasheet":null,"datasheet_multiple":null,"tipo_instrucciones":"simple","instructions":null,"instructions_multiple":null,"drawings_ce":null,"2d_cad":null,"3d_cad":null,"revit":null,"ldt_photometric_files":null,"ies_photometric_files":null,"validador_detalles_producto":false,"tipo_especificacion":""},{"title_group_producto_grid_single":{"title_tag":"h2","title_txt":"Certificados"},"imagen_de_fondo_dinamic_single_producto":"","texto_contenido_ventana":false,"contenido_tabs_producto":"Luminaria: 6","acordion":false,"preguntas_y_respuestas":null,"cuadricula_de_colores":false,"componentes_producto":null,"descargables":false,"tipo_datasheet":"simple","datasheet":null,"datasheet_multiple":null,"tipo_instrucciones":"simple","instructions":null,"instructions_multiple":null,"drawings_ce":null,"2d_cad":null,"3d_cad":null,"revit":null,"ldt_photometric_files":null,"ies_photometric_files":null,"validador_detalles_producto":true,"tipo_especificacion":"certificados"}]},{"acf_fc_layout":"seccion_navtabs_imagen_dinamica","title_group":{"title_tag":"h2","title_txt":"Aplicaciones"},"texto_intro_principal":true,"texto_introductorio":"","ventanas_detalles_producto":[{"title_group_producto_grid_single":{"title_tag":"h2","title_txt":"Iluminaci\u00f3n en columna"},"imagen_de_fondo_dinamic_single_producto":"[link_wp_dam_url ids=\"12675\"]","texto_contenido_ventana":true,"contenido_tabs_producto":"La iluminaci\u00f3n en columna es la m\u00e1s ordenada y funcional en los proyectos urbanos. Armoniza t\u00e9cnicamente los trazados con buenos \u00edndices de uniformidad y valores lum\u00ednicos adaptados. Los accesorios permiten fijar la luminaria a columnas cil\u00edndricas de \u00d8 114,3mm o a manguitos top pole de \u00d8 50mm.","acordion":true,"preguntas_y_respuestas":[{"pregunta":"Materiales","respuesta":"Accesorio para columna cil\u00edndrica de \u00d8 114,3mm y para manguito top pole de \u00d8 50mm de inyecci\u00f3n de aluminio EN-AC-44100 acabados termolacados. Torniller\u00eda de acero inoxidable A2. Columna de acero S-275 JR Clase 1 galvanizada en caliente acabada pintada: de 3,60m, 4,40m, 5,20m, 6,00m de altura de un tramo de secci\u00f3n circular de \u00d8 114,3mm; de 6,80m de altura de dos tramos de secci\u00f3n circular superior de \u00d8 114,3mm e inferior de \u00d8152mm."},{"pregunta":"Instalaci\u00f3n","respuesta":"Fijaci\u00f3n de la columna mediante un dado de hormig\u00f3n, con ranura para conexi\u00f3n el\u00e9ctrica, realizado in situ y cuatro pernos de anclaje por columna, 20cm por debajo de la cota de pavimento. Instrucciones de instalaci\u00f3n y montaje, torniller\u00eda, plantilla y pernos de anclaje incluidos."},{"pregunta":"Peso","respuesta":"Luminaria: 6\r\n\r\nAccesorio individual a columna: 0,4\r\nAccesorio individual retrofit en columna: 0,5\r\nAccesorio doble a columna: 0,6\r\nAccesorio top pole a columna: 0,5\r\n\r\n*Peso aproximado sin embalaje (kg)"}],"cuadricula_de_colores":false,"componentes_producto":null,"descargables":false,"tipo_datasheet":"simple","datasheet":null,"datasheet_multiple":null,"tipo_instrucciones":"simple","instructions":null,"instructions_multiple":null,"drawings_ce":null,"2d_cad":null,"3d_cad":null,"revit":null,"ldt_photometric_files":null,"ies_photometric_files":null,"validador_detalles_producto":false,"tipo_especificacion":""},{"title_group_producto_grid_single":{"title_tag":"h2","title_txt":"Iluminaci\u00f3n en aplique"},"imagen_de_fondo_dinamic_single_producto":"[link_wp_dam_url ids=\"12674\"]","texto_contenido_ventana":true,"contenido_tabs_producto":"La iluminaci\u00f3n con aplique permite iluminar, manteniendo la coherencia en todo el trazado proyectual. La luminaria queda as\u00ed totalmente integrada al l\u00edmite vertical para iluminar fachadas arquitect\u00f3nicas, caminos, plazas, zona de aparcamiento, pasajes, o zonas de tr\u00e1nsito.","acordion":true,"preguntas_y_respuestas":[{"pregunta":"Materiales","respuesta":"Accesorio de inyecci\u00f3n de aluminio EN-AC-44100 acabado termolacado. Torniller\u00eda de acero inoxidable A2."},{"pregunta":"Instalaci\u00f3n","respuesta":"Fijar el accesorio a la superficie y posteriormente la luminaria. El sistema es compatible con una instalaci\u00f3n el\u00e9ctrica empotrada o de superficie. Instrucciones de instalaci\u00f3n y montaje y torniller\u00eda incluidos.\r\n\r\nTacos de fijaci\u00f3n no incluidos."},{"pregunta":"Peso","respuesta":"Luminaria: 6\r\n\r\nAccesorio aplique: 0,5\r\n\r\n*Peso aproximado sin embalaje (kg)"}],"cuadricula_de_colores":false,"componentes_producto":null,"descargables":false,"tipo_datasheet":"simple","datasheet":null,"datasheet_multiple":null,"tipo_instrucciones":"simple","instructions":null,"instructions_multiple":null,"drawings_ce":null,"2d_cad":null,"3d_cad":null,"revit":null,"ldt_photometric_files":null,"ies_photometric_files":null,"validador_detalles_producto":false,"tipo_especificacion":""}]},{"acf_fc_layout":"seccion_navtabs_imagen_dinamica","title_group":{"title_tag":"h2","title_txt":"Descargables"},"texto_intro_principal":false,"texto_introductorio":"","ventanas_detalles_producto":[{"title_group_producto_grid_single":{"title_tag":"h2","title_txt":"Luminaria"},"imagen_de_fondo_dinamic_single_producto":"","texto_contenido_ventana":false,"contenido_tabs_producto":"","acordion":false,"preguntas_y_respuestas":null,"cuadricula_de_colores":false,"componentes_producto":null,"descargables":true,"tipo_datasheet":"simple","datasheet":22617,"datasheet_multiple":null,"tipo_instrucciones":"multiple","instructions":null,"instructions_multiple":[{"instructions_title":"CE","instructions_file":22823},{"instructions_title":"UL","instructions_file":22827}],"drawings_ce":14138,"2d_cad":14265,"3d_cad":"","revit":18647,"ldt_photometric_files":17176,"ies_photometric_files":12663,"validador_detalles_producto":false,"tipo_especificacion":""},{"title_group_producto_grid_single":{"title_tag":"h2","title_txt":"Iluminaci\u00f3n en columna"},"imagen_de_fondo_dinamic_single_producto":"[link_wp_dam_url ids=\"7278\"]","texto_contenido_ventana":false,"contenido_tabs_producto":"","acordion":false,"preguntas_y_respuestas":null,"cuadricula_de_colores":false,"componentes_producto":null,"descargables":true,"tipo_datasheet":"simple","datasheet":22633,"datasheet_multiple":null,"tipo_instrucciones":"simple","instructions":23155,"instructions_multiple":null,"drawings_ce":"","2d_cad":"","3d_cad":"","revit":"","ldt_photometric_files":"","ies_photometric_files":"","validador_detalles_producto":false,"tipo_especificacion":""},{"title_group_producto_grid_single":{"title_tag":"h2","title_txt":"Iluminaci\u00f3n en aplique"},"imagen_de_fondo_dinamic_single_producto":"[link_wp_dam_url ids=\"10611\"]","texto_contenido_ventana":false,"contenido_tabs_producto":"","acordion":false,"preguntas_y_respuestas":null,"cuadricula_de_colores":false,"componentes_producto":null,"descargables":true,"tipo_datasheet":"simple","datasheet":22645,"datasheet_multiple":null,"tipo_instrucciones":"simple","instructions":22490,"instructions_multiple":null,"drawings_ce":"","2d_cad":"","3d_cad":"","revit":"","ldt_photometric_files":"","ies_photometric_files":"","validador_detalles_producto":false,"tipo_especificacion":""}]},{"acf_fc_layout":"seccion_consulta_nuestros_expertos","imagen_de_fondo_single_producto":"[link_wp_dam_url ids=\"12673\" size=\"x2400\"]","imagen_de_fondo_single_producto_mobile":""},{"acf_fc_layout":"seccion_imagen_de_fondo_con_sub_menu","titulo_group_list_contet_proyectos":{"title_tag":"h3","title_txt":"Slope en la ciudad"},"ancla_copy2":"","proyectos_relacionados":[{"project":16412,"project_img":"[link_wp_dam_url ids=\"12681\"]"},{"project":19643,"project_img":"[link_wp_dam_url ids=\"12680\"]"}]}],"dist_simetrica":"","dist_asimetrica":["type-ii","type-iv","type-iii","type+ii-iii"],"dist_indirecta":"","dist_suelo":"","control":["1-10v","dali"],"certificados":["ce","ul","rohs","ip66","ik08","clase-i"],"nombre_arbol_entre_comillas":"","nombre_solo_plantas_field":"","isbn_campo_texto":"","autor_book_publicacion_producto":"","idioma_campo_texto":"","enquadernacion_campo_texto":"","_numero_de_paginas_campo_texto":"","pdf_asociado_producto":"","resumen_libro":"","text_content_family_basic_information":"","text_content_family_basic_number_width":"","text_content_family_basic_number_height":"","text_content_planting_density":"","flowers_option_colours":"","flowers_option_season":"","properties_option_pruning":"","properties_option_watering":"","properties_option_sun_exposure":"","properties_option_minimum_temp":"","properties_option_soil_type":"","properties_option_fire":"","properties_option_heat":"","properties_option_moisture":"","properties_option_dryness":"","properties_option_coastal_area":"","texto_introduccion_landing_custom":"","enlace_descubre_mas_custom":"","selecciona_tipo_de_imagen_custom":"","imagen_vertical_custom":"","imagen_horizontal_custom":"","opciones_de_texto_1":true,"opciones_de_texto_2":"acabado_standar","opciones_de_texto_3":""},"yoast_head":"<!-- This site is optimized with the Yoast SEO plugin v22.8 - https:\/\/yoast.com\/wordpress\/plugins\/seo\/ -->\n<title>Slope - Urbidermis<\/title>\n<meta name=\"robots\" content=\"index, follow, max-snippet:-1, max-image-preview:large, max-video-preview:-1\" \/>\n<link rel=\"canonical\" href=\"https:\/\/www.urbidermis.com\/es\/iluminacion-urbana\/slope\/\" \/>\n<meta property=\"og:locale\" content=\"es_ES\" \/>\n<meta property=\"og:type\" content=\"article\" \/>\n<meta property=\"og:title\" content=\"Slope - Urbidermis\" \/>\n<meta property=\"og:description\" content=\"Geom\u00e9trica y precisa. Una s\u00edntesis casi matem\u00e1tica. Un amable perfil con un sutil \u00e1ngulo de s\u00f3lo nueve grados evita la contaminaci\u00f3n lum\u00ednica y el deslumbramiento. Slope se integra gentilmente en el paisaje. La luminaria urbana est\u00e1 concebida para adaptarse a todo tipo de soporte preexistente, e iluminar cualquier espacio p\u00fablico o privado.\" \/>\n<meta property=\"og:url\" content=\"https:\/\/www.urbidermis.com\/es\/iluminacion-urbana\/slope\/\" \/>\n<meta property=\"og:site_name\" content=\"Urbidermis\" \/>\n<meta property=\"article:modified_time\" content=\"2026-04-20T12:10:08+00:00\" \/>\n<meta property=\"og:image\" content=\"https:\/\/www.urbidermis.com\/wp-content\/uploads\/20221123_Spain_Logrono_Bodegas_Faustino_SLL_La_Juani_Studio_22_portada_parrilla.jpg\" \/>\n\t<meta property=\"og:image:width\" content=\"1686\" \/>\n\t<meta property=\"og:image:height\" content=\"2361\" \/>\n\t<meta property=\"og:image:type\" content=\"image\/jpeg\" \/>\n<meta name=\"twitter:card\" content=\"summary_large_image\" \/>\n<script type=\"application\/ld+json\" class=\"yoast-schema-graph\">{\"@context\":\"https:\/\/schema.org\",\"@graph\":[{\"@type\":\"WebPage\",\"@id\":\"https:\/\/www.urbidermis.com\/es\/iluminacion-urbana\/slope\/\",\"url\":\"https:\/\/www.urbidermis.com\/es\/iluminacion-urbana\/slope\/\",\"name\":\"Slope - Urbidermis\",\"isPartOf\":{\"@id\":\"https:\/\/www.urbidermis.com\/es\/#website\"},\"primaryImageOfPage\":{\"@id\":\"https:\/\/www.urbidermis.com\/es\/iluminacion-urbana\/slope\/#primaryimage\"},\"image\":{\"@id\":\"https:\/\/www.urbidermis.com\/es\/iluminacion-urbana\/slope\/#primaryimage\"},\"thumbnailUrl\":\"https:\/\/www.urbidermis.com\/wp-content\/uploads\/20221123_Spain_Logrono_Bodegas_Faustino_SLL_La_Juani_Studio_22_portada_parrilla.jpg\",\"datePublished\":\"2022-03-01T10:30:46+00:00\",\"dateModified\":\"2026-04-20T12:10:08+00:00\",\"breadcrumb\":{\"@id\":\"https:\/\/www.urbidermis.com\/es\/iluminacion-urbana\/slope\/#breadcrumb\"},\"inLanguage\":\"es\",\"potentialAction\":[{\"@type\":\"ReadAction\",\"target\":[\"https:\/\/www.urbidermis.com\/es\/iluminacion-urbana\/slope\/\"]}]},{\"@type\":\"ImageObject\",\"inLanguage\":\"es\",\"@id\":\"https:\/\/www.urbidermis.com\/es\/iluminacion-urbana\/slope\/#primaryimage\",\"url\":\"https:\/\/www.urbidermis.com\/wp-content\/uploads\/20221123_Spain_Logrono_Bodegas_Faustino_SLL_La_Juani_Studio_22_portada_parrilla.jpg\",\"contentUrl\":\"https:\/\/www.urbidermis.com\/wp-content\/uploads\/20221123_Spain_Logrono_Bodegas_Faustino_SLL_La_Juani_Studio_22_portada_parrilla.jpg\",\"width\":1686,\"height\":2361},{\"@type\":\"BreadcrumbList\",\"@id\":\"https:\/\/www.urbidermis.com\/es\/iluminacion-urbana\/slope\/#breadcrumb\",\"itemListElement\":[{\"@type\":\"ListItem\",\"position\":1,\"name\":\"Home\",\"item\":\"https:\/\/www.urbidermis.com\/es\/\"},{\"@type\":\"ListItem\",\"position\":2,\"name\":\"Productos\",\"item\":\"https:\/\/www.urbidermis.com\/es\/productos\/\"},{\"@type\":\"ListItem\",\"position\":3,\"name\":\"Slope\"}]},{\"@type\":\"WebSite\",\"@id\":\"https:\/\/www.urbidermis.com\/es\/#website\",\"url\":\"https:\/\/www.urbidermis.com\/es\/\",\"name\":\"Urbidermis\",\"description\":\"Expertos en la ciudad\",\"publisher\":{\"@id\":\"https:\/\/www.urbidermis.com\/es\/#organization\"},\"potentialAction\":[{\"@type\":\"SearchAction\",\"target\":{\"@type\":\"EntryPoint\",\"urlTemplate\":\"https:\/\/www.urbidermis.com\/es\/?s={search_term_string}\"},\"query-input\":\"required name=search_term_string\"}],\"inLanguage\":\"es\"},{\"@type\":\"Organization\",\"@id\":\"https:\/\/www.urbidermis.com\/es\/#organization\",\"name\":\"Urbidermis\",\"url\":\"https:\/\/www.urbidermis.com\/es\/\",\"logo\":{\"@type\":\"ImageObject\",\"inLanguage\":\"es\",\"@id\":\"https:\/\/www.urbidermis.com\/es\/#\/schema\/logo\/image\/\",\"url\":\"https:\/\/www.urbidermis.com\/wp-content\/uploads\/logo_urbdermis-1.png\",\"contentUrl\":\"https:\/\/www.urbidermis.com\/wp-content\/uploads\/logo_urbdermis-1.png\",\"width\":601,\"height\":1033,\"caption\":\"Urbidermis\"},\"image\":{\"@id\":\"https:\/\/www.urbidermis.com\/es\/#\/schema\/logo\/image\/\"}}]}<\/script>\n<!-- \/ Yoast SEO plugin. -->","yoast_head_json":{"title":"Slope - Urbidermis","robots":{"index":"index","follow":"follow","max-snippet":"max-snippet:-1","max-image-preview":"max-image-preview:large","max-video-preview":"max-video-preview:-1"},"canonical":"https:\/\/www.urbidermis.com\/es\/iluminacion-urbana\/slope\/","og_locale":"es_ES","og_type":"article","og_title":"Slope - Urbidermis","og_description":"Geom\u00e9trica y precisa. Una s\u00edntesis casi matem\u00e1tica. Un amable perfil con un sutil \u00e1ngulo de s\u00f3lo nueve grados evita la contaminaci\u00f3n lum\u00ednica y el deslumbramiento. Slope se integra gentilmente en el paisaje. La luminaria urbana est\u00e1 concebida para adaptarse a todo tipo de soporte preexistente, e iluminar cualquier espacio p\u00fablico o privado.","og_url":"https:\/\/www.urbidermis.com\/es\/iluminacion-urbana\/slope\/","og_site_name":"Urbidermis","article_modified_time":"2026-04-20T12:10:08+00:00","og_image":[{"width":1686,"height":2361,"url":"https:\/\/www.urbidermis.com\/wp-content\/uploads\/20221123_Spain_Logrono_Bodegas_Faustino_SLL_La_Juani_Studio_22_portada_parrilla.jpg","type":"image\/jpeg"}],"twitter_card":"summary_large_image","schema":{"@context":"https:\/\/schema.org","@graph":[{"@type":"WebPage","@id":"https:\/\/www.urbidermis.com\/es\/iluminacion-urbana\/slope\/","url":"https:\/\/www.urbidermis.com\/es\/iluminacion-urbana\/slope\/","name":"Slope - Urbidermis","isPartOf":{"@id":"https:\/\/www.urbidermis.com\/es\/#website"},"primaryImageOfPage":{"@id":"https:\/\/www.urbidermis.com\/es\/iluminacion-urbana\/slope\/#primaryimage"},"image":{"@id":"https:\/\/www.urbidermis.com\/es\/iluminacion-urbana\/slope\/#primaryimage"},"thumbnailUrl":"https:\/\/www.urbidermis.com\/wp-content\/uploads\/20221123_Spain_Logrono_Bodegas_Faustino_SLL_La_Juani_Studio_22_portada_parrilla.jpg","datePublished":"2022-03-01T10:30:46+00:00","dateModified":"2026-04-20T12:10:08+00:00","breadcrumb":{"@id":"https:\/\/www.urbidermis.com\/es\/iluminacion-urbana\/slope\/#breadcrumb"},"inLanguage":"es","potentialAction":[{"@type":"ReadAction","target":["https:\/\/www.urbidermis.com\/es\/iluminacion-urbana\/slope\/"]}]},{"@type":"ImageObject","inLanguage":"es","@id":"https:\/\/www.urbidermis.com\/es\/iluminacion-urbana\/slope\/#primaryimage","url":"https:\/\/www.urbidermis.com\/wp-content\/uploads\/20221123_Spain_Logrono_Bodegas_Faustino_SLL_La_Juani_Studio_22_portada_parrilla.jpg","contentUrl":"https:\/\/www.urbidermis.com\/wp-content\/uploads\/20221123_Spain_Logrono_Bodegas_Faustino_SLL_La_Juani_Studio_22_portada_parrilla.jpg","width":1686,"height":2361},{"@type":"BreadcrumbList","@id":"https:\/\/www.urbidermis.com\/es\/iluminacion-urbana\/slope\/#breadcrumb","itemListElement":[{"@type":"ListItem","position":1,"name":"Home","item":"https:\/\/www.urbidermis.com\/es\/"},{"@type":"ListItem","position":2,"name":"Productos","item":"https:\/\/www.urbidermis.com\/es\/productos\/"},{"@type":"ListItem","position":3,"name":"Slope"}]},{"@type":"WebSite","@id":"https:\/\/www.urbidermis.com\/es\/#website","url":"https:\/\/www.urbidermis.com\/es\/","name":"Urbidermis","description":"Expertos en la ciudad","publisher":{"@id":"https:\/\/www.urbidermis.com\/es\/#organization"},"potentialAction":[{"@type":"SearchAction","target":{"@type":"EntryPoint","urlTemplate":"https:\/\/www.urbidermis.com\/es\/?s={search_term_string}"},"query-input":"required name=search_term_string"}],"inLanguage":"es"},{"@type":"Organization","@id":"https:\/\/www.urbidermis.com\/es\/#organization","name":"Urbidermis","url":"https:\/\/www.urbidermis.com\/es\/","logo":{"@type":"ImageObject","inLanguage":"es","@id":"https:\/\/www.urbidermis.com\/es\/#\/schema\/logo\/image\/","url":"https:\/\/www.urbidermis.com\/wp-content\/uploads\/logo_urbdermis-1.png","contentUrl":"https:\/\/www.urbidermis.com\/wp-content\/uploads\/logo_urbdermis-1.png","width":601,"height":1033,"caption":"Urbidermis"},"image":{"@id":"https:\/\/www.urbidermis.com\/es\/#\/schema\/logo\/image\/"}}]}},"_links":{"self":[{"href":"https:\/\/www.urbidermis.com\/es\/wp-json\/wp\/v2\/product\/6621"}],"collection":[{"href":"https:\/\/www.urbidermis.com\/es\/wp-json\/wp\/v2\/product"}],"about":[{"href":"https:\/\/www.urbidermis.com\/es\/wp-json\/wp\/v2\/types\/product"}],"acf:post":[{"embeddable":true,"href":"https:\/\/www.urbidermis.com\/es\/wp-json\/wp\/v2\/autores\/10073"},{"embeddable":true,"href":"https:\/\/www.urbidermis.com\/es\/wp-json\/wp\/v2\/perfiles\/10290"},{"embeddable":true,"href":"https:\/\/www.urbidermis.com\/es\/wp-json\/wp\/v2\/perfiles\/10279"}],"wp:featuredmedia":[{"embeddable":true,"href":"https:\/\/www.urbidermis.com\/es\/wp-json\/wp\/v2\/media\/26012"}],"wp:attachment":[{"href":"https:\/\/www.urbidermis.com\/es\/wp-json\/wp\/v2\/media?parent=6621"}],"wp:term":[{"taxonomy":"product_cat","embeddable":true,"href":"https:\/\/www.urbidermis.com\/es\/wp-json\/wp\/v2\/product_cat?post=6621"},{"taxonomy":"product_tag","embeddable":true,"href":"https:\/\/www.urbidermis.com\/es\/wp-json\/wp\/v2\/product_tag?post=6621"}],"curies":[{"name":"wp","href":"https:\/\/api.w.org\/{rel}","templated":true}]}}