


{"id":29051,"date":"2026-03-09T18:30:19","date_gmt":"2026-03-09T16:30:19","guid":{"rendered":"https:\/\/www.urbidermis.com\/non%20class\u00e9\/harpo-kids-2\/"},"modified":"2026-04-21T11:00:24","modified_gmt":"2026-04-21T09:00:24","slug":"harpo-kids-2","status":"publish","type":"product","link":"https:\/\/www.urbidermis.com\/fr\/mobilier-urbain\/harpo-kids-2\/","title":{"rendered":"Harpo Kids"},"content":{"rendered":"","protected":false},"excerpt":{"rendered":"<p>La collection Harpo Kids, compos\u00e9e d\u2019un banc, d\u2019un tabouret et d\u2019une table, invite les plus jeunes \u00e0 partager l\u2019espace public gr\u00e2ce \u00e0 du mobilier urbain adapt\u00e9 \u00e0 leur \u00e9chelle. Elle mise sur l\u2019inclusion des enfants et favorise la convivialit\u00e9, leur permettant d\u2019explorer et de se relier \u00e0 l\u2019environnement urbain depuis leur propre perspective.<\/p>\n","protected":false},"featured_media":29017,"template":"","meta":{"_acf_changed":false,"inline_featured_image":false},"product_cat":[242,244],"product_tag":[2639],"acf":{"activador_seccion_impacto_acvs_secctions_acvs":false,"texto_enlace_amplifyapp":"","codigos_acvs_matching_row-leds":null,"activator_acf_option_madera_text":true,"texto_bajo_btn_certificados":"","check_para_validar_no_secc_aplication":false,"is_protocolo_y_control_generic":false,"is_producto_residencial_para_mostrar_info_diferente":false,"is_plano_de_cotas_validator":true,"galeria_multidimension_imagenes_plano_de_cotas_proyector":[{"texto_pestana_plano_galeria":"Table pour enfants","imagen_plano_de_cotas":"[link_wp_dam_url ids=\"18720\"]"},{"texto_pestana_plano_galeria":"Banc pour enfants","imagen_plano_de_cotas":"[link_wp_dam_url ids=\"18719\"]"},{"texto_pestana_plano_galeria":"Banquette pour enfants","imagen_plano_de_cotas":"[link_wp_dam_url ids=\"18718\"]"}],"premios_producto_repeater":null,"participantes":"","autores":[10510,10502],"ano_creacion_producto":"2025","validacion_producto_descarga":true,"galeria_imagenes_repeater_libro":[{"imagen_item_gal":"[link_wp_dam_url ids=\"18654\"]","activar_video_item_gal":false,"portada_video_item_gal":null,"video_en_horizonal_item_gal":false,"video_item_gal":false},{"imagen_item_gal":"[link_wp_dam_url ids=\"18653\"]","activar_video_item_gal":false,"portada_video_item_gal":null,"video_en_horizonal_item_gal":false,"video_item_gal":false},{"imagen_item_gal":"","activar_video_item_gal":true,"portada_video_item_gal":29071,"video_en_horizonal_item_gal":true,"video_item_gal":"1172884028"},{"imagen_item_gal":"[link_wp_dam_url ids=\"18652\"]","activar_video_item_gal":false,"portada_video_item_gal":null,"video_en_horizonal_item_gal":false,"video_item_gal":false},{"imagen_item_gal":"[link_wp_dam_url ids=\"18655\"]","activar_video_item_gal":false,"portada_video_item_gal":null,"video_en_horizonal_item_gal":false,"video_item_gal":false},{"imagen_item_gal":"[link_wp_dam_url ids=\"18657\"]","activar_video_item_gal":false,"portada_video_item_gal":null,"video_en_horizonal_item_gal":false,"video_item_gal":false}],"secciones_producto":[{"acf_fc_layout":"seccion_navtabs_imagen_dinamica","title_group":{"title_tag":"h2","title_txt":"Un point de rencontre pour les plus jeunes"},"texto_intro_principal":true,"texto_introductorio":"La table Harpo Kids offre une surface confortable et accessible pour jouer, dessiner ou apprendre dans l\u2019espace public. Ses dimensions sont soigneusement adapt\u00e9es aux enfants \u00e2g\u00e9s d\u2019environ trois \u00e0 sept ans, favorisant l\u2019autonomie et l\u2019interaction. Fabriqu\u00e9e avec les m\u00eames mat\u00e9riaux nobles et durables que le reste de la collection Harpo, elle pr\u00e9serve la qualit\u00e9, l\u2019honn\u00eatet\u00e9 et le caract\u00e8re qui d\u00e9finissent son design.","ventanas_detalles_producto":[{"title_group_producto_grid_single":{"title_tag":"h2","title_txt":"Mat\u00e9riaux"},"imagen_de_fondo_dinamic_single_producto":"","texto_contenido_ventana":true,"contenido_tabs_producto":"<ul>\r\n \t<li class=\"p2\">Structure en fonte d\u2019aluminium EN-AC-51100 AG3 anodis\u00e9e.<\/li>\r\n \t<li class=\"p2\">Lattes de 130 \u00d7 25 mm, en bois tropical certifi\u00e9 FSC 100 %, prot\u00e9g\u00e9es par une huile monocouche.<\/li>\r\n \t<li class=\"p2\">Boulons en acier zingu\u00e9.<\/li>\r\n \t<li class=\"p2\">Visserie en acier inoxydable A2.<\/li>\r\n<\/ul>","acordion":false,"preguntas_y_respuestas":null,"cuadricula_de_colores":false,"componentes_producto":null,"descargables":false,"tipo_datasheet":"simple","datasheet":null,"datasheet_multiple":null,"tipo_instrucciones":"simple","instructions":null,"instructions_multiple":null,"drawings_ce":null,"2d_cad":null,"3d_cad":null,"revit":null,"ldt_photometric_files":null,"ies_photometric_files":null,"validador_detalles_producto":false,"tipo_especificacion":""},{"title_group_producto_grid_single":{"title_tag":"h2","title_txt":"Finitions"},"imagen_de_fondo_dinamic_single_producto":"","texto_contenido_ventana":true,"contenido_tabs_producto":"Les finitions pr\u00e9sent\u00e9es sont purement indicatives. Convient aux zones c\u00f4ti\u00e8res.","acordion":false,"preguntas_y_respuestas":null,"cuadricula_de_colores":true,"componentes_producto":[{"nombre_componente":"Lattes","colores":["madera_tropical"]},{"nombre_componente":"Structure","colores":["aluminio_anodizado_ag3"]}],"descargables":false,"tipo_datasheet":"simple","datasheet":null,"datasheet_multiple":null,"tipo_instrucciones":"simple","instructions":null,"instructions_multiple":null,"drawings_ce":null,"2d_cad":null,"3d_cad":null,"revit":null,"ldt_photometric_files":null,"ies_photometric_files":null,"validador_detalles_producto":false,"tipo_especificacion":""},{"title_group_producto_grid_single":{"title_tag":"h2","title_txt":"Plan cot\u00e9"},"imagen_de_fondo_dinamic_single_producto":"","texto_contenido_ventana":false,"contenido_tabs_producto":"","acordion":false,"preguntas_y_respuestas":null,"cuadricula_de_colores":false,"componentes_producto":null,"descargables":false,"tipo_datasheet":"simple","datasheet":null,"datasheet_multiple":null,"tipo_instrucciones":"simple","instructions":null,"instructions_multiple":null,"drawings_ce":null,"2d_cad":null,"3d_cad":null,"revit":null,"ldt_photometric_files":null,"ies_photometric_files":null,"validador_detalles_producto":false,"tipo_especificacion":""},{"title_group_producto_grid_single":{"title_tag":"h2","title_txt":"Installation"},"imagen_de_fondo_dinamic_single_producto":"","texto_contenido_ventana":true,"contenido_tabs_producto":"<ul>\r\n \t<li class=\"p2\">Installation au moyen de deux boulons par structure d\u2019appui, introduits dans des trous pr\u00e9alablement r\u00e9alis\u00e9s dans le rev\u00eatement, remplis de r\u00e9sine \u00e9poxy, de ciment rapide ou similaire.<\/li>\r\n \t<li class=\"p2\">L\u2019\u00e9l\u00e9ment est livr\u00e9 d\u00e9mont\u00e9 en deux composants : la structure et les lattes.<\/li>\r\n \t<li class=\"p2\">Les instructions d\u2019installation et de montage, la visserie, les boulons ou les chevilles de fixation sont inclus.<\/li>\r\n<\/ul>","acordion":false,"preguntas_y_respuestas":null,"cuadricula_de_colores":false,"componentes_producto":null,"descargables":false,"tipo_datasheet":"simple","datasheet":null,"datasheet_multiple":null,"tipo_instrucciones":"simple","instructions":null,"instructions_multiple":null,"drawings_ce":null,"2d_cad":null,"3d_cad":null,"revit":null,"ldt_photometric_files":null,"ies_photometric_files":null,"validador_detalles_producto":false,"tipo_especificacion":""},{"title_group_producto_grid_single":{"title_tag":"h2","title_txt":"Maintenance"},"imagen_de_fondo_dinamic_single_producto":"","texto_contenido_ventana":false,"contenido_tabs_producto":"","acordion":false,"preguntas_y_respuestas":null,"cuadricula_de_colores":false,"componentes_producto":null,"descargables":false,"tipo_datasheet":"simple","datasheet":null,"datasheet_multiple":null,"tipo_instrucciones":"simple","instructions":null,"instructions_multiple":null,"drawings_ce":null,"2d_cad":null,"3d_cad":null,"revit":null,"ldt_photometric_files":null,"ies_photometric_files":null,"validador_detalles_producto":false,"tipo_especificacion":""},{"title_group_producto_grid_single":{"title_tag":"h2","title_txt":"Certificats"},"imagen_de_fondo_dinamic_single_producto":"","texto_contenido_ventana":false,"contenido_tabs_producto":"","acordion":false,"preguntas_y_respuestas":null,"cuadricula_de_colores":false,"componentes_producto":null,"descargables":false,"tipo_datasheet":"simple","datasheet":null,"datasheet_multiple":null,"tipo_instrucciones":"simple","instructions":null,"instructions_multiple":null,"drawings_ce":null,"2d_cad":null,"3d_cad":null,"revit":null,"ldt_photometric_files":null,"ies_photometric_files":null,"validador_detalles_producto":true,"tipo_especificacion":"certificados"}]},{"acf_fc_layout":"seccion_navtabs_imagen_dinamica","title_group":{"title_tag":"h2","title_txt":"Typologie"},"texto_intro_principal":false,"texto_introductorio":"","ventanas_detalles_producto":[{"title_group_producto_grid_single":{"title_tag":"h2","title_txt":"Table pour enfants"},"imagen_de_fondo_dinamic_single_producto":"[link_wp_dam_url ids=\"18668\"]","texto_contenido_ventana":true,"contenido_tabs_producto":"La table Harpo Kids compl\u00e8te l\u2019ensemble comme un point de rencontre pour le jeu, la cr\u00e9ativit\u00e9 et l\u2019apprentissage partag\u00e9. Ses proportions sont adapt\u00e9es \u00e0 la hauteur des enfants, facilitant leur rassemblement. Une pi\u00e8ce simple et honn\u00eate qui invite \u00e0 habiter l\u2019espace public.\r\n\r\n&nbsp;\r\n\r\n<strong>Poids<\/strong>\r\n\r\nTable 1,15m: 18\r\n\r\nPoids approximatif sans emballage (kg).","acordion":false,"preguntas_y_respuestas":null,"cuadricula_de_colores":false,"componentes_producto":null,"descargables":false,"tipo_datasheet":"simple","datasheet":null,"datasheet_multiple":null,"tipo_instrucciones":"simple","instructions":null,"instructions_multiple":null,"drawings_ce":null,"2d_cad":null,"3d_cad":null,"revit":null,"ldt_photometric_files":null,"ies_photometric_files":null,"validador_detalles_producto":false,"tipo_especificacion":""},{"title_group_producto_grid_single":{"title_tag":"h2","title_txt":"Banc pour enfants"},"imagen_de_fondo_dinamic_single_producto":"[link_wp_dam_url ids=\"18674\"]","texto_contenido_ventana":true,"contenido_tabs_producto":"Disponible en version individuelle et trois places, il offre un point de repos et d\u2019observation \u00e0 l\u2019\u00e9chelle des enfants. Son ergonomie favorise une posture confortable et naturelle, tandis que le dossier apporte maintien et confort. Sa structure, l\u00e9g\u00e8re mais robuste, garantit stabilit\u00e9 et r\u00e9sistance \u00e0 l\u2019usage quotidien.\r\n\r\n&nbsp;\r\n\r\n<strong>Poids<\/strong>\r\n\r\nChaise 0,42 m: 8\r\nBanc 1,15 m: 15\r\n\r\nPoids approximatif sans emballage (kg).","acordion":false,"preguntas_y_respuestas":null,"cuadricula_de_colores":false,"componentes_producto":null,"descargables":false,"tipo_datasheet":"simple","datasheet":null,"datasheet_multiple":null,"tipo_instrucciones":"simple","instructions":null,"instructions_multiple":null,"drawings_ce":null,"2d_cad":null,"3d_cad":null,"revit":null,"ldt_photometric_files":null,"ies_photometric_files":null,"validador_detalles_producto":false,"tipo_especificacion":""},{"title_group_producto_grid_single":{"title_tag":"h2","title_txt":"Banquette pour enfants"},"imagen_de_fondo_dinamic_single_producto":"[link_wp_dam_url ids=\"18672\"]","texto_contenido_ventana":true,"contenido_tabs_producto":"Sans dossier, le banquette Harpo Kids invite \u00e0 un usage plus libre et dynamique de l\u2019espace. Pens\u00e9 pour accompagner des tables ou des zones de jeu, il facilite l\u2019interaction et le mouvement. Sa construction combine l\u00e9g\u00e8ret\u00e9 et r\u00e9sistance, con\u00e7ue pour suivre le rythme du jeu quotidien.\r\n\r\n&nbsp;\r\n\r\n<strong>Poids<\/strong>\r\n\r\nBanquette 0,42 m: 5\r\nBanquette 1,15 m: 9\r\n\r\nPoids approximatif sans emballage (kg).","acordion":false,"preguntas_y_respuestas":null,"cuadricula_de_colores":false,"componentes_producto":null,"descargables":false,"tipo_datasheet":"simple","datasheet":null,"datasheet_multiple":null,"tipo_instrucciones":"simple","instructions":null,"instructions_multiple":null,"drawings_ce":null,"2d_cad":null,"3d_cad":null,"revit":null,"ldt_photometric_files":null,"ies_photometric_files":null,"validador_detalles_producto":false,"tipo_especificacion":""}]},{"acf_fc_layout":"seccion_navtabs_imagen_dinamica","title_group":{"title_tag":"h2","title_txt":"T\u00e9l\u00e9chargeables"},"texto_intro_principal":false,"texto_introductorio":"","ventanas_detalles_producto":null},{"acf_fc_layout":"seccion_consulta_nuestros_expertos","imagen_de_fondo_single_producto":"[link_wp_dam_url ids=\"18658\" size=\"x2400\"]","imagen_de_fondo_single_producto_mobile":""}],"dist_simetrica":"","dist_asimetrica":"","dist_indirecta":"","dist_suelo":"","control":"","certificados":["ce","fsc","c2c"],"nombre_arbol_entre_comillas":"","nombre_solo_plantas_field":"","isbn_campo_texto":"","autor_book_publicacion_producto":"","idioma_campo_texto":"","enquadernacion_campo_texto":"","_numero_de_paginas_campo_texto":"","pdf_asociado_producto":"","resumen_libro":"","text_content_family_basic_information":"","text_content_family_basic_number_width":"","text_content_family_basic_number_height":"","text_content_planting_density":"","flowers_option_colours":"","flowers_option_season":"","properties_option_pruning":"","properties_option_watering":"","properties_option_sun_exposure":"","properties_option_minimum_temp":"","properties_option_soil_type":"","properties_option_fire":"","properties_option_heat":"","properties_option_moisture":"","properties_option_dryness":"","properties_option_coastal_area":"","texto_introduccion_landing_custom":"D\u00e9couvrez comment Harpo Kids invite les plus petits \u00e0 habiter l\u2019espace public.","enlace_descubre_mas_custom":{"title":"D\u00e9couvrez-en plus","url":"https:\/\/www.urbidermis.com\/harpo-kids-collection\/","target":""},"selecciona_tipo_de_imagen_custom":["vertical"],"imagen_vertical_custom":"[link_wp_dam ids=\"18702\" template=\"single-image\"]","imagen_horizontal_custom":"","opciones_de_texto_1":true,"opciones_de_texto_2":"acabado_standar","opciones_de_texto_3":""},"yoast_head":"<!-- This site is optimized with the Yoast SEO plugin v22.8 - https:\/\/yoast.com\/wordpress\/plugins\/seo\/ -->\n<title>Harpo Kids - Urbidermis<\/title>\n<meta name=\"robots\" content=\"index, follow, max-snippet:-1, max-image-preview:large, max-video-preview:-1\" \/>\n<link rel=\"canonical\" href=\"https:\/\/www.urbidermis.com\/fr\/mobilier-urbain\/harpo-kids-2\/\" \/>\n<meta property=\"og:locale\" content=\"fr_FR\" \/>\n<meta property=\"og:type\" content=\"article\" \/>\n<meta property=\"og:title\" content=\"Harpo Kids - Urbidermis\" \/>\n<meta property=\"og:description\" content=\"La collection Harpo Kids, compos\u00e9e d\u2019un banc, d\u2019un tabouret et d\u2019une table, invite les plus jeunes \u00e0 partager l\u2019espace public gr\u00e2ce \u00e0 du mobilier urbain adapt\u00e9 \u00e0 leur \u00e9chelle. Elle mise sur l\u2019inclusion des enfants et favorise la convivialit\u00e9, leur permettant d\u2019explorer et de se relier \u00e0 l\u2019environnement urbain depuis leur propre perspective.\" \/>\n<meta property=\"og:url\" content=\"https:\/\/www.urbidermis.com\/fr\/mobilier-urbain\/harpo-kids-2\/\" \/>\n<meta property=\"og:site_name\" content=\"Urbidermis\" \/>\n<meta property=\"article:modified_time\" content=\"2026-04-21T09:00:24+00:00\" \/>\n<meta property=\"og:image\" content=\"https:\/\/www.urbidermis.com\/wp-content\/uploads\/20260222_Barcelona_Harpo_Kids_Digital_Claudia_Maurino_03-scaled.jpg\" \/>\n\t<meta property=\"og:image:width\" content=\"1707\" \/>\n\t<meta property=\"og:image:height\" content=\"2560\" \/>\n\t<meta property=\"og:image:type\" content=\"image\/jpeg\" \/>\n<meta name=\"twitter:card\" content=\"summary_large_image\" \/>\n<script type=\"application\/ld+json\" class=\"yoast-schema-graph\">{\"@context\":\"https:\/\/schema.org\",\"@graph\":[{\"@type\":\"WebPage\",\"@id\":\"https:\/\/www.urbidermis.com\/fr\/mobilier-urbain\/harpo-kids-2\/\",\"url\":\"https:\/\/www.urbidermis.com\/fr\/mobilier-urbain\/harpo-kids-2\/\",\"name\":\"Harpo Kids - Urbidermis\",\"isPartOf\":{\"@id\":\"https:\/\/www.urbidermis.com\/fr\/#website\"},\"primaryImageOfPage\":{\"@id\":\"https:\/\/www.urbidermis.com\/fr\/mobilier-urbain\/harpo-kids-2\/#primaryimage\"},\"image\":{\"@id\":\"https:\/\/www.urbidermis.com\/fr\/mobilier-urbain\/harpo-kids-2\/#primaryimage\"},\"thumbnailUrl\":\"https:\/\/www.urbidermis.com\/wp-content\/uploads\/20260222_Barcelona_Harpo_Kids_Digital_Claudia_Maurino_03-scaled.jpg\",\"datePublished\":\"2026-03-09T16:30:19+00:00\",\"dateModified\":\"2026-04-21T09:00:24+00:00\",\"breadcrumb\":{\"@id\":\"https:\/\/www.urbidermis.com\/fr\/mobilier-urbain\/harpo-kids-2\/#breadcrumb\"},\"inLanguage\":\"fr-FR\",\"potentialAction\":[{\"@type\":\"ReadAction\",\"target\":[\"https:\/\/www.urbidermis.com\/fr\/mobilier-urbain\/harpo-kids-2\/\"]}]},{\"@type\":\"ImageObject\",\"inLanguage\":\"fr-FR\",\"@id\":\"https:\/\/www.urbidermis.com\/fr\/mobilier-urbain\/harpo-kids-2\/#primaryimage\",\"url\":\"https:\/\/www.urbidermis.com\/wp-content\/uploads\/20260222_Barcelona_Harpo_Kids_Digital_Claudia_Maurino_03-scaled.jpg\",\"contentUrl\":\"https:\/\/www.urbidermis.com\/wp-content\/uploads\/20260222_Barcelona_Harpo_Kids_Digital_Claudia_Maurino_03-scaled.jpg\",\"width\":1707,\"height\":2560},{\"@type\":\"BreadcrumbList\",\"@id\":\"https:\/\/www.urbidermis.com\/fr\/mobilier-urbain\/harpo-kids-2\/#breadcrumb\",\"itemListElement\":[{\"@type\":\"ListItem\",\"position\":1,\"name\":\"Home\",\"item\":\"https:\/\/www.urbidermis.com\/fr\/\"},{\"@type\":\"ListItem\",\"position\":2,\"name\":\"Produits\",\"item\":\"https:\/\/www.urbidermis.com\/fr\/produits\/\"},{\"@type\":\"ListItem\",\"position\":3,\"name\":\"Harpo Kids\"}]},{\"@type\":\"WebSite\",\"@id\":\"https:\/\/www.urbidermis.com\/fr\/#website\",\"url\":\"https:\/\/www.urbidermis.com\/fr\/\",\"name\":\"Urbidermis\",\"description\":\"Especialistas en la ciudad\",\"publisher\":{\"@id\":\"https:\/\/www.urbidermis.com\/fr\/#organization\"},\"potentialAction\":[{\"@type\":\"SearchAction\",\"target\":{\"@type\":\"EntryPoint\",\"urlTemplate\":\"https:\/\/www.urbidermis.com\/fr\/?s={search_term_string}\"},\"query-input\":\"required name=search_term_string\"}],\"inLanguage\":\"fr-FR\"},{\"@type\":\"Organization\",\"@id\":\"https:\/\/www.urbidermis.com\/fr\/#organization\",\"name\":\"Urbidermis\",\"url\":\"https:\/\/www.urbidermis.com\/fr\/\",\"logo\":{\"@type\":\"ImageObject\",\"inLanguage\":\"fr-FR\",\"@id\":\"https:\/\/www.urbidermis.com\/fr\/#\/schema\/logo\/image\/\",\"url\":\"https:\/\/www.urbidermis.com\/wp-content\/uploads\/logo_urbdermis-1.png\",\"contentUrl\":\"https:\/\/www.urbidermis.com\/wp-content\/uploads\/logo_urbdermis-1.png\",\"width\":601,\"height\":1033,\"caption\":\"Urbidermis\"},\"image\":{\"@id\":\"https:\/\/www.urbidermis.com\/fr\/#\/schema\/logo\/image\/\"}}]}<\/script>\n<!-- \/ Yoast SEO plugin. -->","yoast_head_json":{"title":"Harpo Kids - Urbidermis","robots":{"index":"index","follow":"follow","max-snippet":"max-snippet:-1","max-image-preview":"max-image-preview:large","max-video-preview":"max-video-preview:-1"},"canonical":"https:\/\/www.urbidermis.com\/fr\/mobilier-urbain\/harpo-kids-2\/","og_locale":"fr_FR","og_type":"article","og_title":"Harpo Kids - Urbidermis","og_description":"La collection Harpo Kids, compos\u00e9e d\u2019un banc, d\u2019un tabouret et d\u2019une table, invite les plus jeunes \u00e0 partager l\u2019espace public gr\u00e2ce \u00e0 du mobilier urbain adapt\u00e9 \u00e0 leur \u00e9chelle. Elle mise sur l\u2019inclusion des enfants et favorise la convivialit\u00e9, leur permettant d\u2019explorer et de se relier \u00e0 l\u2019environnement urbain depuis leur propre perspective.","og_url":"https:\/\/www.urbidermis.com\/fr\/mobilier-urbain\/harpo-kids-2\/","og_site_name":"Urbidermis","article_modified_time":"2026-04-21T09:00:24+00:00","og_image":[{"width":1707,"height":2560,"url":"https:\/\/www.urbidermis.com\/wp-content\/uploads\/20260222_Barcelona_Harpo_Kids_Digital_Claudia_Maurino_03-scaled.jpg","type":"image\/jpeg"}],"twitter_card":"summary_large_image","schema":{"@context":"https:\/\/schema.org","@graph":[{"@type":"WebPage","@id":"https:\/\/www.urbidermis.com\/fr\/mobilier-urbain\/harpo-kids-2\/","url":"https:\/\/www.urbidermis.com\/fr\/mobilier-urbain\/harpo-kids-2\/","name":"Harpo Kids - Urbidermis","isPartOf":{"@id":"https:\/\/www.urbidermis.com\/fr\/#website"},"primaryImageOfPage":{"@id":"https:\/\/www.urbidermis.com\/fr\/mobilier-urbain\/harpo-kids-2\/#primaryimage"},"image":{"@id":"https:\/\/www.urbidermis.com\/fr\/mobilier-urbain\/harpo-kids-2\/#primaryimage"},"thumbnailUrl":"https:\/\/www.urbidermis.com\/wp-content\/uploads\/20260222_Barcelona_Harpo_Kids_Digital_Claudia_Maurino_03-scaled.jpg","datePublished":"2026-03-09T16:30:19+00:00","dateModified":"2026-04-21T09:00:24+00:00","breadcrumb":{"@id":"https:\/\/www.urbidermis.com\/fr\/mobilier-urbain\/harpo-kids-2\/#breadcrumb"},"inLanguage":"fr-FR","potentialAction":[{"@type":"ReadAction","target":["https:\/\/www.urbidermis.com\/fr\/mobilier-urbain\/harpo-kids-2\/"]}]},{"@type":"ImageObject","inLanguage":"fr-FR","@id":"https:\/\/www.urbidermis.com\/fr\/mobilier-urbain\/harpo-kids-2\/#primaryimage","url":"https:\/\/www.urbidermis.com\/wp-content\/uploads\/20260222_Barcelona_Harpo_Kids_Digital_Claudia_Maurino_03-scaled.jpg","contentUrl":"https:\/\/www.urbidermis.com\/wp-content\/uploads\/20260222_Barcelona_Harpo_Kids_Digital_Claudia_Maurino_03-scaled.jpg","width":1707,"height":2560},{"@type":"BreadcrumbList","@id":"https:\/\/www.urbidermis.com\/fr\/mobilier-urbain\/harpo-kids-2\/#breadcrumb","itemListElement":[{"@type":"ListItem","position":1,"name":"Home","item":"https:\/\/www.urbidermis.com\/fr\/"},{"@type":"ListItem","position":2,"name":"Produits","item":"https:\/\/www.urbidermis.com\/fr\/produits\/"},{"@type":"ListItem","position":3,"name":"Harpo Kids"}]},{"@type":"WebSite","@id":"https:\/\/www.urbidermis.com\/fr\/#website","url":"https:\/\/www.urbidermis.com\/fr\/","name":"Urbidermis","description":"Especialistas en la ciudad","publisher":{"@id":"https:\/\/www.urbidermis.com\/fr\/#organization"},"potentialAction":[{"@type":"SearchAction","target":{"@type":"EntryPoint","urlTemplate":"https:\/\/www.urbidermis.com\/fr\/?s={search_term_string}"},"query-input":"required name=search_term_string"}],"inLanguage":"fr-FR"},{"@type":"Organization","@id":"https:\/\/www.urbidermis.com\/fr\/#organization","name":"Urbidermis","url":"https:\/\/www.urbidermis.com\/fr\/","logo":{"@type":"ImageObject","inLanguage":"fr-FR","@id":"https:\/\/www.urbidermis.com\/fr\/#\/schema\/logo\/image\/","url":"https:\/\/www.urbidermis.com\/wp-content\/uploads\/logo_urbdermis-1.png","contentUrl":"https:\/\/www.urbidermis.com\/wp-content\/uploads\/logo_urbdermis-1.png","width":601,"height":1033,"caption":"Urbidermis"},"image":{"@id":"https:\/\/www.urbidermis.com\/fr\/#\/schema\/logo\/image\/"}}]}},"_links":{"self":[{"href":"https:\/\/www.urbidermis.com\/fr\/wp-json\/wp\/v2\/product\/29051"}],"collection":[{"href":"https:\/\/www.urbidermis.com\/fr\/wp-json\/wp\/v2\/product"}],"about":[{"href":"https:\/\/www.urbidermis.com\/fr\/wp-json\/wp\/v2\/types\/product"}],"acf:post":[{"embeddable":true,"href":"https:\/\/www.urbidermis.com\/fr\/wp-json\/wp\/v2\/autores\/10502"},{"embeddable":true,"href":"https:\/\/www.urbidermis.com\/fr\/wp-json\/wp\/v2\/autores\/10510"}],"wp:featuredmedia":[{"embeddable":true,"href":"https:\/\/www.urbidermis.com\/fr\/wp-json\/wp\/v2\/media\/29017"}],"wp:attachment":[{"href":"https:\/\/www.urbidermis.com\/fr\/wp-json\/wp\/v2\/media?parent=29051"}],"wp:term":[{"taxonomy":"product_cat","embeddable":true,"href":"https:\/\/www.urbidermis.com\/fr\/wp-json\/wp\/v2\/product_cat?post=29051"},{"taxonomy":"product_tag","embeddable":true,"href":"https:\/\/www.urbidermis.com\/fr\/wp-json\/wp\/v2\/product_tag?post=29051"}],"curies":[{"name":"wp","href":"https:\/\/api.w.org\/{rel}","templated":true}]}}