{"id":8604,"date":"2022-03-01T10:37:58","date_gmt":"2022-03-01T10:37:58","guid":{"rendered":"https:\/\/ubweb21.urbidermis.com\/product\/neoromantico\/"},"modified":"2026-04-21T10:19:55","modified_gmt":"2026-04-21T08:19:55","slug":"neoromantico","status":"publish","type":"product","link":"https:\/\/www.urbidermis.com\/fr\/mobilier-urbain\/neoromantico\/","title":{"rendered":"NeoRom\u00e1ntico Cl\u00e1sico"},"content":{"rendered":"","protected":false},"excerpt":{"rendered":"<p>Le banc urbain NeoRom\u00e1ntico Cl\u00e1sico est la r\u00e9vision du banc romantique traditionnel, avec des supports plus l\u00e9gers en fonte d&#8217;aluminium au lieu de fer, et des lattes plus larges et plus robustes formant un profil ergonomique caract\u00e9ristique, plus confortable et sur\u00e9lev\u00e9 \u00e0 une hauteur plus pratique pour s&#8217;asseoir et se relever plus ais\u00e9ment.<\/p>\n","protected":false},"featured_media":8678,"template":"","meta":{"_acf_changed":false,"inline_featured_image":false},"product_brand":[],"product_cat":[243,242],"product_tag":[],"class_list":{"0":"post-8604","1":"product","2":"type-product","3":"status-publish","4":"has-post-thumbnail","6":"product_cat-bancs-urbains","7":"product_cat-mobilier-urbain","9":"first","10":"instock","11":"taxable","12":"shipping-taxable","13":"product-type-simple"},"acf":{"ano_creacion_producto":"1995","premios_producto_repeater":false,"validacion_producto_descarga":true,"valor_a_buscar_en_el_filtro_repeater":false,"dist_simetrica":[],"dist_indirecta":[],"dist_suelo":[],"control":[],"certificados":["ce","fsc","pefc","c2c"],"secciones_producto":[{"acf_fc_layout":"seccion_navtabs_imagen_dinamica","title_group":{"title_tag":"h2","title_txt":"Le classique de l\u2019urbanisme"},"texto_intro_principal":true,"texto_introductorio":"Ic\u00f4ne du design contemporain, le banc NeoRom\u00e1ntico Cl\u00e1sico se distingue comme l\u2019un des rares bancs urbains au monde certifi\u00e9s Cradle to Cradle\u00ae, garantissant s\u00e9curit\u00e9, durabilit\u00e9 et circularit\u00e9. Son ergonomie soign\u00e9e et son allure sobre et \u00e9l\u00e9gante en font une r\u00e9f\u00e9rence mondiale de l\u2019urbanisme.","ventanas_detalles_producto":[{"title_group_producto_grid_single":{"title_tag":"h2","title_txt":"Mat\u00e9riaux"},"imagen_de_fondo_dinamic_single_producto":"","texto_contenido_ventana":true,"contenido_tabs_producto":"<ul>\n<li>Structure en fonte d&#8217;aluminium EN-AC-51100 AG3 finition anodis\u00e9e.<\/li>\n<li>Assise et dossier en lattes de 30 mm d&#8217;\u00e9paisseur en bois de pin europ\u00e9en trait\u00e9 thermiquement avec Certification 100% PEFC, ou en bois tropical avec certification FSC 100%, prot\u00e9g\u00e9s par une huile monocouche.<\/li>\n<li>Visserie en acier inoxydable A2.<\/li>\n<\/ul>\n","acordion":false,"preguntas_y_respuestas":false,"cuadricula_de_colores":false,"componentes_producto":false,"descargables":false,"tipo_datasheet":"simple","datasheet":false,"datasheet_multiple":false,"tipo_instrucciones":"simple","instructions":false,"instructions_multiple":false,"drawings_ce":false,"2d_cad":false,"3d_cad":false,"revit":false,"ldt_photometric_files":false,"ies_photometric_files":false,"validador_detalles_producto":false,"tipo_especificacion":"certificados"},{"title_group_producto_grid_single":{"title_tag":"h2","title_txt":"Finitions"},"imagen_de_fondo_dinamic_single_producto":"","texto_contenido_ventana":true,"contenido_tabs_producto":"<p>Pin europ\u00e9en thermotrait\u00e9 avec certification 100% PEFC.<\/p>\n<p>Les couleurs pr\u00e9sent\u00e9es sont purement indicatives.<br \/>\nAutres couleurs sur demande.<br \/>\nConsulter les finitions pour les environnements marins.<\/p>\n","acordion":false,"preguntas_y_respuestas":false,"cuadricula_de_colores":true,"componentes_producto":[{"nombre_componente":"Lattes","colores":[{"value":"european_pino_termotratado_pefc","label":"Madera Europea"},{"value":"madera_tropical","label":"Madera tropical"}]},{"nombre_componente":"Structure","colores":[{"value":"aluminio_anodizado_ag3","label":"Aluminio anod. AG3"}]}],"descargables":false,"tipo_datasheet":"simple","datasheet":false,"datasheet_multiple":false,"tipo_instrucciones":"simple","instructions":false,"instructions_multiple":false,"drawings_ce":false,"2d_cad":false,"3d_cad":false,"revit":false,"ldt_photometric_files":false,"ies_photometric_files":false,"validador_detalles_producto":false,"tipo_especificacion":""},{"title_group_producto_grid_single":{"title_tag":"h2","title_txt":"Plan cot\u00e9"},"imagen_de_fondo_dinamic_single_producto":"","texto_contenido_ventana":false,"contenido_tabs_producto":"<p>*Les couleurs pr\u00e9sent\u00e9es sont purement indicatives. (Autres couleurs sur demande)<\/p>\n<p>**Consulter les finitions pour les environnements marins<\/p>\n","acordion":false,"preguntas_y_respuestas":false,"cuadricula_de_colores":false,"componentes_producto":[{"nombre_componente":"Structure","colores":[{"value":"aluminio_anodizado_ag3","label":"Aluminio anod. AG3"}]},{"nombre_componente":"Lattes","colores":[{"value":"european_pino_termotratado_pefc","label":"Madera Europea"},{"value":"madera_tropical","label":"Madera tropical"}]}],"descargables":false,"tipo_datasheet":"simple","datasheet":false,"datasheet_multiple":false,"tipo_instrucciones":"simple","instructions":false,"instructions_multiple":false,"drawings_ce":false,"2d_cad":false,"3d_cad":false,"revit":false,"ldt_photometric_files":false,"ies_photometric_files":false,"validador_detalles_producto":false,"tipo_especificacion":""},{"title_group_producto_grid_single":{"title_tag":"h2","title_txt":"Installation"},"imagen_de_fondo_dinamic_single_producto":"","texto_contenido_ventana":true,"contenido_tabs_producto":"<ul>\n<li>Installation au moyen de deux boulons galvanis\u00e9s M10x120 par structure d\u2019appui ins\u00e9r\u00e9s dans des trous pr\u00e9alablement pratiqu\u00e9s dans la chauss\u00e9e, remplis de r\u00e9sine \u00e9poxy, de ciment rapide ou similaire.<\/li>\n<li>L&#8217;\u00e9l\u00e9ment est fourni mont\u00e9 et emball\u00e9.<\/li>\n<li>Instructions d&#8217;installation et de montage et boulons inclus.<\/li>\n<\/ul>\n","acordion":false,"preguntas_y_respuestas":false,"cuadricula_de_colores":false,"componentes_producto":false,"descargables":false,"tipo_datasheet":"simple","datasheet":false,"datasheet_multiple":false,"tipo_instrucciones":"simple","instructions":false,"instructions_multiple":false,"drawings_ce":false,"2d_cad":false,"3d_cad":false,"revit":false,"ldt_photometric_files":false,"ies_photometric_files":false,"validador_detalles_producto":false,"tipo_especificacion":""},{"title_group_producto_grid_single":{"title_tag":"h2","title_txt":"Maintenance"},"imagen_de_fondo_dinamic_single_producto":"","texto_contenido_ventana":true,"contenido_tabs_producto":"<ul>\n<li>Ne n\u00e9cessite aucun entretien, si ce n\u2019est pour conserver la couleur d&#8217;origine du bois.<\/li>\n<\/ul>\n","acordion":false,"preguntas_y_respuestas":false,"cuadricula_de_colores":false,"componentes_producto":false,"descargables":false,"tipo_datasheet":"simple","datasheet":false,"datasheet_multiple":false,"tipo_instrucciones":"simple","instructions":false,"instructions_multiple":false,"drawings_ce":false,"2d_cad":false,"3d_cad":false,"revit":false,"ldt_photometric_files":false,"ies_photometric_files":false,"validador_detalles_producto":false,"tipo_especificacion":""},{"title_group_producto_grid_single":{"title_tag":"h2","title_txt":"Certificats"},"imagen_de_fondo_dinamic_single_producto":"","texto_contenido_ventana":false,"contenido_tabs_producto":"","acordion":false,"preguntas_y_respuestas":false,"cuadricula_de_colores":false,"componentes_producto":false,"descargables":false,"tipo_datasheet":"simple","datasheet":false,"datasheet_multiple":false,"tipo_instrucciones":"simple","instructions":false,"instructions_multiple":false,"drawings_ce":false,"2d_cad":false,"3d_cad":false,"revit":false,"ldt_photometric_files":false,"ies_photometric_files":false,"validador_detalles_producto":true,"tipo_especificacion":"certificados"},{"title_group_producto_grid_single":{"title_tag":"h2","title_txt":"Poids"},"imagen_de_fondo_dinamic_single_producto":"","texto_contenido_ventana":true,"contenido_tabs_producto":"<p>Chaise 0,60 m<br \/>\nBois tropical : 28<br \/>\nBois europ\u00e9en : 27<\/p>\n<p>Banc 1,75 m<br \/>\nBois tropical : 51<br \/>\nBois europ\u00e9en : 45<\/p>\n<p>Banc 3,00 m<br \/>\nBois tropical : 82<br \/>\nBois europ\u00e9en : 71<\/p>\n<p>*Poids approximatif sans emballage (kg)<\/p>\n","acordion":false,"preguntas_y_respuestas":false,"cuadricula_de_colores":false,"componentes_producto":false,"descargables":false,"tipo_datasheet":"simple","datasheet":false,"datasheet_multiple":false,"tipo_instrucciones":"simple","instructions":false,"instructions_multiple":false,"drawings_ce":false,"2d_cad":false,"3d_cad":false,"revit":false,"ldt_photometric_files":false,"ies_photometric_files":false,"validador_detalles_producto":false,"tipo_especificacion":"certificados"}]},{"acf_fc_layout":"seccion_navtabs_imagen_dinamica","title_group":{"title_tag":"h2","title_txt":"T\u00e9l\u00e9chargeables"},"texto_intro_principal":false,"texto_introductorio":"","ventanas_detalles_producto":[{"title_group_producto_grid_single":{"title_tag":"h2","title_txt":""},"imagen_de_fondo_dinamic_single_producto":"","texto_contenido_ventana":false,"contenido_tabs_producto":"","acordion":false,"preguntas_y_respuestas":false,"cuadricula_de_colores":false,"componentes_producto":false,"descargables":true,"tipo_datasheet":"multiple","datasheet":false,"datasheet_multiple":[{"datasheet_title":"NeoRom\u00e1ntico Cl\u00e1sico","datasheet_file":{"ID":11744,"id":11744,"title":"NeoRomantico clasico_informationtechnique_V2","filename":"NeoRomantico-clasico_informationtechnique_V2.pdf","filesize":0,"url":"https:\/\/www.urbidermis.com\/wp-content\/uploads\/NeoRomantico-clasico_informationtechnique_V2.pdf","link":"https:\/\/www.urbidermis.com\/fr\/?attachment_id=11744","alt":"","author":"8","description":"","caption":"","name":"neoromantico-clasico_informationtechnique_v2-2","status":"inherit","uploaded_to":8604,"date":"2022-07-08 08:59:36","modified":"2022-07-08 08:59:36","menu_order":0,"mime_type":"application\/pdf","type":"application","subtype":"pdf","icon":"https:\/\/www.urbidermis.com\/wp-includes\/images\/media\/document.png"}},{"datasheet_title":"Bois","datasheet_file":{"ID":15830,"id":15830,"title":"Bois_informationtechnique_V3","filename":"Bois_informationtechnique_V3.pdf","filesize":0,"url":"https:\/\/www.urbidermis.com\/wp-content\/uploads\/Bois_informationtechnique_V3.pdf","link":"https:\/\/www.urbidermis.com\/fr\/?attachment_id=15830","alt":"","author":"4","description":"","caption":"","name":"bois_informationtechnique_v3-2","status":"inherit","uploaded_to":8611,"date":"2022-09-19 07:52:42","modified":"2022-09-19 07:52:42","menu_order":0,"mime_type":"application\/pdf","type":"application","subtype":"pdf","icon":"https:\/\/www.urbidermis.com\/wp-includes\/images\/media\/document.png"}}],"tipo_instrucciones":"simple","instructions":{"ID":25318,"id":25318,"title":"NeoRoma\u0301ntico_Clasico_Bench_Assembly_Instructions","filename":"NeoRoma\u0301ntico_Clasico_Bench_Assembly_Instructions.pdf","filesize":1384729,"url":"https:\/\/www.urbidermis.com\/wp-content\/uploads\/NeoRoma\u0301ntico_Clasico_Bench_Assembly_Instructions.pdf","link":"https:\/\/www.urbidermis.com\/fr\/?attachment_id=25318","alt":"","author":"109","description":"","caption":"","name":"neoromantico_clasico_bench_assembly_instructions","status":"inherit","uploaded_to":8604,"date":"2024-09-30 10:35:24","modified":"2025-12-02 08:44:54","menu_order":0,"mime_type":"application\/pdf","type":"application","subtype":"pdf","icon":"https:\/\/www.urbidermis.com\/wp-includes\/images\/media\/document.png"},"instructions_multiple":false,"drawings_ce":{"ID":14485,"id":14485,"title":"NeoRomanticoClasico_benches_drawings","filename":"NeoRomanticoClasico_benches_drawings.pdf","filesize":0,"url":"https:\/\/www.urbidermis.com\/wp-content\/uploads\/NeoRomanticoClasico_benches_drawings.pdf","link":"https:\/\/www.urbidermis.com\/fr\/?attachment_id=14485","alt":"","author":"4","description":"","caption":"","name":"neoromanticoclasico_benches_drawings-2","status":"inherit","uploaded_to":8604,"date":"2022-07-18 13:01:48","modified":"2022-07-18 13:01:48","menu_order":0,"mime_type":"application\/pdf","type":"application","subtype":"pdf","icon":"https:\/\/www.urbidermis.com\/wp-includes\/images\/media\/document.png"},"2d_cad":{"ID":14550,"id":14550,"title":"NeoRomanticoClasico_benches_drawings","filename":"NeoRomanticoClasico_benches_drawings.dxf","filesize":0,"url":"https:\/\/www.urbidermis.com\/wp-content\/uploads\/NeoRomanticoClasico_benches_drawings.dxf","link":"https:\/\/www.urbidermis.com\/fr\/?attachment_id=14550","alt":"","author":"4","description":"","caption":"","name":"neoromanticoclasico_benches_drawings-2-2","status":"inherit","uploaded_to":8506,"date":"2022-07-18 13:38:45","modified":"2022-07-18 13:38:45","menu_order":0,"mime_type":"application\/dxf","type":"application","subtype":"dxf","icon":"https:\/\/www.urbidermis.com\/wp-includes\/images\/media\/default.png"},"3d_cad":{"ID":13624,"id":13624,"title":"NeoRomantico_Clasico_bench_3D","filename":"NeoRomantico_Clasico_bench_3D.zip","filesize":0,"url":"https:\/\/www.urbidermis.com\/wp-content\/uploads\/NeoRomantico_Clasico_bench_3D.zip","link":"https:\/\/www.urbidermis.com\/fr\/?attachment_id=13624","alt":"","author":"8","description":"","caption":"","name":"neoromantico_clasico_bench_3d-2","status":"inherit","uploaded_to":8604,"date":"2022-07-12 09:23:28","modified":"2022-07-12 09:23:28","menu_order":0,"mime_type":"application\/zip","type":"application","subtype":"zip","icon":"https:\/\/www.urbidermis.com\/wp-includes\/images\/media\/archive.png"},"revit":{"ID":13691,"id":13691,"title":"Urbidermis_NeoRomantico_Clasico_BIM_REVIT","filename":"Urbidermis_NeoRomantico_Clasico_BIM_REVIT.zip","filesize":0,"url":"https:\/\/www.urbidermis.com\/wp-content\/uploads\/Urbidermis_NeoRomantico_Clasico_BIM_REVIT.zip","link":"https:\/\/www.urbidermis.com\/fr\/?attachment_id=13691","alt":"","author":"4","description":"","caption":"","name":"urbidermis_neoromantico_clasico_bim_revit-2","status":"inherit","uploaded_to":8604,"date":"2022-07-12 10:47:30","modified":"2022-07-12 10:47:30","menu_order":0,"mime_type":"application\/zip","type":"application","subtype":"zip","icon":"https:\/\/www.urbidermis.com\/wp-includes\/images\/media\/archive.png"},"ldt_photometric_files":false,"ies_photometric_files":false,"validador_detalles_producto":false,"tipo_especificacion":""}]},{"acf_fc_layout":"seccion_consulta_nuestros_expertos","imagen_de_fondo_single_producto":"https:\/\/www.urbidermis.com\/recursos\/imagenes_galeria\/20211105-Spain-Sant-Cugat-Mirasol-Urbanizacion-Calle-Josep-Peray-RAF-NRB-Equipo-Urbidermis-00-x2400-SANGRE-x2400.jpg\n","imagen_de_fondo_single_producto_mobile":"https:\/\/www.urbidermis.com\/recursos\/imagenes_galeria\/20150906-France-Paris-Parc-Expo-Paris-NRB-mobile-02-x1000.jpg\n"},{"acf_fc_layout":"seccion_imagen_de_fondo_con_sub_menu","titulo_group_list_contet_proyectos":{"title_tag":"h3","title_txt":"NeoRom\u00e1ntico Cl\u00e1sico dans la ville"},"ancla_copy2":"","proyectos_relacionados":[{"project":{"ID":5643,"post_author":"4","post_date":"2022-04-19 15:41:42","post_date_gmt":"2022-04-19 15:41:42","post_content":"","post_title":"Antiguo Puerto Madero","post_excerpt":"","post_status":"publish","comment_status":"closed","ping_status":"closed","post_password":"","post_name":"antiguo-puerto-madero-buenos-aires","to_ping":"","pinged":"","post_modified":"2022-08-29 08:42:30","post_modified_gmt":"2022-08-29 08:42:30","post_content_filtered":"","post_parent":0,"guid":"http:\/\/newpre.urbidermis.com\/proyectos\/antiguo-puerto-madero-buenos-aires\/","menu_order":0,"post_type":"proyectos","post_mime_type":"","comment_count":"0","filter":"raw"},"project_img":"https:\/\/www.urbidermis.com\/recursos\/imagenes_galeria\/20060306-Argentina-Buenos-Aires-Antiguo-Puerto-Madero-LAF-NRBCL-Equipo-Urbidermis-01-x2400-PROJECTE-x1000.jpg\n"},{"project":{"ID":5354,"post_author":"4","post_date":"2022-04-13 15:24:47","post_date_gmt":"2022-04-13 15:24:47","post_content":"","post_title":"Lesseps square","post_excerpt":"","post_status":"publish","comment_status":"closed","ping_status":"closed","post_password":"","post_name":"lesseps-square","to_ping":"","pinged":"","post_modified":"2022-08-29 08:42:40","post_modified_gmt":"2022-08-29 08:42:40","post_content_filtered":"","post_parent":0,"guid":"http:\/\/newpre.urbidermis.com\/proyectos\/lesseps-square\/","menu_order":0,"post_type":"proyectos","post_mime_type":"","comment_count":"0","filter":"raw"},"project_img":"https:\/\/www.urbidermis.com\/recursos\/imagenes_galeria\/20090514-Spain-Barcelona-Placa-Lesseps-NRB-Equipo-Urbidermis-03-x2400-PROJECTE-x1000.jpg\n"},{"project":{"ID":7107,"post_author":"7","post_date":"2022-05-09 11:40:09","post_date_gmt":"2022-05-09 11:40:09","post_content":"","post_title":"Santander City Hall Square","post_excerpt":"","post_status":"publish","comment_status":"closed","ping_status":"closed","post_password":"","post_name":"santander-city-hall-square","to_ping":"","pinged":"","post_modified":"2022-08-29 08:41:31","post_modified_gmt":"2022-08-29 08:41:31","post_content_filtered":"","post_parent":0,"guid":"https:\/\/ubweb21.urbidermis.com\/proyectos\/santander-city-hall-square\/","menu_order":0,"post_type":"proyectos","post_mime_type":"","comment_count":"0","filter":"raw"},"project_img":"https:\/\/www.urbidermis.com\/recursos\/imagenes_galeria\/20091006-Spain-Santander-Plaza-Ayuntamiento-RAF-NRB-Web-x2400-PROJECTE-x1000.jpg\n"},{"project":{"ID":6882,"post_author":"4","post_date":"2022-05-08 09:47:32","post_date_gmt":"2022-05-08 09:47:32","post_content":"","post_title":"Parc Expo Paris","post_excerpt":"","post_status":"publish","comment_status":"closed","ping_status":"closed","post_password":"","post_name":"parc-expo-paris","to_ping":"","pinged":"","post_modified":"2022-08-29 08:41:38","post_modified_gmt":"2022-08-29 08:41:38","post_content_filtered":"","post_parent":0,"guid":"https:\/\/ubweb21.urbidermis.com\/proyectos\/parc-expo-paris\/","menu_order":0,"post_type":"proyectos","post_mime_type":"","comment_count":"0","filter":"raw"},"project_img":"https:\/\/www.urbidermis.com\/recursos\/imagenes_galeria\/20150906-France-Paris-Parc-Expo-Paris-NRBCL-08-x2400-PROJECTE-x1000.jpg\n"},{"project":{"ID":6583,"post_author":"7","post_date":"2022-05-06 08:07:20","post_date_gmt":"2022-05-06 08:07:20","post_content":"","post_title":"Mira-sol center","post_excerpt":"","post_status":"publish","comment_status":"closed","ping_status":"closed","post_password":"","post_name":"mira-sol-centre","to_ping":"","pinged":"","post_modified":"2022-08-29 08:41:46","post_modified_gmt":"2022-08-29 08:41:46","post_content_filtered":"","post_parent":0,"guid":"https:\/\/ubweb21.urbidermis.com\/proyectos\/mira-sol-centre\/","menu_order":0,"post_type":"proyectos","post_mime_type":"","comment_count":"0","filter":"raw"},"project_img":"https:\/\/www.urbidermis.com\/recursos\/imagenes_galeria\/20211105-Spain-Sant-Cugat-Mirasol-Urbanizacion-Calle-Josep-Peray-NRB-Equipo-Urbidermis-21-x2400-PROJECTE-x1000.jpg\n"},{"project":{"ID":7718,"post_author":"7","post_date":"2022-05-12 07:44:29","post_date_gmt":"2022-05-12 07:44:29","post_content":"","post_title":"Tur\u00f3 de Can Mates park","post_excerpt":"","post_status":"publish","comment_status":"closed","ping_status":"closed","post_password":"","post_name":"turo-de-can-mates-park","to_ping":"","pinged":"","post_modified":"2022-08-29 08:40:48","post_modified_gmt":"2022-08-29 08:40:48","post_content_filtered":"","post_parent":0,"guid":"https:\/\/ubweb21.urbidermis.com\/proyectos\/turo-de-can-mates-park\/","menu_order":0,"post_type":"proyectos","post_mime_type":"","comment_count":"0","filter":"raw"},"project_img":"https:\/\/www.urbidermis.com\/recursos\/imagenes_galeria\/20211105-Spain-Sant-Cugat-Parque-Turo-Can-Mates-NRB-Equipo-Urbidermis-Web-x2400-PROJECTE-x1000.jpg\n"}]}],"nombre_solo_plantas_field":"","dist_asimetrica":[],"resumen_libro":"","autor_book_publicacion_producto":"","galeria_imagenes_repeater_libro":[{"imagen_item_gal":"https:\/\/www.urbidermis.com\/recursos\/imagenes_galeria\/01-20211105-Spain-Sant-Cugat-Mirasol-Urbanizacion-Calle-Josep-Peray-NRB-Equipo-Urbidermis-26-x2400-CARRUSEL-x1000.jpg\n","activar_video_item_gal":false,"portada_video_item_gal":false,"video_en_horizonal_item_gal":false,"video_item_gal":false},{"imagen_item_gal":"https:\/\/www.urbidermis.com\/recursos\/imagenes_galeria\/04-20211105-Spain-Sant-Cugat-Parque-Turo-Can-Mates-NRB-Equipo-Urbidermis-13-x2400-CARRUSEL-x1000.jpg\n","activar_video_item_gal":false,"portada_video_item_gal":false,"video_en_horizonal_item_gal":false,"video_item_gal":false},{"imagen_item_gal":"https:\/\/www.urbidermis.com\/recursos\/imagenes_galeria\/03-20211105-Spain-Sant-Cugat-Mirasol-Urbanizacion-Calle-Josep-Peray-NRB-Equipo-Urbidermis-29-x2400-CARRUSEL-x1000.jpg\n","activar_video_item_gal":false,"portada_video_item_gal":false,"video_en_horizonal_item_gal":false,"video_item_gal":false},{"imagen_item_gal":"https:\/\/www.urbidermis.com\/recursos\/imagenes_galeria\/02-20220124-Spain-Barcelona-Belloch-NRB-Equipo-Urbidermis-02-x2400-CARRUSEL-x1000.jpg\n","activar_video_item_gal":false,"portada_video_item_gal":false,"video_en_horizonal_item_gal":false,"video_item_gal":false}],"_numero_de_paginas_campo_texto":"","is_plano_de_cotas_validator":true,"galeria_multidimension_imagenes_plano_de_cotas_proyector":[{"texto_pestana_plano_galeria":"Banc","imagen_plano_de_cotas":"https:\/\/www.urbidermis.com\/recursos\/imagenes_galeria\/NeoRomantico-Clasico-Urban-Benches-PC.svg\n"}],"is_protocolo_y_control_generic":false,"nombre_arbol_entre_comillas":"","isbn_campo_texto":"","idioma_campo_texto":"","enquadernacion_campo_texto":"","pdf_asociado_producto":false,"text_content_family_basic_information":"","text_content_family_basic_number_width":"","text_content_family_basic_number_height":"","text_content_planting_density":"","flowers_option_colours":[],"flowers_option_season":[],"properties_option_pruning":[],"properties_option_watering":[],"properties_option_sun_exposure":[],"properties_option_fire":[],"properties_option_heat":[],"properties_option_moisture":[],"properties_option_minimum_temp":"","properties_option_soil_type":[],"properties_option_dryness":[],"properties_option_coastal_area":[],"is_producto_residencial_para_mostrar_info_diferente":false,"check_para_validar_no_secc_aplication":true,"selecciona_tipo_de_imagen_custom":[],"activar_seccion_text_parrafo_pos_bottom_carrousel":false,"accordion_titulo_parrafo_acordeon_imagen":false,"imagen_titulo_parrafo_acordeon_imagen":"","image_portada_titulo_parrafo_acordeon_imagen":"","imagen_mobile_titulo_parrafo_acordeon_imagen":"","txt_acabados_prod_opciones_de_texto_1":true,"txt_acabados_prod_opciones_de_texto_2":{"value":"acabado_standard","label":"Acabado Standard"},"txt_acabados_prod_opciones_de_texto_3":[],"texto_destacado_text_parrafo_pos_bottom_carrousel":"","parrafo_text_parrafo_pos_bottom_carrousel":"","titulo_titulo_parrafo_acordeon_imagen":"","parrafo_titulo_parrafo_acordeon_imagen":"","texto_bajo_btn_certificados":"","texto_introduccion_landing_custom":"","enlace_descubre_mas_custom":"","activator_acf_option_madera_text":true,"opciones_de_texto_1":true,"opciones_de_texto_2":{"value":"acabado_standar","label":"Acabado Standard"},"opciones_de_texto_3":[],"activador_seccion_impacto_acvs_secctions_acvs":true,"codigos_acvs_matching_row-leds":[{"texto_pestana_item_fetch":"Banc 0,6 m bois de pin","codigo_item_fetch":"NRB15"},{"texto_pestana_item_fetch":"Banc 0,6 m bois tropical","codigo_item_fetch":"NRB14"},{"texto_pestana_item_fetch":"Banc 1,75 m bois de pin","codigo_item_fetch":"NRB25"},{"texto_pestana_item_fetch":"Banc 1,75 m bois tropical","codigo_item_fetch":"NRB24"},{"texto_pestana_item_fetch":"Banc 3 m bois de pin","codigo_item_fetch":"NRB35"},{"texto_pestana_item_fetch":"Banc 3 m bois tropical","codigo_item_fetch":"NRB34"}],"texto_enlace_amplifyapp":"NeoRomantico_Clasico_Urban_furniture","participantes":[7538],"autores":[{"ID":10510,"post_author":"4","post_date":"2022-06-27 10:28:41","post_date_gmt":"2022-06-27 10:28:41","post_content":"","post_title":"Miguel Mil\u00e1","post_excerpt":"","post_status":"publish","comment_status":"closed","ping_status":"closed","post_password":"","post_name":"miguel-mila","to_ping":"","pinged":"","post_modified":"2024-09-25 11:42:17","post_modified_gmt":"2024-09-25 09:42:17","post_content_filtered":"","post_parent":0,"guid":"https:\/\/ubweb21.urbidermis.com\/biografias\/miguel-mila\/","menu_order":0,"post_type":"autores","post_mime_type":"","comment_count":"0","filter":"raw"}],"productos_relationship_related":[{"ID":8607,"post_author":"4","post_date":"2022-03-01 10:38:25","post_date_gmt":"2022-03-01 10:38:25","post_content":"","post_title":"NeoRom\u00e1ntico Liviano","post_excerpt":"Le banc urbain NeoRom\u00e1ntico Liviano repr\u00e9sente un \u00e9l\u00e9ment de repos d\u00e9barrass\u00e9 des exc\u00e8s, plus l\u00e9ger et plus confortable. Un banc d'aspect sobre avec un profil ergonomique agr\u00e9able, r\u00e9solu avec peu d'\u00e9l\u00e9ments, con\u00e7u pour voyager \u00e0 plat et \u00eatre facilement assembl\u00e9. Il offre diff\u00e9rents formats et mat\u00e9riaux, tous avec ou sans accoudoirs.","post_status":"publish","comment_status":"closed","ping_status":"closed","post_password":"","post_name":"neoromantico-liviano","to_ping":"","pinged":"","post_modified":"2026-05-20 09:45:09","post_modified_gmt":"2026-05-20 07:45:09","post_content_filtered":"","post_parent":0,"guid":"https:\/\/ubweb21.urbidermis.com\/product\/neoromantico-liviano\/","menu_order":0,"post_type":"product","post_mime_type":"","comment_count":"0","filter":"raw"},{"ID":8599,"post_author":"4","post_date":"2022-03-01 10:37:43","post_date_gmt":"2022-03-01 10:37:43","post_content":"","post_title":"Moon","post_excerpt":"Banc urbain aux formes architecturales et aux lignes droites, l'incarnation d'une fonction \u00e9pur\u00e9e. Le banc Moon est con\u00e7u pour cr\u00e9er de vastes plates-formes d'alignement qui s'int\u00e8grent facilement au reste des \u00e9l\u00e9ments du paysage et accompagnent la qui\u00e9tude des zones de promenade.","post_status":"publish","comment_status":"closed","ping_status":"closed","post_password":"","post_name":"moon","to_ping":"","pinged":"","post_modified":"2026-04-21 10:17:24","post_modified_gmt":"2026-04-21 08:17:24","post_content_filtered":"","post_parent":0,"guid":"https:\/\/ubweb21.urbidermis.com\/product\/moon\/","menu_order":0,"post_type":"product","post_mime_type":"","comment_count":"0","filter":"raw"},{"ID":8586,"post_author":"4","post_date":"2022-03-01 10:37:03","post_date_gmt":"2022-03-01 10:37:03","post_content":"","post_title":"Harpo","post_excerpt":"Miguel et Gonzalo Mil\u00e1, p\u00e8re et fils, ont entrepris la t\u00e2che difficile de dessiner un banc urbain qui puisse voyager \u00e0 plat et d\u00e9mont\u00e9, formellement humble, multiculturel, d'un grand confort et d'une grande \u00e9conomie expressive. Un banc global, facile \u00e0 monter et \u00e0 installer, \u00e9conomique, simple et confortable.","post_status":"publish","comment_status":"closed","ping_status":"closed","post_password":"","post_name":"harpo","to_ping":"","pinged":"","post_modified":"2026-05-20 09:03:39","post_modified_gmt":"2026-05-20 07:03:39","post_content_filtered":"","post_parent":0,"guid":"https:\/\/ubweb21.urbidermis.com\/product\/harpo\/","menu_order":0,"post_type":"product","post_mime_type":"","comment_count":"0","filter":"raw"},{"ID":26672,"post_author":"7","post_date":"2025-04-28 16:55:35","post_date_gmt":"2025-04-28 14:55:35","post_content":"","post_title":"Flavio","post_excerpt":"Le Colis\u00e9e de Rome fut une \u0153uvre magistrale de la dynastie flavienne, symbole de la ville et de sa culture. Jusqu\u2019\u00e0 65 000 citoyens assis. En sa m\u00e9moire, Flavio est notre famille de bancs et banquettes \u00e0 installer sur des murets ou des gradins. Seul ou dans de vastes stades.","post_status":"publish","comment_status":"closed","ping_status":"closed","post_password":"","post_name":"flavio","to_ping":"","pinged":"","post_modified":"2026-04-20 15:34:43","post_modified_gmt":"2026-04-20 13:34:43","post_content_filtered":"","post_parent":0,"guid":"https:\/\/www.urbidermis.com\/non%20class\u00e9\/flavio\/","menu_order":0,"post_type":"product","post_mime_type":"","comment_count":"0","filter":"raw"}],"tipos_de_post_relationship_related":[{"ID":10529,"post_author":"4","post_date":"2022-06-27 11:15:19","post_date_gmt":"2022-06-27 11:15:19","post_content":"","post_title":"30 ans de design urbain avec Miguel Mil\u00e1","post_excerpt":"","post_status":"publish","comment_status":"open","ping_status":"open","post_password":"","post_name":"30-ans-de-design-urbain-avec-miguel-mila","to_ping":"","pinged":"","post_modified":"2026-04-21 10:24:17","post_modified_gmt":"2026-04-21 08:24:17","post_content_filtered":"","post_parent":0,"guid":"https:\/\/ubweb21.urbidermis.com\/blog\/30-ans-de-design-urbain-avec-miguel-mila\/","menu_order":0,"post_type":"post","post_mime_type":"","comment_count":"0","filter":"raw"}]},"yoast_head":"<!-- This site is optimized with the Yoast SEO plugin v27.6 - https:\/\/yoast.com\/product\/yoast-seo-wordpress\/ -->\n<title>NeoRom\u00e1ntico Cl\u00e1sico - Urbidermis<\/title>\n<meta name=\"description\" content=\"NeoRom\u00e1ntico Cl\u00e1sico - Le banc urbain NeoRom\u00e1ntico Cl\u00e1sico est la r\u00e9vision du banc romantique traditionnel, avec des supports plus l\u00e9gers en fonte d&#039;aluminium au lieu de fer, et des lattes plus larges et plus robustes formant un profil ergonomique caract\u00e9ristique, plus confortable et sur\u00e9lev\u00e9 \u00e0 une hauteur plus pratique pour s&#039;asseoir et se relever plus ais\u00e9ment.\" \/>\n<meta name=\"robots\" content=\"index, follow, max-snippet:-1, max-image-preview:large, max-video-preview:-1\" \/>\n<link rel=\"canonical\" href=\"https:\/\/www.urbidermis.com\/fr\/mobilier-urbain\/neoromantico\/\" \/>\n<meta property=\"og:locale\" content=\"fr_FR\" \/>\n<meta property=\"og:type\" content=\"article\" \/>\n<meta property=\"og:title\" content=\"NeoRom\u00e1ntico Cl\u00e1sico - Urbidermis\" \/>\n<meta property=\"og:description\" content=\"NeoRom\u00e1ntico Cl\u00e1sico - Le banc urbain NeoRom\u00e1ntico Cl\u00e1sico est la r\u00e9vision du banc romantique traditionnel, avec des supports plus l\u00e9gers en fonte d&#039;aluminium au lieu de fer, et des lattes plus larges et plus robustes formant un profil ergonomique caract\u00e9ristique, plus confortable et sur\u00e9lev\u00e9 \u00e0 une hauteur plus pratique pour s&#039;asseoir et se relever plus ais\u00e9ment.\" \/>\n<meta property=\"og:url\" content=\"https:\/\/www.urbidermis.com\/fr\/mobilier-urbain\/neoromantico\/\" \/>\n<meta property=\"og:site_name\" content=\"Urbidermis\" \/>\n<meta property=\"article:modified_time\" content=\"2026-04-21T08:19:55+00:00\" \/>\n<meta property=\"og:image\" content=\"https:\/\/www.urbidermis.com\/wp-content\/uploads\/20170717_Spain_Barcelona_Belloch_NRB_00.jpg\" \/>\n\t<meta property=\"og:image:width\" content=\"1071\" \/>\n\t<meta property=\"og:image:height\" content=\"1500\" \/>\n\t<meta property=\"og:image:type\" content=\"image\/jpeg\" \/>\n<meta name=\"twitter:card\" content=\"summary_large_image\" \/>\n<script type=\"application\/ld+json\" class=\"yoast-schema-graph\">{\"@context\":\"https:\\\/\\\/schema.org\",\"@graph\":[{\"@type\":\"WebPage\",\"@id\":\"https:\\\/\\\/www.urbidermis.com\\\/fr\\\/mobilier-urbain\\\/neoromantico\\\/\",\"url\":\"https:\\\/\\\/www.urbidermis.com\\\/fr\\\/mobilier-urbain\\\/neoromantico\\\/\",\"name\":\"NeoRom\u00e1ntico Cl\u00e1sico - Urbidermis\",\"isPartOf\":{\"@id\":\"https:\\\/\\\/urbidermis.com\\\/es\\\/#website\"},\"primaryImageOfPage\":{\"@id\":\"https:\\\/\\\/www.urbidermis.com\\\/fr\\\/mobilier-urbain\\\/neoromantico\\\/#primaryimage\"},\"image\":{\"@id\":\"https:\\\/\\\/www.urbidermis.com\\\/fr\\\/mobilier-urbain\\\/neoromantico\\\/#primaryimage\"},\"thumbnailUrl\":\"https:\\\/\\\/www.urbidermis.com\\\/wp-content\\\/uploads\\\/20170717_Spain_Barcelona_Belloch_NRB_00.jpg\",\"datePublished\":\"2022-03-01T10:37:58+00:00\",\"dateModified\":\"2026-04-21T08:19:55+00:00\",\"description\":\"NeoRom\u00e1ntico Cl\u00e1sico - Le banc urbain NeoRom\u00e1ntico Cl\u00e1sico est la r\u00e9vision du banc romantique traditionnel, avec des supports plus l\u00e9gers en fonte d'aluminium au lieu de fer, et des lattes plus larges et plus robustes formant un profil ergonomique caract\u00e9ristique, plus confortable et sur\u00e9lev\u00e9 \u00e0 une hauteur plus pratique pour s'asseoir et se relever plus ais\u00e9ment.\",\"breadcrumb\":{\"@id\":\"https:\\\/\\\/www.urbidermis.com\\\/fr\\\/mobilier-urbain\\\/neoromantico\\\/#breadcrumb\"},\"inLanguage\":\"fr-FR\",\"potentialAction\":[{\"@type\":\"ReadAction\",\"target\":[\"https:\\\/\\\/www.urbidermis.com\\\/fr\\\/mobilier-urbain\\\/neoromantico\\\/\"]}]},{\"@type\":\"ImageObject\",\"inLanguage\":\"fr-FR\",\"@id\":\"https:\\\/\\\/www.urbidermis.com\\\/fr\\\/mobilier-urbain\\\/neoromantico\\\/#primaryimage\",\"url\":\"https:\\\/\\\/www.urbidermis.com\\\/wp-content\\\/uploads\\\/20170717_Spain_Barcelona_Belloch_NRB_00.jpg\",\"contentUrl\":\"https:\\\/\\\/www.urbidermis.com\\\/wp-content\\\/uploads\\\/20170717_Spain_Barcelona_Belloch_NRB_00.jpg\",\"width\":1071,\"height\":1500},{\"@type\":\"BreadcrumbList\",\"@id\":\"https:\\\/\\\/www.urbidermis.com\\\/fr\\\/mobilier-urbain\\\/neoromantico\\\/#breadcrumb\",\"itemListElement\":[{\"@type\":\"ListItem\",\"position\":1,\"name\":\"Home\",\"item\":\"https:\\\/\\\/www.urbidermis.com\\\/fr\\\/\"},{\"@type\":\"ListItem\",\"position\":2,\"name\":\"Produits\",\"item\":\"https:\\\/\\\/www.urbidermis.com\\\/fr\\\/produits\\\/\"},{\"@type\":\"ListItem\",\"position\":3,\"name\":\"NeoRom\u00e1ntico Cl\u00e1sico\"}]},{\"@type\":\"WebSite\",\"@id\":\"https:\\\/\\\/urbidermis.com\\\/es\\\/#website\",\"url\":\"https:\\\/\\\/urbidermis.com\\\/es\\\/\",\"name\":\"Urbidermis\",\"description\":\"Especialistas en la ciudad\",\"publisher\":{\"@id\":\"https:\\\/\\\/urbidermis.com\\\/es\\\/#organization\"},\"potentialAction\":[{\"@type\":\"SearchAction\",\"target\":{\"@type\":\"EntryPoint\",\"urlTemplate\":\"https:\\\/\\\/urbidermis.com\\\/es\\\/?s={search_term_string}\"},\"query-input\":{\"@type\":\"PropertyValueSpecification\",\"valueRequired\":true,\"valueName\":\"search_term_string\"}}],\"inLanguage\":\"fr-FR\"},{\"@type\":\"Organization\",\"@id\":\"https:\\\/\\\/urbidermis.com\\\/es\\\/#organization\",\"name\":\"Urbidermis\",\"url\":\"https:\\\/\\\/urbidermis.com\\\/es\\\/\",\"logo\":{\"@type\":\"ImageObject\",\"inLanguage\":\"fr-FR\",\"@id\":\"https:\\\/\\\/urbidermis.com\\\/es\\\/#\\\/schema\\\/logo\\\/image\\\/\",\"url\":\"\",\"contentUrl\":\"\",\"caption\":\"Urbidermis\"},\"image\":{\"@id\":\"https:\\\/\\\/urbidermis.com\\\/es\\\/#\\\/schema\\\/logo\\\/image\\\/\"}}]}<\/script>\n<!-- \/ Yoast SEO plugin. -->","yoast_head_json":{"title":"NeoRom\u00e1ntico Cl\u00e1sico - Urbidermis","description":"NeoRom\u00e1ntico Cl\u00e1sico - Le banc urbain NeoRom\u00e1ntico Cl\u00e1sico est la r\u00e9vision du banc romantique traditionnel, avec des supports plus l\u00e9gers en fonte d'aluminium au lieu de fer, et des lattes plus larges et plus robustes formant un profil ergonomique caract\u00e9ristique, plus confortable et sur\u00e9lev\u00e9 \u00e0 une hauteur plus pratique pour s'asseoir et se relever plus ais\u00e9ment.","robots":{"index":"index","follow":"follow","max-snippet":"max-snippet:-1","max-image-preview":"max-image-preview:large","max-video-preview":"max-video-preview:-1"},"canonical":"https:\/\/www.urbidermis.com\/fr\/mobilier-urbain\/neoromantico\/","og_locale":"fr_FR","og_type":"article","og_title":"NeoRom\u00e1ntico Cl\u00e1sico - Urbidermis","og_description":"NeoRom\u00e1ntico Cl\u00e1sico - Le banc urbain NeoRom\u00e1ntico Cl\u00e1sico est la r\u00e9vision du banc romantique traditionnel, avec des supports plus l\u00e9gers en fonte d'aluminium au lieu de fer, et des lattes plus larges et plus robustes formant un profil ergonomique caract\u00e9ristique, plus confortable et sur\u00e9lev\u00e9 \u00e0 une hauteur plus pratique pour s'asseoir et se relever plus ais\u00e9ment.","og_url":"https:\/\/www.urbidermis.com\/fr\/mobilier-urbain\/neoromantico\/","og_site_name":"Urbidermis","article_modified_time":"2026-04-21T08:19:55+00:00","og_image":[{"width":1071,"height":1500,"url":"https:\/\/www.urbidermis.com\/wp-content\/uploads\/20170717_Spain_Barcelona_Belloch_NRB_00.jpg","type":"image\/jpeg"}],"twitter_card":"summary_large_image","schema":{"@context":"https:\/\/schema.org","@graph":[{"@type":"WebPage","@id":"https:\/\/www.urbidermis.com\/fr\/mobilier-urbain\/neoromantico\/","url":"https:\/\/www.urbidermis.com\/fr\/mobilier-urbain\/neoromantico\/","name":"NeoRom\u00e1ntico Cl\u00e1sico - Urbidermis","isPartOf":{"@id":"https:\/\/urbidermis.com\/es\/#website"},"primaryImageOfPage":{"@id":"https:\/\/www.urbidermis.com\/fr\/mobilier-urbain\/neoromantico\/#primaryimage"},"image":{"@id":"https:\/\/www.urbidermis.com\/fr\/mobilier-urbain\/neoromantico\/#primaryimage"},"thumbnailUrl":"https:\/\/www.urbidermis.com\/wp-content\/uploads\/20170717_Spain_Barcelona_Belloch_NRB_00.jpg","datePublished":"2022-03-01T10:37:58+00:00","dateModified":"2026-04-21T08:19:55+00:00","description":"NeoRom\u00e1ntico Cl\u00e1sico - Le banc urbain NeoRom\u00e1ntico Cl\u00e1sico est la r\u00e9vision du banc romantique traditionnel, avec des supports plus l\u00e9gers en fonte d'aluminium au lieu de fer, et des lattes plus larges et plus robustes formant un profil ergonomique caract\u00e9ristique, plus confortable et sur\u00e9lev\u00e9 \u00e0 une hauteur plus pratique pour s'asseoir et se relever plus ais\u00e9ment.","breadcrumb":{"@id":"https:\/\/www.urbidermis.com\/fr\/mobilier-urbain\/neoromantico\/#breadcrumb"},"inLanguage":"fr-FR","potentialAction":[{"@type":"ReadAction","target":["https:\/\/www.urbidermis.com\/fr\/mobilier-urbain\/neoromantico\/"]}]},{"@type":"ImageObject","inLanguage":"fr-FR","@id":"https:\/\/www.urbidermis.com\/fr\/mobilier-urbain\/neoromantico\/#primaryimage","url":"https:\/\/www.urbidermis.com\/wp-content\/uploads\/20170717_Spain_Barcelona_Belloch_NRB_00.jpg","contentUrl":"https:\/\/www.urbidermis.com\/wp-content\/uploads\/20170717_Spain_Barcelona_Belloch_NRB_00.jpg","width":1071,"height":1500},{"@type":"BreadcrumbList","@id":"https:\/\/www.urbidermis.com\/fr\/mobilier-urbain\/neoromantico\/#breadcrumb","itemListElement":[{"@type":"ListItem","position":1,"name":"Home","item":"https:\/\/www.urbidermis.com\/fr\/"},{"@type":"ListItem","position":2,"name":"Produits","item":"https:\/\/www.urbidermis.com\/fr\/produits\/"},{"@type":"ListItem","position":3,"name":"NeoRom\u00e1ntico Cl\u00e1sico"}]},{"@type":"WebSite","@id":"https:\/\/urbidermis.com\/es\/#website","url":"https:\/\/urbidermis.com\/es\/","name":"Urbidermis","description":"Especialistas en la ciudad","publisher":{"@id":"https:\/\/urbidermis.com\/es\/#organization"},"potentialAction":[{"@type":"SearchAction","target":{"@type":"EntryPoint","urlTemplate":"https:\/\/urbidermis.com\/es\/?s={search_term_string}"},"query-input":{"@type":"PropertyValueSpecification","valueRequired":true,"valueName":"search_term_string"}}],"inLanguage":"fr-FR"},{"@type":"Organization","@id":"https:\/\/urbidermis.com\/es\/#organization","name":"Urbidermis","url":"https:\/\/urbidermis.com\/es\/","logo":{"@type":"ImageObject","inLanguage":"fr-FR","@id":"https:\/\/urbidermis.com\/es\/#\/schema\/logo\/image\/","url":"","contentUrl":"","caption":"Urbidermis"},"image":{"@id":"https:\/\/urbidermis.com\/es\/#\/schema\/logo\/image\/"}}]}},"urb":{"path":"\/fr\/mobilier-urbain\/neoromantico\/","language":"fr","translations":{"de":{"id":8605,"slug":"neoromantico","path":"\/de\/stadtmobiliar\/neoromantico\/"},"en":{"id":2057,"slug":"neoromantico","path":"\/urban-furniture\/neoromantico\/"},"es":{"id":8606,"slug":"neoromantico","path":"\/es\/mobiliario-urbano\/neoromantico\/"},"fr":{"id":8604,"slug":"neoromantico","path":"\/fr\/mobilier-urbain\/neoromantico\/"}},"page_template":"","featured":{"id":8678,"url":"https:\/\/www.urbidermis.com\/wp-content\/uploads\/20170717_Spain_Barcelona_Belloch_NRB_00.jpg","width":1071,"height":1500,"alt":"","title":"20170717_Spain_Barcelona_Belloch_NRB_00","mime":"image\/jpeg","srcset":"https:\/\/www.urbidermis.com\/wp-content\/uploads\/20170717_Spain_Barcelona_Belloch_NRB_00.jpg 1071w, https:\/\/www.urbidermis.com\/wp-content\/uploads\/20170717_Spain_Barcelona_Belloch_NRB_00-428x600.jpg 428w, https:\/\/www.urbidermis.com\/wp-content\/uploads\/20170717_Spain_Barcelona_Belloch_NRB_00-731x1024.jpg 731w, https:\/\/www.urbidermis.com\/wp-content\/uploads\/20170717_Spain_Barcelona_Belloch_NRB_00-107x150.jpg 107w, https:\/\/www.urbidermis.com\/wp-content\/uploads\/20170717_Spain_Barcelona_Belloch_NRB_00-768x1076.jpg 768w, https:\/\/www.urbidermis.com\/wp-content\/uploads\/20170717_Spain_Barcelona_Belloch_NRB_00-300x420.jpg 300w","sizes":{"medium":{"url":"https:\/\/www.urbidermis.com\/wp-content\/uploads\/20170717_Spain_Barcelona_Belloch_NRB_00-428x600.jpg","width":428,"height":600},"large":{"url":"https:\/\/www.urbidermis.com\/wp-content\/uploads\/20170717_Spain_Barcelona_Belloch_NRB_00-731x1024.jpg","width":640,"height":897},"thumbnail":{"url":"https:\/\/www.urbidermis.com\/wp-content\/uploads\/20170717_Spain_Barcelona_Belloch_NRB_00-107x150.jpg","width":107,"height":150},"medium_large":{"url":"https:\/\/www.urbidermis.com\/wp-content\/uploads\/20170717_Spain_Barcelona_Belloch_NRB_00-768x1076.jpg","width":640,"height":897},"woocommerce_thumbnail":{"url":"https:\/\/www.urbidermis.com\/wp-content\/uploads\/20170717_Spain_Barcelona_Belloch_NRB_00-150x150.jpg","width":150,"height":150},"woocommerce_single":{"url":"https:\/\/www.urbidermis.com\/wp-content\/uploads\/20170717_Spain_Barcelona_Belloch_NRB_00-300x420.jpg","width":300,"height":420},"woocommerce_gallery_thumbnail":{"url":"https:\/\/www.urbidermis.com\/wp-content\/uploads\/20170717_Spain_Barcelona_Belloch_NRB_00-100x100.jpg","width":100,"height":100},"shop_catalog":{"url":"https:\/\/www.urbidermis.com\/wp-content\/uploads\/20170717_Spain_Barcelona_Belloch_NRB_00-150x150.jpg","width":150,"height":150},"shop_single":{"url":"https:\/\/www.urbidermis.com\/wp-content\/uploads\/20170717_Spain_Barcelona_Belloch_NRB_00-300x420.jpg","width":300,"height":420},"shop_thumbnail":{"url":"https:\/\/www.urbidermis.com\/wp-content\/uploads\/20170717_Spain_Barcelona_Belloch_NRB_00-100x100.jpg","width":100,"height":100}}},"terms":{"product_type":{"items":[{"id":2,"name":"simple","slug":"simple","parent":0,"path":"\/fr\/"}],"parent":{"id":2,"name":"simple","slug":"simple","parent":0,"path":"\/fr\/"},"child":null},"product_cat":{"items":[{"id":243,"name":"Bancs urbains","slug":"bancs-urbains","parent":242,"path":"\/fr\/bancs-urbains\/"},{"id":242,"name":"Mobilier urbain","slug":"mobilier-urbain","parent":0,"path":"\/fr\/mobilier-urbain\/"}],"parent":{"id":242,"name":"Mobilier urbain","slug":"mobilier-urbain","parent":0,"path":"\/fr\/mobilier-urbain\/"},"child":{"id":243,"name":"Bancs urbains","slug":"bancs-urbains","parent":242,"path":"\/fr\/bancs-urbains\/"}},"pa_application":{"items":[{"id":1574,"name":"Repos","slug":"repos","parent":0,"path":"\/fr\/"}],"parent":{"id":1574,"name":"Repos","slug":"repos","parent":0,"path":"\/fr\/"},"child":null},"pa_certification":{"items":[{"id":1552,"name":"C2C","slug":"c2c-fr","parent":0,"path":"\/fr\/"},{"id":1553,"name":"FSC100%","slug":"fsc100-fr","parent":0,"path":"\/fr\/"},{"id":1588,"name":"PEFC100%","slug":"pefc100-fr","parent":0,"path":"\/fr\/"}],"parent":{"id":1552,"name":"C2C","slug":"c2c-fr","parent":0,"path":"\/fr\/"},"child":null},"pa_format-m":{"items":[{"id":1516,"name":"0,60","slug":"060-fr","parent":0,"path":"\/fr\/"},{"id":1524,"name":"1,75","slug":"175-fr","parent":0,"path":"\/fr\/"},{"id":1527,"name":"3,00","slug":"300-fr","parent":0,"path":"\/fr\/"}],"parent":{"id":1516,"name":"0,60","slug":"060-fr","parent":0,"path":"\/fr\/"},"child":null},"pa_materials":{"items":[{"id":1376,"name":"Aluminum","slug":"aluminum-fr","parent":0,"path":"\/fr\/"},{"id":1549,"name":"Bois certifi\u00e9","slug":"bois-certifie","parent":0,"path":"\/fr\/"}],"parent":{"id":1376,"name":"Aluminum","slug":"aluminum-fr","parent":0,"path":"\/fr\/"},"child":null},"pa_typology":{"items":[{"id":1580,"name":"Bancs","slug":"bancs","parent":0,"path":"\/fr\/"}],"parent":{"id":1580,"name":"Bancs","slug":"bancs","parent":0,"path":"\/fr\/"},"child":null},"translation_priority":{"items":[{"id":19,"name":"Facultatif","slug":"facultatif","parent":0,"path":"\/fr\/"}],"parent":{"id":19,"name":"Facultatif","slug":"facultatif","parent":0,"path":"\/fr\/"},"child":null}},"breadcrumb":[],"product":{"sku":"","type":"simple","gallery":[],"attributes":[{"name":"Certification","taxonomy":"pa_certification","visible":true,"options":["C2C","FSC100%","PEFC100%"]},{"name":"Format (m)","taxonomy":"pa_format-m","visible":true,"options":["0,60","1,75","3,00"]},{"name":"Materials","taxonomy":"pa_materials","visible":true,"options":["Aluminum","Bois certifi\u00e9"]},{"name":"Application","taxonomy":"pa_application","visible":true,"options":["Repos"]},{"name":"Typology","taxonomy":"pa_typology","visible":true,"options":["Bancs"]}],"children":[],"catalog_url":"https:\/\/www.urbidermis.com\/fr\/mobilier-urbain\/neoromantico\/","downloads":[{"tipo_datasheet":"multiple","datasheet_multiple":[{"datasheet_file":"https:\/\/www.urbidermis.com\/recursos\/dam\/ficheros_tecnicos\/NeoRomantico-Clasico-Bancs-Fiche-tecnique-FR.pdf","datasheet_title":"NeoRom\u00e1ntico Cl\u00e1sico","group_product":["","NeoRom\u00e1ntico Cl\u00e1sico"]},{"datasheet_file":"https:\/\/www.urbidermis.com\/recursos\/dam\/ficheros_tecnicos\/Bois_informationtechnique_V3.pdf","datasheet_title":"Bois","group_product":["","NeoRom\u00e1ntico Cl\u00e1sico"]}],"tipo_instrucciones":"simple","instructions":"https:\/\/www.urbidermis.com\/recursos\/dam\/ficheros_tecnicos\/NeoRomantico-Clasico-Bench-Assembly-Instructions.pdf","drawings":"https:\/\/www.urbidermis.com\/recursos\/dam\/ficheros_tecnicos\/NeoRomantico-Clasico-Benches-drawings.pdf","2d_cad":"https:\/\/www.urbidermis.com\/recursos\/dam\/ficheros_tecnicos\/NeoRomantico-Clasico-Benches-drawings.dxf","3d_cad":"https:\/\/www.urbidermis.com\/recursos\/dam\/ficheros_tecnicos\/NeoRomantico_Clasico_bench_3D.zip","ies_photometric_files":null,"ldt_photometric_files":null,"revit":"https:\/\/www.urbidermis.com\/recursos\/dam\/ficheros_tecnicos\/Urbidermis_NeoRomantico_Clasico_BIM_REVIT.zip","group_product":"","idioma":"fr","descargable":"https:\/\/www.urbidermis.com\/recursos\/dam\/ficheros_tecnicos\/NeoRomantico-Clasico-Benches-drawings.pdf"}]}},"_links":{"self":[{"href":"https:\/\/www.urbidermis.com\/fr\/wp-json\/wp\/v2\/product\/8604","targetHints":{"allow":["GET"]}}],"collection":[{"href":"https:\/\/www.urbidermis.com\/fr\/wp-json\/wp\/v2\/product"}],"about":[{"href":"https:\/\/www.urbidermis.com\/fr\/wp-json\/wp\/v2\/types\/product"}],"wp:featuredmedia":[{"embeddable":true,"href":"https:\/\/www.urbidermis.com\/fr\/wp-json\/wp\/v2\/media\/8678"}],"wp:attachment":[{"href":"https:\/\/www.urbidermis.com\/fr\/wp-json\/wp\/v2\/media?parent=8604"}],"wp:term":[{"taxonomy":"product_brand","embeddable":true,"href":"https:\/\/www.urbidermis.com\/fr\/wp-json\/wp\/v2\/product_brand?post=8604"},{"taxonomy":"product_cat","embeddable":true,"href":"https:\/\/www.urbidermis.com\/fr\/wp-json\/wp\/v2\/product_cat?post=8604"},{"taxonomy":"product_tag","embeddable":true,"href":"https:\/\/www.urbidermis.com\/fr\/wp-json\/wp\/v2\/product_tag?post=8604"}],"curies":[{"name":"wp","href":"https:\/\/api.w.org\/{rel}","templated":true}]}}