


{"id":9024,"date":"2022-03-01T11:33:03","date_gmt":"2022-03-01T11:33:03","guid":{"rendered":"https:\/\/ubweb21.urbidermis.com\/product\/humo\/"},"modified":"2026-04-10T12:53:13","modified_gmt":"2026-04-10T10:53:13","slug":"humo","status":"publish","type":"product","link":"https:\/\/www.urbidermis.com\/fr\/mobilier-urbain\/humo\/","title":{"rendered":"Humo"},"content":{"rendered":"","protected":false},"excerpt":{"rendered":"<p>Cendrier ext\u00e9rieur compos\u00e9 d&rsquo;une base tubulaire munie d&rsquo;une t\u00eate amovible qui comprend le conteneur du cendrier. Propre, robuste, fonctionnel, sans fum\u00e9es ni odeurs et de facile entretien, il a \u00e9t\u00e9 con\u00e7u pour \u00eatre utile sans grandiloquence. Le cendrier Humo s&rsquo;int\u00e8gre subtilement dans des espaces d\u00e9di\u00e9s, publics comme priv\u00e9s.<\/p>\n","protected":false},"featured_media":9028,"template":"","meta":{"_acf_changed":false,"inline_featured_image":false},"product_cat":[254,242],"product_tag":[],"acf":{"activador_seccion_impacto_acvs_secctions_acvs":true,"texto_enlace_amplifyapp":"Humo_Urban_furniture","codigos_acvs_matching_row-leds":[{"texto_pestana_item_fetch":"","codigo_item_fetch":"HUC11"}],"activator_acf_option_madera_text":false,"texto_bajo_btn_certificados":"","check_para_validar_no_secc_aplication":true,"is_protocolo_y_control_generic":false,"is_producto_residencial_para_mostrar_info_diferente":false,"is_plano_de_cotas_validator":true,"galeria_multidimension_imagenes_plano_de_cotas_proyector":[{"texto_pestana_plano_galeria":"Cendrier","imagen_plano_de_cotas":"[link_wp_dam_url ids=\"14555\"]"}],"premios_producto_repeater":null,"participantes":"","autores":[2783],"ano_creacion_producto":"2007","validacion_producto_descarga":true,"galeria_imagenes_repeater_libro":[{"imagen_item_gal":"[link_wp_dam_url ids=\"13425\"]","activar_video_item_gal":false,"portada_video_item_gal":null,"video_en_horizonal_item_gal":false,"video_item_gal":false},{"imagen_item_gal":"[link_wp_dam_url ids=\"13426\"]","activar_video_item_gal":false,"portada_video_item_gal":null,"video_en_horizonal_item_gal":false,"video_item_gal":false},{"imagen_item_gal":"[link_wp_dam_url ids=\"13424\"]","activar_video_item_gal":false,"portada_video_item_gal":null,"video_en_horizonal_item_gal":false,"video_item_gal":false}],"secciones_producto":[{"acf_fc_layout":"seccion_navtabs_imagen_dinamica","title_group":{"title_tag":"h2","title_txt":"\u00c9l\u00e9gant et subtil"},"texto_intro_principal":true,"texto_introductorio":"La gestion des petits d\u00e9chets dans les espaces priv\u00e9s pose le probl\u00e8me de r\u00e9soudre les d\u00e9sagr\u00e9ments visuels et les mauvaises odeurs. L'expression formelle du cendrier Humo et de son syst\u00e8me r\u00e9pond \u00e0 ces besoins, facilitant m\u00eame les t\u00e2ches de nettoyage.","ventanas_detalles_producto":[{"title_group_producto_grid_single":{"title_tag":"h2","title_txt":"Mat\u00e9riaux"},"imagen_de_fondo_dinamic_single_producto":"","texto_contenido_ventana":true,"contenido_tabs_producto":"<ul>\r\n \t<li>Corps en acier inoxydable AISI 304 finition polie miroir.<\/li>\r\n \t<li>Base de fixation en acier zingu\u00e9.<\/li>\r\n \t<li>Visserie en acier inoxydable A2.<\/li>\r\n<\/ul>","acordion":false,"preguntas_y_respuestas":null,"cuadricula_de_colores":false,"componentes_producto":null,"descargables":false,"tipo_datasheet":"simple","datasheet":null,"datasheet_multiple":null,"tipo_instrucciones":"simple","instructions":null,"instructions_multiple":null,"drawings_ce":null,"2d_cad":null,"3d_cad":null,"revit":null,"ldt_photometric_files":null,"ies_photometric_files":null,"validador_detalles_producto":false,"tipo_especificacion":"certificados"},{"title_group_producto_grid_single":{"title_tag":"h2","title_txt":"Finitions"},"imagen_de_fondo_dinamic_single_producto":"","texto_contenido_ventana":true,"contenido_tabs_producto":"Les couleurs pr\u00e9sent\u00e9es sont purement indicatives.\r\nAutres couleurs sur demande.\r\nConsulter les finitions pour les environnements marins.","acordion":false,"preguntas_y_respuestas":null,"cuadricula_de_colores":true,"componentes_producto":[{"nombre_componente":"","colores":["acero_inox_pulido_espejo"]}],"descargables":false,"tipo_datasheet":"simple","datasheet":null,"datasheet_multiple":null,"tipo_instrucciones":"simple","instructions":null,"instructions_multiple":null,"drawings_ce":null,"2d_cad":null,"3d_cad":null,"revit":null,"ldt_photometric_files":null,"ies_photometric_files":null,"validador_detalles_producto":false,"tipo_especificacion":""},{"title_group_producto_grid_single":{"title_tag":"h2","title_txt":"Plan cot\u00e9"},"imagen_de_fondo_dinamic_single_producto":"","texto_contenido_ventana":false,"contenido_tabs_producto":"*Les couleurs pr\u00e9sent\u00e9es sont purement indicatives. (Autres couleurs sur demande)\r\n**Consulter les finitions pour les environnements marins","acordion":false,"preguntas_y_respuestas":null,"cuadricula_de_colores":false,"componentes_producto":[{"nombre_componente":"","colores":["acero_inox_pulido_espejo"]}],"descargables":false,"tipo_datasheet":"simple","datasheet":null,"datasheet_multiple":null,"tipo_instrucciones":"simple","instructions":null,"instructions_multiple":null,"drawings_ce":null,"2d_cad":null,"3d_cad":null,"revit":null,"ldt_photometric_files":null,"ies_photometric_files":null,"validador_detalles_producto":false,"tipo_especificacion":""},{"title_group_producto_grid_single":{"title_tag":"h2","title_txt":"Installation"},"imagen_de_fondo_dinamic_single_producto":"","texto_contenido_ventana":true,"contenido_tabs_producto":"<ul>\r\n \t<li>La base est fix\u00e9e par des chevilles \u00e0 expansion.<\/li>\r\n \t<li>L'\u00e9l\u00e9ment est ensuite ins\u00e9r\u00e9 et ancr\u00e9 au moyen de deux vis.<\/li>\r\n \t<li>Il est fourni mont\u00e9 et emball\u00e9.<\/li>\r\n \t<li>Instructions d'installation et de montage, visserie et chevilles incluses<\/li>\r\n<\/ul>","acordion":false,"preguntas_y_respuestas":null,"cuadricula_de_colores":false,"componentes_producto":null,"descargables":false,"tipo_datasheet":"simple","datasheet":null,"datasheet_multiple":null,"tipo_instrucciones":"simple","instructions":null,"instructions_multiple":null,"drawings_ce":null,"2d_cad":null,"3d_cad":null,"revit":null,"ldt_photometric_files":null,"ies_photometric_files":null,"validador_detalles_producto":false,"tipo_especificacion":""},{"title_group_producto_grid_single":{"title_tag":"h2","title_txt":"Maintenance"},"imagen_de_fondo_dinamic_single_producto":"","texto_contenido_ventana":true,"contenido_tabs_producto":"<ul>\r\n \t<li>Ne n\u00e9cessite aucun entretien, hormis un nettoyage r\u00e9gulier.<\/li>\r\n<\/ul>","acordion":false,"preguntas_y_respuestas":null,"cuadricula_de_colores":false,"componentes_producto":null,"descargables":false,"tipo_datasheet":"simple","datasheet":null,"datasheet_multiple":null,"tipo_instrucciones":"simple","instructions":null,"instructions_multiple":null,"drawings_ce":null,"2d_cad":null,"3d_cad":null,"revit":null,"ldt_photometric_files":null,"ies_photometric_files":null,"validador_detalles_producto":false,"tipo_especificacion":""},{"title_group_producto_grid_single":{"title_tag":"h2","title_txt":"Certificats"},"imagen_de_fondo_dinamic_single_producto":"","texto_contenido_ventana":true,"contenido_tabs_producto":"Cendrier 4,3 l : 9,3\r\n*Poids approximatif sans emballage (kg)","acordion":false,"preguntas_y_respuestas":null,"cuadricula_de_colores":false,"componentes_producto":null,"descargables":false,"tipo_datasheet":"simple","datasheet":null,"datasheet_multiple":null,"tipo_instrucciones":"simple","instructions":null,"instructions_multiple":null,"drawings_ce":null,"2d_cad":null,"3d_cad":null,"revit":null,"ldt_photometric_files":null,"ies_photometric_files":null,"validador_detalles_producto":false,"tipo_especificacion":"certificados"},{"title_group_producto_grid_single":{"title_tag":"h2","title_txt":"Poids"},"imagen_de_fondo_dinamic_single_producto":"","texto_contenido_ventana":false,"contenido_tabs_producto":"Cendrier 4,3 l : 9,3\r\n\r\n*Poids approximatif sans emballage (kg)","acordion":false,"preguntas_y_respuestas":null,"cuadricula_de_colores":false,"componentes_producto":null,"descargables":false,"tipo_datasheet":"simple","datasheet":null,"datasheet_multiple":null,"tipo_instrucciones":"simple","instructions":null,"instructions_multiple":null,"drawings_ce":null,"2d_cad":null,"3d_cad":null,"revit":null,"ldt_photometric_files":null,"ies_photometric_files":null,"validador_detalles_producto":true,"tipo_especificacion":"certificados"}]},{"acf_fc_layout":"seccion_navtabs_imagen_dinamica","title_group":{"title_tag":"h2","title_txt":"T\u00e9l\u00e9chargeables"},"texto_intro_principal":false,"texto_introductorio":"","ventanas_detalles_producto":[{"title_group_producto_grid_single":{"title_tag":"h2","title_txt":""},"imagen_de_fondo_dinamic_single_producto":"","texto_contenido_ventana":false,"contenido_tabs_producto":"","acordion":false,"preguntas_y_respuestas":null,"cuadricula_de_colores":false,"componentes_producto":null,"descargables":true,"tipo_datasheet":"simple","datasheet":12340,"datasheet_multiple":null,"tipo_instrucciones":"simple","instructions":12324,"instructions_multiple":null,"drawings_ce":14749,"2d_cad":14736,"3d_cad":12320,"revit":13793,"ldt_photometric_files":"","ies_photometric_files":"","validador_detalles_producto":false,"tipo_especificacion":""}]},{"acf_fc_layout":"seccion_consulta_nuestros_expertos","imagen_de_fondo_single_producto":"[link_wp_dam_url ids=\"13423\" size=\"x2400\"]","imagen_de_fondo_single_producto_mobile":"[link_wp_dam_url ids=\"8236\"]"},{"acf_fc_layout":"seccion_imagen_de_fondo_con_sub_menu","titulo_group_list_contet_proyectos":{"title_tag":"h3","title_txt":"Humo dans la ville"},"ancla_copy2":"","proyectos_relacionados":[{"project":7625,"project_img":"[link_wp_dam_url ids=\"5713\"]"},{"project":8297,"project_img":"[link_wp_dam_url ids=\"5711\"]"},{"project":7281,"project_img":"[link_wp_dam_url ids=\"5712\"]"}]}],"dist_simetrica":"","dist_asimetrica":"","dist_indirecta":"","dist_suelo":"","control":"","certificados":["ce"],"nombre_arbol_entre_comillas":"","nombre_solo_plantas_field":"","isbn_campo_texto":"","autor_book_publicacion_producto":"","idioma_campo_texto":"","enquadernacion_campo_texto":"","_numero_de_paginas_campo_texto":"","pdf_asociado_producto":"","resumen_libro":"","text_content_family_basic_information":"","text_content_family_basic_number_width":"","text_content_family_basic_number_height":"","text_content_planting_density":"","flowers_option_colours":"","flowers_option_season":"","properties_option_pruning":"","properties_option_watering":"","properties_option_sun_exposure":"","properties_option_minimum_temp":"","properties_option_soil_type":"","properties_option_fire":"","properties_option_heat":"","properties_option_moisture":"","properties_option_dryness":"","properties_option_coastal_area":"","texto_introduccion_landing_custom":"","enlace_descubre_mas_custom":"","selecciona_tipo_de_imagen_custom":"","imagen_vertical_custom":"","imagen_horizontal_custom":"","opciones_de_texto_1":true,"opciones_de_texto_2":"acabado_standar","opciones_de_texto_3":""},"yoast_head":"<!-- This site is optimized with the Yoast SEO plugin v22.8 - https:\/\/yoast.com\/wordpress\/plugins\/seo\/ -->\n<title>Humo - Urbidermis<\/title>\n<meta name=\"robots\" content=\"index, follow, max-snippet:-1, max-image-preview:large, max-video-preview:-1\" \/>\n<link rel=\"canonical\" href=\"https:\/\/www.urbidermis.com\/fr\/mobilier-urbain\/humo\/\" \/>\n<meta property=\"og:locale\" content=\"fr_FR\" \/>\n<meta property=\"og:type\" content=\"article\" \/>\n<meta property=\"og:title\" content=\"Humo - Urbidermis\" \/>\n<meta property=\"og:description\" content=\"Cendrier ext\u00e9rieur compos\u00e9 d&#039;une base tubulaire munie d&#039;une t\u00eate amovible qui comprend le conteneur du cendrier. Propre, robuste, fonctionnel, sans fum\u00e9es ni odeurs et de facile entretien, il a \u00e9t\u00e9 con\u00e7u pour \u00eatre utile sans grandiloquence. Le cendrier Humo s&#039;int\u00e8gre subtilement dans des espaces d\u00e9di\u00e9s, publics comme priv\u00e9s.\" \/>\n<meta property=\"og:url\" content=\"https:\/\/www.urbidermis.com\/fr\/mobilier-urbain\/humo\/\" \/>\n<meta property=\"og:site_name\" content=\"Urbidermis\" \/>\n<meta property=\"article:modified_time\" content=\"2026-04-10T10:53:13+00:00\" \/>\n<meta property=\"og:image\" content=\"https:\/\/www.urbidermis.com\/wp-content\/uploads\/20170717_Spain_Barcelona_Belloch_HUC_Enric_Badrinas_00.jpg\" \/>\n\t<meta property=\"og:image:width\" content=\"771\" \/>\n\t<meta property=\"og:image:height\" content=\"1080\" \/>\n\t<meta property=\"og:image:type\" content=\"image\/jpeg\" \/>\n<meta name=\"twitter:card\" content=\"summary_large_image\" \/>\n<script type=\"application\/ld+json\" class=\"yoast-schema-graph\">{\"@context\":\"https:\/\/schema.org\",\"@graph\":[{\"@type\":\"WebPage\",\"@id\":\"https:\/\/www.urbidermis.com\/fr\/mobilier-urbain\/humo\/\",\"url\":\"https:\/\/www.urbidermis.com\/fr\/mobilier-urbain\/humo\/\",\"name\":\"Humo - Urbidermis\",\"isPartOf\":{\"@id\":\"https:\/\/www.urbidermis.com\/fr\/#website\"},\"primaryImageOfPage\":{\"@id\":\"https:\/\/www.urbidermis.com\/fr\/mobilier-urbain\/humo\/#primaryimage\"},\"image\":{\"@id\":\"https:\/\/www.urbidermis.com\/fr\/mobilier-urbain\/humo\/#primaryimage\"},\"thumbnailUrl\":\"https:\/\/www.urbidermis.com\/wp-content\/uploads\/20170717_Spain_Barcelona_Belloch_HUC_Enric_Badrinas_00.jpg\",\"datePublished\":\"2022-03-01T11:33:03+00:00\",\"dateModified\":\"2026-04-10T10:53:13+00:00\",\"breadcrumb\":{\"@id\":\"https:\/\/www.urbidermis.com\/fr\/mobilier-urbain\/humo\/#breadcrumb\"},\"inLanguage\":\"fr-FR\",\"potentialAction\":[{\"@type\":\"ReadAction\",\"target\":[\"https:\/\/www.urbidermis.com\/fr\/mobilier-urbain\/humo\/\"]}]},{\"@type\":\"ImageObject\",\"inLanguage\":\"fr-FR\",\"@id\":\"https:\/\/www.urbidermis.com\/fr\/mobilier-urbain\/humo\/#primaryimage\",\"url\":\"https:\/\/www.urbidermis.com\/wp-content\/uploads\/20170717_Spain_Barcelona_Belloch_HUC_Enric_Badrinas_00.jpg\",\"contentUrl\":\"https:\/\/www.urbidermis.com\/wp-content\/uploads\/20170717_Spain_Barcelona_Belloch_HUC_Enric_Badrinas_00.jpg\",\"width\":771,\"height\":1080},{\"@type\":\"BreadcrumbList\",\"@id\":\"https:\/\/www.urbidermis.com\/fr\/mobilier-urbain\/humo\/#breadcrumb\",\"itemListElement\":[{\"@type\":\"ListItem\",\"position\":1,\"name\":\"Home\",\"item\":\"https:\/\/www.urbidermis.com\/fr\/\"},{\"@type\":\"ListItem\",\"position\":2,\"name\":\"Produits\",\"item\":\"https:\/\/www.urbidermis.com\/fr\/produits\/\"},{\"@type\":\"ListItem\",\"position\":3,\"name\":\"Humo\"}]},{\"@type\":\"WebSite\",\"@id\":\"https:\/\/www.urbidermis.com\/fr\/#website\",\"url\":\"https:\/\/www.urbidermis.com\/fr\/\",\"name\":\"Urbidermis\",\"description\":\"Especialistas en la ciudad\",\"publisher\":{\"@id\":\"https:\/\/www.urbidermis.com\/fr\/#organization\"},\"potentialAction\":[{\"@type\":\"SearchAction\",\"target\":{\"@type\":\"EntryPoint\",\"urlTemplate\":\"https:\/\/www.urbidermis.com\/fr\/?s={search_term_string}\"},\"query-input\":\"required name=search_term_string\"}],\"inLanguage\":\"fr-FR\"},{\"@type\":\"Organization\",\"@id\":\"https:\/\/www.urbidermis.com\/fr\/#organization\",\"name\":\"Urbidermis\",\"url\":\"https:\/\/www.urbidermis.com\/fr\/\",\"logo\":{\"@type\":\"ImageObject\",\"inLanguage\":\"fr-FR\",\"@id\":\"https:\/\/www.urbidermis.com\/fr\/#\/schema\/logo\/image\/\",\"url\":\"https:\/\/www.urbidermis.com\/wp-content\/uploads\/logo_urbdermis-1.png\",\"contentUrl\":\"https:\/\/www.urbidermis.com\/wp-content\/uploads\/logo_urbdermis-1.png\",\"width\":601,\"height\":1033,\"caption\":\"Urbidermis\"},\"image\":{\"@id\":\"https:\/\/www.urbidermis.com\/fr\/#\/schema\/logo\/image\/\"}}]}<\/script>\n<!-- \/ Yoast SEO plugin. -->","yoast_head_json":{"title":"Humo - Urbidermis","robots":{"index":"index","follow":"follow","max-snippet":"max-snippet:-1","max-image-preview":"max-image-preview:large","max-video-preview":"max-video-preview:-1"},"canonical":"https:\/\/www.urbidermis.com\/fr\/mobilier-urbain\/humo\/","og_locale":"fr_FR","og_type":"article","og_title":"Humo - Urbidermis","og_description":"Cendrier ext\u00e9rieur compos\u00e9 d'une base tubulaire munie d'une t\u00eate amovible qui comprend le conteneur du cendrier. Propre, robuste, fonctionnel, sans fum\u00e9es ni odeurs et de facile entretien, il a \u00e9t\u00e9 con\u00e7u pour \u00eatre utile sans grandiloquence. Le cendrier Humo s'int\u00e8gre subtilement dans des espaces d\u00e9di\u00e9s, publics comme priv\u00e9s.","og_url":"https:\/\/www.urbidermis.com\/fr\/mobilier-urbain\/humo\/","og_site_name":"Urbidermis","article_modified_time":"2026-04-10T10:53:13+00:00","og_image":[{"width":771,"height":1080,"url":"https:\/\/www.urbidermis.com\/wp-content\/uploads\/20170717_Spain_Barcelona_Belloch_HUC_Enric_Badrinas_00.jpg","type":"image\/jpeg"}],"twitter_card":"summary_large_image","schema":{"@context":"https:\/\/schema.org","@graph":[{"@type":"WebPage","@id":"https:\/\/www.urbidermis.com\/fr\/mobilier-urbain\/humo\/","url":"https:\/\/www.urbidermis.com\/fr\/mobilier-urbain\/humo\/","name":"Humo - Urbidermis","isPartOf":{"@id":"https:\/\/www.urbidermis.com\/fr\/#website"},"primaryImageOfPage":{"@id":"https:\/\/www.urbidermis.com\/fr\/mobilier-urbain\/humo\/#primaryimage"},"image":{"@id":"https:\/\/www.urbidermis.com\/fr\/mobilier-urbain\/humo\/#primaryimage"},"thumbnailUrl":"https:\/\/www.urbidermis.com\/wp-content\/uploads\/20170717_Spain_Barcelona_Belloch_HUC_Enric_Badrinas_00.jpg","datePublished":"2022-03-01T11:33:03+00:00","dateModified":"2026-04-10T10:53:13+00:00","breadcrumb":{"@id":"https:\/\/www.urbidermis.com\/fr\/mobilier-urbain\/humo\/#breadcrumb"},"inLanguage":"fr-FR","potentialAction":[{"@type":"ReadAction","target":["https:\/\/www.urbidermis.com\/fr\/mobilier-urbain\/humo\/"]}]},{"@type":"ImageObject","inLanguage":"fr-FR","@id":"https:\/\/www.urbidermis.com\/fr\/mobilier-urbain\/humo\/#primaryimage","url":"https:\/\/www.urbidermis.com\/wp-content\/uploads\/20170717_Spain_Barcelona_Belloch_HUC_Enric_Badrinas_00.jpg","contentUrl":"https:\/\/www.urbidermis.com\/wp-content\/uploads\/20170717_Spain_Barcelona_Belloch_HUC_Enric_Badrinas_00.jpg","width":771,"height":1080},{"@type":"BreadcrumbList","@id":"https:\/\/www.urbidermis.com\/fr\/mobilier-urbain\/humo\/#breadcrumb","itemListElement":[{"@type":"ListItem","position":1,"name":"Home","item":"https:\/\/www.urbidermis.com\/fr\/"},{"@type":"ListItem","position":2,"name":"Produits","item":"https:\/\/www.urbidermis.com\/fr\/produits\/"},{"@type":"ListItem","position":3,"name":"Humo"}]},{"@type":"WebSite","@id":"https:\/\/www.urbidermis.com\/fr\/#website","url":"https:\/\/www.urbidermis.com\/fr\/","name":"Urbidermis","description":"Especialistas en la ciudad","publisher":{"@id":"https:\/\/www.urbidermis.com\/fr\/#organization"},"potentialAction":[{"@type":"SearchAction","target":{"@type":"EntryPoint","urlTemplate":"https:\/\/www.urbidermis.com\/fr\/?s={search_term_string}"},"query-input":"required name=search_term_string"}],"inLanguage":"fr-FR"},{"@type":"Organization","@id":"https:\/\/www.urbidermis.com\/fr\/#organization","name":"Urbidermis","url":"https:\/\/www.urbidermis.com\/fr\/","logo":{"@type":"ImageObject","inLanguage":"fr-FR","@id":"https:\/\/www.urbidermis.com\/fr\/#\/schema\/logo\/image\/","url":"https:\/\/www.urbidermis.com\/wp-content\/uploads\/logo_urbdermis-1.png","contentUrl":"https:\/\/www.urbidermis.com\/wp-content\/uploads\/logo_urbdermis-1.png","width":601,"height":1033,"caption":"Urbidermis"},"image":{"@id":"https:\/\/www.urbidermis.com\/fr\/#\/schema\/logo\/image\/"}}]}},"_links":{"self":[{"href":"https:\/\/www.urbidermis.com\/fr\/wp-json\/wp\/v2\/product\/9024"}],"collection":[{"href":"https:\/\/www.urbidermis.com\/fr\/wp-json\/wp\/v2\/product"}],"about":[{"href":"https:\/\/www.urbidermis.com\/fr\/wp-json\/wp\/v2\/types\/product"}],"acf:post":[{"embeddable":true,"href":"https:\/\/www.urbidermis.com\/fr\/wp-json\/wp\/v2\/autores\/2783"}],"wp:featuredmedia":[{"embeddable":true,"href":"https:\/\/www.urbidermis.com\/fr\/wp-json\/wp\/v2\/media\/9028"}],"wp:attachment":[{"href":"https:\/\/www.urbidermis.com\/fr\/wp-json\/wp\/v2\/media?parent=9024"}],"wp:term":[{"taxonomy":"product_cat","embeddable":true,"href":"https:\/\/www.urbidermis.com\/fr\/wp-json\/wp\/v2\/product_cat?post=9024"},{"taxonomy":"product_tag","embeddable":true,"href":"https:\/\/www.urbidermis.com\/fr\/wp-json\/wp\/v2\/product_tag?post=9024"}],"curies":[{"name":"wp","href":"https:\/\/api.w.org\/{rel}","templated":true}]}}